{"id":10382,"date":"2023-01-11T09:31:28","date_gmt":"2023-01-11T08:31:28","guid":{"rendered":"https:\/\/villa-perla.it\/weinverkostung\/"},"modified":"2023-12-20T15:04:24","modified_gmt":"2023-12-20T14:04:24","slug":"weinverkostung","status":"publish","type":"page","link":"https:\/\/villa-perla.it\/de\/weinverkostung\/","title":{"rendered":"Weinverkostung"},"content":{"rendered":"\t\t<div data-elementor-type=\"wp-page\" data-elementor-id=\"10382\" class=\"elementor elementor-10382 elementor-6510\" data-elementor-post-type=\"page\">\n\t\t\t\t\t\t<section class=\"elementor-section elementor-top-section elementor-element elementor-element-8602328 elementor-section-height-min-height elementor-section-boxed elementor-section-height-default elementor-section-items-middle\" data-id=\"8602328\" data-element_type=\"section\" data-e-type=\"section\" data-settings=\"{&quot;background_background&quot;:&quot;classic&quot;,&quot;jet_parallax_layout_list&quot;:[]}\">\n\t\t\t\t\t\t\t<div class=\"elementor-background-overlay\"><\/div>\n\t\t\t\t\t\t\t<div class=\"elementor-container elementor-column-gap-default\">\n\t\t\t\t\t<div class=\"elementor-column elementor-col-100 elementor-top-column elementor-element elementor-element-4060eeb\" data-id=\"4060eeb\" data-element_type=\"column\" data-e-type=\"column\">\n\t\t\t<div class=\"elementor-widget-wrap elementor-element-populated\">\n\t\t\t\t\t\t<div class=\"elementor-element elementor-element-8c3e264 elementor-widget elementor-widget-heading\" data-id=\"8c3e264\" data-element_type=\"widget\" data-e-type=\"widget\" data-widget_type=\"heading.default\">\n\t\t\t\t<div class=\"elementor-widget-container\">\n\t\t\t\t\t<h2 class=\"elementor-heading-title elementor-size-default\">Weinverkostung &amp; Vorbestellungen<\/h2>\t\t\t\t<\/div>\n\t\t\t\t<\/div>\n\t\t\t\t<div class=\"elementor-element elementor-element-ccf64cd elementor-widget elementor-widget-image\" data-id=\"ccf64cd\" data-element_type=\"widget\" data-e-type=\"widget\" data-widget_type=\"image.default\">\n\t\t\t\t<div class=\"elementor-widget-container\">\n\t\t\t\t\t\t\t\t\t\t\t\t\t\t\t\t<a href=\"https:\/\/www.gianfrancoboerivini.com\/\" target=\"_blank\">\n\t\t\t\t\t\t\t<img decoding=\"async\" src=\"https:\/\/villa-perla.it\/wp-content\/uploads\/elementor\/thumbs\/gianfranco-boer-costigliole-d-asti-rjrh2w7tu0hn080hyee9carzm5eq64vja0ijmoryo0.webp\" title=\"gianfranco-boer-costigliole-d-asti\" alt=\"gianfranco-boer-costigliole-d-asti\" loading=\"lazy\" \/>\t\t\t\t\t\t\t\t<\/a>\n\t\t\t\t\t\t\t\t\t\t\t\t\t\t\t<\/div>\n\t\t\t\t<\/div>\n\t\t\t\t\t<\/div>\n\t\t<\/div>\n\t\t\t\t\t<\/div>\n\t\t<\/section>\n\t\t\t\t<section class=\"elementor-section elementor-top-section elementor-element elementor-element-f0ddd27 elementor-section-boxed elementor-section-height-default elementor-section-height-default\" data-id=\"f0ddd27\" data-element_type=\"section\" data-e-type=\"section\" data-settings=\"{&quot;jet_parallax_layout_list&quot;:[]}\">\n\t\t\t\t\t\t<div class=\"elementor-container elementor-column-gap-default\">\n\t\t\t\t\t<div class=\"elementor-column elementor-col-100 elementor-top-column elementor-element elementor-element-02b6fba\" data-id=\"02b6fba\" data-element_type=\"column\" data-e-type=\"column\">\n\t\t\t<div class=\"elementor-widget-wrap elementor-element-populated\">\n\t\t\t\t\t\t<div class=\"elementor-element elementor-element-0becae6 elementor-widget elementor-widget-text-editor\" data-id=\"0becae6\" data-element_type=\"widget\" data-e-type=\"widget\" data-widget_type=\"text-editor.default\">\n\t\t\t\t<div class=\"elementor-widget-container\">\n\t\t\t\t\t\t\t\t\t<p>Wir m\u00f6chten, dass unsere G\u00e4ste die Weine verkosten, die sie w\u00e4hrend ihres Aufenthalts in unserem Ferienhaus in Costigliole d&#8217;Asti gerade wachsen und geerntet werden!<\/p>\n<p>Daher sind wir sehr stolz darauf, die Weine von <a href=\"https:\/\/www.gianfrancoboerivini.com\/\" target=\"_blank\" rel=\"noopener\"><br \/>\n  <strong>Gianfranco Boeri<\/strong><br \/>\n<\/a>zu f\u00f6rdern, einem renommierten Winzer aus der Region und unserem direkten Nachbarn.  <\/p>\n<p>Auch f\u00fcr eine <strong>Weinprobe im Haus selbst oder in ihrem eigenen sch\u00f6nen Weinkeller nebenan<\/strong> sind Sie herzlich willkommen <a href=\"https:\/\/www.gianfrancoboerivini.com\/visitus\" target=\"_blank\" rel=\"noopener\"><strong>Gianfranco Boeri<\/strong><\/a> !<\/p>\n<p>Verf\u00fcgbare Weine: Barbera d&#8217;Asti Superiore, Gabriol Barbera d&#8217;Asti, Moscato d&#8217;Asti, Spumante, Chardonney, Dolcetto.<\/p>\n\t\t\t\t\t\t\t\t<\/div>\n\t\t\t\t<\/div>\n\t\t\t\t<section class=\"elementor-section elementor-inner-section elementor-element elementor-element-f248f13 elementor-section-boxed elementor-section-height-default elementor-section-height-default\" data-id=\"f248f13\" data-element_type=\"section\" data-e-type=\"section\" data-settings=\"{&quot;jet_parallax_layout_list&quot;:[]}\">\n\t\t\t\t\t\t<div class=\"elementor-container elementor-column-gap-default\">\n\t\t\t\t\t<div class=\"elementor-column elementor-col-100 elementor-inner-column elementor-element elementor-element-223ce2c\" data-id=\"223ce2c\" data-element_type=\"column\" data-e-type=\"column\">\n\t\t\t<div class=\"elementor-widget-wrap elementor-element-populated\">\n\t\t\t\t\t\t<div class=\"elementor-element elementor-element-5d67f82 elementor-widget elementor-widget-button\" data-id=\"5d67f82\" data-element_type=\"widget\" data-e-type=\"widget\" data-widget_type=\"button.default\">\n\t\t\t\t<div class=\"elementor-widget-container\">\n\t\t\t\t\t\t\t\t\t<div class=\"elementor-button-wrapper\">\n\t\t\t\t\t<a class=\"elementor-button elementor-button-link elementor-size-sm\" href=\"https:\/\/www.gianfrancoboerivini.com\/\" target=\"_blank\">\n\t\t\t\t\t\t<span class=\"elementor-button-content-wrapper\">\n\t\t\t\t\t\t\t\t\t<span class=\"elementor-button-text\">Besuchen Sie Gianfranco Boeri<\/span>\n\t\t\t\t\t<\/span>\n\t\t\t\t\t<\/a>\n\t\t\t\t<\/div>\n\t\t\t\t\t\t\t\t<\/div>\n\t\t\t\t<\/div>\n\t\t\t\t\t<\/div>\n\t\t<\/div>\n\t\t\t\t\t<\/div>\n\t\t<\/section>\n\t\t\t\t<section class=\"elementor-section elementor-inner-section elementor-element elementor-element-cb0e916 elementor-section-boxed elementor-section-height-default elementor-section-height-default\" data-id=\"cb0e916\" data-element_type=\"section\" data-e-type=\"section\" data-settings=\"{&quot;jet_parallax_layout_list&quot;:[]}\">\n\t\t\t\t\t\t<div class=\"elementor-container elementor-column-gap-default\">\n\t\t\t\t\t<div class=\"elementor-column elementor-col-50 elementor-inner-column elementor-element elementor-element-f38ddb0\" data-id=\"f38ddb0\" data-element_type=\"column\" data-e-type=\"column\" data-settings=\"{&quot;background_background&quot;:&quot;classic&quot;}\">\n\t\t\t<div class=\"elementor-widget-wrap elementor-element-populated\">\n\t\t\t\t\t\t<div class=\"elementor-element elementor-element-7896508 elementor-widget elementor-widget-image\" data-id=\"7896508\" data-element_type=\"widget\" data-e-type=\"widget\" data-widget_type=\"image.default\">\n\t\t\t\t<div class=\"elementor-widget-container\">\n\t\t\t\t\t\t\t\t\t\t\t\t\t\t\t<img fetchpriority=\"high\" decoding=\"async\" width=\"800\" height=\"840\" src=\"https:\/\/villa-perla.it\/wp-content\/uploads\/2023\/01\/gianfranco-boeri.webp\" class=\"attachment-large size-large wp-image-10290\" alt=\"\" \/>\t\t\t\t\t\t\t\t\t\t\t\t\t\t\t<\/div>\n\t\t\t\t<\/div>\n\t\t\t\t\t<\/div>\n\t\t<\/div>\n\t\t\t\t<div class=\"elementor-column elementor-col-50 elementor-inner-column elementor-element elementor-element-732707d\" data-id=\"732707d\" data-element_type=\"column\" data-e-type=\"column\" data-settings=\"{&quot;background_background&quot;:&quot;classic&quot;}\">\n\t\t\t<div class=\"elementor-widget-wrap elementor-element-populated\">\n\t\t\t\t\t\t<div class=\"elementor-element elementor-element-f9b175c elementor-widget elementor-widget-image\" data-id=\"f9b175c\" data-element_type=\"widget\" data-e-type=\"widget\" data-widget_type=\"image.default\">\n\t\t\t\t<div class=\"elementor-widget-container\">\n\t\t\t\t\t\t\t\t\t\t\t\t\t\t\t<img decoding=\"async\" width=\"800\" height=\"452\" src=\"https:\/\/villa-perla.it\/wp-content\/uploads\/2023\/01\/villa-perla-piemonte-winetasting-gianfranco-boeri-1024x578.jpg\" class=\"attachment-large size-large wp-image-10283\" alt=\"\" srcset=\"https:\/\/villa-perla.it\/wp-content\/uploads\/2023\/01\/villa-perla-piemonte-winetasting-gianfranco-boeri-1024x578.jpg 1024w, https:\/\/villa-perla.it\/wp-content\/uploads\/2023\/01\/villa-perla-piemonte-winetasting-gianfranco-boeri-300x169.jpg 300w, https:\/\/villa-perla.it\/wp-content\/uploads\/2023\/01\/villa-perla-piemonte-winetasting-gianfranco-boeri-768x433.jpg 768w, https:\/\/villa-perla.it\/wp-content\/uploads\/2023\/01\/villa-perla-piemonte-winetasting-gianfranco-boeri-1536x866.jpg 1536w, https:\/\/villa-perla.it\/wp-content\/uploads\/2023\/01\/villa-perla-piemonte-winetasting-gianfranco-boeri-2048x1155.jpg 2048w\" sizes=\"(max-width: 800px) 100vw, 800px\" \/>\t\t\t\t\t\t\t\t\t\t\t\t\t\t\t<\/div>\n\t\t\t\t<\/div>\n\t\t\t\t<div class=\"elementor-element elementor-element-9a56b20 elementor-widget elementor-widget-image\" data-id=\"9a56b20\" data-element_type=\"widget\" data-e-type=\"widget\" data-widget_type=\"image.default\">\n\t\t\t\t<div class=\"elementor-widget-container\">\n\t\t\t\t\t\t\t\t\t\t\t\t\t\t\t<img decoding=\"async\" width=\"800\" height=\"452\" src=\"https:\/\/villa-perla.it\/wp-content\/uploads\/2023\/01\/villa-perla-piemonte-winetasting-gianfranco-boeri-001-1024x578.jpg\" class=\"attachment-large size-large wp-image-10284\" alt=\"\" srcset=\"https:\/\/villa-perla.it\/wp-content\/uploads\/2023\/01\/villa-perla-piemonte-winetasting-gianfranco-boeri-001-1024x578.jpg 1024w, https:\/\/villa-perla.it\/wp-content\/uploads\/2023\/01\/villa-perla-piemonte-winetasting-gianfranco-boeri-001-300x169.jpg 300w, https:\/\/villa-perla.it\/wp-content\/uploads\/2023\/01\/villa-perla-piemonte-winetasting-gianfranco-boeri-001-768x433.jpg 768w, https:\/\/villa-perla.it\/wp-content\/uploads\/2023\/01\/villa-perla-piemonte-winetasting-gianfranco-boeri-001-1536x866.jpg 1536w, https:\/\/villa-perla.it\/wp-content\/uploads\/2023\/01\/villa-perla-piemonte-winetasting-gianfranco-boeri-001-2048x1155.jpg 2048w\" sizes=\"(max-width: 800px) 100vw, 800px\" \/>\t\t\t\t\t\t\t\t\t\t\t\t\t\t\t<\/div>\n\t\t\t\t<\/div>\n\t\t\t\t\t<\/div>\n\t\t<\/div>\n\t\t\t\t\t<\/div>\n\t\t<\/section>\n\t\t\t\t\t<\/div>\n\t\t<\/div>\n\t\t\t\t\t<\/div>\n\t\t<\/section>\n\t\t\t\t<section class=\"elementor-section elementor-top-section elementor-element elementor-element-dd003a8 elementor-hidden-desktop elementor-hidden-tablet elementor-hidden-mobile elementor-section-boxed elementor-section-height-default elementor-section-height-default\" data-id=\"dd003a8\" data-element_type=\"section\" data-e-type=\"section\" data-settings=\"{&quot;jet_parallax_layout_list&quot;:[]}\">\n\t\t\t\t\t\t<div class=\"elementor-container elementor-column-gap-default\">\n\t\t\t\t\t<div class=\"elementor-column elementor-col-100 elementor-top-column elementor-element elementor-element-def67b3\" data-id=\"def67b3\" data-element_type=\"column\" data-e-type=\"column\">\n\t\t\t<div class=\"elementor-widget-wrap elementor-element-populated\">\n\t\t\t\t\t\t<div class=\"elementor-element elementor-element-eba3148 elementor-widget elementor-widget-heading\" data-id=\"eba3148\" data-element_type=\"widget\" data-e-type=\"widget\" data-widget_type=\"heading.default\">\n\t\t\t\t<div class=\"elementor-widget-container\">\n\t\t\t\t\t<h1 class=\"elementor-heading-title elementor-size-default\">Jetzt buchen<\/h1>\t\t\t\t<\/div>\n\t\t\t\t<\/div>\n\t\t\t\t<div class=\"elementor-element elementor-element-f0dab2c elementor-button-align-center elementor-widget elementor-widget-form\" data-id=\"f0dab2c\" data-element_type=\"widget\" data-e-type=\"widget\" data-settings=\"{&quot;step_next_label&quot;:&quot;Weiter&quot;,&quot;step_previous_label&quot;:&quot;Vorherige&quot;,&quot;button_width&quot;:&quot;100&quot;,&quot;step_type&quot;:&quot;number_text&quot;,&quot;step_icon_shape&quot;:&quot;circle&quot;}\" data-widget_type=\"form.default\">\n\t\t\t\t<div class=\"elementor-widget-container\">\n\t\t\t\t\t\t\t<form class=\"elementor-form\" method=\"post\" name=\"Weinverkostung buchen - Wein bestellen\" aria-label=\"Weinverkostung buchen - Wein bestellen\">\n\t\t\t<input type=\"hidden\" name=\"post_id\" value=\"10382\"\/>\n\t\t\t<input type=\"hidden\" name=\"form_id\" value=\"f0dab2c\"\/>\n\t\t\t<input type=\"hidden\" name=\"referer_title\" value=\"Weinverkostung - Villa Perla | Langhe - Monferrato\" \/>\n\n\t\t\t\t\t\t\t<input type=\"hidden\" name=\"queried_id\" value=\"10382\"\/>\n\t\t\t\n\t\t\t<div class=\"elementor-form-fields-wrapper elementor-labels-above\">\n\t\t\t\t\t\t\t\t<div class=\"elementor-field-type-text elementor-field-group elementor-column elementor-field-group-name elementor-col-50 elementor-field-required\">\n\t\t\t\t\t\t\t\t\t\t\t\t<label for=\"form-field-name\" class=\"elementor-field-label\">\n\t\t\t\t\t\t\t\tName\t\t\t\t\t\t\t<\/label>\n\t\t\t\t\t\t\t\t\t\t\t\t\t\t<input size=\"1\" type=\"text\" name=\"form_fields[name]\" id=\"form-field-name\" class=\"elementor-field elementor-size-md  elementor-field-textual\" placeholder=\"Geben Sie Ihren Vornamen ein\" required=\"required\">\n\t\t\t\t\t\t\t\t\t\t\t<\/div>\n\t\t\t\t\t\t\t\t<div class=\"elementor-field-type-text\">\n\t\t\t\t\t<input size=\"1\" type=\"text\" name=\"form_fields[field_e755898]\" id=\"form-field-field_e755898\" class=\"elementor-field elementor-size-md \" style=\"display:none !important;\">\t\t\t\t<\/div>\n\t\t\t\t\t\t\t\t<div class=\"elementor-field-type-text elementor-field-group elementor-column elementor-field-group-email elementor-col-50 elementor-field-required\">\n\t\t\t\t\t\t\t\t\t\t\t\t<label for=\"form-field-email\" class=\"elementor-field-label\">\n\t\t\t\t\t\t\t\tNachname\t\t\t\t\t\t\t<\/label>\n\t\t\t\t\t\t\t\t\t\t\t\t\t\t<input size=\"1\" type=\"text\" name=\"form_fields[email]\" id=\"form-field-email\" class=\"elementor-field elementor-size-md  elementor-field-textual\" placeholder=\"Geben Sie Ihren Nachnamen ein\" required=\"required\">\n\t\t\t\t\t\t\t\t\t\t\t<\/div>\n\t\t\t\t\t\t\t\t<div class=\"elementor-field-type-email elementor-field-group elementor-column elementor-field-group-3kxrmft elementor-col-50 elementor-field-required\">\n\t\t\t\t\t\t\t\t\t\t\t\t<label for=\"form-field-3kxrmft\" class=\"elementor-field-label\">\n\t\t\t\t\t\t\t\tE-Mail\t\t\t\t\t\t\t<\/label>\n\t\t\t\t\t\t\t\t\t\t\t\t\t\t<input size=\"1\" type=\"email\" name=\"form_fields[3kxrmft]\" id=\"form-field-3kxrmft\" class=\"elementor-field elementor-size-md  elementor-field-textual\" placeholder=\"Geben Sie Ihre E-Mail Adresse ein\" required=\"required\">\n\t\t\t\t\t\t\t\t\t\t\t<\/div>\n\t\t\t\t\t\t\t\t<div class=\"elementor-field-type-text\">\n\t\t\t\t\t<input size=\"1\" type=\"text\" name=\"form_fields[field_7f8b5bb]\" id=\"form-field-field_7f8b5bb\" class=\"elementor-field elementor-size-md \" style=\"display:none !important;\">\t\t\t\t<\/div>\n\t\t\t\t\t\t\t\t<div class=\"elementor-field-type-tel elementor-field-group elementor-column elementor-field-group-cpt3f1i elementor-col-40 elementor-field-required\">\n\t\t\t\t\t\t\t\t\t\t\t\t<label for=\"form-field-cpt3f1i\" class=\"elementor-field-label\">\n\t\t\t\t\t\t\t\tTelefon\t\t\t\t\t\t\t<\/label>\n\t\t\t\t\t\t\t\t<input size=\"1\" type=\"tel\" name=\"form_fields[cpt3f1i]\" id=\"form-field-cpt3f1i\" class=\"elementor-field elementor-size-md  elementor-field-textual\" placeholder=\"Geben Sie Ihre Rufnummer ein\" required=\"required\" pattern=\"[0-9()#&amp;+*-=.]+\" title=\"Nur Nummern oder Telefon-Zeichen (#, -, *, etc) werden akzeptiert.\">\n\n\t\t\t\t\t\t<\/div>\n\t\t\t\t\t\t\t\t<div class=\"elementor-field-type-checkbox elementor-field-group elementor-column elementor-field-group-field_9932562 elementor-col-100\">\n\t\t\t\t\t\t\t\t\t\t\t\t<label for=\"form-field-field_9932562\" class=\"elementor-field-label\">\n\t\t\t\t\t\t\t\tIch m\u00f6chte gerne\t\t\t\t\t\t\t<\/label>\n\t\t\t\t\t\t<div class=\"elementor-field-subgroup  \"><span class=\"elementor-field-option\"><input type=\"checkbox\" value=\"Organisieren Sie eine Weinverkostung\" id=\"form-field-field_9932562-0\" name=\"form_fields[field_9932562][]\"> <label for=\"form-field-field_9932562-0\">Organisieren Sie eine Weinverkostung<\/label><\/span><span class=\"elementor-field-option\"><input type=\"checkbox\" value=\"Wein bestellen\" id=\"form-field-field_9932562-1\" name=\"form_fields[field_9932562][]\"> <label for=\"form-field-field_9932562-1\">Wein bestellen<\/label><\/span><\/div>\t\t\t\t<\/div>\n\t\t\t\t\t\t\t\t<div class=\"elementor-field-type-date elementor-field-group elementor-column elementor-field-group-field_5af6b17 elementor-col-100 elementor-field-required\">\n\t\t\t\t\t\t\t\t\t\t\t\t<label for=\"form-field-field_5af6b17\" class=\"elementor-field-label\">\n\t\t\t\t\t\t\t\tGeben Sie das Datum ein oder klicken Sie auf das Kalendersymbol\t\t\t\t\t\t\t<\/label>\n\t\t\t\t\t\t\n\t\t<input type=\"date\" name=\"form_fields[field_5af6b17]\" id=\"form-field-field_5af6b17\" class=\"elementor-field elementor-size-md  elementor-field-textual elementor-date-field elementor-use-native\" required=\"required\" pattern=\"[0-9]{4}-[0-9]{2}-[0-9]{2}\" min=\"2023-05-01\" max=\"2023-12-31\">\n\t\t\t\t\t\t<\/div>\n\t\t\t\t\t\t\t\t<div class=\"elementor-field-type-recaptcha_v3 elementor-field-group elementor-column elementor-field-group-field_3062d9a elementor-col-100 recaptcha_v3-bottomright\">\n\t\t\t\t\t<div class=\"elementor-field\" id=\"form-field-field_3062d9a\"><div class=\"elementor-g-recaptcha\" data-sitekey=\"6LcEeuwcAAAAAPd1HKXpcwMpUnZxG7x3W2vbk5jv\" data-type=\"v3\" data-action=\"Form\" data-badge=\"bottomright\" data-size=\"invisible\"><\/div><\/div>\t\t\t\t<\/div>\n\t\t\t\t\t\t\t\t<div class=\"elementor-field-type-textarea elementor-field-group elementor-column elementor-field-group-field_9e65155 elementor-col-100\">\n\t\t\t\t\t\t\t\t\t\t\t\t<label for=\"form-field-field_9e65155\" class=\"elementor-field-label\">\n\t\t\t\t\t\t\t\tWeitere Informationen:\t\t\t\t\t\t\t<\/label>\n\t\t\t\t\t\t<textarea class=\"elementor-field-textual elementor-field  elementor-size-md\" name=\"form_fields[field_9e65155]\" id=\"form-field-field_9e65155\" rows=\"6\" placeholder=\"Geben Sie hier Ihre zus\u00e4tzlichen Fragen\/Bemerkungen ein\"><\/textarea>\t\t\t\t<\/div>\n\t\t\t\t\t\t\t\t<div class=\"elementor-field-group elementor-column elementor-field-type-submit elementor-col-100 e-form__buttons\">\n\t\t\t\t\t<button class=\"elementor-button elementor-size-md\" type=\"submit\">\n\t\t\t\t\t\t<span class=\"elementor-button-content-wrapper\">\n\t\t\t\t\t\t\t\t\t\t\t\t\t\t\t\t\t\t\t\t\t\t<span class=\"elementor-button-text\">senden.<\/span>\n\t\t\t\t\t\t\t\t\t\t\t\t\t<\/span>\n\t\t\t\t\t<\/button>\n\t\t\t\t<\/div>\n\t\t\t<\/div>\n\t\t<\/form>\n\t\t\t\t\t\t<\/div>\n\t\t\t\t<\/div>\n\t\t\t\t\t<\/div>\n\t\t<\/div>\n\t\t\t\t\t<\/div>\n\t\t<\/section>\n\t\t\t\t<\/div>\n\t\t","protected":false},"excerpt":{"rendered":"<p>Weinverkostung &amp; Vorbestellungen Wir m\u00f6chten, dass unsere G\u00e4ste die Weine verkosten, die sie w\u00e4hrend ihres Aufenthalts in unserem Ferienhaus in Costigliole d&#8217;Asti gerade wachsen und geerntet werden! Daher sind wir sehr stolz darauf, die Weine von Gianfranco Boeri zu f\u00f6rdern, einem renommierten Winzer aus der Region und unserem direkten Nachbarn. Auch f\u00fcr eine Weinprobe im [&hellip;]<\/p>\n","protected":false},"author":5,"featured_media":0,"parent":0,"menu_order":0,"comment_status":"closed","ping_status":"closed","template":"","meta":{"_angie_page":false,"footnotes":""},"class_list":["post-10382","page","type-page","status-publish","hentry"],"yoast_head":"<!-- This site is optimized with the Yoast SEO plugin v27.4 - https:\/\/yoast.com\/product\/yoast-seo-wordpress\/ -->\n<title>Weinverkostung - Villa Perla | Langhe - Monferrato<\/title>\n<meta name=\"description\" content=\"Lernen Sie die Weine der Region Piemonte und die direkten Nachbarn der Villa Perla Piemonte kennen. Sie werden nicht entt\u00e4uscht sein!\" \/>\n<meta name=\"robots\" content=\"index, follow, max-snippet:-1, max-image-preview:large, max-video-preview:-1\" \/>\n<link rel=\"canonical\" href=\"https:\/\/villa-perla.it\/de\/weinverkostung\/\" \/>\n<meta property=\"og:locale\" content=\"de_DE\" \/>\n<meta property=\"og:type\" content=\"article\" \/>\n<meta property=\"og:title\" content=\"Weinprobe in der Umgebung der Villa Perla Piemonte\" \/>\n<meta property=\"og:description\" content=\"Lernen Sie die Weine der Region Piemonte und die direkten Nachbarn der Villa Perla Piemonte kennen. Sie werden nicht entt\u00e4uscht sein!\" \/>\n<meta property=\"og:url\" content=\"https:\/\/villa-perla.it\/de\/weinverkostung\/\" \/>\n<meta property=\"og:site_name\" content=\"Villa Perla | Langhe - Monferrato\" \/>\n<meta property=\"article:publisher\" content=\"https:\/\/www.facebook.com\/villaperla.piemonte\" \/>\n<meta property=\"article:modified_time\" content=\"2023-12-20T14:04:24+00:00\" \/>\n<meta property=\"og:image\" content=\"https:\/\/villa-perla.it\/wp-content\/uploads\/2022\/12\/Villa-perla-piemonte-summer-006-1024x578.jpg\" \/>\n<meta name=\"twitter:card\" content=\"summary_large_image\" \/>\n<meta name=\"twitter:title\" content=\"Weinprobe in der Umgebung der Villa Perla Piemonte\" \/>\n<meta name=\"twitter:description\" content=\"Lernen Sie die Weine der Region Piemonte und die direkten Nachbarn der Villa Perla Piemonte kennen. Sie werden nicht entt\u00e4uscht sein!\" \/>\n<meta name=\"twitter:image\" content=\"https:\/\/villa-perla.it\/wp-content\/uploads\/2022\/12\/Villa-perla-piemonte-summer-006-1024x578.jpg\" \/>\n<script type=\"application\/ld+json\" class=\"yoast-schema-graph\">{\"@context\":\"https:\\\/\\\/schema.org\",\"@graph\":[{\"@type\":\"WebPage\",\"@id\":\"https:\\\/\\\/villa-perla.it\\\/de\\\/weinverkostung\\\/\",\"url\":\"https:\\\/\\\/villa-perla.it\\\/de\\\/weinverkostung\\\/\",\"name\":\"Weinverkostung - Villa Perla | Langhe - Monferrato\",\"isPartOf\":{\"@id\":\"https:\\\/\\\/villa-perla.it\\\/de\\\/#website\"},\"primaryImageOfPage\":{\"@id\":\"https:\\\/\\\/villa-perla.it\\\/de\\\/weinverkostung\\\/#primaryimage\"},\"image\":{\"@id\":\"https:\\\/\\\/villa-perla.it\\\/de\\\/weinverkostung\\\/#primaryimage\"},\"thumbnailUrl\":\"https:\\\/\\\/villa-perla.it\\\/wp-content\\\/uploads\\\/elementor\\\/thumbs\\\/gianfranco-boer-costigliole-d-asti-q1m3kusxr4zgrwi4cwmbsixfk6cb2cjj8b1986gyf4.webp\",\"datePublished\":\"2023-01-11T08:31:28+00:00\",\"dateModified\":\"2023-12-20T14:04:24+00:00\",\"description\":\"Lernen Sie die Weine der Region Piemonte und die direkten Nachbarn der Villa Perla Piemonte kennen. Sie werden nicht entt\u00e4uscht sein!\",\"breadcrumb\":{\"@id\":\"https:\\\/\\\/villa-perla.it\\\/de\\\/weinverkostung\\\/#breadcrumb\"},\"inLanguage\":\"de\",\"potentialAction\":[{\"@type\":\"ReadAction\",\"target\":[\"https:\\\/\\\/villa-perla.it\\\/de\\\/weinverkostung\\\/\"]}]},{\"@type\":\"ImageObject\",\"inLanguage\":\"de\",\"@id\":\"https:\\\/\\\/villa-perla.it\\\/de\\\/weinverkostung\\\/#primaryimage\",\"url\":\"https:\\\/\\\/villa-perla.it\\\/wp-content\\\/uploads\\\/elementor\\\/thumbs\\\/gianfranco-boer-costigliole-d-asti-q1m3kusxr4zgrwi4cwmbsixfk6cb2cjj8b1986gyf4.webp\",\"contentUrl\":\"https:\\\/\\\/villa-perla.it\\\/wp-content\\\/uploads\\\/elementor\\\/thumbs\\\/gianfranco-boer-costigliole-d-asti-q1m3kusxr4zgrwi4cwmbsixfk6cb2cjj8b1986gyf4.webp\"},{\"@type\":\"BreadcrumbList\",\"@id\":\"https:\\\/\\\/villa-perla.it\\\/de\\\/weinverkostung\\\/#breadcrumb\",\"itemListElement\":[{\"@type\":\"ListItem\",\"position\":1,\"name\":\"Home\",\"item\":\"https:\\\/\\\/villa-perla.it\\\/de\\\/\"},{\"@type\":\"ListItem\",\"position\":2,\"name\":\"Weinverkostung\"}]},{\"@type\":\"WebSite\",\"@id\":\"https:\\\/\\\/villa-perla.it\\\/de\\\/#website\",\"url\":\"https:\\\/\\\/villa-perla.it\\\/de\\\/\",\"name\":\"Villa Perla | Langhe - Monferrato\",\"description\":\"Your private holiday house in Piemonte\",\"publisher\":{\"@id\":\"https:\\\/\\\/villa-perla.it\\\/de\\\/#organization\"},\"alternateName\":\"Villa Perla |\",\"potentialAction\":[{\"@type\":\"SearchAction\",\"target\":{\"@type\":\"EntryPoint\",\"urlTemplate\":\"https:\\\/\\\/villa-perla.it\\\/de\\\/?s={search_term_string}\"},\"query-input\":{\"@type\":\"PropertyValueSpecification\",\"valueRequired\":true,\"valueName\":\"search_term_string\"}}],\"inLanguage\":\"de\"},{\"@type\":\"Organization\",\"@id\":\"https:\\\/\\\/villa-perla.it\\\/de\\\/#organization\",\"name\":\"Villa Perla Piemonte\",\"alternateName\":\"Villa Perla Piemonte\",\"url\":\"https:\\\/\\\/villa-perla.it\\\/de\\\/\",\"logo\":{\"@type\":\"ImageObject\",\"inLanguage\":\"de\",\"@id\":\"https:\\\/\\\/villa-perla.it\\\/de\\\/#\\\/schema\\\/logo\\\/image\\\/\",\"url\":\"https:\\\/\\\/villa-perla.it\\\/wp-content\\\/uploads\\\/2021\\\/11\\\/villa-perla-piemone-logo-transparant-400-x-100-px.svg\",\"contentUrl\":\"https:\\\/\\\/villa-perla.it\\\/wp-content\\\/uploads\\\/2021\\\/11\\\/villa-perla-piemone-logo-transparant-400-x-100-px.svg\",\"caption\":\"Villa Perla Piemonte\"},\"image\":{\"@id\":\"https:\\\/\\\/villa-perla.it\\\/de\\\/#\\\/schema\\\/logo\\\/image\\\/\"},\"sameAs\":[\"https:\\\/\\\/www.facebook.com\\\/villaperla.piemonte\",\"https:\\\/\\\/www.instagram.com\\\/villaperla_piemonte\"]}]}<\/script>\n<!-- \/ Yoast SEO plugin. -->","yoast_head_json":{"title":"Weinverkostung - Villa Perla | Langhe - Monferrato","description":"Lernen Sie die Weine der Region Piemonte und die direkten Nachbarn der Villa Perla Piemonte kennen. Sie werden nicht entt\u00e4uscht sein!","robots":{"index":"index","follow":"follow","max-snippet":"max-snippet:-1","max-image-preview":"max-image-preview:large","max-video-preview":"max-video-preview:-1"},"canonical":"https:\/\/villa-perla.it\/de\/weinverkostung\/","og_locale":"de_DE","og_type":"article","og_title":"Weinprobe in der Umgebung der Villa Perla Piemonte","og_description":"Lernen Sie die Weine der Region Piemonte und die direkten Nachbarn der Villa Perla Piemonte kennen. Sie werden nicht entt\u00e4uscht sein!","og_url":"https:\/\/villa-perla.it\/de\/weinverkostung\/","og_site_name":"Villa Perla | Langhe - Monferrato","article_publisher":"https:\/\/www.facebook.com\/villaperla.piemonte","article_modified_time":"2023-12-20T14:04:24+00:00","og_image":[{"url":"https:\/\/villa-perla.it\/wp-content\/uploads\/2022\/12\/Villa-perla-piemonte-summer-006-1024x578.jpg","type":"","width":"","height":""}],"twitter_card":"summary_large_image","twitter_title":"Weinprobe in der Umgebung der Villa Perla Piemonte","twitter_description":"Lernen Sie die Weine der Region Piemonte und die direkten Nachbarn der Villa Perla Piemonte kennen. Sie werden nicht entt\u00e4uscht sein!","twitter_image":"https:\/\/villa-perla.it\/wp-content\/uploads\/2022\/12\/Villa-perla-piemonte-summer-006-1024x578.jpg","schema":{"@context":"https:\/\/schema.org","@graph":[{"@type":"WebPage","@id":"https:\/\/villa-perla.it\/de\/weinverkostung\/","url":"https:\/\/villa-perla.it\/de\/weinverkostung\/","name":"Weinverkostung - Villa Perla | Langhe - Monferrato","isPartOf":{"@id":"https:\/\/villa-perla.it\/de\/#website"},"primaryImageOfPage":{"@id":"https:\/\/villa-perla.it\/de\/weinverkostung\/#primaryimage"},"image":{"@id":"https:\/\/villa-perla.it\/de\/weinverkostung\/#primaryimage"},"thumbnailUrl":"https:\/\/villa-perla.it\/wp-content\/uploads\/elementor\/thumbs\/gianfranco-boer-costigliole-d-asti-q1m3kusxr4zgrwi4cwmbsixfk6cb2cjj8b1986gyf4.webp","datePublished":"2023-01-11T08:31:28+00:00","dateModified":"2023-12-20T14:04:24+00:00","description":"Lernen Sie die Weine der Region Piemonte und die direkten Nachbarn der Villa Perla Piemonte kennen. Sie werden nicht entt\u00e4uscht sein!","breadcrumb":{"@id":"https:\/\/villa-perla.it\/de\/weinverkostung\/#breadcrumb"},"inLanguage":"de","potentialAction":[{"@type":"ReadAction","target":["https:\/\/villa-perla.it\/de\/weinverkostung\/"]}]},{"@type":"ImageObject","inLanguage":"de","@id":"https:\/\/villa-perla.it\/de\/weinverkostung\/#primaryimage","url":"https:\/\/villa-perla.it\/wp-content\/uploads\/elementor\/thumbs\/gianfranco-boer-costigliole-d-asti-q1m3kusxr4zgrwi4cwmbsixfk6cb2cjj8b1986gyf4.webp","contentUrl":"https:\/\/villa-perla.it\/wp-content\/uploads\/elementor\/thumbs\/gianfranco-boer-costigliole-d-asti-q1m3kusxr4zgrwi4cwmbsixfk6cb2cjj8b1986gyf4.webp"},{"@type":"BreadcrumbList","@id":"https:\/\/villa-perla.it\/de\/weinverkostung\/#breadcrumb","itemListElement":[{"@type":"ListItem","position":1,"name":"Home","item":"https:\/\/villa-perla.it\/de\/"},{"@type":"ListItem","position":2,"name":"Weinverkostung"}]},{"@type":"WebSite","@id":"https:\/\/villa-perla.it\/de\/#website","url":"https:\/\/villa-perla.it\/de\/","name":"Villa Perla | Langhe - Monferrato","description":"Your private holiday house in Piemonte","publisher":{"@id":"https:\/\/villa-perla.it\/de\/#organization"},"alternateName":"Villa Perla |","potentialAction":[{"@type":"SearchAction","target":{"@type":"EntryPoint","urlTemplate":"https:\/\/villa-perla.it\/de\/?s={search_term_string}"},"query-input":{"@type":"PropertyValueSpecification","valueRequired":true,"valueName":"search_term_string"}}],"inLanguage":"de"},{"@type":"Organization","@id":"https:\/\/villa-perla.it\/de\/#organization","name":"Villa Perla Piemonte","alternateName":"Villa Perla Piemonte","url":"https:\/\/villa-perla.it\/de\/","logo":{"@type":"ImageObject","inLanguage":"de","@id":"https:\/\/villa-perla.it\/de\/#\/schema\/logo\/image\/","url":"https:\/\/villa-perla.it\/wp-content\/uploads\/2021\/11\/villa-perla-piemone-logo-transparant-400-x-100-px.svg","contentUrl":"https:\/\/villa-perla.it\/wp-content\/uploads\/2021\/11\/villa-perla-piemone-logo-transparant-400-x-100-px.svg","caption":"Villa Perla Piemonte"},"image":{"@id":"https:\/\/villa-perla.it\/de\/#\/schema\/logo\/image\/"},"sameAs":["https:\/\/www.facebook.com\/villaperla.piemonte","https:\/\/www.instagram.com\/villaperla_piemonte"]}]}},"_links":{"self":[{"href":"https:\/\/villa-perla.it\/de\/wp-json\/wp\/v2\/pages\/10382","targetHints":{"allow":["GET"]}}],"collection":[{"href":"https:\/\/villa-perla.it\/de\/wp-json\/wp\/v2\/pages"}],"about":[{"href":"https:\/\/villa-perla.it\/de\/wp-json\/wp\/v2\/types\/page"}],"author":[{"embeddable":true,"href":"https:\/\/villa-perla.it\/de\/wp-json\/wp\/v2\/users\/5"}],"replies":[{"embeddable":true,"href":"https:\/\/villa-perla.it\/de\/wp-json\/wp\/v2\/comments?post=10382"}],"version-history":[{"count":0,"href":"https:\/\/villa-perla.it\/de\/wp-json\/wp\/v2\/pages\/10382\/revisions"}],"wp:attachment":[{"href":"https:\/\/villa-perla.it\/de\/wp-json\/wp\/v2\/media?parent=10382"}],"curies":[{"name":"wp","href":"https:\/\/api.w.org\/{rel}","templated":true}]}}