{"id":10337,"date":"2021-10-28T06:04:52","date_gmt":"2021-10-28T04:04:52","guid":{"rendered":"https:\/\/villa-perla.it\/bedingungen-und-konditionen\/"},"modified":"2024-07-17T12:51:50","modified_gmt":"2024-07-17T10:51:50","slug":"bedingungen-und-konditionen","status":"publish","type":"page","link":"https:\/\/villa-perla.it\/de\/bedingungen-und-konditionen\/","title":{"rendered":"Bedingungen und Konditionen"},"content":{"rendered":"\t\t<div data-elementor-type=\"wp-page\" data-elementor-id=\"10337\" class=\"elementor elementor-10337 elementor-3093\" data-elementor-post-type=\"page\">\n\t\t\t\t\t\t<section class=\"elementor-section elementor-top-section elementor-element elementor-element-b7f7e5a elementor-section-boxed elementor-section-height-default elementor-section-height-default\" data-id=\"b7f7e5a\" data-element_type=\"section\" data-e-type=\"section\" data-settings=\"{&quot;jet_parallax_layout_list&quot;:[]}\">\n\t\t\t\t\t\t<div class=\"elementor-container elementor-column-gap-default\">\n\t\t\t\t\t<div class=\"elementor-column elementor-col-100 elementor-top-column elementor-element elementor-element-e5f6b56\" data-id=\"e5f6b56\" data-element_type=\"column\" data-e-type=\"column\">\n\t\t\t<div class=\"elementor-widget-wrap elementor-element-populated\">\n\t\t\t\t\t\t<div class=\"elementor-element elementor-element-8df30d5 elementor-widget elementor-widget-text-editor\" data-id=\"8df30d5\" data-element_type=\"widget\" data-e-type=\"widget\" data-widget_type=\"text-editor.default\">\n\t\t\t\t<div class=\"elementor-widget-container\">\n\t\t\t\t\t\t\t\t\t<h1><span style=\"font-weight: 400;\">Allgemeine Buchungsbedingungen<\/span><\/h1>\n<p><b>Einleitung:<\/b><\/p>\n<p><span style=\"font-weight: 400;\">Villa Perla Piemonte (CIR 00505000024) und unser Hausverwalter CASA! Die Gastgeber informieren die G\u00e4ste \u00fcber die genauen An- und Abreisemodalit\u00e4ten und stellen sicher, dass alle notwendigen Unterlagen \u00fcber das Haus selbst vorhanden sind, einschlie\u00dflich der Kontaktnummern f\u00fcr Notf\u00e4lle.&nbsp;<\/span><\/p>\n<p><\/p>\n<h2><span style=\"font-weight: 400;\">1\/ Allgemeine Buchungsbedingungen:<\/span><\/h2>\n<ul>\n<li style=\"font-weight: 400;\" aria-level=\"1\"><span style=\"font-weight: 400;\">Buchungen werden in der Regel pro Woche und von Samstag\/Samstag angenommen. Der Mindestaufenthalt betr\u00e4gt in der Nebensaison 3 N\u00e4chte, in der Hochsaison 5 N\u00e4chte.<\/span><\/li>\n<li style=\"font-weight: 400;\" aria-level=\"1\"><span style=\"font-weight: 400;\">Die normale Ankunft in der Unterkunft f\u00fcr unsere Hausg\u00e4ste ist zwischen 15:00 und 18:00 Uhr vorgesehen. Wir verlassen uns darauf, dass unsere G\u00e4ste uns \u00fcber ihre Ankunft informieren, falls es zu Verz\u00f6gerungen kommt.<\/span><\/li>\n<li style=\"font-weight: 400;\" aria-level=\"1\"><span style=\"font-weight: 400;\">Die normale Abreise muss vor 10:00 Uhr erfolgen.&nbsp;<\/span><\/li>\n<li style=\"font-weight: 400;\" aria-level=\"1\"><span style=\"font-weight: 400;\">In den Tages-\/Wochenpreisen sind enthalten: Nebenkosten (angemessene Nutzung), Endreinigung (in angemessenem Rahmen), Handt\u00fccher, Poolhandt\u00fccher und Bettw\u00e4sche.<\/span><\/li>\n<li style=\"font-weight: 400;\" aria-level=\"1\"><span style=\"font-weight: 400;\">Der Pool steht ausschlie\u00dflich den G\u00e4sten zur Verf\u00fcgung, ist aber unbewacht. Villa Perla und CASA! sind nicht verantwortlich\/haftbar f\u00fcr Unf\u00e4lle oder Zwischenf\u00e4lle.<\/span><\/li>\n<\/ul>\n<h2>&nbsp;<\/h2>\n<h2><span style=\"font-weight: 400;\">2\/ Zahlungsbedingungen und Kaution:<\/span><\/h2>\n<ul>\n<li style=\"font-weight: 400;\" aria-level=\"1\"><span style=\"font-weight: 400;\">Vorauszahlung: Eine Anzahlung von 500 EUR ist bei der Buchung f\u00e4llig (oder innerhalb von 5 Tagen, wenn Sie per Bank\u00fcberweisung zahlen), um Ihre Buchung zu best\u00e4tigen. Wenn keine Anzahlung eingegangen ist, k\u00f6nnen wir Ihre Buchung nicht garantieren.<\/span><\/li>\n<li style=\"font-weight: 400;\" aria-level=\"1\"><span style=\"font-weight: 400;\">Restzahlung: Der Restbetrag ist 30 Tage vor dem Anreisedatum zu zahlen. Die G\u00e4ste erhalten mit der Zahlungsaufforderung eine freundliche Erinnerung.<\/span><\/li>\n<li style=\"font-weight: 400;\" aria-level=\"1\"><span style=\"font-weight: 400;\">Last-Minute-Buchungen: Bei Buchungen, die innerhalb von 30 Tagen vor dem Anreisedatum erfolgen, muss der Restbetrag zum Zeitpunkt der Buchung beglichen werden.<\/span><\/li>\n<li style=\"font-weight: 400;\" aria-level=\"1\"><span style=\"font-weight: 400;\">Kaution: Die Kaution von 500 Euro wird entweder bei der Ankunft auf Ihrer Kreditkarte vorautorisiert oder bis 3 Tage nach der Abreise. Bei Zahlung per Bank\u00fcberweisung ist der Betrag zum Zeitpunkt der Restzahlung f\u00e4llig und wird innerhalb von 7 Tagen zur\u00fcckerstattet.<\/span><\/li>\n<li style=\"font-weight: 400;\" aria-level=\"1\"><span style=\"font-weight: 400;\">Sollten Sch\u00e4den \/ zus\u00e4tzliche (Reinigungs-)Kosten entstehen, werden diese von der Kaution abgezogen und Sie werden per E-Mail mit einer Kostenaufstellung benachrichtigt. (siehe auch 7. Rechtlich)<\/span><\/li>\n<\/ul>\n<p><span style=\"font-weight: 400;\">&nbsp;<\/span><\/p>\n<h2><span style=\"font-weight: 400;\">3\/ Zahlungsm\u00f6glichkeiten:<\/span><\/h2>\n<p><span style=\"font-weight: 400;\">F\u00fcr Direktbuchungen \u00fcber unsere Website:<\/span><\/p>\n<ul>\n<li style=\"font-weight: 400;\" aria-level=\"1\"><span style=\"font-weight: 400;\">Per Kreditkarte (Stripe)<\/span><\/li>\n<li style=\"font-weight: 400;\" aria-level=\"1\"><span style=\"font-weight: 400;\">Per Bank\u00fcberweisung auf das folgende Konto:<\/span><\/li>\n<\/ul>\n<p><span style=\"font-weight: 400;\">BANKANGABEN:<\/span><\/p>\n<p><span style=\"font-weight: 400;\">CASSA DI RISPARMIO DI ASTI SPA &#8211; BANCA D&#8217;ASTI<\/span><\/p>\n<p><span style=\"font-weight: 400;\">IBAN: IT 28 I 06085 10301 0000 52000103<\/span><span style=\"font-weight: 400;\"><br><\/span><em><strong>(Bitte beachten Sie, dass das 5. Symbol in der IBAN ein gro\u00dfes i wie in Italien ist)<\/strong><\/em><\/p>\n<p><span style=\"font-weight: 400;\">BIC CODE: CASRIT22<\/span><\/p>\n<p><span style=\"font-weight: 400;\">&nbsp;<\/span><\/p>\n<h2><span style=\"font-weight: 400;\">4\/ Vertrag und Stornierungsbedingungen:<\/span><\/h2>\n<p><span style=\"font-weight: 400;\"><br><\/span>Ihre Buchung ist vollst\u00e4ndig akzeptiert, wenn wir als Villa Perla Piemonte unseren G\u00e4sten die Buchungsbest\u00e4tigung mit dem Eingang der Anzahlung von 500 EUR, wie in den Standardzahlungsbedingungen angegeben, zusenden. Bei einer Anreise von weniger als 30 Tagen ab dem Buchungsdatum muss der gesamte Betrag zum Zeitpunkt der Buchung&nbsp;von&nbsp;bezahlt werden.<\/p>\n<p><span style=\"font-weight: 400;\">Werden die Zahlungen (Anzahlung und Restbetrag) nicht fristgerecht geleistet, ohne dass eine Mahnung oder Kontaktaufnahme mit der Villa Perla Piemonte erfolgt, haben wir das Recht, die Buchung zu stornieren und die geleisteten Anzahlungen zu behalten.<\/span><\/p>\n<p><span style=\"font-weight: 400;\">Im Falle einer Stornierung durch die G\u00e4ste gelten die folgenden Standard-Stornierungsbedingungen:<\/span><\/p>\n<ul>\n<li style=\"font-weight: 400;\" aria-level=\"1\"><span style=\"font-weight: 400;\">100% der geleisteten Vorauszahlungen werden zur\u00fcckerstattet, wenn sie 90 Tage vor der Ankunft oder fr\u00fcher storniert werden.<\/span><\/li>\n<li style=\"font-weight: 400;\" aria-level=\"1\"><span style=\"font-weight: 400;\">50% der geleisteten Vorauszahlungen werden zur\u00fcckerstattet, wenn sie 30 Tage vor der Ankunft oder fr\u00fcher storniert werden<\/span><\/li>\n<li style=\"font-weight: 400;\" aria-level=\"1\"><span style=\"font-weight: 400;\">0% R\u00fcckerstattung bei Stornierung nach.<\/span><\/li>\n<\/ul>\n<p><span style=\"font-weight: 400;\">Im Falle einer Stornierung durch die Villa Perla wird keine Entsch\u00e4digung f\u00e4llig und wir erstatten die gesamte Anzahlung zur\u00fcck und\/oder schlagen einen Ersatztermin vor.<\/span><\/p>\n<p><b>Umdisponieren einer Buchung:<\/b><\/p>\n<p><span style=\"font-weight: 400;\">Wenn in unserem Kalender noch andere Wochen frei sind, k\u00f6nnen wir versuchen, eine f\u00fcr beide Seiten vorteilhafte L\u00f6sung zu finden.<\/span><\/p>\n<p><b>Kurzfristiger Mietvertrag:<\/b><\/p>\n<p><span style=\"font-weight: 400;\">Bei der Ankunft m\u00fcssen die G\u00e4ste einen Kurzzeitmietvertrag gem\u00e4\u00df der italienischen Gesetzgebung unterzeichnen.<\/span><\/p>\n<h2>&nbsp;<\/h2>\n<h2><span style=\"font-weight: 400;\">5\/ Beanstandungen:<\/span><\/h2>\n<p><span style=\"font-weight: 400;\">Wenn irgendetwas nicht in Ordnung ist oder Sie mit einem bestimmten Aspekt w\u00e4hrend Ihres Aufenthalts in der Villa Perla Piemonte nicht zufrieden sind, sollten Sie sich sofort an unsere Hausverwaltung CASA wenden! Hospitality Services oder kontaktieren Sie uns direkt \u00fcber  <\/span><a href=\"mailto:info@villa-perla.it\"><span style=\"font-weight: 400;\">info@villa-perla.it<\/span><\/a><span style=\"font-weight: 400;\">.<\/span><\/p>\n<p><span style=\"font-weight: 400;\">Reklamationen, die sp\u00e4ter als 3 Tage nach Ihrem Urlaub oder Ihrer Abreise in der Villa Perla eingehen, werden nicht als dringend behandelt.<\/span><\/p>\n<h2>&nbsp;<\/h2>\n<h2><span style=\"font-weight: 400;\">6\/ Praktische Aspekte<\/span><\/h2>\n<p><span style=\"font-weight: 400;\">Vor der Ankunft und nach Eingang der vollst\u00e4ndigen Zahlung; CASA! Die Gastfreundschaft wird unsere G\u00e4ste \u00fcber das Ankunftsverfahren informieren und die G\u00e4ste bei ihrer Ankunft begr\u00fc\u00dfen, um ihnen die notwendigen Informationen zu geben.&nbsp;<\/span><\/p>\n<p><span style=\"font-weight: 400;\">Inventarliste: diese Details werden Ihnen bei Ihrer Ankunft erkl\u00e4rt<\/span><\/p>\n<p><span style=\"font-weight: 400;\"><br><\/span><span style=\"font-weight: 400;\">Die gemietete Wohnung darf nicht mehr Personen beherbergen, als im Datenblatt der Wohnung angegeben sind (derzeit maximal 8 Erwachsene und 4 Kinder, Kinder \u00fcber 12 Jahre gelten als Erwachsene).<\/span><\/p>\n<p><\/p>\n<h2><span style=\"font-weight: 400;\">7\/ Rechtlich &amp; Schadenersatz<\/span><\/h2>\n<p><span style=\"font-weight: 400;\">Als Sch\u00e4den gelten:<\/span><\/p>\n<ul>\n<li style=\"font-weight: 400;\" aria-level=\"1\"><span style=\"font-weight: 400;\">Sch\u00e4den am Haus, an M\u00f6beln, Ger\u00e4ten, Rauchen im Haus usw&#8230;<\/span><\/li>\n<li style=\"font-weight: 400;\" aria-level=\"1\"><span style=\"font-weight: 400;\">Zus\u00e4tzliche Kosten, die durch Nachl\u00e4ssigkeit der G\u00e4ste entstehen (Nichteinhaltung der Hausordnung, nicht sauberes Verlassen des Hauses, etc&#8230;)<\/span><\/li>\n<li style=\"font-weight: 400;\" aria-level=\"1\"><span style=\"font-weight: 400;\">Interventionen von CASA! \/ Dritte aufgrund von Manipulationen an Installationen, Nichtbeachtung von Anweisungen, Vorsatz usw. (z. B. Ausschalten der Poolpumpe, Abziehen von Ger\u00e4ten, Manipulationen an Feuermeldern, usw.)<\/span><\/li>\n<\/ul>\n<p><span style=\"font-weight: 400;\">Im Falle eines Schadens sollten Sie CASA! und uns sofort informieren \u00fcber<\/span> <a href=\"mailto:info@villa-perla.it\"><span style=\"font-weight: 400;\">info@villa-perla.it<\/span><\/a><span style=\"font-weight: 400;\">  und senden Sie uns eine kurze Beschreibung und Bilder des Schadens. Bitte kontaktieren Sie auch CASA! Gastfreundschaft, wenn Sie in dieser Hinsicht Hilfe ben\u00f6tigen.<\/span><\/p>\n<p><strong>Bei der Abreise:<\/strong><\/p>\n<ul>\n<li style=\"font-weight: 400;\" aria-level=\"1\"><span style=\"font-weight: 400;\">Die Wohnung sollte in einem sauberen und ordentlichen Zustand hinterlassen werden (siehe Hausordnung im n\u00e4chsten Kapitel 8). Die Endreinigung ist im Preis inbegriffen, beinhaltet aber nicht die Beseitigung von \u00fcberm\u00e4\u00dfigem M\u00fcll, Essensresten, Reinigung von T\u00f6pfen und Pfannen, Leeren des K\u00fchl- oder Gefrierschranks &#8230;) Falls eine zus\u00e4tzliche Reinigung erforderlich ist (au\u00dferhalb der normalen), wird diese anteilig von der Kaution abgezogen.<\/span><\/li>\n<li style=\"font-weight: 400;\" aria-level=\"1\"><span style=\"font-weight: 400;\">Etwaige (kleinere) Sch\u00e4den, fehlende Gegenst\u00e4nde, nicht funktionierende Ger\u00e4te usw. sollten sofort und\/oder bei der Abreise gemeldet werden.<\/span><\/li>\n<li style=\"font-weight: 400;\" aria-level=\"1\"><span style=\"font-weight: 400;\">F\u00fcr jede (positive) R\u00fcckmeldung sind wir immer dankbar.<\/span><\/li>\n<\/ul>\n<p><span style=\"font-weight: 400;\">Die Villa Perla ist ein Nichtraucherhaus und es ist verboten, in den R\u00e4umen zu rauchen. Dazu geh\u00f6rt auch die Verwendung von E-Zigaretten \/ Vaping \/ Wasserpfeifen \/ etc&#8230;. Bei Verst\u00f6\u00dfen gegen die Nichtraucherpolitik wird die gesamte Kaution einbehalten.<\/span><\/p>\n<p><span style=\"font-weight: 400;\">Wir haften nicht f\u00fcr Personen- und Sachsch\u00e4den, die die G\u00e4ste oder andere Personen ihrer Gruppe in der Ferienunterkunft oder deren Einrichtungen erleiden.<\/span><\/p>\n<p><span style=\"font-weight: 400;\">Im Falle eines Rechtsstreits ist das Gericht von Asti das zust\u00e4ndige Gericht.<\/span><\/p>\n<p><span style=\"font-weight: 400;\">Die Meldepflicht gem\u00e4\u00df Art. 16 l269\/98: Nach italienischem Recht werden alle Straftaten im Zusammenhang mit Prostitution und Kinderpornografie, einschlie\u00dflich aller im Ausland begangenen Straftaten, mit Haftstrafen geahndet.<\/span><\/p>\n<p><\/p>\n<h2><span style=\"font-weight: 400;\">8) Hausordnung<\/span><\/h2>\n<p><b>W\u00e4hrend Ihres Aufenthaltes in der Villa Perla Piemonte bitten wir Sie, die folgenden Punkte zu beachten:<\/b><\/p>\n<p><b>Check-in: ab 16:00 Uhr &#8211; Check-out: bis sp\u00e4testens 10.00 Uhr<\/b><\/p>\n<p><b>Wind und Tiere:<\/b><span style=\"font-weight: 400;\">  Wie Sie sehen k\u00f6nnen, befinden wir uns mitten auf dem Land, auf einem H\u00fcgel, und wir raten Ihnen, keine Lebensmittel drau\u00dfen stehen zu lassen, wenn Sie nicht im Garten sind oder das Haus f\u00fcr eine Weile verlassen. Dasselbe gilt f\u00fcr die Sonnenschirme am Pool; bitte schlie\u00dfen Sie sie, wenn Wind aufkommt, um Unf\u00e4lle zu vermeiden.<\/span><\/p>\n<p><b>Abfall:  <\/b><span style=\"font-weight: 400;\">bitte in die richtige M\u00fclltonne entsorgen. Organische Abf\u00e4lle werden als allgemeine Abf\u00e4lle betrachtet. Auf der anderen Stra\u00dfenseite finden Sie gro\u00dfe Container f\u00fcr allgemeine Abf\u00e4lle und Papier. Plastik und Metall sind zu trennen und in die runde Tonne drau\u00dfen neben dem wei\u00dfen Schuppen zu werfen.<\/span><\/p>\n<p><b>Pool &amp; Getr\u00e4nke:<\/b><span style=\"font-weight: 400;\">  Wir haben eine Menge Plastikbecher und Weingl\u00e4ser gekauft. Bitte benutzen Sie keine Gl\u00e4ser am Pool oder auf dem Rasen. Unser Zielpublikum sind Familien und Freunde mit Kindern, also denken Sie bitte an die kleinen F\u00fc\u00dfe in der Umgebung oder die, die nach Ihrem eigenen Aufenthalt kommen.<\/span><\/p>\n<p><b>Internet:<\/b><span style=\"font-weight: 400;\">  Wir haben Starlink Internet installiert, um sicherzustellen, dass unsere G\u00e4ste in den Genuss einer stabilen Internetverbindung kommen (was in Italien sehr selten ist <img decoding=\"async\" class=\"emoji\" role=\"img\" draggable=\"false\" src=\"https:\/\/s.w.org\/images\/core\/emoji\/14.0.0\/svg\/1f609.svg\" alt=\"\ud83d\ude09\">). Bitte bewegen Sie keines der wei\u00dfen Ger\u00e4te im Haus, sonst verschwindet das Internet.<\/span><\/p>\n<p><b>GRILLEN:<\/b><span style=\"font-weight: 400;\">  Wir vertrauen auf den gesunden Menschenverstand unserer G\u00e4ste, den Grill an einem sicheren Ort abzustellen und m\u00f6gliche Trockenperioden zu ber\u00fccksichtigen. Achten Sie bitte darauf, dass der Grill nach der Benutzung in sicherer Weise verlassen wird. Bitte lassen Sie auch den Grill sauber und vermeiden Sie Flecken auf den grauen Terrassenfliesen. Wenn der Grill nicht sauber war, als Sie ankamen, lassen Sie es uns bitte wissen!<\/span><\/p>\n<p><b>Eis- und Wasserk\u00fchlschrank<\/b><span style=\"font-weight: 400;\">: Wir haben eine Eismaschine im Gefrierschrank! Der Eisbereiter ist mit den Schl\u00e4uchen verbunden und f\u00fcllt sich automatisch, aber der Wasserspender muss manuell bef\u00fcllt werden. Der Wasserspender ist nur &nbsp;f\u00fcr Wasser gedacht.<\/span><\/p>\n<p><b>Musik und L\u00e4rm:<\/b><span style=\"font-weight: 400;\">  Musik ist immer sch\u00f6n, aber bitte nehmen Sie R\u00fccksicht auf unsere Nachbarn. Ber\u00fccksichtigen Sie auch, dass die Bauern Fr\u00fchaufsteher sind.<\/span><\/p>\n<p><b>Der Innenkamin<\/b><span style=\"font-weight: 400;\">  ist nicht zum Verbrennen von Holz \/ Feuermachen geeignet. Sie darf nur zum Anz\u00fcnden von Kerzen verwendet werden.<\/span><\/p>\n<p><b>Sch\u00e4den und Unf\u00e4lle:  <\/b><span style=\"font-weight: 400;\">Auch hier vertrauen wir auf den gesunden Menschenverstand unserer G\u00e4ste, und wir wissen, dass Unf\u00e4lle passieren k\u00f6nnen. Lesen Sie mehr zu diesem Thema in unseren Allgemeinen Gesch\u00e4ftsbedingungen auf der Website.<\/span><\/p>\n<p><b>W\u00e4hrend des Bezahlvorgangs:  <\/b><span style=\"font-weight: 400;\">Bitte hinterlassen Sie eine aufger\u00e4umte K\u00fcche und benutzen Sie die beim Check-in angegebenen M\u00fclleimer. Leere Flaschen sollten in den gr\u00fcnen Glascontainern entsorgt werden, die an den Stra\u00dfen stehen.<\/span><\/p>\n<p><b>Privater Teil:  <\/b><span style=\"font-weight: 400;\">Der kurze Teil des L-f\u00f6rmigen Grundst\u00fccks ist unser privater Teil. Wenn Sie uns nicht bei der Unkrautbek\u00e4mpfung helfen wollen, bitten wir Sie, diese Seite des Grundst\u00fccks nicht zu betreten oder Kinder dort spielen zu lassen.&nbsp; Es ist nicht Teil des Ferienhauses.&nbsp;<\/span><\/p>\n<p><b>VIELEN DANK UND EINEN ANGENEHMEN AUFENTHALT<\/b><\/p>\t\t\t\t\t\t\t\t<\/div>\n\t\t\t\t<\/div>\n\t\t\t\t<div class=\"elementor-element elementor-element-0c62356 elementor-hidden-desktop elementor-hidden-tablet elementor-hidden-mobile elementor-widget elementor-widget-text-editor\" data-id=\"0c62356\" data-element_type=\"widget\" data-e-type=\"widget\" data-widget_type=\"text-editor.default\">\n\t\t\t\t<div class=\"elementor-widget-container\">\n\t\t\t\t\t\t\t\t\t<p>Bitte pr\u00fcfen Sie die Buchungsbedingungen der von Ihnen bevorzugten Plattform:<\/p>\n<p><strong>Insolita (spezialisiertes belgisches Reiseb\u00fcro f\u00fcr Italien):<\/strong><\/p>\n<p><a href=\"https:\/\/insolita.be\/vakantiehuizen\/villa-perla\" target=\"_blank\" rel=\"noopener\">insolita.be\/vakantiehuizen\/villa-perla<\/a><\/p>\n<p><strong>VRBO:<\/strong> <\/p>\n<p><a href=\"https:\/\/www.vrbo.com\/it-it\/affitto-vacanze\/p11187673\" target=\"_blank\" rel=\"noopener\"><u>www.vrbo.com\/it-it\/affitto-vacanze\/p11187673<\/u><\/a><\/p>\n<p><strong>Airbnb:<\/strong> <\/p>\n<p><a href=\"https:\/\/www.airbnb.it\/rooms\/780159849100064597\" target=\"_blank\" rel=\"noopener\"><u>www.airbnb.it\/rooms\/780159849100064597<\/u><\/a><\/p><\/p>\n\t\t\t\t\t\t\t\t<\/div>\n\t\t\t\t<\/div>\n\t\t\t\t\t<\/div>\n\t\t<\/div>\n\t\t\t\t\t<\/div>\n\t\t<\/section>\n\t\t\t\t<\/div>\n\t\t","protected":false},"excerpt":{"rendered":"<p>Villa Perla Piemonte (CIR 00505000024) und unser Hausverwalter CASA! Die Gastgeber informieren die G\u00e4ste \u00fcber die genauen An- und Abreisemodalit\u00e4ten und stellen sicher, dass alle notwendigen Unterlagen \u00fcber das Haus selbst vorhanden sind, einschlie\u00dflich der Kontaktnummern f\u00fcr Notf\u00e4lle. <\/p>\n","protected":false},"author":1,"featured_media":11662,"parent":0,"menu_order":0,"comment_status":"closed","ping_status":"closed","template":"elementor_header_footer","meta":{"_angie_page":false,"footnotes":""},"class_list":["post-10337","page","type-page","status-publish","has-post-thumbnail","hentry"],"yoast_head":"<!-- This site is optimized with the Yoast SEO plugin v27.4 - https:\/\/yoast.com\/product\/yoast-seo-wordpress\/ -->\n<title>Bedingungen und Konditionen - Villa Perla | Langhe - Monferrato<\/title>\n<meta name=\"description\" content=\"Villa Perla Piemonte (CIR 00505000024) und unser Hausverwalter CASA! Die Gastgeber informieren die G\u00e4ste \u00fcber die genauen An- und Abreisemodalit\u00e4ten und stellen sicher, dass alle notwendigen Unterlagen \u00fcber das Haus selbst vorhanden sind, einschlie\u00dflich der Kontaktnummern f\u00fcr Notf\u00e4lle.\" \/>\n<meta name=\"robots\" content=\"index, follow, max-snippet:-1, max-image-preview:large, max-video-preview:-1\" \/>\n<link rel=\"canonical\" href=\"https:\/\/villa-perla.it\/de\/bedingungen-und-konditionen\/\" \/>\n<meta property=\"og:locale\" content=\"de_DE\" \/>\n<meta property=\"og:type\" content=\"article\" \/>\n<meta property=\"og:title\" content=\"Allgemeine Gesch\u00e4ftsbedingungen - Villa Perla in Piemonte\" \/>\n<meta property=\"og:description\" content=\"Villa Perla Piemonte (CIR 00505000024) und unser Hausverwalter CASA! Die Gastgeber informieren die G\u00e4ste \u00fcber die genauen An- und Abreisemodalit\u00e4ten und stellen sicher, dass alle notwendigen Unterlagen \u00fcber das Haus selbst vorhanden sind, einschlie\u00dflich der Kontaktnummern f\u00fcr Notf\u00e4lle.\" \/>\n<meta property=\"og:url\" content=\"https:\/\/villa-perla.it\/de\/bedingungen-und-konditionen\/\" \/>\n<meta property=\"og:site_name\" content=\"Villa Perla | Langhe - Monferrato\" \/>\n<meta property=\"article:publisher\" content=\"https:\/\/www.facebook.com\/villaperla.piemonte\" \/>\n<meta property=\"article:modified_time\" content=\"2024-07-17T10:51:50+00:00\" \/>\n<meta property=\"og:image\" content=\"https:\/\/villa-perla.it\/wp-content\/uploads\/2023\/09\/Villa-perla-piemonte-400x400-px-300x300.png\" \/>\n<meta name=\"twitter:card\" content=\"summary_large_image\" \/>\n<meta name=\"twitter:title\" content=\"Allgemeine Gesch\u00e4ftsbedingungen - Villa Perla in Piemonte\" \/>\n<meta name=\"twitter:description\" content=\"Villa Perla Piemonte (CIR 00505000024) und unser Hausverwalter CASA! Die Gastgeber informieren die G\u00e4ste \u00fcber die genauen An- und Abreisemodalit\u00e4ten und stellen sicher, dass alle notwendigen Unterlagen \u00fcber das Haus selbst vorhanden sind, einschlie\u00dflich der Kontaktnummern f\u00fcr Notf\u00e4lle.\" \/>\n<meta name=\"twitter:image\" content=\"https:\/\/villa-perla.it\/wp-content\/uploads\/2023\/09\/VILLA-PERLA-800-x-800-px.png\" \/>\n<meta name=\"twitter:label1\" content=\"Gesch\u00e4tzte Lesezeit\" \/>\n\t<meta name=\"twitter:data1\" content=\"8\u00a0Minuten\" \/>\n<script type=\"application\/ld+json\" class=\"yoast-schema-graph\">{\"@context\":\"https:\\\/\\\/schema.org\",\"@graph\":[{\"@type\":\"WebPage\",\"@id\":\"https:\\\/\\\/villa-perla.it\\\/de\\\/bedingungen-und-konditionen\\\/\",\"url\":\"https:\\\/\\\/villa-perla.it\\\/de\\\/bedingungen-und-konditionen\\\/\",\"name\":\"Bedingungen und Konditionen - Villa Perla | Langhe - Monferrato\",\"isPartOf\":{\"@id\":\"https:\\\/\\\/villa-perla.it\\\/de\\\/#website\"},\"primaryImageOfPage\":{\"@id\":\"https:\\\/\\\/villa-perla.it\\\/de\\\/bedingungen-und-konditionen\\\/#primaryimage\"},\"image\":{\"@id\":\"https:\\\/\\\/villa-perla.it\\\/de\\\/bedingungen-und-konditionen\\\/#primaryimage\"},\"thumbnailUrl\":\"https:\\\/\\\/villa-perla.it\\\/wp-content\\\/uploads\\\/2023\\\/09\\\/VILLA-PERLA-800-x-800-px.webp\",\"datePublished\":\"2021-10-28T04:04:52+00:00\",\"dateModified\":\"2024-07-17T10:51:50+00:00\",\"description\":\"Villa Perla Piemonte (CIR 00505000024) und unser Hausverwalter CASA! Die Gastgeber informieren die G\u00e4ste \u00fcber die genauen An- und Abreisemodalit\u00e4ten und stellen sicher, dass alle notwendigen Unterlagen \u00fcber das Haus selbst vorhanden sind, einschlie\u00dflich der Kontaktnummern f\u00fcr Notf\u00e4lle.\",\"breadcrumb\":{\"@id\":\"https:\\\/\\\/villa-perla.it\\\/de\\\/bedingungen-und-konditionen\\\/#breadcrumb\"},\"inLanguage\":\"de\",\"potentialAction\":[{\"@type\":\"ReadAction\",\"target\":[\"https:\\\/\\\/villa-perla.it\\\/de\\\/bedingungen-und-konditionen\\\/\"]}]},{\"@type\":\"ImageObject\",\"inLanguage\":\"de\",\"@id\":\"https:\\\/\\\/villa-perla.it\\\/de\\\/bedingungen-und-konditionen\\\/#primaryimage\",\"url\":\"https:\\\/\\\/villa-perla.it\\\/wp-content\\\/uploads\\\/2023\\\/09\\\/VILLA-PERLA-800-x-800-px.webp\",\"contentUrl\":\"https:\\\/\\\/villa-perla.it\\\/wp-content\\\/uploads\\\/2023\\\/09\\\/VILLA-PERLA-800-x-800-px.webp\",\"width\":800,\"height\":800,\"caption\":\"Villa Perla Piemonte\"},{\"@type\":\"BreadcrumbList\",\"@id\":\"https:\\\/\\\/villa-perla.it\\\/de\\\/bedingungen-und-konditionen\\\/#breadcrumb\",\"itemListElement\":[{\"@type\":\"ListItem\",\"position\":1,\"name\":\"Home\",\"item\":\"https:\\\/\\\/villa-perla.it\\\/de\\\/\"},{\"@type\":\"ListItem\",\"position\":2,\"name\":\"Bedingungen und Konditionen\"}]},{\"@type\":\"WebSite\",\"@id\":\"https:\\\/\\\/villa-perla.it\\\/de\\\/#website\",\"url\":\"https:\\\/\\\/villa-perla.it\\\/de\\\/\",\"name\":\"Villa Perla | Langhe - Monferrato\",\"description\":\"Your private holiday house in Piemonte\",\"publisher\":{\"@id\":\"https:\\\/\\\/villa-perla.it\\\/de\\\/#organization\"},\"alternateName\":\"Villa Perla |\",\"potentialAction\":[{\"@type\":\"SearchAction\",\"target\":{\"@type\":\"EntryPoint\",\"urlTemplate\":\"https:\\\/\\\/villa-perla.it\\\/de\\\/?s={search_term_string}\"},\"query-input\":{\"@type\":\"PropertyValueSpecification\",\"valueRequired\":true,\"valueName\":\"search_term_string\"}}],\"inLanguage\":\"de\"},{\"@type\":\"Organization\",\"@id\":\"https:\\\/\\\/villa-perla.it\\\/de\\\/#organization\",\"name\":\"Villa Perla Piemonte\",\"alternateName\":\"Villa Perla Piemonte\",\"url\":\"https:\\\/\\\/villa-perla.it\\\/de\\\/\",\"logo\":{\"@type\":\"ImageObject\",\"inLanguage\":\"de\",\"@id\":\"https:\\\/\\\/villa-perla.it\\\/de\\\/#\\\/schema\\\/logo\\\/image\\\/\",\"url\":\"https:\\\/\\\/villa-perla.it\\\/wp-content\\\/uploads\\\/2021\\\/11\\\/villa-perla-piemone-logo-transparant-400-x-100-px.svg\",\"contentUrl\":\"https:\\\/\\\/villa-perla.it\\\/wp-content\\\/uploads\\\/2021\\\/11\\\/villa-perla-piemone-logo-transparant-400-x-100-px.svg\",\"caption\":\"Villa Perla Piemonte\"},\"image\":{\"@id\":\"https:\\\/\\\/villa-perla.it\\\/de\\\/#\\\/schema\\\/logo\\\/image\\\/\"},\"sameAs\":[\"https:\\\/\\\/www.facebook.com\\\/villaperla.piemonte\",\"https:\\\/\\\/www.instagram.com\\\/villaperla_piemonte\"]}]}<\/script>\n<!-- \/ Yoast SEO plugin. -->","yoast_head_json":{"title":"Bedingungen und Konditionen - Villa Perla | Langhe - Monferrato","description":"Villa Perla Piemonte (CIR 00505000024) und unser Hausverwalter CASA! Die Gastgeber informieren die G\u00e4ste \u00fcber die genauen An- und Abreisemodalit\u00e4ten und stellen sicher, dass alle notwendigen Unterlagen \u00fcber das Haus selbst vorhanden sind, einschlie\u00dflich der Kontaktnummern f\u00fcr Notf\u00e4lle.","robots":{"index":"index","follow":"follow","max-snippet":"max-snippet:-1","max-image-preview":"max-image-preview:large","max-video-preview":"max-video-preview:-1"},"canonical":"https:\/\/villa-perla.it\/de\/bedingungen-und-konditionen\/","og_locale":"de_DE","og_type":"article","og_title":"Allgemeine Gesch\u00e4ftsbedingungen - Villa Perla in Piemonte","og_description":"Villa Perla Piemonte (CIR 00505000024) und unser Hausverwalter CASA! Die Gastgeber informieren die G\u00e4ste \u00fcber die genauen An- und Abreisemodalit\u00e4ten und stellen sicher, dass alle notwendigen Unterlagen \u00fcber das Haus selbst vorhanden sind, einschlie\u00dflich der Kontaktnummern f\u00fcr Notf\u00e4lle.","og_url":"https:\/\/villa-perla.it\/de\/bedingungen-und-konditionen\/","og_site_name":"Villa Perla | Langhe - Monferrato","article_publisher":"https:\/\/www.facebook.com\/villaperla.piemonte","article_modified_time":"2024-07-17T10:51:50+00:00","og_image":[{"url":"https:\/\/villa-perla.it\/wp-content\/uploads\/2023\/09\/Villa-perla-piemonte-400x400-px-300x300.png","type":"","width":"","height":""}],"twitter_card":"summary_large_image","twitter_title":"Allgemeine Gesch\u00e4ftsbedingungen - Villa Perla in Piemonte","twitter_description":"Villa Perla Piemonte (CIR 00505000024) und unser Hausverwalter CASA! Die Gastgeber informieren die G\u00e4ste \u00fcber die genauen An- und Abreisemodalit\u00e4ten und stellen sicher, dass alle notwendigen Unterlagen \u00fcber das Haus selbst vorhanden sind, einschlie\u00dflich der Kontaktnummern f\u00fcr Notf\u00e4lle.","twitter_image":"https:\/\/villa-perla.it\/wp-content\/uploads\/2023\/09\/VILLA-PERLA-800-x-800-px.png","twitter_misc":{"Gesch\u00e4tzte Lesezeit":"8\u00a0Minuten"},"schema":{"@context":"https:\/\/schema.org","@graph":[{"@type":"WebPage","@id":"https:\/\/villa-perla.it\/de\/bedingungen-und-konditionen\/","url":"https:\/\/villa-perla.it\/de\/bedingungen-und-konditionen\/","name":"Bedingungen und Konditionen - Villa Perla | Langhe - Monferrato","isPartOf":{"@id":"https:\/\/villa-perla.it\/de\/#website"},"primaryImageOfPage":{"@id":"https:\/\/villa-perla.it\/de\/bedingungen-und-konditionen\/#primaryimage"},"image":{"@id":"https:\/\/villa-perla.it\/de\/bedingungen-und-konditionen\/#primaryimage"},"thumbnailUrl":"https:\/\/villa-perla.it\/wp-content\/uploads\/2023\/09\/VILLA-PERLA-800-x-800-px.webp","datePublished":"2021-10-28T04:04:52+00:00","dateModified":"2024-07-17T10:51:50+00:00","description":"Villa Perla Piemonte (CIR 00505000024) und unser Hausverwalter CASA! Die Gastgeber informieren die G\u00e4ste \u00fcber die genauen An- und Abreisemodalit\u00e4ten und stellen sicher, dass alle notwendigen Unterlagen \u00fcber das Haus selbst vorhanden sind, einschlie\u00dflich der Kontaktnummern f\u00fcr Notf\u00e4lle.","breadcrumb":{"@id":"https:\/\/villa-perla.it\/de\/bedingungen-und-konditionen\/#breadcrumb"},"inLanguage":"de","potentialAction":[{"@type":"ReadAction","target":["https:\/\/villa-perla.it\/de\/bedingungen-und-konditionen\/"]}]},{"@type":"ImageObject","inLanguage":"de","@id":"https:\/\/villa-perla.it\/de\/bedingungen-und-konditionen\/#primaryimage","url":"https:\/\/villa-perla.it\/wp-content\/uploads\/2023\/09\/VILLA-PERLA-800-x-800-px.webp","contentUrl":"https:\/\/villa-perla.it\/wp-content\/uploads\/2023\/09\/VILLA-PERLA-800-x-800-px.webp","width":800,"height":800,"caption":"Villa Perla Piemonte"},{"@type":"BreadcrumbList","@id":"https:\/\/villa-perla.it\/de\/bedingungen-und-konditionen\/#breadcrumb","itemListElement":[{"@type":"ListItem","position":1,"name":"Home","item":"https:\/\/villa-perla.it\/de\/"},{"@type":"ListItem","position":2,"name":"Bedingungen und Konditionen"}]},{"@type":"WebSite","@id":"https:\/\/villa-perla.it\/de\/#website","url":"https:\/\/villa-perla.it\/de\/","name":"Villa Perla | Langhe - Monferrato","description":"Your private holiday house in Piemonte","publisher":{"@id":"https:\/\/villa-perla.it\/de\/#organization"},"alternateName":"Villa Perla |","potentialAction":[{"@type":"SearchAction","target":{"@type":"EntryPoint","urlTemplate":"https:\/\/villa-perla.it\/de\/?s={search_term_string}"},"query-input":{"@type":"PropertyValueSpecification","valueRequired":true,"valueName":"search_term_string"}}],"inLanguage":"de"},{"@type":"Organization","@id":"https:\/\/villa-perla.it\/de\/#organization","name":"Villa Perla Piemonte","alternateName":"Villa Perla Piemonte","url":"https:\/\/villa-perla.it\/de\/","logo":{"@type":"ImageObject","inLanguage":"de","@id":"https:\/\/villa-perla.it\/de\/#\/schema\/logo\/image\/","url":"https:\/\/villa-perla.it\/wp-content\/uploads\/2021\/11\/villa-perla-piemone-logo-transparant-400-x-100-px.svg","contentUrl":"https:\/\/villa-perla.it\/wp-content\/uploads\/2021\/11\/villa-perla-piemone-logo-transparant-400-x-100-px.svg","caption":"Villa Perla Piemonte"},"image":{"@id":"https:\/\/villa-perla.it\/de\/#\/schema\/logo\/image\/"},"sameAs":["https:\/\/www.facebook.com\/villaperla.piemonte","https:\/\/www.instagram.com\/villaperla_piemonte"]}]}},"_links":{"self":[{"href":"https:\/\/villa-perla.it\/de\/wp-json\/wp\/v2\/pages\/10337","targetHints":{"allow":["GET"]}}],"collection":[{"href":"https:\/\/villa-perla.it\/de\/wp-json\/wp\/v2\/pages"}],"about":[{"href":"https:\/\/villa-perla.it\/de\/wp-json\/wp\/v2\/types\/page"}],"author":[{"embeddable":true,"href":"https:\/\/villa-perla.it\/de\/wp-json\/wp\/v2\/users\/1"}],"replies":[{"embeddable":true,"href":"https:\/\/villa-perla.it\/de\/wp-json\/wp\/v2\/comments?post=10337"}],"version-history":[{"count":0,"href":"https:\/\/villa-perla.it\/de\/wp-json\/wp\/v2\/pages\/10337\/revisions"}],"wp:featuredmedia":[{"embeddable":true,"href":"https:\/\/villa-perla.it\/de\/wp-json\/wp\/v2\/media\/11662"}],"wp:attachment":[{"href":"https:\/\/villa-perla.it\/de\/wp-json\/wp\/v2\/media?parent=10337"}],"curies":[{"name":"wp","href":"https:\/\/api.w.org\/{rel}","templated":true}]}}