{"id":10335,"date":"2023-05-12T10:58:22","date_gmt":"2023-05-12T08:58:22","guid":{"rendered":"https:\/\/villa-perla.it\/unsere-partner\/"},"modified":"2024-01-20T18:14:14","modified_gmt":"2024-01-20T17:14:14","slug":"unsere-partner","status":"publish","type":"page","link":"https:\/\/villa-perla.it\/de\/unsere-partner\/","title":{"rendered":"Unsere Partner"},"content":{"rendered":"\t\t<div data-elementor-type=\"wp-page\" data-elementor-id=\"10335\" class=\"elementor elementor-10335 elementor-9104\" data-elementor-post-type=\"page\">\n\t\t\t\t\t\t<section class=\"elementor-section elementor-top-section elementor-element elementor-element-1be89194 elementor-section-boxed elementor-section-height-default elementor-section-height-default\" data-id=\"1be89194\" data-element_type=\"section\" data-e-type=\"section\" data-settings=\"{&quot;background_background&quot;:&quot;classic&quot;,&quot;jet_parallax_layout_list&quot;:[]}\">\n\t\t\t\t\t\t<div class=\"elementor-container elementor-column-gap-wide\">\n\t\t\t\t\t<div class=\"elementor-column elementor-col-100 elementor-top-column elementor-element elementor-element-397ab489\" data-id=\"397ab489\" data-element_type=\"column\" data-e-type=\"column\" data-settings=\"{&quot;background_background&quot;:&quot;classic&quot;}\">\n\t\t\t<div class=\"elementor-widget-wrap elementor-element-populated\">\n\t\t\t\t\t\t<div class=\"elementor-element elementor-element-b3410f9 elementor-widget elementor-widget-heading\" data-id=\"b3410f9\" data-element_type=\"widget\" data-e-type=\"widget\" data-widget_type=\"heading.default\">\n\t\t\t\t<div class=\"elementor-widget-container\">\n\t\t\t\t\t<h2 class=\"elementor-heading-title elementor-size-default\">Unsere Partner<\/h2>\t\t\t\t<\/div>\n\t\t\t\t<\/div>\n\t\t\t\t<div class=\"elementor-element elementor-element-25885522 elementor-widget elementor-widget-text-editor\" data-id=\"25885522\" data-element_type=\"widget\" data-e-type=\"widget\" data-widget_type=\"text-editor.default\">\n\t\t\t\t<div class=\"elementor-widget-container\">\n\t\t\t\t\t\t\t\t\t<p>Die Villa Perla wird das ganze Jahr \u00fcber zur Verf\u00fcgung stehen.<\/p>\n<p>F\u00fcr Preise, berufsbedingte Reisen und Kurzaufenthalte in der Nebensaison kontaktieren Sie uns bitte direkt \u00fcber info@villa-perla.it<\/p>\n\t\t\t\t\t\t\t\t<\/div>\n\t\t\t\t<\/div>\n\t\t\t\t<div class=\"elementor-element elementor-element-2ab513ad elementor-widget elementor-widget-text-editor\" data-id=\"2ab513ad\" data-element_type=\"widget\" data-e-type=\"widget\" data-widget_type=\"text-editor.default\">\n\t\t\t\t<div class=\"elementor-widget-container\">\n\t\t\t\t\t\t\t\t\t<p><strong>Sie k\u00f6nnen auch direkt \u00fcber eine der Plattformen buchen:<\/strong><\/p>\n\t\t\t\t\t\t\t\t<\/div>\n\t\t\t\t<\/div>\n\t\t\t\t<section class=\"elementor-section elementor-inner-section elementor-element elementor-element-28c6b201 elementor-section-boxed elementor-section-height-default elementor-section-height-default\" data-id=\"28c6b201\" data-element_type=\"section\" data-e-type=\"section\" data-settings=\"{&quot;jet_parallax_layout_list&quot;:[]}\">\n\t\t\t\t\t\t<div class=\"elementor-container elementor-column-gap-default\">\n\t\t\t\t\t<div class=\"elementor-column elementor-col-20 elementor-inner-column elementor-element elementor-element-6e5ffc51\" data-id=\"6e5ffc51\" data-element_type=\"column\" data-e-type=\"column\">\n\t\t\t<div class=\"elementor-widget-wrap elementor-element-populated\">\n\t\t\t\t\t\t<div class=\"elementor-element elementor-element-f7ca260 elementor-widget elementor-widget-image\" data-id=\"f7ca260\" data-element_type=\"widget\" data-e-type=\"widget\" data-widget_type=\"image.default\">\n\t\t\t\t<div class=\"elementor-widget-container\">\n\t\t\t\t\t\t\t\t\t\t\t\t\t\t\t\t<a href=\"https:\/\/www.airbnb.it\/rooms\/780159849100064597?source_impression_id=p3_1675864633_bbNbK5d8HNUa4rKN\" target=\"_blank\">\n\t\t\t\t\t\t\t<img decoding=\"async\" src=\"https:\/\/villa-perla.it\/wp-content\/uploads\/elementor\/thumbs\/villa-perla-airbnb-rjrgua12krb3074c8980ozjp98zvx31ug7on75kqu8.webp\" title=\"villa-perla-airbnb\" alt=\"villa-perla-airbnb\" loading=\"lazy\" \/>\t\t\t\t\t\t\t\t<\/a>\n\t\t\t\t\t\t\t\t\t\t\t\t\t\t\t<\/div>\n\t\t\t\t<\/div>\n\t\t\t\t<div class=\"elementor-element elementor-element-6ac1c5ca elementor-widget elementor-widget-heading\" data-id=\"6ac1c5ca\" data-element_type=\"widget\" data-e-type=\"widget\" data-widget_type=\"heading.default\">\n\t\t\t\t<div class=\"elementor-widget-container\">\n\t\t\t\t\t<h2 class=\"elementor-heading-title elementor-size-default\"><a href=\"https:\/\/www.airbnb.it\/rooms\/780159849100064597?source_impression_id=p3_1675864633_bbNbK5d8HNUa4rKN\" target=\"_blank\">Klicken Sie hier f\u00fcr  <br>airbnb<\/a><\/h2>\t\t\t\t<\/div>\n\t\t\t\t<\/div>\n\t\t\t\t\t<\/div>\n\t\t<\/div>\n\t\t\t\t<div class=\"elementor-column elementor-col-20 elementor-inner-column elementor-element elementor-element-5a12dcc7\" data-id=\"5a12dcc7\" data-element_type=\"column\" data-e-type=\"column\">\n\t\t\t<div class=\"elementor-widget-wrap elementor-element-populated\">\n\t\t\t\t\t\t<div class=\"elementor-element elementor-element-e729406 elementor-widget elementor-widget-image\" data-id=\"e729406\" data-element_type=\"widget\" data-e-type=\"widget\" data-widget_type=\"image.default\">\n\t\t\t\t<div class=\"elementor-widget-container\">\n\t\t\t\t\t\t\t\t\t\t\t\t\t\t\t\t<a href=\"https:\/\/www.booking.com\/hotel\/it\/villa-perla-hilltop-location-with-pool.it.html?aid=304142&#038;label=gen173nr-1FCAEoggI46AdIFFgEaHGIAQGYARS4ARfIAQzYAQHoAQH4AQKIAgGoAgO4Asqq96oGwAIB0gIkNDc2ZjYxNmQtNTBiZC00OGFjLTlmNTUtYTE3OTIyNGJlOGQ32AIF4AIB&#038;sid=68fc1f39f4811a2b774c9723281f123d&#038;dest_id=10543195;dest_type=hotel;dist=0;group_adults=2;group_children=0;hapos=1;hpos=1;no_rooms=1;req_adults=2;req_children=0;room1=A%2CA;sb_price_type=total;sr_order=popularity;srepoch=1700648297;srpvid=225c4871193e0118;type=total;ucfs=1&#038;#hotelTmpl\" target=\"_blank\">\n\t\t\t\t\t\t\t<img decoding=\"async\" src=\"https:\/\/villa-perla.it\/wp-content\/uploads\/elementor\/thumbs\/villa-perla-piemonte-booking-2-rjptybr2pb944sgw9e86ng75nfyyo9zknfa4zuum3s.webp\" title=\"villa-perla-piemonte-booking\" alt=\"villa-perla-piemonte-booking\" loading=\"lazy\" \/>\t\t\t\t\t\t\t\t<\/a>\n\t\t\t\t\t\t\t\t\t\t\t\t\t\t\t<\/div>\n\t\t\t\t<\/div>\n\t\t\t\t<div class=\"elementor-element elementor-element-edd815b elementor-widget elementor-widget-spacer\" data-id=\"edd815b\" data-element_type=\"widget\" data-e-type=\"widget\" data-widget_type=\"spacer.default\">\n\t\t\t\t<div class=\"elementor-widget-container\">\n\t\t\t\t\t\t\t<div class=\"elementor-spacer\">\n\t\t\t<div class=\"elementor-spacer-inner\"><\/div>\n\t\t<\/div>\n\t\t\t\t\t\t<\/div>\n\t\t\t\t<\/div>\n\t\t\t\t<div class=\"elementor-element elementor-element-7ae12a3d elementor-widget elementor-widget-heading\" data-id=\"7ae12a3d\" data-element_type=\"widget\" data-e-type=\"widget\" data-widget_type=\"heading.default\">\n\t\t\t\t<div class=\"elementor-widget-container\">\n\t\t\t\t\t<h2 class=\"elementor-heading-title elementor-size-default\"><a href=\"https:\/\/www.booking.com\/hotel\/it\/villa-perla-hilltop-location-with-pool.it.html?aid=304142&#038;label=gen173nr-1FCAEoggI46AdIFFgEaHGIAQGYARS4ARfIAQzYAQHoAQH4AQKIAgGoAgO4Asqq96oGwAIB0gIkNDc2ZjYxNmQtNTBiZC00OGFjLTlmNTUtYTE3OTIyNGJlOGQ32AIF4AIB&#038;sid=68fc1f39f4811a2b774c9723281f123d&#038;dest_id=10543195;dest_type=hotel;dist=0;group_adults=2;group_children=0;hapos=1;hpos=1;no_rooms=1;req_adults=2;req_children=0;room1=A%2CA;sb_price_type=total;sr_order=popularity;srepoch=1700648297;srpvid=225c4871193e0118;type=total;ucfs=1\" target=\"_blank\">Klicken Sie hier f\u00fcr  <br> booking<\/a><\/h2>\t\t\t\t<\/div>\n\t\t\t\t<\/div>\n\t\t\t\t\t<\/div>\n\t\t<\/div>\n\t\t\t\t<div class=\"elementor-column elementor-col-20 elementor-inner-column elementor-element elementor-element-7ff810b\" data-id=\"7ff810b\" data-element_type=\"column\" data-e-type=\"column\">\n\t\t\t<div class=\"elementor-widget-wrap elementor-element-populated\">\n\t\t\t\t\t\t<div class=\"elementor-element elementor-element-fbd9cb0 elementor-widget elementor-widget-image\" data-id=\"fbd9cb0\" data-element_type=\"widget\" data-e-type=\"widget\" data-widget_type=\"image.default\">\n\t\t\t\t<div class=\"elementor-widget-container\">\n\t\t\t\t\t\t\t\t\t\t\t\t\t\t\t\t<a href=\"https:\/\/insolita.be\/vakantiehuizen\/villa-perla\" target=\"_blank\">\n\t\t\t\t\t\t\t<img decoding=\"async\" src=\"https:\/\/villa-perla.it\/wp-content\/uploads\/elementor\/thumbs\/villa-perla-Insolita_logo1_web-kopie-1-rjrgrbtb4h9ok9emghb6d8cm4pjerac6dlyryvy7x8.webp\" title=\"villa-perla-Insolita_logo1_web kopie\" alt=\"villa-perla-Insolita_logo1_web kopie\" loading=\"lazy\" \/>\t\t\t\t\t\t\t\t<\/a>\n\t\t\t\t\t\t\t\t\t\t\t\t\t\t\t<\/div>\n\t\t\t\t<\/div>\n\t\t\t\t<div class=\"elementor-element elementor-element-57f1964 elementor-widget elementor-widget-spacer\" data-id=\"57f1964\" data-element_type=\"widget\" data-e-type=\"widget\" data-widget_type=\"spacer.default\">\n\t\t\t\t<div class=\"elementor-widget-container\">\n\t\t\t\t\t\t\t<div class=\"elementor-spacer\">\n\t\t\t<div class=\"elementor-spacer-inner\"><\/div>\n\t\t<\/div>\n\t\t\t\t\t\t<\/div>\n\t\t\t\t<\/div>\n\t\t\t\t<div class=\"elementor-element elementor-element-faa3074 elementor-widget elementor-widget-heading\" data-id=\"faa3074\" data-element_type=\"widget\" data-e-type=\"widget\" data-widget_type=\"heading.default\">\n\t\t\t\t<div class=\"elementor-widget-container\">\n\t\t\t\t\t<h2 class=\"elementor-heading-title elementor-size-default\"><a href=\"https:\/\/insolita.be\/vakantiehuizen\/villa-perla\" target=\"_blank\">Klicken Sie hier f\u00fcr  <br> insolita<\/a><\/h2>\t\t\t\t<\/div>\n\t\t\t\t<\/div>\n\t\t\t\t\t<\/div>\n\t\t<\/div>\n\t\t\t\t<div class=\"elementor-column elementor-col-20 elementor-inner-column elementor-element elementor-element-2a83042\" data-id=\"2a83042\" data-element_type=\"column\" data-e-type=\"column\">\n\t\t\t<div class=\"elementor-widget-wrap elementor-element-populated\">\n\t\t\t\t\t\t<div class=\"elementor-element elementor-element-1c06f9a elementor-widget elementor-widget-image\" data-id=\"1c06f9a\" data-element_type=\"widget\" data-e-type=\"widget\" data-widget_type=\"image.default\">\n\t\t\t\t<div class=\"elementor-widget-container\">\n\t\t\t\t\t\t\t\t\t\t\t\t\t\t\t\t<a href=\"https:\/\/localliving.dk\/en\/villa_perla\/\" target=\"_blank\">\n\t\t\t\t\t\t\t<img decoding=\"async\" src=\"https:\/\/villa-perla.it\/wp-content\/uploads\/elementor\/thumbs\/villa-perla-piemonte-localliving-logo-rjpty9vebn6jhkjmkdexigo8go888vs3z5z61axdw8.webp\" title=\"villa-perla-piemonte-localliving-logo\" alt=\"villa-perla-piemonte-localliving-logo\" loading=\"lazy\" \/>\t\t\t\t\t\t\t\t<\/a>\n\t\t\t\t\t\t\t\t\t\t\t\t\t\t\t<\/div>\n\t\t\t\t<\/div>\n\t\t\t\t<div class=\"elementor-element elementor-element-481f563 elementor-widget elementor-widget-spacer\" data-id=\"481f563\" data-element_type=\"widget\" data-e-type=\"widget\" data-widget_type=\"spacer.default\">\n\t\t\t\t<div class=\"elementor-widget-container\">\n\t\t\t\t\t\t\t<div class=\"elementor-spacer\">\n\t\t\t<div class=\"elementor-spacer-inner\"><\/div>\n\t\t<\/div>\n\t\t\t\t\t\t<\/div>\n\t\t\t\t<\/div>\n\t\t\t\t<div class=\"elementor-element elementor-element-ef1e46f elementor-widget elementor-widget-heading\" data-id=\"ef1e46f\" data-element_type=\"widget\" data-e-type=\"widget\" data-widget_type=\"heading.default\">\n\t\t\t\t<div class=\"elementor-widget-container\">\n\t\t\t\t\t<h2 class=\"elementor-heading-title elementor-size-default\"><a href=\"https:\/\/localliving.dk\/en\/villa_perla\/\" target=\"_blank\">Klicken Sie hier f\u00fcr  <br>Local Living<\/a><\/h2>\t\t\t\t<\/div>\n\t\t\t\t<\/div>\n\t\t\t\t\t<\/div>\n\t\t<\/div>\n\t\t\t\t<div class=\"elementor-column elementor-col-20 elementor-inner-column elementor-element elementor-element-53f70756\" data-id=\"53f70756\" data-element_type=\"column\" data-e-type=\"column\">\n\t\t\t<div class=\"elementor-widget-wrap elementor-element-populated\">\n\t\t\t\t\t\t<div class=\"elementor-element elementor-element-66531f5a elementor-widget elementor-widget-image\" data-id=\"66531f5a\" data-element_type=\"widget\" data-e-type=\"widget\" data-widget_type=\"image.default\">\n\t\t\t\t<div class=\"elementor-widget-container\">\n\t\t\t\t\t\t\t\t\t\t\t\t\t\t\t\t<a href=\"https:\/\/www.vrbo.com\/it-it\/affitto-vacanze\/p11187673\" target=\"_blank\">\n\t\t\t\t\t\t\t<img decoding=\"async\" src=\"https:\/\/villa-perla.it\/wp-content\/uploads\/elementor\/thumbs\/villa-perla-vbro-rjjgq8zf0is5i32kle0vktzcexeol3tc3fp3y2ac14.png\" title=\"villa perla vbro\" alt=\"villa perla vbro\" loading=\"lazy\" \/>\t\t\t\t\t\t\t\t<\/a>\n\t\t\t\t\t\t\t\t\t\t\t\t\t\t\t<\/div>\n\t\t\t\t<\/div>\n\t\t\t\t<div class=\"elementor-element elementor-element-275edf4 elementor-widget elementor-widget-spacer\" data-id=\"275edf4\" data-element_type=\"widget\" data-e-type=\"widget\" data-widget_type=\"spacer.default\">\n\t\t\t\t<div class=\"elementor-widget-container\">\n\t\t\t\t\t\t\t<div class=\"elementor-spacer\">\n\t\t\t<div class=\"elementor-spacer-inner\"><\/div>\n\t\t<\/div>\n\t\t\t\t\t\t<\/div>\n\t\t\t\t<\/div>\n\t\t\t\t<div class=\"elementor-element elementor-element-3103874b elementor-widget elementor-widget-heading\" data-id=\"3103874b\" data-element_type=\"widget\" data-e-type=\"widget\" data-widget_type=\"heading.default\">\n\t\t\t\t<div class=\"elementor-widget-container\">\n\t\t\t\t\t<h2 class=\"elementor-heading-title elementor-size-default\"><a href=\"https:\/\/www.vrbo.com\/it-it\/affitto-vacanze\/p11187673\" target=\"_blank\">Klicken Sie hier f\u00fcr  <br>vrbo<\/a><\/h2>\t\t\t\t<\/div>\n\t\t\t\t<\/div>\n\t\t\t\t\t<\/div>\n\t\t<\/div>\n\t\t\t\t\t<\/div>\n\t\t<\/section>\n\t\t\t\t\t<\/div>\n\t\t<\/div>\n\t\t\t\t\t<\/div>\n\t\t<\/section>\n\t\t\t\t<section class=\"elementor-section elementor-top-section elementor-element elementor-element-1ab8224c elementor-section-content-middle elementor-section-boxed elementor-section-height-default elementor-section-height-default\" data-id=\"1ab8224c\" data-element_type=\"section\" data-e-type=\"section\" data-settings=\"{&quot;jet_parallax_layout_list&quot;:[]}\">\n\t\t\t\t\t\t<div class=\"elementor-container elementor-column-gap-no\">\n\t\t\t\t\t<div class=\"elementor-column elementor-col-100 elementor-top-column elementor-element elementor-element-32e9b6c4\" data-id=\"32e9b6c4\" data-element_type=\"column\" data-e-type=\"column\">\n\t\t\t<div class=\"elementor-widget-wrap elementor-element-populated\">\n\t\t\t\t\t\t<div class=\"elementor-element elementor-element-c0e9a72 elementor-widget elementor-widget-menu-anchor\" data-id=\"c0e9a72\" data-element_type=\"widget\" data-e-type=\"widget\" data-widget_type=\"menu-anchor.default\">\n\t\t\t\t<div class=\"elementor-widget-container\">\n\t\t\t\t\t\t\t<div class=\"elementor-menu-anchor\" id=\"FAQ\"><\/div>\n\t\t\t\t\t\t<\/div>\n\t\t\t\t<\/div>\n\t\t\t\t<div class=\"elementor-element elementor-element-e88e9c3 elementor-widget elementor-widget-heading\" data-id=\"e88e9c3\" data-element_type=\"widget\" data-e-type=\"widget\" data-widget_type=\"heading.default\">\n\t\t\t\t<div class=\"elementor-widget-container\">\n\t\t\t\t\t<h4 class=\"elementor-heading-title elementor-size-default\">FAQ<\/h4>\t\t\t\t<\/div>\n\t\t\t\t<\/div>\n\t\t\t\t<div class=\"elementor-element elementor-element-7bdf8a5 elementor-widget elementor-widget-heading\" data-id=\"7bdf8a5\" data-element_type=\"widget\" data-e-type=\"widget\" data-widget_type=\"heading.default\">\n\t\t\t\t<div class=\"elementor-widget-container\">\n\t\t\t\t\t<h5 class=\"elementor-heading-title elementor-size-default\">Die h\u00e4ufigsten Fragen und Antworten<\/h5>\t\t\t\t<\/div>\n\t\t\t\t<\/div>\n\t\t\t\t<section class=\"elementor-section elementor-inner-section elementor-element elementor-element-6137e0c9 elementor-section-content-middle elementor-section-boxed elementor-section-height-default elementor-section-height-default\" data-id=\"6137e0c9\" data-element_type=\"section\" data-e-type=\"section\" data-settings=\"{&quot;jet_parallax_layout_list&quot;:[]}\">\n\t\t\t\t\t\t<div class=\"elementor-container elementor-column-gap-default\">\n\t\t\t\t\t<div class=\"elementor-column elementor-col-33 elementor-inner-column elementor-element elementor-element-74cf173a\" data-id=\"74cf173a\" data-element_type=\"column\" data-e-type=\"column\">\n\t\t\t<div class=\"elementor-widget-wrap elementor-element-populated\">\n\t\t\t\t\t\t<div class=\"elementor-element elementor-element-79595ea3 elementor-widget elementor-widget-accordion\" data-id=\"79595ea3\" data-element_type=\"widget\" data-e-type=\"widget\" data-widget_type=\"accordion.default\">\n\t\t\t\t<div class=\"elementor-widget-container\">\n\t\t\t\t\t\t\t<div class=\"elementor-accordion\">\n\t\t\t\t\t\t\t<div class=\"elementor-accordion-item\">\n\t\t\t\t\t<div id=\"elementor-tab-title-2031\" class=\"elementor-tab-title\" data-tab=\"1\" role=\"button\" aria-controls=\"elementor-tab-content-2031\" aria-expanded=\"false\">\n\t\t\t\t\t\t\t\t\t\t\t\t\t<span class=\"elementor-accordion-icon elementor-accordion-icon-\" aria-hidden=\"true\">\n\t\t\t\t\t\t\t\t\t\t\t\t\t\t\t<span class=\"elementor-accordion-icon-closed\"><\/span>\n\t\t\t\t\t\t\t\t<span class=\"elementor-accordion-icon-opened\"><\/span>\n\t\t\t\t\t\t\t\t\t\t\t\t\t\t<\/span>\n\t\t\t\t\t\t\t\t\t\t\t\t<a class=\"elementor-accordion-title\" tabindex=\"0\">Warum Piemonte?<\/a>\n\t\t\t\t\t<\/div>\n\t\t\t\t\t<div id=\"elementor-tab-content-2031\" class=\"elementor-tab-content elementor-clearfix\" data-tab=\"1\" role=\"region\" aria-labelledby=\"elementor-tab-title-2031\"><p>Denn diese Gegend hat alles: faszinierende Aussichten, D\u00f6rfer und Weinberge.<\/p>\n<p>Die beste Region, um die Berge zu erkunden, einen Ausflug ans Meer zu machen, Sport zu treiben oder einfach nur das italienische &#8222;dolce far niente&#8220; zu genie\u00dfen, ganz wie Sie wollen&#8230;<\/p>\n<\/div>\n\t\t\t\t<\/div>\n\t\t\t\t\t\t\t\t\t\t<script type=\"application\/ld+json\">{\"@context\":\"https:\\\/\\\/schema.org\",\"@type\":\"FAQPage\",\"mainEntity\":[{\"@type\":\"Question\",\"name\":\"Warum Piemonte?\",\"acceptedAnswer\":{\"@type\":\"Answer\",\"text\":\"<p>Denn diese Gegend hat alles: faszinierende Aussichten, D\\u00f6rfer und Weinberge.<\\\/p>\\n<p>Die beste Region, um die Berge zu erkunden, einen Ausflug ans Meer zu machen, Sport zu treiben oder einfach nur das italienische &#8222;dolce far niente&#8220; zu genie\\u00dfen, ganz wie Sie wollen&#8230;<\\\/p>\\n\"}}]}<\/script>\n\t\t\t\t\t<\/div>\n\t\t\t\t\t\t<\/div>\n\t\t\t\t<\/div>\n\t\t\t\t\t<\/div>\n\t\t<\/div>\n\t\t\t\t<div class=\"elementor-column elementor-col-33 elementor-inner-column elementor-element elementor-element-20bf07b\" data-id=\"20bf07b\" data-element_type=\"column\" data-e-type=\"column\">\n\t\t\t<div class=\"elementor-widget-wrap elementor-element-populated\">\n\t\t\t\t\t\t<div class=\"elementor-element elementor-element-0f3263b elementor-widget elementor-widget-accordion\" data-id=\"0f3263b\" data-element_type=\"widget\" data-e-type=\"widget\" data-widget_type=\"accordion.default\">\n\t\t\t\t<div class=\"elementor-widget-container\">\n\t\t\t\t\t\t\t<div class=\"elementor-accordion\">\n\t\t\t\t\t\t\t<div class=\"elementor-accordion-item\">\n\t\t\t\t\t<div id=\"elementor-tab-title-1591\" class=\"elementor-tab-title\" data-tab=\"1\" role=\"button\" aria-controls=\"elementor-tab-content-1591\" aria-expanded=\"false\">\n\t\t\t\t\t\t\t\t\t\t\t\t\t<span class=\"elementor-accordion-icon elementor-accordion-icon-\" aria-hidden=\"true\">\n\t\t\t\t\t\t\t\t\t\t\t\t\t\t\t<span class=\"elementor-accordion-icon-closed\"><\/span>\n\t\t\t\t\t\t\t\t<span class=\"elementor-accordion-icon-opened\"><\/span>\n\t\t\t\t\t\t\t\t\t\t\t\t\t\t<\/span>\n\t\t\t\t\t\t\t\t\t\t\t\t<a class=\"elementor-accordion-title\" tabindex=\"0\">Sind Sie in der N\u00e4he von Gesch\u00e4ften usw.?<\/a>\n\t\t\t\t\t<\/div>\n\t\t\t\t\t<div id=\"elementor-tab-content-1591\" class=\"elementor-tab-content elementor-clearfix\" data-tab=\"1\" role=\"region\" aria-labelledby=\"elementor-tab-title-1591\"><p>Ja. Wir haben viele lokale Gesch\u00e4fte in der N\u00e4he und Sie finden eine Liste im Haus mit weiteren Informationen dar\u00fcber, was Sie wo einkaufen k\u00f6nnen.  <\/p>\n<p>Bitte kontaktieren Sie uns, wenn Sie spezielle Fragen haben!<\/p>\n<\/div>\n\t\t\t\t<\/div>\n\t\t\t\t\t\t\t\t\t\t<script type=\"application\/ld+json\">{\"@context\":\"https:\\\/\\\/schema.org\",\"@type\":\"FAQPage\",\"mainEntity\":[{\"@type\":\"Question\",\"name\":\"Sind Sie in der N\\u00e4he von Gesch\\u00e4ften usw.?\",\"acceptedAnswer\":{\"@type\":\"Answer\",\"text\":\"<p>Ja. Wir haben viele lokale Gesch\\u00e4fte in der N\\u00e4he und Sie finden eine Liste im Haus mit weiteren Informationen dar\\u00fcber, was Sie wo einkaufen k\\u00f6nnen.  <\\\/p>\\n<p>Bitte kontaktieren Sie uns, wenn Sie spezielle Fragen haben!<\\\/p>\\n\"}}]}<\/script>\n\t\t\t\t\t<\/div>\n\t\t\t\t\t\t<\/div>\n\t\t\t\t<\/div>\n\t\t\t\t\t<\/div>\n\t\t<\/div>\n\t\t\t\t<div class=\"elementor-column elementor-col-33 elementor-inner-column elementor-element elementor-element-146f5633\" data-id=\"146f5633\" data-element_type=\"column\" data-e-type=\"column\">\n\t\t\t<div class=\"elementor-widget-wrap elementor-element-populated\">\n\t\t\t\t\t\t<div class=\"elementor-element elementor-element-261b508e elementor-widget elementor-widget-accordion\" data-id=\"261b508e\" data-element_type=\"widget\" data-e-type=\"widget\" data-widget_type=\"accordion.default\">\n\t\t\t\t<div class=\"elementor-widget-container\">\n\t\t\t\t\t\t\t<div class=\"elementor-accordion\">\n\t\t\t\t\t\t\t<div class=\"elementor-accordion-item\">\n\t\t\t\t\t<div id=\"elementor-tab-title-6391\" class=\"elementor-tab-title\" data-tab=\"1\" role=\"button\" aria-controls=\"elementor-tab-content-6391\" aria-expanded=\"false\">\n\t\t\t\t\t\t\t\t\t\t\t\t\t<span class=\"elementor-accordion-icon elementor-accordion-icon-\" aria-hidden=\"true\">\n\t\t\t\t\t\t\t\t\t\t\t\t\t\t\t<span class=\"elementor-accordion-icon-closed\"><\/span>\n\t\t\t\t\t\t\t\t<span class=\"elementor-accordion-icon-opened\"><\/span>\n\t\t\t\t\t\t\t\t\t\t\t\t\t\t<\/span>\n\t\t\t\t\t\t\t\t\t\t\t\t<a class=\"elementor-accordion-title\" tabindex=\"0\">Ist das Haus kindersicher?<\/a>\n\t\t\t\t\t<\/div>\n\t\t\t\t\t<div id=\"elementor-tab-content-6391\" class=\"elementor-tab-content elementor-clearfix\" data-tab=\"1\" role=\"region\" aria-labelledby=\"elementor-tab-title-6391\"><p>Ja. Wir haben 2 gro\u00dfe Familienzimmer und k\u00f6nnen eine Menge Babyartikel zur Verf\u00fcgung stellen, wenn Sie mit dem Flugzeug anreisen und ein Auto mieten m\u00f6chten.  <\/p>\n<p>Z\u00f6gern Sie nicht, uns zu kontaktieren, wenn Sie irgendwelche Bedenken haben.<\/p>\n<\/div>\n\t\t\t\t<\/div>\n\t\t\t\t\t\t\t\t<\/div>\n\t\t\t\t\t\t<\/div>\n\t\t\t\t<\/div>\n\t\t\t\t\t<\/div>\n\t\t<\/div>\n\t\t\t\t\t<\/div>\n\t\t<\/section>\n\t\t\t\t<section class=\"elementor-section elementor-inner-section elementor-element elementor-element-824c1c0 elementor-section-content-middle elementor-section-boxed elementor-section-height-default elementor-section-height-default\" data-id=\"824c1c0\" data-element_type=\"section\" data-e-type=\"section\" data-settings=\"{&quot;jet_parallax_layout_list&quot;:[]}\">\n\t\t\t\t\t\t<div class=\"elementor-container elementor-column-gap-default\">\n\t\t\t\t\t<div class=\"elementor-column elementor-col-33 elementor-inner-column elementor-element elementor-element-69e6c8b\" data-id=\"69e6c8b\" data-element_type=\"column\" data-e-type=\"column\">\n\t\t\t<div class=\"elementor-widget-wrap elementor-element-populated\">\n\t\t\t\t\t\t<div class=\"elementor-element elementor-element-3da0c9a elementor-widget elementor-widget-accordion\" data-id=\"3da0c9a\" data-element_type=\"widget\" data-e-type=\"widget\" data-widget_type=\"accordion.default\">\n\t\t\t\t<div class=\"elementor-widget-container\">\n\t\t\t\t\t\t\t<div class=\"elementor-accordion\">\n\t\t\t\t\t\t\t<div class=\"elementor-accordion-item\">\n\t\t\t\t\t<div id=\"elementor-tab-title-6461\" class=\"elementor-tab-title\" data-tab=\"1\" role=\"button\" aria-controls=\"elementor-tab-content-6461\" aria-expanded=\"false\">\n\t\t\t\t\t\t\t\t\t\t\t\t\t<span class=\"elementor-accordion-icon elementor-accordion-icon-\" aria-hidden=\"true\">\n\t\t\t\t\t\t\t\t\t\t\t\t\t\t\t<span class=\"elementor-accordion-icon-closed\"><\/span>\n\t\t\t\t\t\t\t\t<span class=\"elementor-accordion-icon-opened\"><\/span>\n\t\t\t\t\t\t\t\t\t\t\t\t\t\t<\/span>\n\t\t\t\t\t\t\t\t\t\t\t\t<a class=\"elementor-accordion-title\" tabindex=\"0\">Vermieten Sie getrennte Zimmer?<\/a>\n\t\t\t\t\t<\/div>\n\t\t\t\t\t<div id=\"elementor-tab-content-6461\" class=\"elementor-tab-content elementor-clearfix\" data-tab=\"1\" role=\"region\" aria-labelledby=\"elementor-tab-title-6461\"><p>In der Hochsaison vermieten wir keine separaten Zimmer.<\/p>\n<p>In der Nebensaison k\u00f6nnen Sie uns jederzeit f\u00fcr Sonderw\u00fcnsche kontaktieren.<\/p>\n<\/div>\n\t\t\t\t<\/div>\n\t\t\t\t\t\t\t\t\t\t<script type=\"application\/ld+json\">{\"@context\":\"https:\\\/\\\/schema.org\",\"@type\":\"FAQPage\",\"mainEntity\":[{\"@type\":\"Question\",\"name\":\"Vermieten Sie getrennte Zimmer?\",\"acceptedAnswer\":{\"@type\":\"Answer\",\"text\":\"<p>In der Hochsaison vermieten wir keine separaten Zimmer.<\\\/p>\\n<p>In der Nebensaison k\\u00f6nnen Sie uns jederzeit f\\u00fcr Sonderw\\u00fcnsche kontaktieren.<\\\/p>\\n\"}}]}<\/script>\n\t\t\t\t\t<\/div>\n\t\t\t\t\t\t<\/div>\n\t\t\t\t<\/div>\n\t\t\t\t\t<\/div>\n\t\t<\/div>\n\t\t\t\t<div class=\"elementor-column elementor-col-33 elementor-inner-column elementor-element elementor-element-f6381d4\" data-id=\"f6381d4\" data-element_type=\"column\" data-e-type=\"column\">\n\t\t\t<div class=\"elementor-widget-wrap elementor-element-populated\">\n\t\t\t\t\t\t<div class=\"elementor-element elementor-element-e7006a5 elementor-widget elementor-widget-accordion\" data-id=\"e7006a5\" data-element_type=\"widget\" data-e-type=\"widget\" data-widget_type=\"accordion.default\">\n\t\t\t\t<div class=\"elementor-widget-container\">\n\t\t\t\t\t\t\t<div class=\"elementor-accordion\">\n\t\t\t\t\t\t\t<div class=\"elementor-accordion-item\">\n\t\t\t\t\t<div id=\"elementor-tab-title-2421\" class=\"elementor-tab-title\" data-tab=\"1\" role=\"button\" aria-controls=\"elementor-tab-content-2421\" aria-expanded=\"false\">\n\t\t\t\t\t\t\t\t\t\t\t\t\t<span class=\"elementor-accordion-icon elementor-accordion-icon-\" aria-hidden=\"true\">\n\t\t\t\t\t\t\t\t\t\t\t\t\t\t\t<span class=\"elementor-accordion-icon-closed\"><\/span>\n\t\t\t\t\t\t\t\t<span class=\"elementor-accordion-icon-opened\"><\/span>\n\t\t\t\t\t\t\t\t\t\t\t\t\t\t<\/span>\n\t\t\t\t\t\t\t\t\t\t\t\t<a class=\"elementor-accordion-title\" tabindex=\"0\">Ist der Pool privat?<\/a>\n\t\t\t\t\t<\/div>\n\t\t\t\t\t<div id=\"elementor-tab-content-2421\" class=\"elementor-tab-content elementor-clearfix\" data-tab=\"1\" role=\"region\" aria-labelledby=\"elementor-tab-title-2421\"><p>Ja, der Pool ist nur f\u00fcr die Hausg\u00e4ste ge\u00f6ffnet.<\/p>\n<p>Der private Teil der Eigent\u00fcmer ist vollst\u00e4ndig abgetrennt, und die Eigent\u00fcmer wohnen derzeit nicht in der Villa Perla.<\/p>\n<\/div>\n\t\t\t\t<\/div>\n\t\t\t\t\t\t\t\t\t\t<script type=\"application\/ld+json\">{\"@context\":\"https:\\\/\\\/schema.org\",\"@type\":\"FAQPage\",\"mainEntity\":[{\"@type\":\"Question\",\"name\":\"Ist der Pool privat?\",\"acceptedAnswer\":{\"@type\":\"Answer\",\"text\":\"<p>Ja, der Pool ist nur f\\u00fcr die Hausg\\u00e4ste ge\\u00f6ffnet.<\\\/p>\\n<p>Der private Teil der Eigent\\u00fcmer ist vollst\\u00e4ndig abgetrennt, und die Eigent\\u00fcmer wohnen derzeit nicht in der Villa Perla.<\\\/p>\\n\"}}]}<\/script>\n\t\t\t\t\t<\/div>\n\t\t\t\t\t\t<\/div>\n\t\t\t\t<\/div>\n\t\t\t\t\t<\/div>\n\t\t<\/div>\n\t\t\t\t<div class=\"elementor-column elementor-col-33 elementor-inner-column elementor-element elementor-element-f18071c\" data-id=\"f18071c\" data-element_type=\"column\" data-e-type=\"column\">\n\t\t\t<div class=\"elementor-widget-wrap elementor-element-populated\">\n\t\t\t\t\t\t<div class=\"elementor-element elementor-element-611db2e elementor-widget elementor-widget-accordion\" data-id=\"611db2e\" data-element_type=\"widget\" data-e-type=\"widget\" data-widget_type=\"accordion.default\">\n\t\t\t\t<div class=\"elementor-widget-container\">\n\t\t\t\t\t\t\t<div class=\"elementor-accordion\">\n\t\t\t\t\t\t\t<div class=\"elementor-accordion-item\">\n\t\t\t\t\t<div id=\"elementor-tab-title-1011\" class=\"elementor-tab-title\" data-tab=\"1\" role=\"button\" aria-controls=\"elementor-tab-content-1011\" aria-expanded=\"false\">\n\t\t\t\t\t\t\t\t\t\t\t\t\t<span class=\"elementor-accordion-icon elementor-accordion-icon-\" aria-hidden=\"true\">\n\t\t\t\t\t\t\t\t\t\t\t\t\t\t\t<span class=\"elementor-accordion-icon-closed\"><\/span>\n\t\t\t\t\t\t\t\t<span class=\"elementor-accordion-icon-opened\"><\/span>\n\t\t\t\t\t\t\t\t\t\t\t\t\t\t<\/span>\n\t\t\t\t\t\t\t\t\t\t\t\t<a class=\"elementor-accordion-title\" tabindex=\"0\">K\u00f6nnen wir direkt buchen?<\/a>\n\t\t\t\t\t<\/div>\n\t\t\t\t\t<div id=\"elementor-tab-content-1011\" class=\"elementor-tab-content elementor-clearfix\" data-tab=\"1\" role=\"region\" aria-labelledby=\"elementor-tab-title-1011\"><p>Ja, \u00fcber unsere eigene Website unter <strong><a href=\"https:\/\/villa-perla.it\/de\/verfuegbarkeit-buchungen\/\" target=\"_blank\" rel=\"noopener\">BUCHUNGEN<\/a> <\/strong>im Hauptmen\u00fc oder \u00fcber die auf der Website unter <a href=\"https:\/\/villa-perla.it\/de\/unsere-partner\/\" target=\"_blank\" rel=\"noopener\">&#8222;Partner&#8220;<\/a> genannten Buchungsportale. Es gelten deren Bedingungen und Konditionen.  <\/p>\n<p>Wenn Sie weitere Fragen oder Anmerkungen haben, k\u00f6nnen Sie uns gerne kontaktieren!<\/p>\n<\/div>\n\t\t\t\t<\/div>\n\t\t\t\t\t\t\t\t<\/div>\n\t\t\t\t\t\t<\/div>\n\t\t\t\t<\/div>\n\t\t\t\t\t<\/div>\n\t\t<\/div>\n\t\t\t\t\t<\/div>\n\t\t<\/section>\n\t\t\t\t\t<\/div>\n\t\t<\/div>\n\t\t\t\t\t<\/div>\n\t\t<\/section>\n\t\t\t\t<\/div>\n\t\t","protected":false},"excerpt":{"rendered":"<p>Hier finden Sie eine \u00dcbersicht \u00fcber die verschiedenen Buchungsplattformen, auf denen Sie die Villa Perla in Piemonte finden k\u00f6nnen.<\/p>\n","protected":false},"author":5,"featured_media":11662,"parent":0,"menu_order":0,"comment_status":"closed","ping_status":"closed","template":"","meta":{"_angie_page":false,"footnotes":""},"class_list":["post-10335","page","type-page","status-publish","has-post-thumbnail","hentry"],"yoast_head":"<!-- This site is optimized with the Yoast SEO plugin v27.4 - https:\/\/yoast.com\/product\/yoast-seo-wordpress\/ -->\n<title>Unsere Partner - Villa Perla | Langhe - Monferrato<\/title>\n<meta name=\"description\" content=\"Hier finden Sie eine \u00dcbersicht \u00fcber die verschiedenen Buchungsplattformen, auf denen Sie die Villa Perla in Piemonte finden k\u00f6nnen.\" \/>\n<meta name=\"robots\" content=\"index, follow, max-snippet:-1, max-image-preview:large, max-video-preview:-1\" \/>\n<link rel=\"canonical\" href=\"https:\/\/villa-perla.it\/de\/unsere-partner\/\" \/>\n<meta property=\"og:locale\" content=\"de_DE\" \/>\n<meta property=\"og:type\" content=\"article\" \/>\n<meta property=\"og:title\" content=\"Buchungspartner der Villa Perla Piemonte\" \/>\n<meta property=\"og:description\" content=\"Hier finden Sie eine \u00dcbersicht \u00fcber die verschiedenen Buchungsplattformen, auf denen Sie die Villa Perla in Piemonte finden k\u00f6nnen.\" \/>\n<meta property=\"og:url\" content=\"https:\/\/villa-perla.it\/de\/unsere-partner\/\" \/>\n<meta property=\"og:site_name\" content=\"Villa Perla | Langhe - Monferrato\" \/>\n<meta property=\"article:publisher\" content=\"https:\/\/www.facebook.com\/villaperla.piemonte\" \/>\n<meta property=\"article:modified_time\" content=\"2024-01-20T17:14:14+00:00\" \/>\n<meta property=\"og:image\" content=\"https:\/\/villa-perla.it\/wp-content\/uploads\/2023\/09\/Villa-perla-piemonte-400x400-px-300x300.png\" \/>\n<meta name=\"twitter:card\" content=\"summary_large_image\" \/>\n<meta name=\"twitter:title\" content=\"Buchungspartner der Villa Perla Piemonte\" \/>\n<meta name=\"twitter:description\" content=\"Hier finden Sie eine \u00dcbersicht \u00fcber die verschiedenen Buchungsplattformen, auf denen Sie die Villa Perla in Piemonte finden k\u00f6nnen.\" \/>\n<meta name=\"twitter:image\" content=\"https:\/\/villa-perla.it\/wp-content\/uploads\/2023\/09\/Villa-perla-piemonte-400x400-px.png\" \/>\n<meta name=\"twitter:label1\" content=\"Gesch\u00e4tzte Lesezeit\" \/>\n\t<meta name=\"twitter:data1\" content=\"2\u00a0Minuten\" \/>\n<script type=\"application\/ld+json\" class=\"yoast-schema-graph\">{\"@context\":\"https:\\\/\\\/schema.org\",\"@graph\":[{\"@type\":\"WebPage\",\"@id\":\"https:\\\/\\\/villa-perla.it\\\/de\\\/unsere-partner\\\/\",\"url\":\"https:\\\/\\\/villa-perla.it\\\/de\\\/unsere-partner\\\/\",\"name\":\"Unsere Partner - Villa Perla | Langhe - Monferrato\",\"isPartOf\":{\"@id\":\"https:\\\/\\\/villa-perla.it\\\/de\\\/#website\"},\"primaryImageOfPage\":{\"@id\":\"https:\\\/\\\/villa-perla.it\\\/de\\\/unsere-partner\\\/#primaryimage\"},\"image\":{\"@id\":\"https:\\\/\\\/villa-perla.it\\\/de\\\/unsere-partner\\\/#primaryimage\"},\"thumbnailUrl\":\"https:\\\/\\\/villa-perla.it\\\/wp-content\\\/uploads\\\/2023\\\/09\\\/VILLA-PERLA-800-x-800-px.webp\",\"datePublished\":\"2023-05-12T08:58:22+00:00\",\"dateModified\":\"2024-01-20T17:14:14+00:00\",\"description\":\"Hier finden Sie eine \u00dcbersicht \u00fcber die verschiedenen Buchungsplattformen, auf denen Sie die Villa Perla in Piemonte finden k\u00f6nnen.\",\"breadcrumb\":{\"@id\":\"https:\\\/\\\/villa-perla.it\\\/de\\\/unsere-partner\\\/#breadcrumb\"},\"inLanguage\":\"de\",\"potentialAction\":[{\"@type\":\"ReadAction\",\"target\":[\"https:\\\/\\\/villa-perla.it\\\/de\\\/unsere-partner\\\/\"]}]},{\"@type\":\"ImageObject\",\"inLanguage\":\"de\",\"@id\":\"https:\\\/\\\/villa-perla.it\\\/de\\\/unsere-partner\\\/#primaryimage\",\"url\":\"https:\\\/\\\/villa-perla.it\\\/wp-content\\\/uploads\\\/2023\\\/09\\\/VILLA-PERLA-800-x-800-px.webp\",\"contentUrl\":\"https:\\\/\\\/villa-perla.it\\\/wp-content\\\/uploads\\\/2023\\\/09\\\/VILLA-PERLA-800-x-800-px.webp\",\"width\":800,\"height\":800,\"caption\":\"Villa Perla Piemonte\"},{\"@type\":\"BreadcrumbList\",\"@id\":\"https:\\\/\\\/villa-perla.it\\\/de\\\/unsere-partner\\\/#breadcrumb\",\"itemListElement\":[{\"@type\":\"ListItem\",\"position\":1,\"name\":\"Home\",\"item\":\"https:\\\/\\\/villa-perla.it\\\/de\\\/\"},{\"@type\":\"ListItem\",\"position\":2,\"name\":\"Kontakt\"}]},{\"@type\":\"WebSite\",\"@id\":\"https:\\\/\\\/villa-perla.it\\\/de\\\/#website\",\"url\":\"https:\\\/\\\/villa-perla.it\\\/de\\\/\",\"name\":\"Villa Perla | Langhe - Monferrato\",\"description\":\"Your private holiday house in Piemonte\",\"publisher\":{\"@id\":\"https:\\\/\\\/villa-perla.it\\\/de\\\/#organization\"},\"alternateName\":\"Villa Perla |\",\"potentialAction\":[{\"@type\":\"SearchAction\",\"target\":{\"@type\":\"EntryPoint\",\"urlTemplate\":\"https:\\\/\\\/villa-perla.it\\\/de\\\/?s={search_term_string}\"},\"query-input\":{\"@type\":\"PropertyValueSpecification\",\"valueRequired\":true,\"valueName\":\"search_term_string\"}}],\"inLanguage\":\"de\"},{\"@type\":\"Organization\",\"@id\":\"https:\\\/\\\/villa-perla.it\\\/de\\\/#organization\",\"name\":\"Villa Perla Piemonte\",\"alternateName\":\"Villa Perla Piemonte\",\"url\":\"https:\\\/\\\/villa-perla.it\\\/de\\\/\",\"logo\":{\"@type\":\"ImageObject\",\"inLanguage\":\"de\",\"@id\":\"https:\\\/\\\/villa-perla.it\\\/de\\\/#\\\/schema\\\/logo\\\/image\\\/\",\"url\":\"https:\\\/\\\/villa-perla.it\\\/wp-content\\\/uploads\\\/2021\\\/11\\\/villa-perla-piemone-logo-transparant-400-x-100-px.svg\",\"contentUrl\":\"https:\\\/\\\/villa-perla.it\\\/wp-content\\\/uploads\\\/2021\\\/11\\\/villa-perla-piemone-logo-transparant-400-x-100-px.svg\",\"caption\":\"Villa Perla Piemonte\"},\"image\":{\"@id\":\"https:\\\/\\\/villa-perla.it\\\/de\\\/#\\\/schema\\\/logo\\\/image\\\/\"},\"sameAs\":[\"https:\\\/\\\/www.facebook.com\\\/villaperla.piemonte\",\"https:\\\/\\\/www.instagram.com\\\/villaperla_piemonte\"]}]}<\/script>\n<!-- \/ Yoast SEO plugin. -->","yoast_head_json":{"title":"Unsere Partner - Villa Perla | Langhe - Monferrato","description":"Hier finden Sie eine \u00dcbersicht \u00fcber die verschiedenen Buchungsplattformen, auf denen Sie die Villa Perla in Piemonte finden k\u00f6nnen.","robots":{"index":"index","follow":"follow","max-snippet":"max-snippet:-1","max-image-preview":"max-image-preview:large","max-video-preview":"max-video-preview:-1"},"canonical":"https:\/\/villa-perla.it\/de\/unsere-partner\/","og_locale":"de_DE","og_type":"article","og_title":"Buchungspartner der Villa Perla Piemonte","og_description":"Hier finden Sie eine \u00dcbersicht \u00fcber die verschiedenen Buchungsplattformen, auf denen Sie die Villa Perla in Piemonte finden k\u00f6nnen.","og_url":"https:\/\/villa-perla.it\/de\/unsere-partner\/","og_site_name":"Villa Perla | Langhe - Monferrato","article_publisher":"https:\/\/www.facebook.com\/villaperla.piemonte","article_modified_time":"2024-01-20T17:14:14+00:00","og_image":[{"url":"https:\/\/villa-perla.it\/wp-content\/uploads\/2023\/09\/Villa-perla-piemonte-400x400-px-300x300.png","type":"","width":"","height":""}],"twitter_card":"summary_large_image","twitter_title":"Buchungspartner der Villa Perla Piemonte","twitter_description":"Hier finden Sie eine \u00dcbersicht \u00fcber die verschiedenen Buchungsplattformen, auf denen Sie die Villa Perla in Piemonte finden k\u00f6nnen.","twitter_image":"https:\/\/villa-perla.it\/wp-content\/uploads\/2023\/09\/Villa-perla-piemonte-400x400-px.png","twitter_misc":{"Gesch\u00e4tzte Lesezeit":"2\u00a0Minuten"},"schema":{"@context":"https:\/\/schema.org","@graph":[{"@type":"WebPage","@id":"https:\/\/villa-perla.it\/de\/unsere-partner\/","url":"https:\/\/villa-perla.it\/de\/unsere-partner\/","name":"Unsere Partner - Villa Perla | Langhe - Monferrato","isPartOf":{"@id":"https:\/\/villa-perla.it\/de\/#website"},"primaryImageOfPage":{"@id":"https:\/\/villa-perla.it\/de\/unsere-partner\/#primaryimage"},"image":{"@id":"https:\/\/villa-perla.it\/de\/unsere-partner\/#primaryimage"},"thumbnailUrl":"https:\/\/villa-perla.it\/wp-content\/uploads\/2023\/09\/VILLA-PERLA-800-x-800-px.webp","datePublished":"2023-05-12T08:58:22+00:00","dateModified":"2024-01-20T17:14:14+00:00","description":"Hier finden Sie eine \u00dcbersicht \u00fcber die verschiedenen Buchungsplattformen, auf denen Sie die Villa Perla in Piemonte finden k\u00f6nnen.","breadcrumb":{"@id":"https:\/\/villa-perla.it\/de\/unsere-partner\/#breadcrumb"},"inLanguage":"de","potentialAction":[{"@type":"ReadAction","target":["https:\/\/villa-perla.it\/de\/unsere-partner\/"]}]},{"@type":"ImageObject","inLanguage":"de","@id":"https:\/\/villa-perla.it\/de\/unsere-partner\/#primaryimage","url":"https:\/\/villa-perla.it\/wp-content\/uploads\/2023\/09\/VILLA-PERLA-800-x-800-px.webp","contentUrl":"https:\/\/villa-perla.it\/wp-content\/uploads\/2023\/09\/VILLA-PERLA-800-x-800-px.webp","width":800,"height":800,"caption":"Villa Perla Piemonte"},{"@type":"BreadcrumbList","@id":"https:\/\/villa-perla.it\/de\/unsere-partner\/#breadcrumb","itemListElement":[{"@type":"ListItem","position":1,"name":"Home","item":"https:\/\/villa-perla.it\/de\/"},{"@type":"ListItem","position":2,"name":"Kontakt"}]},{"@type":"WebSite","@id":"https:\/\/villa-perla.it\/de\/#website","url":"https:\/\/villa-perla.it\/de\/","name":"Villa Perla | Langhe - Monferrato","description":"Your private holiday house in Piemonte","publisher":{"@id":"https:\/\/villa-perla.it\/de\/#organization"},"alternateName":"Villa Perla |","potentialAction":[{"@type":"SearchAction","target":{"@type":"EntryPoint","urlTemplate":"https:\/\/villa-perla.it\/de\/?s={search_term_string}"},"query-input":{"@type":"PropertyValueSpecification","valueRequired":true,"valueName":"search_term_string"}}],"inLanguage":"de"},{"@type":"Organization","@id":"https:\/\/villa-perla.it\/de\/#organization","name":"Villa Perla Piemonte","alternateName":"Villa Perla Piemonte","url":"https:\/\/villa-perla.it\/de\/","logo":{"@type":"ImageObject","inLanguage":"de","@id":"https:\/\/villa-perla.it\/de\/#\/schema\/logo\/image\/","url":"https:\/\/villa-perla.it\/wp-content\/uploads\/2021\/11\/villa-perla-piemone-logo-transparant-400-x-100-px.svg","contentUrl":"https:\/\/villa-perla.it\/wp-content\/uploads\/2021\/11\/villa-perla-piemone-logo-transparant-400-x-100-px.svg","caption":"Villa Perla Piemonte"},"image":{"@id":"https:\/\/villa-perla.it\/de\/#\/schema\/logo\/image\/"},"sameAs":["https:\/\/www.facebook.com\/villaperla.piemonte","https:\/\/www.instagram.com\/villaperla_piemonte"]}]}},"_links":{"self":[{"href":"https:\/\/villa-perla.it\/de\/wp-json\/wp\/v2\/pages\/10335","targetHints":{"allow":["GET"]}}],"collection":[{"href":"https:\/\/villa-perla.it\/de\/wp-json\/wp\/v2\/pages"}],"about":[{"href":"https:\/\/villa-perla.it\/de\/wp-json\/wp\/v2\/types\/page"}],"author":[{"embeddable":true,"href":"https:\/\/villa-perla.it\/de\/wp-json\/wp\/v2\/users\/5"}],"replies":[{"embeddable":true,"href":"https:\/\/villa-perla.it\/de\/wp-json\/wp\/v2\/comments?post=10335"}],"version-history":[{"count":0,"href":"https:\/\/villa-perla.it\/de\/wp-json\/wp\/v2\/pages\/10335\/revisions"}],"wp:featuredmedia":[{"embeddable":true,"href":"https:\/\/villa-perla.it\/de\/wp-json\/wp\/v2\/media\/11662"}],"wp:attachment":[{"href":"https:\/\/villa-perla.it\/de\/wp-json\/wp\/v2\/media?parent=10335"}],"curies":[{"name":"wp","href":"https:\/\/api.w.org\/{rel}","templated":true}]}}