{"id":10229,"date":"2021-11-22T08:36:08","date_gmt":"2021-11-22T07:36:08","guid":{"rendered":"https:\/\/villa-perla.it\/cookie-und-datenschutzrichtlinie\/"},"modified":"2024-01-26T17:50:52","modified_gmt":"2024-01-26T16:50:52","slug":"cookie-und-datenschutzrichtlinie","status":"publish","type":"page","link":"https:\/\/villa-perla.it\/de\/cookie-und-datenschutzrichtlinie\/","title":{"rendered":"Cookie- und Datenschutzrichtlinie"},"content":{"rendered":"\t\t<div data-elementor-type=\"wp-page\" data-elementor-id=\"10229\" class=\"elementor elementor-10229 elementor-5471\" data-elementor-post-type=\"page\">\n\t\t\t\t\t\t<section class=\"elementor-section elementor-top-section elementor-element elementor-element-aa60a7a elementor-section-boxed elementor-section-height-default elementor-section-height-default\" data-id=\"aa60a7a\" data-element_type=\"section\" data-e-type=\"section\" data-settings=\"{&quot;jet_parallax_layout_list&quot;:[]}\">\n\t\t\t\t\t\t<div class=\"elementor-container elementor-column-gap-default\">\n\t\t\t\t\t<div class=\"elementor-column elementor-col-100 elementor-top-column elementor-element elementor-element-3fd214f\" data-id=\"3fd214f\" data-element_type=\"column\" data-e-type=\"column\">\n\t\t\t<div class=\"elementor-widget-wrap elementor-element-populated\">\n\t\t\t\t\t\t<div class=\"elementor-element elementor-element-016fb2c elementor-widget elementor-widget-text-editor\" data-id=\"016fb2c\" data-element_type=\"widget\" data-e-type=\"widget\" data-widget_type=\"text-editor.default\">\n\t\t\t\t<div class=\"elementor-widget-container\">\n\t\t\t\t\t\t\t\t\t<h1>Datenschutzrichtlinie f\u00fcr Villa Perla<\/h1>\n<h4><span style=\"font-weight: 400;\">Wer wir sind:<\/span><\/h4>\n<p><span style=\"font-weight: 400;\">Villa Perla ist Teil von:<\/span><\/p>\n<p><b>LYSKAMM SRL<\/b><\/p>\n<p><span style=\"font-weight: 400;\">Str. Bricco Quaglia, 14-16<\/span><\/p>\n<p><span style=\"font-weight: 400;\">14055 Costigliole D&#8216; Asti AT<\/span><\/p>\n<p><span style=\"font-weight: 400;\">Italien  <\/span><\/p>\n<p><b>Steuerlicher Code:<\/b><span style=\"font-weight: 400;\"> 01710590058<\/span><\/p>\n<p><b>Telefonische Nummer:<\/b> <span style=\"font-weight: 400;\">+39 331 730 9038<\/span><\/p>\n<\/p>\n<p><span style=\"font-weight: 400;\">Vila Perla ist eine Ferienanlage, die von Privatpersonen und Unternehmen gemietet werden kann.<\/span><\/p>\n<p><span style=\"font-weight: 400;\">Die Adresse unserer Website lautet: <\/span><a href=\"https:\/\/villa-perla.it\/de\/\"><br \/>\n  <span style=\"font-weight: 400;\">https:\/\/villa-perla.it\/<\/span><br \/>\n<\/a><span style=\"font-weight: 400;\">. Bei www.villa-perla.it, erreichbar \u00fcber www.villa-perla.it oder www.villa-perla.eu, ist eine unserer wichtigsten Priorit\u00e4ten die Sicherheit und der Schutz der Privatsph\u00e4re unserer Besucher w\u00e4hrend und nach ihrem Besuch. Diese Datenschutzrichtlinie enth\u00e4lt die Arten von Informationen, die von www.villa-perla.it gesammelt und aufgezeichnet werden, und wie wir sie verwenden.<\/span><\/p>\n<p><span style=\"font-weight: 400;\">In dieser Datenschutzerkl\u00e4rung betonen wir, dass wir den Schutz Ihrer pers\u00f6nlichen Daten sehr ernst nehmen, dass wir sie so gut wie m\u00f6glich sch\u00fctzen und dass wir auch geeignete Ma\u00dfnahmen ergreifen, um Missbrauch, Verlust, unbefugten Zugriff und unerw\u00fcnschte Offenlegung oder \u00c4nderung zu verhindern. Wir sind stets bem\u00fcht, so transparent wie m\u00f6glich \u00fcber den Betrieb unserer Website und die verschiedenen zugrunde liegenden Funktionen und Systeme zu informieren.<\/span><\/p>\n<p><b>Sollte dieser Text unklar sein oder sollten Sie Fragen haben, z\u00f6gern Sie bitte nicht, uns eine E-Mail zu schicken an <\/b><b>info@villa-perla.it.<\/b><\/p>\n<\/p>\n<h4><span style=\"font-weight: 400;\">ABSCHNITT 1 &#8211; ARTEN VON PERSONENBEZOGENEN DATEN, DIE WIR VERARBEITEN, UND WAS MACHEN WIR MIT IHREN DATEN?<\/span><\/h4>\n<p><span style=\"font-weight: 400;\">Wenn Sie eine Frage \u00fcber das Kontaktformular stellen, erfassen wir die pers\u00f6nlichen Daten, die Sie uns geben, wie Ihren vollst\u00e4ndigen Namen und Ihre E-Mail-Adresse.<\/span><\/p>\n<p><span style=\"font-weight: 400;\">Wir tun dies auch aus Gr\u00fcnden der Benutzerfreundlichkeit, damit Sie diese Informationen nicht immer wieder f\u00fcr eine neue Antwort eingeben m\u00fcssen. Wenn Sie auf unserer Website surfen, erhalten wir auch automatisch die Internet-Protokoll-Adresse (IP-Adresse) Ihres Computers, um uns Informationen zu liefern, die uns helfen, mehr \u00fcber Ihren Browser und Ihr Betriebssystem, Ihre Aktivit\u00e4ten auf unserer Website, Ihre Surfgewohnheiten und alle Daten zu erfahren, die Sie uns aktiv hinterlassen, indem Sie uns anrufen, eine E-Mail schreiben, ein Kontaktformular ausf\u00fcllen oder eine Antwort auf eine Nachricht hinterlassen,&#8230; Wenn Besucher Kommentare auf der Website hinterlassen, erfassen wir die im Kommentarformular angezeigten Informationen, die IP-Adresse des Besuchers und den Browser-Benutzeragenten, um die Spam-Erkennung zu erleichtern. Nachdem Ihr Kommentar genehmigt wurde, ist Ihr Profilbild im Zusammenhang mit Ihrem Kommentar \u00f6ffentlich sichtbar.<\/span><\/p>\n<h4><span style=\"font-weight: 400;\">ABSCHNITT 2 &#8211; ZUSTIMMUNG<\/span><\/h4>\n<p><span style=\"font-weight: 400;\">Wie bekommen Sie meine Erlaubnis als Besucher?<\/span><\/p>\n<p><span style=\"font-weight: 400;\">Wenn Sie uns personenbezogene Daten zur Beantwortung einer Frage oder zur \u00dcberpr\u00fcfung Ihrer Angaben zur Verf\u00fcgung stellen, bedeutet dies, dass Sie damit einverstanden sind, dass wir diese Daten sammeln und nur f\u00fcr diesen speziellen Zweck verwenden.<\/span><\/p>\n<p><span style=\"font-weight: 400;\">Wenn wir Sie aus einem anderen Grund um Ihre pers\u00f6nlichen Daten bitten, z. B. zu Marketingzwecken, werden wir Sie entweder direkt in einer zus\u00e4tzlichen Best\u00e4tigungs-E-Mail um Ihre ausdr\u00fcckliche Zustimmung bitten oder Ihnen die M\u00f6glichkeit geben, dies abzulehnen (Double Opt-in).<\/span><\/p>\n<p><span style=\"font-weight: 400;\">Sensible personenbezogene Daten oder besondere personenbezogene Daten wie Religion, politische Meinungen oder Gesundheit usw. werden nicht gespeichert und werden wie alle personenbezogenen Daten gem\u00e4\u00df der Allgemeinen Datenschutzverordnung (GDPR) behandelt.<\/span><\/p>\n<p><b>Pers\u00f6nliche Daten einsehen \/ \u00e4ndern \/ l\u00f6schen oder die Erlaubnis widerrufen:<\/b><\/p>\n<p><span style=\"font-weight: 400;\">Sie haben jederzeit das Recht, Ihre personenbezogenen Daten einzusehen, zu \u00e4ndern oder zu l\u00f6schen. Sie haben auch das Recht, Ihre Zustimmung zur Verarbeitung Ihrer personenbezogenen Daten zu widerrufen oder der Verarbeitung Ihrer personenbezogenen Daten zu widersprechen. Sie haben auch das Recht auf Daten\u00fcbertragbarkeit. Das bedeutet, dass Sie die M\u00f6glichkeit haben, eine Anfrage an uns zu richten, um die pers\u00f6nlichen Daten, die wir in einer Computerdatei haben, an Sie selbst oder eine von Ihnen angegebene Organisation zu senden. Sie k\u00f6nnen dies tun, indem Sie einen Antrag auf Auskunft, Berichtigung, L\u00f6schung, Daten\u00fcbertragbarkeit, Widerruf Ihrer Einwilligung oder Widerspruch gegen die Verarbeitung Ihrer personenbezogenen Daten per E-Mail an folgende Adresse senden: info@villa-perla.it<\/span><\/p>\n<p><span style=\"font-weight: 400;\">Um sicherzustellen, dass dieser Antrag von Ihnen pers\u00f6nlich gestellt wurde, k\u00f6nnen wir Sie bitten, eine Kopie Ihres Personalausweises beizuf\u00fcgen. (Wichtig: Um Ihre Privatsph\u00e4re zu sch\u00fctzen, schw\u00e4rzen Sie folgende Angaben: Passfoto, MRZ, Personalausweisnummer, nationale Registernummer).<\/span><\/p>\n<p><span style=\"font-weight: 400;\">Wir werden so schnell wie m\u00f6glich auf diese Anfrage reagieren. (mit einer maximalen Laufzeit von 3 Wochen).<\/span><\/p>\n<p><span style=\"font-weight: 400;\">Sie haben auch immer das Recht, eine Beschwerde bei der Aufsichtsbeh\u00f6rde (<\/span><a href=\"https:\/\/www.dataprotectionauthority.be\/citizen\"><br \/>\n  <span style=\"font-weight: 400;\">Gegevensbeschermingsautoriteit)<\/span><br \/>\n<\/a><span style=\"font-weight: 400;\">: <\/span><b>https:\/\/www.dataprotectionauthority.be\/citizen\/actions\/lodge-a-complaint<\/b><\/p>\n<p><span style=\"font-weight: 400;\">Der Zweck der Verarbeitung Ihrer personenbezogenen Daten:<\/span><\/p>\n<p><span style=\"font-weight: 400;\">Unser Publikum und unsere Zielgruppe besser kennen zu lernen, sie \u00fcber unsere Aktivit\u00e4ten und Produktionen zu informieren, Fragen gezielt beantworten zu k\u00f6nnen, &#8230;<\/span><\/p>\n<p><b>Besondere, sensible personenbezogene Daten, die wir verarbeiten:<\/b><\/p>\n<p><span style=\"font-weight: 400;\">Minderj\u00e4hrige Besucher der Website : Das Zielpublikum unserer Website sind Erwachsene und keine minderj\u00e4hrigen Besucher. Wir beabsichtigen daher nicht, Daten von Minderj\u00e4hrigen zu sammeln (es sei denn, sie haben die Erlaubnis ihrer Eltern oder Erziehungsberechtigten). Da wir jedoch das Alter eines Besuchers nicht \u00fcberpr\u00fcfen k\u00f6nnen, raten wir Eltern, das Surfverhalten ihrer Kinder zu \u00fcberwachen. Personenbezogene Daten k\u00f6nnen jederzeit gel\u00f6scht werden. Wenn Sie also den Verdacht haben, dass wir Daten von Minderj\u00e4hrigen ohne Erlaubnis verarbeitet oder gesammelt haben, k\u00f6nnen Sie uns eine E-Mail schicken:  <\/span><b> <\/b><b>info@villa-perla.it.<\/b><\/p>\n<h4><span style=\"font-weight: 400;\">ABSCHNITT 3 &#8211; OFFENLEGUNG<\/span><\/h4>\n<h4><span style=\"font-weight: 400;\">Wir k\u00f6nnen Ihre pers\u00f6nlichen Daten offenlegen, wenn wir gesetzlich dazu verpflichtet sind oder im Falle eines Missbrauchs.<\/span><\/h4>\n<h4><span style=\"font-weight: 400;\">ABSCHNITT 4 &#8211; DIENSTLEISTUNGEN VON DRITTANBIETERN<\/span><\/h4>\n<p><span style=\"font-weight: 400;\">In der Regel werden die von uns eingesetzten Drittanbieter Ihre Daten nur in dem erforderlichen Umfang verarbeiten, nutzen und weitergeben. Sie sollen also die M\u00f6glichkeit haben, die in gegenseitigem Einvernehmen vereinbarten Leistungen auch zu erbringen.<\/span><\/p>\n<p><span style=\"font-weight: 400;\">Bestimmte Drittanbieter, wie z. B. Google Analytics oder Google Fonts, haben jedoch ihre eigenen Datenschutzrichtlinien bez\u00fcglich der Informationen, die wir ihnen zur Verf\u00fcgung stellen m\u00fcssen, wenn Sie unsere Website besuchen.<\/span><\/p>\n<p><span style=\"font-weight: 400;\">Bei diesen Drittanbietern empfehlen wir Ihnen, deren Datenschutzerkl\u00e4rung zu lesen, die Sie \u00fcber unsere Cookie-Richtlinie finden k\u00f6nnen, damit Sie verstehen, wie Ihre personenbezogenen Daten von diesem Anbieter verarbeitet werden.<\/span><\/p>\n<p><span style=\"font-weight: 400;\">Bitte beachten Sie insbesondere, dass bestimmte Anbieter ihren Sitz oder ihre Einrichtungen in einer anderen Rechtsordnung als Sie oder wir haben k\u00f6nnen. Wenn Sie sich also f\u00fcr eine Transaktion entscheiden, die die Dienste eines Drittanbieters in Anspruch nimmt, k\u00f6nnen Ihre Daten den Gesetzen der Gerichtsbarkeit(en) unterliegen, in denen dieser Anbieter oder seine Einrichtungen ans\u00e4ssig sind.<\/span><\/p>\n<p><span style=\"font-weight: 400;\">Sobald Sie unsere Website verlassen oder zu einer Website oder Anwendung eines Drittanbieters weitergeleitet werden, unterliegen Sie nicht mehr dieser Datenschutzrichtlinie oder unseren Website-Nutzungsbedingungen.<\/span><\/p>\n<p><span style=\"font-weight: 400;\">Wenn Sie auf Links auf der Website klicken, k\u00f6nnen diese Sie von unserer Website wegf\u00fchren. Wir sind nicht verantwortlich f\u00fcr die Datenschutzrichtlinien anderer Websites und empfehlen Ihnen, deren Datenschutzerkl\u00e4rungen zu lesen.<\/span><\/p>\n<p><span style=\"font-weight: 400;\">Unsere Website verwendet Google Analytics, damit wir mehr dar\u00fcber erfahren, wer unsere Website besucht und welche Seiten aufgerufen werden. Dies hilft uns, das Surfen in der Villa Perla f\u00fcr alle Besucher angenehmer zu gestalten.<\/span><\/p>\n<p><span style=\"font-weight: 400;\">Ihre personenbezogenen Daten werden an die folgenden Organisationen und Beh\u00f6rden weitergegeben:<\/span><\/p>\n<p><span style=\"font-weight: 400;\">&#8211; <\/span><b>WordPress \/ Elementor:<\/b><span style=\"font-weight: 400;\">  Die Informationen, die Sie beim Absenden des Kontaktformulars eingeben, werden \u00fcber die Website gespeichert. Standardm\u00e4\u00dfig wird eine sichere SSL-Verbindung verwendet.<\/span><\/p>\n<p><span style=\"font-weight: 400;\">&#8211; <\/span><b>Wordfence:<\/b><span style=\"font-weight: 400;\"> Antispam- und Sicherheits-Website f\u00fcr externe Bedrohungen durch Hacker<\/span><\/p>\n<p><span style=\"font-weight: 400;\">&#8211; <\/span><b>Google Analytics:<\/b><span style=\"font-weight: 400;\"> wegen des Zugriffs auf unsere Website-Statistiken und auch wegen der Nutzung von gezielten Werbekampagnen.<\/span><\/p>\n<p><span style=\"font-weight: 400;\">&#8211; <\/span><b>Instagram<\/b><span style=\"font-weight: 400;\">: Wenn Sie Instagram zum Versenden von Nachrichten nutzen, gelten die Nutzungsbedingungen und Datenschutzbestimmungen von Instagram.<\/span><\/p>\n<p><span style=\"font-weight: 400;\">&#8211; <\/span><b>Facebook<\/b><span style=\"font-weight: 400;\">: Wenn Sie Facebook zum Versenden von Nachrichten verwenden, gelten auch hier die Nutzungsbedingungen und Datenschutzrichtlinien von Facebook.<\/span><\/p>\n<p><span style=\"font-weight: 400;\">&#8211; <\/span><b>LYSKAMM SRL:<\/b><span style=\"font-weight: 400;\"> F\u00fcr das reibungslose Funktionieren, die Wartung und die Aktualisierung dieser Website<\/span><\/p>\n<p><span style=\"font-weight: 400;\">&#8211; <\/span><b>Casa!<\/b><span style=\"font-weight: 400;\"> Unser Hausverwaltungsb\u00fcro &#8211; https:\/\/www.casahospitalitypiedmont.it\/<\/span><\/p>\n<p><span style=\"font-weight: 400;\"> <\/span><\/p>\n<h4><span style=\"font-weight: 400;\">ABSCHNITT 5 &#8211; SICHERHEIT<\/span><\/h4>\n<p><span style=\"font-weight: 400;\">Um Ihre pers\u00f6nlichen Daten zu sch\u00fctzen, ergreifen wir angemessene Vorsichtsma\u00dfnahmen und befolgen die besten Praktiken der Branche, um sicherzustellen, dass sie nicht auf unzul\u00e4ssige Weise verloren gehen, missbraucht, aufgerufen, offengelegt, ver\u00e4ndert oder zerst\u00f6rt werden.<\/span><\/p>\n<p><span style=\"font-weight: 400;\">Wenn Sie uns personenbezogene Daten zur Verf\u00fcgung stellen, werden diese mit der Secure Socket Layer-Technologie (SSL) gesichert und gesch\u00fctzt. Obwohl keine Methode der \u00dcbertragung \u00fcber das Internet oder der elektronischen Speicherung zu 100 % sicher ist, befolgen wir alle Anforderungen und implementieren zus\u00e4tzliche allgemein anerkannte Industriestandards und warten regelm\u00e4\u00dfig alle auf dieser Website aktiven Funktionen wie das Thema und verschiedene Plugins.<\/span><\/p>\n<p><span style=\"font-weight: 400;\"> <\/span><\/p>\n<h4><span style=\"font-weight: 400;\">ABSCHNITT 6 &#8211; \u00c4NDERUNGEN AN DIESER DATENSCHUTZRICHTLINIE<\/span><\/h4>\n<p><span style=\"font-weight: 400;\"> <\/span><\/p>\n<p><span style=\"font-weight: 400;\">Wir behalten uns das Recht vor, diese Datenschutzrichtlinie jederzeit zu \u00e4ndern, daher sollten Sie sie regelm\u00e4\u00dfig \u00fcberpr\u00fcfen. \u00c4nderungen und Klarstellungen werden sofort nach Ver\u00f6ffentlichung auf der Website wirksam. Falls diese Website von einem anderen Unternehmen \u00fcbernommen oder mit ihm fusioniert wird, k\u00f6nnen Ihre Daten an den neuen Eigent\u00fcmer \u00fcbertragen werden, damit wir Ihnen weiterhin Dienstleistungen anbieten k\u00f6nnen.<\/span><\/p>\n<\/p>\n<h4><span style=\"font-weight: 400;\">ABSCHNITT 7 &#8211; COOKIES<\/span><\/h4>\n<p><span style=\"font-weight: 400;\">Ein Cookie ist eine kleine (Text-)Datei, die im Browser Ihres Computers, Laptops, Tablets oder Smartphones gespeichert wird, wenn Sie unsere Website zum ersten Mal besuchen. Diese Dateien werden auch verwendet, damit die Website ordnungsgem\u00e4\u00df funktioniert und f\u00fcr unser Zielpublikum optimiert wird. Wir k\u00f6nnen personenbezogene Daten verwenden, um das Surfverhalten auf unserer Website zu analysieren.<\/span><\/p>\n<p><span style=\"font-weight: 400;\">Wir verwenden<\/span><b> wesentliche, funktionale, statistische und Marketing-Cookies<\/b><span style=\"font-weight: 400;\">  die \u00fcber unser Cookie-Plugin im Detail eingesehen werden k\u00f6nnen, wenn Sie unsere Website zum ersten Mal besuchen. \u00dcber die Schaltfl\u00e4chen am Ende dieser Seite k\u00f6nnen Sie jederzeit Ihre Einstellungen \u00e4ndern oder Ihre Einwilligung widerrufen.  <\/span><\/p>\n<p><b>Unverzichtbare Cookies:<\/b><span style=\"font-weight: 400;\"> Sie werden ben\u00f6tigt, um sicherzustellen, dass unsere Website korrekt funktioniert, und k\u00f6nnen nicht abgelehnt werden.<\/span><\/p>\n<p><b>Funktionelle Cookies<\/b><span style=\"font-weight: 400;\">: Diese Cookies werden ebenfalls ben\u00f6tigt, damit diese Website ordnungsgem\u00e4\u00df funktioniert, erfordern aber Ihre Zustimmung: <\/span> <\/p>\n<p><b>Analytische Cookies:<\/b> <span style=\"font-weight: 400;\">Diese (auch als Performance-Cookies bezeichneten) Cookies werden zur Auswertung der Besucher und ihres Verhaltens verwendet. Diese Ergebnisse k\u00f6nnen genutzt werden, um die Funktionen der Website zu verbessern<\/span><\/p>\n<p><b>Marketing-Cookies:<\/b><span style=\"font-weight: 400;\">  Diese werden verwendet, um Werbung gezielt an einen Nutzer zu richten (Behavioural Targeting). Sie werden h\u00e4ufig von Drittanbietern bereitgestellt und verfolgen einen Nutzer \u00fcber verschiedene Websites hinweg.<\/span><\/p>\n<p><span style=\"font-weight: 400;\"> <\/span><\/p>\n<p><b>Echte Keks-Banner:<\/b><\/p>\n<p>Zur Verwaltung der verwendeten Cookies und \u00e4hnlicher Technologien (Z\u00e4hlpixel, Web Beacons usw.) und der damit verbundenen Einwilligungen verwenden wir das Einwilligungstool &#8222;Real Cookie Banner&#8220;. Einzelheiten zur Funktionsweise von &#8222;Real Cookie Banner&#8220; finden Sie unter <a href=\"https:\/\/devowl.io\/rcb\/data-processing\/\" target=\"_blank\" rel=\"noopener noreferrer\">https:\/\/devowl.io\/rcb\/data-processing\/.<\/a><\/p>\n<p>Die Rechtsgrundlage f\u00fcr die Verarbeitung personenbezogener Daten in diesem Zusammenhang ist Art. 6 (1) lit. c GDPR und Art. 6 (1) lit. f GDPR. Unser berechtigtes Interesse ist die Verwaltung der verwendeten Cookies und \u00e4hnlicher Technologien sowie der damit verbundenen Zustimmungen.<\/p>\n<p>Die Bereitstellung personenbezogener Daten ist weder vertraglich vorgeschrieben noch f\u00fcr den Abschluss eines Vertrages erforderlich. Sie sind nicht verpflichtet, die personenbezogenen Daten anzugeben. Wenn Sie die personenbezogenen Daten nicht zur Verf\u00fcgung stellen, k\u00f6nnen wir Ihre Einwilligungen nicht verwalten.<\/p>\n<p><span style=\"font-weight: 400;\"> <\/span><\/p>\n<p><b>EINGEBETTETE INHALTE VON ANDEREN WEBSITES ODER SOZIALE COOKIES<\/b><\/p>\n<p><span style=\"font-weight: 400;\">Beitr\u00e4ge auf dieser Website k\u00f6nnen eingebettete (embedded) Inhalte enthalten (z.B. Youtube-Videos, Bilder, Beitr\u00e4ge, etc.). Eingebettete Inhalte von anderen Websites verhalten sich genau so, als h\u00e4tte der Besucher diese andere Website oder soziale Plattform wie Facebook, Instagram, Youtube, LinkedIN,&#8230; besucht.  <\/span><\/p>\n<p><span style=\"font-weight: 400;\">Diese Websites k\u00f6nnen Informationen \u00fcber Besucher sammeln, Cookies verwenden, Tracking von Drittanbietern einbetten und Ihre Interaktion mit diesen eingebetteten Inhalten \u00fcberwachen, einschlie\u00dflich der Interaktion mit den eingebetteten Inhalten, wenn Sie ein Konto haben und auf dieser Website angemeldet sind.<\/span><\/p>\n<p><span style=\"font-weight: 400;\">Bei Ihrem ersten Besuch auf unserer Website haben wir Sie \u00fcber die Verwendung dieser Cookies auf unserer Website informiert und Sie um Erlaubnis gebeten, sie zu platzieren. Diese Einstellungen k\u00f6nnen jederzeit \u00fcber die internen Links am Ende dieser Seite eingesehen und ge\u00e4ndert werden.<\/span><\/p>\n<p><span style=\"font-weight: 400;\">Sie k\u00f6nnen sich auch von Cookies abmelden, indem Sie Ihren Internet-Browser so einstellen, dass er keine Cookies mehr speichert. Sie k\u00f6nnen auch alle zuvor gespeicherten Informationen \u00fcber die Einstellungen Ihres Browsers l\u00f6schen.<\/span><\/p>\n<p><span style=\"font-weight: 400;\">Cookies werden auch von Dritten auf unserer Website platziert, z. B. von Youtube und den Social-Media-Unternehmen Facebook und Instagram.<\/span><\/p>\n<p><span style=\"font-weight: 400;\">Die Aufbewahrungsdauer von Cookies betr\u00e4gt durchschnittlich 2 Jahre. Die Einzelheiten zu den einzelnen Cookies finden Sie in unserem Cookie-Banner und den internen Links unten.<\/span><\/p>\n\t\t\t\t\t\t\t\t<\/div>\n\t\t\t\t<\/div>\n\t\t\t\t\t<\/div>\n\t\t<\/div>\n\t\t\t\t\t<\/div>\n\t\t<\/section>\n\t\t\t\t<section class=\"elementor-section elementor-top-section elementor-element elementor-element-7a6f79d elementor-section-content-middle elementor-section-boxed elementor-section-height-default elementor-section-height-default\" data-id=\"7a6f79d\" data-element_type=\"section\" data-e-type=\"section\" data-settings=\"{&quot;jet_parallax_layout_list&quot;:[]}\">\n\t\t\t\t\t\t<div class=\"elementor-container elementor-column-gap-no\">\n\t\t\t\t\t<div class=\"elementor-column elementor-col-33 elementor-top-column elementor-element elementor-element-e5a7c20\" data-id=\"e5a7c20\" data-element_type=\"column\" data-e-type=\"column\">\n\t\t\t<div class=\"elementor-widget-wrap elementor-element-populated\">\n\t\t\t\t\t\t<div class=\"elementor-element elementor-element-55bf398 elementor-widget elementor-widget-shortcode\" data-id=\"55bf398\" data-element_type=\"widget\" data-e-type=\"widget\" data-widget_type=\"shortcode.default\">\n\t\t\t\t<div class=\"elementor-widget-container\">\n\t\t\t\t\t\t\t<div class=\"elementor-shortcode\"><button  href=\"#consent-change\" role=\"button\" id=\"rcb-sc-link-change\" data-success-message=\"\" class=\"rcb-sc-link rcb-sc-link-change \">Datenschutzeinstellungen \u00e4ndern<\/button><\/div>\n\t\t\t\t\t\t<\/div>\n\t\t\t\t<\/div>\n\t\t\t\t\t<\/div>\n\t\t<\/div>\n\t\t\t\t<div class=\"elementor-column elementor-col-33 elementor-top-column elementor-element elementor-element-0993722\" data-id=\"0993722\" data-element_type=\"column\" data-e-type=\"column\">\n\t\t\t<div class=\"elementor-widget-wrap elementor-element-populated\">\n\t\t\t\t\t\t<div class=\"elementor-element elementor-element-8034cd3 elementor-widget elementor-widget-shortcode\" data-id=\"8034cd3\" data-element_type=\"widget\" data-e-type=\"widget\" data-widget_type=\"shortcode.default\">\n\t\t\t\t<div class=\"elementor-widget-container\">\n\t\t\t\t\t\t\t<div class=\"elementor-shortcode\"><button  href=\"#consent-history\" role=\"button\" id=\"rcb-sc-link-history\" data-success-message=\"\" class=\"rcb-sc-link rcb-sc-link-history \">Verlauf der Datenschutzeinstellungen<\/button><\/div>\n\t\t\t\t\t\t<\/div>\n\t\t\t\t<\/div>\n\t\t\t\t\t<\/div>\n\t\t<\/div>\n\t\t\t\t<div class=\"elementor-column elementor-col-33 elementor-top-column elementor-element elementor-element-98984fa\" data-id=\"98984fa\" data-element_type=\"column\" data-e-type=\"column\">\n\t\t\t<div class=\"elementor-widget-wrap elementor-element-populated\">\n\t\t\t\t\t\t<div class=\"elementor-element elementor-element-af3ac42 elementor-widget elementor-widget-shortcode\" data-id=\"af3ac42\" data-element_type=\"widget\" data-e-type=\"widget\" data-widget_type=\"shortcode.default\">\n\t\t\t\t<div class=\"elementor-widget-container\">\n\t\t\t\t\t\t\t<div class=\"elementor-shortcode\"><button  href=\"#consent-revoke\" role=\"button\" id=\"rcb-sc-link-revoke\" data-success-message=\"You have successfully revoked the consent. The page will be reloaded now.\" class=\"rcb-sc-link rcb-sc-link-revoke \">Zustimmungen widerrufen<\/button><\/div>\n\t\t\t\t\t\t<\/div>\n\t\t\t\t<\/div>\n\t\t\t\t\t<\/div>\n\t\t<\/div>\n\t\t\t\t\t<\/div>\n\t\t<\/section>\n\t\t\t\t<\/div>\n\t\t","protected":false},"excerpt":{"rendered":"<p>Datenschutzrichtlinie f\u00fcr Villa Perla Wer wir sind: Villa Perla ist Teil von: LYSKAMM SRL Str. Bricco Quaglia, 14-16 14055 Costigliole D&#8216; Asti AT Italien Steuerlicher Code: 01710590058 Telefonische Nummer: +39 331 730 9038 Vila Perla ist eine Ferienanlage, die von Privatpersonen und Unternehmen gemietet werden kann. Die Adresse unserer Website lautet: https:\/\/villa-perla.it\/ . Bei www.villa-perla.it, [&hellip;]<\/p>\n","protected":false},"author":1,"featured_media":0,"parent":0,"menu_order":0,"comment_status":"closed","ping_status":"closed","template":"elementor_header_footer","meta":{"_angie_page":false,"footnotes":""},"class_list":["post-10229","page","type-page","status-publish","hentry"],"yoast_head":"<!-- This site is optimized with the Yoast SEO plugin v27.5 - https:\/\/yoast.com\/product\/yoast-seo-wordpress\/ -->\n<title>Cookie- und Datenschutzrichtlinie - Villa Perla | Langhe - Monferrato<\/title>\n<meta name=\"description\" content=\"Datenschutzbestimmungen villa perla piemonte\" \/>\n<meta name=\"robots\" content=\"index, follow, max-snippet:-1, max-image-preview:large, max-video-preview:-1\" \/>\n<link rel=\"canonical\" href=\"https:\/\/villa-perla.it\/de\/cookie-und-datenschutzrichtlinie\/\" \/>\n<meta property=\"og:locale\" content=\"de_DE\" \/>\n<meta property=\"og:type\" content=\"article\" \/>\n<meta property=\"og:title\" content=\"Datenschutzbestimmungen villa perla piemonte\" \/>\n<meta property=\"og:description\" content=\"Datenschutzbestimmungen villa perla piemonte\" \/>\n<meta property=\"og:url\" content=\"https:\/\/villa-perla.it\/de\/cookie-und-datenschutzrichtlinie\/\" \/>\n<meta property=\"og:site_name\" content=\"Villa Perla | Langhe - Monferrato\" \/>\n<meta property=\"article:publisher\" content=\"https:\/\/www.facebook.com\/villaperla.piemonte\" \/>\n<meta property=\"article:modified_time\" content=\"2024-01-26T16:50:52+00:00\" \/>\n<meta property=\"og:image\" content=\"https:\/\/villa-perla.it\/wp-content\/uploads\/2023\/03\/Villa-perla-piemonte-favicon-300x300.png\" \/>\n<meta name=\"twitter:card\" content=\"summary_large_image\" \/>\n<meta name=\"twitter:title\" content=\"Datenschutzbestimmungen villa perla piemonte\" \/>\n<meta name=\"twitter:image\" content=\"https:\/\/villa-perla.it\/wp-content\/uploads\/2023\/03\/Villa-perla-piemonte-favicon.png\" \/>\n<meta name=\"twitter:label1\" content=\"Gesch\u00e4tzte Lesezeit\" \/>\n\t<meta name=\"twitter:data1\" content=\"10\u00a0Minuten\" \/>\n<script type=\"application\/ld+json\" class=\"yoast-schema-graph\">{\"@context\":\"https:\\\/\\\/schema.org\",\"@graph\":[{\"@type\":\"WebPage\",\"@id\":\"https:\\\/\\\/villa-perla.it\\\/de\\\/cookie-und-datenschutzrichtlinie\\\/\",\"url\":\"https:\\\/\\\/villa-perla.it\\\/de\\\/cookie-und-datenschutzrichtlinie\\\/\",\"name\":\"Cookie- und Datenschutzrichtlinie - Villa Perla | Langhe - Monferrato\",\"isPartOf\":{\"@id\":\"https:\\\/\\\/villa-perla.it\\\/de\\\/#website\"},\"datePublished\":\"2021-11-22T07:36:08+00:00\",\"dateModified\":\"2024-01-26T16:50:52+00:00\",\"description\":\"Datenschutzbestimmungen villa perla piemonte\",\"breadcrumb\":{\"@id\":\"https:\\\/\\\/villa-perla.it\\\/de\\\/cookie-und-datenschutzrichtlinie\\\/#breadcrumb\"},\"inLanguage\":\"de\",\"potentialAction\":[{\"@type\":\"ReadAction\",\"target\":[\"https:\\\/\\\/villa-perla.it\\\/de\\\/cookie-und-datenschutzrichtlinie\\\/\"]}]},{\"@type\":\"BreadcrumbList\",\"@id\":\"https:\\\/\\\/villa-perla.it\\\/de\\\/cookie-und-datenschutzrichtlinie\\\/#breadcrumb\",\"itemListElement\":[{\"@type\":\"ListItem\",\"position\":1,\"name\":\"Home\",\"item\":\"https:\\\/\\\/villa-perla.it\\\/de\\\/\"},{\"@type\":\"ListItem\",\"position\":2,\"name\":\"Cookie- und Datenschutzrichtlinie\"}]},{\"@type\":\"WebSite\",\"@id\":\"https:\\\/\\\/villa-perla.it\\\/de\\\/#website\",\"url\":\"https:\\\/\\\/villa-perla.it\\\/de\\\/\",\"name\":\"Villa Perla | Langhe - Monferrato\",\"description\":\"Your private holiday house in Piemonte\",\"publisher\":{\"@id\":\"https:\\\/\\\/villa-perla.it\\\/de\\\/#organization\"},\"alternateName\":\"Villa Perla |\",\"potentialAction\":[{\"@type\":\"SearchAction\",\"target\":{\"@type\":\"EntryPoint\",\"urlTemplate\":\"https:\\\/\\\/villa-perla.it\\\/de\\\/?s={search_term_string}\"},\"query-input\":{\"@type\":\"PropertyValueSpecification\",\"valueRequired\":true,\"valueName\":\"search_term_string\"}}],\"inLanguage\":\"de\"},{\"@type\":\"Organization\",\"@id\":\"https:\\\/\\\/villa-perla.it\\\/de\\\/#organization\",\"name\":\"Villa Perla Piemonte\",\"alternateName\":\"Villa Perla Piemonte\",\"url\":\"https:\\\/\\\/villa-perla.it\\\/de\\\/\",\"logo\":{\"@type\":\"ImageObject\",\"inLanguage\":\"de\",\"@id\":\"https:\\\/\\\/villa-perla.it\\\/de\\\/#\\\/schema\\\/logo\\\/image\\\/\",\"url\":\"https:\\\/\\\/villa-perla.it\\\/wp-content\\\/uploads\\\/2021\\\/11\\\/villa-perla-piemone-logo-transparant-400-x-100-px.svg\",\"contentUrl\":\"https:\\\/\\\/villa-perla.it\\\/wp-content\\\/uploads\\\/2021\\\/11\\\/villa-perla-piemone-logo-transparant-400-x-100-px.svg\",\"caption\":\"Villa Perla Piemonte\"},\"image\":{\"@id\":\"https:\\\/\\\/villa-perla.it\\\/de\\\/#\\\/schema\\\/logo\\\/image\\\/\"},\"sameAs\":[\"https:\\\/\\\/www.facebook.com\\\/villaperla.piemonte\",\"https:\\\/\\\/www.instagram.com\\\/villaperla_piemonte\"]}]}<\/script>\n<!-- \/ Yoast SEO plugin. -->","yoast_head_json":{"title":"Cookie- und Datenschutzrichtlinie - Villa Perla | Langhe - Monferrato","description":"Datenschutzbestimmungen villa perla piemonte","robots":{"index":"index","follow":"follow","max-snippet":"max-snippet:-1","max-image-preview":"max-image-preview:large","max-video-preview":"max-video-preview:-1"},"canonical":"https:\/\/villa-perla.it\/de\/cookie-und-datenschutzrichtlinie\/","og_locale":"de_DE","og_type":"article","og_title":"Datenschutzbestimmungen villa perla piemonte","og_description":"Datenschutzbestimmungen villa perla piemonte","og_url":"https:\/\/villa-perla.it\/de\/cookie-und-datenschutzrichtlinie\/","og_site_name":"Villa Perla | Langhe - Monferrato","article_publisher":"https:\/\/www.facebook.com\/villaperla.piemonte","article_modified_time":"2024-01-26T16:50:52+00:00","og_image":[{"url":"https:\/\/villa-perla.it\/wp-content\/uploads\/2023\/03\/Villa-perla-piemonte-favicon-300x300.png","type":"","width":"","height":""}],"twitter_card":"summary_large_image","twitter_title":"Datenschutzbestimmungen villa perla piemonte","twitter_image":"https:\/\/villa-perla.it\/wp-content\/uploads\/2023\/03\/Villa-perla-piemonte-favicon.png","twitter_misc":{"Gesch\u00e4tzte Lesezeit":"10\u00a0Minuten"},"schema":{"@context":"https:\/\/schema.org","@graph":[{"@type":"WebPage","@id":"https:\/\/villa-perla.it\/de\/cookie-und-datenschutzrichtlinie\/","url":"https:\/\/villa-perla.it\/de\/cookie-und-datenschutzrichtlinie\/","name":"Cookie- und Datenschutzrichtlinie - Villa Perla | Langhe - Monferrato","isPartOf":{"@id":"https:\/\/villa-perla.it\/de\/#website"},"datePublished":"2021-11-22T07:36:08+00:00","dateModified":"2024-01-26T16:50:52+00:00","description":"Datenschutzbestimmungen villa perla piemonte","breadcrumb":{"@id":"https:\/\/villa-perla.it\/de\/cookie-und-datenschutzrichtlinie\/#breadcrumb"},"inLanguage":"de","potentialAction":[{"@type":"ReadAction","target":["https:\/\/villa-perla.it\/de\/cookie-und-datenschutzrichtlinie\/"]}]},{"@type":"BreadcrumbList","@id":"https:\/\/villa-perla.it\/de\/cookie-und-datenschutzrichtlinie\/#breadcrumb","itemListElement":[{"@type":"ListItem","position":1,"name":"Home","item":"https:\/\/villa-perla.it\/de\/"},{"@type":"ListItem","position":2,"name":"Cookie- und Datenschutzrichtlinie"}]},{"@type":"WebSite","@id":"https:\/\/villa-perla.it\/de\/#website","url":"https:\/\/villa-perla.it\/de\/","name":"Villa Perla | Langhe - Monferrato","description":"Your private holiday house in Piemonte","publisher":{"@id":"https:\/\/villa-perla.it\/de\/#organization"},"alternateName":"Villa Perla |","potentialAction":[{"@type":"SearchAction","target":{"@type":"EntryPoint","urlTemplate":"https:\/\/villa-perla.it\/de\/?s={search_term_string}"},"query-input":{"@type":"PropertyValueSpecification","valueRequired":true,"valueName":"search_term_string"}}],"inLanguage":"de"},{"@type":"Organization","@id":"https:\/\/villa-perla.it\/de\/#organization","name":"Villa Perla Piemonte","alternateName":"Villa Perla Piemonte","url":"https:\/\/villa-perla.it\/de\/","logo":{"@type":"ImageObject","inLanguage":"de","@id":"https:\/\/villa-perla.it\/de\/#\/schema\/logo\/image\/","url":"https:\/\/villa-perla.it\/wp-content\/uploads\/2021\/11\/villa-perla-piemone-logo-transparant-400-x-100-px.svg","contentUrl":"https:\/\/villa-perla.it\/wp-content\/uploads\/2021\/11\/villa-perla-piemone-logo-transparant-400-x-100-px.svg","caption":"Villa Perla Piemonte"},"image":{"@id":"https:\/\/villa-perla.it\/de\/#\/schema\/logo\/image\/"},"sameAs":["https:\/\/www.facebook.com\/villaperla.piemonte","https:\/\/www.instagram.com\/villaperla_piemonte"]}]}},"_links":{"self":[{"href":"https:\/\/villa-perla.it\/de\/wp-json\/wp\/v2\/pages\/10229","targetHints":{"allow":["GET"]}}],"collection":[{"href":"https:\/\/villa-perla.it\/de\/wp-json\/wp\/v2\/pages"}],"about":[{"href":"https:\/\/villa-perla.it\/de\/wp-json\/wp\/v2\/types\/page"}],"author":[{"embeddable":true,"href":"https:\/\/villa-perla.it\/de\/wp-json\/wp\/v2\/users\/1"}],"replies":[{"embeddable":true,"href":"https:\/\/villa-perla.it\/de\/wp-json\/wp\/v2\/comments?post=10229"}],"version-history":[{"count":0,"href":"https:\/\/villa-perla.it\/de\/wp-json\/wp\/v2\/pages\/10229\/revisions"}],"wp:attachment":[{"href":"https:\/\/villa-perla.it\/de\/wp-json\/wp\/v2\/media?parent=10229"}],"curies":[{"name":"wp","href":"https:\/\/api.w.org\/{rel}","templated":true}]}}