{"id":10214,"date":"2021-10-26T13:21:58","date_gmt":"2021-10-26T11:21:58","guid":{"rendered":"https:\/\/villa-perla.it\/verfuegbarkeit-buchungen\/"},"modified":"2024-07-10T15:25:42","modified_gmt":"2024-07-10T13:25:42","slug":"verfuegbarkeit-buchungen","status":"publish","type":"page","link":"https:\/\/villa-perla.it\/de\/verfuegbarkeit-buchungen\/","title":{"rendered":"Buchungen"},"content":{"rendered":"\t\t<div data-elementor-type=\"wp-page\" data-elementor-id=\"10214\" class=\"elementor elementor-10214 elementor-2717\" data-elementor-post-type=\"page\">\n\t\t\t\t\t\t<section class=\"elementor-section elementor-top-section elementor-element elementor-element-6cb2dea9 elementor-section-height-min-height elementor-section-full_width elementor-section-height-default elementor-section-items-middle\" data-id=\"6cb2dea9\" data-element_type=\"section\" data-e-type=\"section\" data-settings=\"{&quot;background_background&quot;:&quot;classic&quot;,&quot;jet_parallax_layout_list&quot;:[{&quot;_id&quot;:&quot;5fea1d5&quot;,&quot;jet_parallax_layout_image&quot;:{&quot;url&quot;:&quot;&quot;,&quot;id&quot;:&quot;&quot;,&quot;size&quot;:&quot;&quot;},&quot;jet_parallax_layout_image_tablet&quot;:{&quot;url&quot;:&quot;&quot;,&quot;id&quot;:&quot;&quot;,&quot;size&quot;:&quot;&quot;},&quot;jet_parallax_layout_image_mobile&quot;:{&quot;url&quot;:&quot;&quot;,&quot;id&quot;:&quot;&quot;,&quot;size&quot;:&quot;&quot;},&quot;jet_parallax_layout_speed&quot;:{&quot;unit&quot;:&quot;%&quot;,&quot;size&quot;:50,&quot;sizes&quot;:[]},&quot;jet_parallax_layout_type&quot;:&quot;scroll&quot;,&quot;jet_parallax_layout_direction&quot;:&quot;1&quot;,&quot;jet_parallax_layout_fx_direction&quot;:null,&quot;jet_parallax_layout_z_index&quot;:&quot;&quot;,&quot;jet_parallax_layout_bg_x&quot;:50,&quot;jet_parallax_layout_bg_x_tablet&quot;:&quot;&quot;,&quot;jet_parallax_layout_bg_x_mobile&quot;:&quot;&quot;,&quot;jet_parallax_layout_bg_y&quot;:50,&quot;jet_parallax_layout_bg_y_tablet&quot;:&quot;&quot;,&quot;jet_parallax_layout_bg_y_mobile&quot;:&quot;&quot;,&quot;jet_parallax_layout_bg_size&quot;:&quot;auto&quot;,&quot;jet_parallax_layout_bg_size_tablet&quot;:&quot;&quot;,&quot;jet_parallax_layout_bg_size_mobile&quot;:&quot;&quot;,&quot;jet_parallax_layout_animation_prop&quot;:&quot;transform&quot;,&quot;jet_parallax_layout_on&quot;:[&quot;desktop&quot;,&quot;tablet&quot;]}]}\">\n\t\t\t\t\t\t\t<div class=\"elementor-background-overlay\"><\/div>\n\t\t\t\t\t\t\t<div class=\"elementor-container elementor-column-gap-default\">\n\t\t\t\t\t<div class=\"elementor-column elementor-col-100 elementor-top-column elementor-element elementor-element-11615e80\" data-id=\"11615e80\" data-element_type=\"column\" data-e-type=\"column\" data-settings=\"{&quot;background_background&quot;:&quot;classic&quot;}\">\n\t\t\t<div class=\"elementor-widget-wrap elementor-element-populated\">\n\t\t\t\t\t\t<div class=\"elementor-element elementor-element-3050311d elementor-widget elementor-widget-heading\" data-id=\"3050311d\" data-element_type=\"widget\" data-e-type=\"widget\" data-widget_type=\"heading.default\">\n\t\t\t\t<div class=\"elementor-widget-container\">\n\t\t\t\t\t<h1 class=\"elementor-heading-title elementor-size-default\">Buchen Sie Ihren Aufenthalt<\/h1>\t\t\t\t<\/div>\n\t\t\t\t<\/div>\n\t\t\t\t<div class=\"elementor-element elementor-element-108b725 elementor-widget elementor-widget-text-editor\" data-id=\"108b725\" data-element_type=\"widget\" data-e-type=\"widget\" data-widget_type=\"text-editor.default\">\n\t\t\t\t<div class=\"elementor-widget-container\">\n\t\t\t\t\t\t\t\t\t<p><strong>Bitte benutzen Sie unser Buchungsformular, um unsere Preise zu \u00fcberpr\u00fcfen und Ihren Aufenthalt direkt bei uns zu buchen.<\/strong><br \/><strong>Wir gew\u00e4hren 10% Rabatt bei einem Aufenthalt von 1 Woche (oder l\u00e4nger und der Rabatt ist bereits im Wochenpreis enthalten).<\/strong><\/p>\n<p><strong>Klicken Sie auf das Wort ANKOMMEN im untenstehenden Tool, um Ihr Ankunftsdatum festzulegen, und w\u00e4hlen Sie dann \u00fcber den Pfeil Ihr ABREISE-Datum im Kalender aus. Wir verwenden Stripe als Zahlungsanbieter f\u00fcr sichere Zahlungen mit Kreditkarte oder Bancontact.<\/strong><\/p>\n\t\t\t\t\t\t\t\t<\/div>\n\t\t\t\t<\/div>\n\t\t\t\t<div class=\"elementor-element elementor-element-a7e059a elementor-widget-mobile__width-auto elementor-widget elementor-widget-global elementor-global-14647 elementor-widget-html\" data-id=\"a7e059a\" data-element_type=\"widget\" data-e-type=\"widget\" data-widget_type=\"html.default\">\n\t\t\t\t<div class=\"elementor-widget-container\">\n\t\t\t\t\t<style>\r\n  :root {\r\n    --ldg-bnb-background: #ffffff;\r\n    --ldg-bnb-border-radius: 0.42em;\r\n    --ldg-bnb-box-shadow: 0px 24px 54px 0px rgba(0, 0, 0, 0.1);\r\n    --ldg-bnb-padding: 16px;\r\n    --ldg-bnb-input-background: #ffffff;\r\n    --ldg-bnb-button-border-radius: 3.58em;\r\n\r\n    --ldg-bnb-color-primary: #000000;\r\n    --ldg-bnb-color-primary-lighter:#808080;\r\n    --ldg-bnb-color-primary-darker: #000000;\r\n    --ldg-bnb-color-primary-contrast: #ffffff;\r\n    --ldg-component-calendar-cell-selection-bg-color: #000000;\r\n    --ldg-component-calendar-cell-selection-color: #ffffff;\r\n    --ldg-component-calendar-cell-selected-bg-color: #808080;\r\n    --ldg-component-calendar-cell-selected-color: #ffffff;\r\n    --ldg-bnb-font-family: inherit;\r\n  }\r\n  #lodgify-book-now-box {    \r\n    width: 100%;\r\n  }\r\n  <\/style>\r\n  <div\r\n    id=\"lodgify-book-now-box\"\r\n    data-rental-id=\"496506\"\r\n    data-website-id=\"452261\"\r\n    data-slug=\"villa-perla\"\r\n    data-language-code=\"en\"\r\n    data-new-tab=\"true\"\r\n    data-check-in-label=\"Arrival\"\r\n  data-check-out-label=\"Departure\"\r\n  data-guests-label=\"Guests\"\r\n  data-guests-singular-label=\"{{NumberOfGuests}} guest\"\r\n  data-guests-plural-label=\"{{NumberOfGuests}} guests\"\r\n  data-location-input-label=\"Location\"\r\n  data-total-price-label=\"Total price:\"\r\n  data-select-dates-to-see-price-label=\"Select dates to see total price\"\r\n  data-minimum-price-per-night-first-label=\"From\"\r\n  data-minimum-price-per-night-second-label=\"per night\"\r\n  data-book-button-label=\"Book Now\"\r\n  \r\n    data-version=\"stable\"\r\n  ><\/div>\r\n  <script src=\"https:\/\/app.lodgify.com\/book-now-box\/stable\/renderBookNowBox.js\"><\/script>\r\n  \r\n\t\t\t\t<\/div>\n\t\t\t\t<\/div>\n\t\t\t\t<div class=\"elementor-element elementor-element-2a9ace8b elementor-widget elementor-widget-text-editor\" data-id=\"2a9ace8b\" data-element_type=\"widget\" data-e-type=\"widget\" data-widget_type=\"text-editor.default\">\n\t\t\t\t<div class=\"elementor-widget-container\">\n\t\t\t\t\t\t\t\t\t<p>Im Preis inbegriffen ist:<\/p>\n<ul>\n<li>bettw\u00e4sche &amp; handt\u00fccher<\/li>\n<li>Handt\u00fccher f\u00fcr den Pool (Sommersaison)<\/li>\n<li>Standard-Endreinigung<\/li>\n<li>Gas, Strom, etc.<\/li>\n<\/ul>\n<p>Z\u00f6gern Sie nicht, uns direkt zu kontaktieren, wenn Sie Fragen zu einer bestimmten Woche im Kalender haben.<\/p>\n<p>Sie k\u00f6nnen uns auch anrufen oder per Whatsapp unter der Nummer <strong>+39 331 730 9038 (zwischen 9.00 und 17.00 Uhr) kontaktieren oder uns eine E-Mail an info@villa-perla.it schicken.<\/strong><\/p>\n\t\t\t\t\t\t\t\t<\/div>\n\t\t\t\t<\/div>\n\t\t\t\t<div class=\"elementor-element elementor-element-4579cbb elementor-widget elementor-widget-text-editor\" data-id=\"4579cbb\" data-element_type=\"widget\" data-e-type=\"widget\" data-widget_type=\"text-editor.default\">\n\t\t\t\t<div class=\"elementor-widget-container\">\n\t\t\t\t\t\t\t\t\t<p>Bei Last-Minute-Buchungen mit Ankunft innerhalb von 30 Tagen ist der gesamte Betrag sofort zu zahlen.  <br \/><a href=\"https:\/\/villa-perla.it\/de\/bedingungen-und-konditionen\/\" target=\"_blank\" rel=\"noopener\"><strong>Bitte pr\u00fcfen Sie unsere allgemeinen Buchungsbedingungen hier.<\/strong><\/a><\/p>\n\t\t\t\t\t\t\t\t<\/div>\n\t\t\t\t<\/div>\n\t\t\t\t<div class=\"elementor-element elementor-element-3313c20 elementor-widget elementor-widget-global elementor-global-9359 elementor-widget-button\" data-id=\"3313c20\" data-element_type=\"widget\" data-e-type=\"widget\" data-widget_type=\"button.default\">\n\t\t\t\t<div class=\"elementor-widget-container\">\n\t\t\t\t\t\t\t\t\t<div class=\"elementor-button-wrapper\">\n\t\t\t\t\t<a class=\"elementor-button elementor-button-link elementor-size-sm\" href=\"https:\/\/villa-perla.it\/contact\/#FAQ\" target=\"_blank\">\n\t\t\t\t\t\t<span class=\"elementor-button-content-wrapper\">\n\t\t\t\t\t\t\t\t\t<span class=\"elementor-button-text\">Frequently asked questions<\/span>\n\t\t\t\t\t<\/span>\n\t\t\t\t\t<\/a>\n\t\t\t\t<\/div>\n\t\t\t\t\t\t\t\t<\/div>\n\t\t\t\t<\/div>\n\t\t\t\t\t<\/div>\n\t\t<\/div>\n\t\t\t\t\t<\/div>\n\t\t<\/section>\n\t\t\t\t<section class=\"elementor-section elementor-top-section elementor-element elementor-element-9db77a8 elementor-section-boxed elementor-section-height-default elementor-section-height-default\" data-id=\"9db77a8\" data-element_type=\"section\" data-e-type=\"section\" data-settings=\"{&quot;background_background&quot;:&quot;classic&quot;,&quot;jet_parallax_layout_list&quot;:[]}\">\n\t\t\t\t\t\t<div class=\"elementor-container elementor-column-gap-wide\">\n\t\t\t\t\t<div class=\"elementor-column elementor-col-100 elementor-top-column elementor-element elementor-element-0221dad\" data-id=\"0221dad\" data-element_type=\"column\" data-e-type=\"column\" data-settings=\"{&quot;background_background&quot;:&quot;classic&quot;}\">\n\t\t\t<div class=\"elementor-widget-wrap elementor-element-populated\">\n\t\t\t\t\t\t<div class=\"elementor-element elementor-element-6c572883 elementor-widget elementor-widget-heading\" data-id=\"6c572883\" data-element_type=\"widget\" data-e-type=\"widget\" data-widget_type=\"heading.default\">\n\t\t\t\t<div class=\"elementor-widget-container\">\n\t\t\t\t\t<h1 class=\"elementor-heading-title elementor-size-default\">BESONDERE ANFORDERUNGEN oder FRAGEN?<\/h1>\t\t\t\t<\/div>\n\t\t\t\t<\/div>\n\t\t\t\t<div class=\"elementor-element elementor-element-a517d58 elementor-widget elementor-widget-text-editor\" data-id=\"a517d58\" data-element_type=\"widget\" data-e-type=\"widget\" data-widget_type=\"text-editor.default\">\n\t\t\t\t<div class=\"elementor-widget-container\">\n\t\t\t\t\t\t\t\t\t<p>Villa Perla wird das ganze Jahr \u00fcber verf\u00fcgbar sein und kann auch f\u00fcr die Weihnachts- und Osterferien gebucht werden.<\/p>\n<p>F\u00fcr Preise, berufsbedingte Reisen und Kurzaufenthalte in der Nebensaison kontaktieren Sie uns bitte direkt \u00fcber info@villa-perla.it<\/p>\n\t\t\t\t\t\t\t\t<\/div>\n\t\t\t\t<\/div>\n\t\t\t\t<div class=\"elementor-element elementor-element-8a6f1a9 elementor-widget elementor-widget-text-editor\" data-id=\"8a6f1a9\" data-element_type=\"widget\" data-e-type=\"widget\" data-widget_type=\"text-editor.default\">\n\t\t\t\t<div class=\"elementor-widget-container\">\n\t\t\t\t\t\t\t\t\t<p><strong>Sie k\u00f6nnen auch \u00fcber eine der Buchungsplattformen buchen:<\/strong><\/p>\n\t\t\t\t\t\t\t\t<\/div>\n\t\t\t\t<\/div>\n\t\t\t\t<section class=\"elementor-section elementor-inner-section elementor-element elementor-element-fa564ba elementor-section-boxed elementor-section-height-default elementor-section-height-default\" data-id=\"fa564ba\" data-element_type=\"section\" data-e-type=\"section\" data-settings=\"{&quot;jet_parallax_layout_list&quot;:[]}\">\n\t\t\t\t\t\t<div class=\"elementor-container elementor-column-gap-default\">\n\t\t\t\t\t<div class=\"elementor-column elementor-col-20 elementor-inner-column elementor-element elementor-element-24fa56a\" data-id=\"24fa56a\" data-element_type=\"column\" data-e-type=\"column\">\n\t\t\t<div class=\"elementor-widget-wrap elementor-element-populated\">\n\t\t\t\t\t\t<div class=\"elementor-element elementor-element-4fa6032 elementor-widget elementor-widget-image\" data-id=\"4fa6032\" data-element_type=\"widget\" data-e-type=\"widget\" data-widget_type=\"image.default\">\n\t\t\t\t<div class=\"elementor-widget-container\">\n\t\t\t\t\t\t\t\t\t\t\t\t\t\t\t\t<a href=\"https:\/\/www.airbnb.it\/rooms\/780159849100064597?source_impression_id=p3_1675864633_bbNbK5d8HNUa4rKN\" target=\"_blank\">\n\t\t\t\t\t\t\t<img decoding=\"async\" src=\"https:\/\/villa-perla.it\/wp-content\/uploads\/elementor\/thumbs\/villa-perla-airbnb-rjrgua12krb3074c8980ozjp98zvx31ug7on75kqu8.webp\" title=\"villa-perla-airbnb\" alt=\"villa-perla-airbnb\" loading=\"lazy\" \/>\t\t\t\t\t\t\t\t<\/a>\n\t\t\t\t\t\t\t\t\t\t\t\t\t\t\t<\/div>\n\t\t\t\t<\/div>\n\t\t\t\t<div class=\"elementor-element elementor-element-e827a30 elementor-widget elementor-widget-heading\" data-id=\"e827a30\" data-element_type=\"widget\" data-e-type=\"widget\" data-widget_type=\"heading.default\">\n\t\t\t\t<div class=\"elementor-widget-container\">\n\t\t\t\t\t<h2 class=\"elementor-heading-title elementor-size-default\"><a href=\"https:\/\/www.airbnb.it\/rooms\/780159849100064597?source_impression_id=p3_1675864633_bbNbK5d8HNUa4rKN\" target=\"_blank\">Klicken Sie hier f\u00fcr  <br>airbnb<\/a><\/h2>\t\t\t\t<\/div>\n\t\t\t\t<\/div>\n\t\t\t\t\t<\/div>\n\t\t<\/div>\n\t\t\t\t<div class=\"elementor-column elementor-col-20 elementor-inner-column elementor-element elementor-element-9db1027\" data-id=\"9db1027\" data-element_type=\"column\" data-e-type=\"column\">\n\t\t\t<div class=\"elementor-widget-wrap elementor-element-populated\">\n\t\t\t\t\t\t<div class=\"elementor-element elementor-element-06112ee elementor-widget elementor-widget-image\" data-id=\"06112ee\" data-element_type=\"widget\" data-e-type=\"widget\" data-widget_type=\"image.default\">\n\t\t\t\t<div class=\"elementor-widget-container\">\n\t\t\t\t\t\t\t\t\t\t\t\t\t\t\t\t<a href=\"https:\/\/www.booking.com\/hotel\/it\/villa-perla-hilltop-location-with-pool.it.html?aid=304142&#038;label=gen173nr-1FCAEoggI46AdIFFgEaHGIAQGYARS4ARfIAQzYAQHoAQH4AQKIAgGoAgO4Asqq96oGwAIB0gIkNDc2ZjYxNmQtNTBiZC00OGFjLTlmNTUtYTE3OTIyNGJlOGQ32AIF4AIB&#038;sid=68fc1f39f4811a2b774c9723281f123d&#038;dest_id=10543195;dest_type=hotel;dist=0;group_adults=2;group_children=0;hapos=1;hpos=1;no_rooms=1;req_adults=2;req_children=0;room1=A%2CA;sb_price_type=total;sr_order=popularity;srepoch=1700648297;srpvid=225c4871193e0118;type=total;ucfs=1&#038;#hotelTmpl\" target=\"_blank\">\n\t\t\t\t\t\t\t<img decoding=\"async\" src=\"https:\/\/villa-perla.it\/wp-content\/uploads\/elementor\/thumbs\/villa-perla-piemonte-booking-2-rjptybr2pb944sgw9e86ng75nfyyo9zknfa4zuum3s.webp\" title=\"villa-perla-piemonte-booking\" alt=\"villa-perla-piemonte-booking\" loading=\"lazy\" \/>\t\t\t\t\t\t\t\t<\/a>\n\t\t\t\t\t\t\t\t\t\t\t\t\t\t\t<\/div>\n\t\t\t\t<\/div>\n\t\t\t\t<div class=\"elementor-element elementor-element-e614d0f elementor-widget elementor-widget-spacer\" data-id=\"e614d0f\" data-element_type=\"widget\" data-e-type=\"widget\" data-widget_type=\"spacer.default\">\n\t\t\t\t<div class=\"elementor-widget-container\">\n\t\t\t\t\t\t\t<div class=\"elementor-spacer\">\n\t\t\t<div class=\"elementor-spacer-inner\"><\/div>\n\t\t<\/div>\n\t\t\t\t\t\t<\/div>\n\t\t\t\t<\/div>\n\t\t\t\t<div class=\"elementor-element elementor-element-78a1193 elementor-widget elementor-widget-heading\" data-id=\"78a1193\" data-element_type=\"widget\" data-e-type=\"widget\" data-widget_type=\"heading.default\">\n\t\t\t\t<div class=\"elementor-widget-container\">\n\t\t\t\t\t<h2 class=\"elementor-heading-title elementor-size-default\"><a href=\"https:\/\/www.booking.com\/hotel\/it\/villa-perla-hilltop-location-with-pool.it.html?aid=304142&#038;label=gen173nr-1FCAEoggI46AdIFFgEaHGIAQGYARS4ARfIAQzYAQHoAQH4AQKIAgGoAgO4Asqq96oGwAIB0gIkNDc2ZjYxNmQtNTBiZC00OGFjLTlmNTUtYTE3OTIyNGJlOGQ32AIF4AIB&#038;sid=68fc1f39f4811a2b774c9723281f123d&#038;dest_id=10543195;dest_type=hotel;dist=0;group_adults=2;group_children=0;hapos=1;hpos=1;no_rooms=1;req_adults=2;req_children=0;room1=A%2CA;sb_price_type=total;sr_order=popularity;srepoch=1700648297;srpvid=225c4871193e0118;type=total;ucfs=1&#038;#hotelTmpl\" target=\"_blank\">Klicken Sie hier f\u00fcr booking<\/a><\/h2>\t\t\t\t<\/div>\n\t\t\t\t<\/div>\n\t\t\t\t\t<\/div>\n\t\t<\/div>\n\t\t\t\t<div class=\"elementor-column elementor-col-20 elementor-inner-column elementor-element elementor-element-c44220b\" data-id=\"c44220b\" data-element_type=\"column\" data-e-type=\"column\">\n\t\t\t<div class=\"elementor-widget-wrap elementor-element-populated\">\n\t\t\t\t\t\t<div class=\"elementor-element elementor-element-43baa3f elementor-widget elementor-widget-image\" data-id=\"43baa3f\" data-element_type=\"widget\" data-e-type=\"widget\" data-widget_type=\"image.default\">\n\t\t\t\t<div class=\"elementor-widget-container\">\n\t\t\t\t\t\t\t\t\t\t\t\t\t\t\t\t<a href=\"https:\/\/insolita.be\/vakantiehuizen\/villa-perla\" target=\"_blank\">\n\t\t\t\t\t\t\t<img decoding=\"async\" src=\"https:\/\/villa-perla.it\/wp-content\/uploads\/elementor\/thumbs\/villa-perla-Insolita_logo1_web-kopie-1-rjrgrbtb4h9ok9emghb6d8cm4pjerac6dlyryvy7x8.webp\" title=\"villa-perla-Insolita_logo1_web kopie\" alt=\"villa-perla-Insolita_logo1_web kopie\" loading=\"lazy\" \/>\t\t\t\t\t\t\t\t<\/a>\n\t\t\t\t\t\t\t\t\t\t\t\t\t\t\t<\/div>\n\t\t\t\t<\/div>\n\t\t\t\t<div class=\"elementor-element elementor-element-11745f2 elementor-widget elementor-widget-spacer\" data-id=\"11745f2\" data-element_type=\"widget\" data-e-type=\"widget\" data-widget_type=\"spacer.default\">\n\t\t\t\t<div class=\"elementor-widget-container\">\n\t\t\t\t\t\t\t<div class=\"elementor-spacer\">\n\t\t\t<div class=\"elementor-spacer-inner\"><\/div>\n\t\t<\/div>\n\t\t\t\t\t\t<\/div>\n\t\t\t\t<\/div>\n\t\t\t\t<div class=\"elementor-element elementor-element-b3c029c elementor-widget elementor-widget-heading\" data-id=\"b3c029c\" data-element_type=\"widget\" data-e-type=\"widget\" data-widget_type=\"heading.default\">\n\t\t\t\t<div class=\"elementor-widget-container\">\n\t\t\t\t\t<h2 class=\"elementor-heading-title elementor-size-default\"><a href=\"https:\/\/insolita.be\/vakantiehuizen\/villa-perla\" target=\"_blank\">Klicken Sie hier f\u00fcr  <br> insolita<\/a><\/h2>\t\t\t\t<\/div>\n\t\t\t\t<\/div>\n\t\t\t\t\t<\/div>\n\t\t<\/div>\n\t\t\t\t<div class=\"elementor-column elementor-col-20 elementor-inner-column elementor-element elementor-element-32a3a72\" data-id=\"32a3a72\" data-element_type=\"column\" data-e-type=\"column\">\n\t\t\t<div class=\"elementor-widget-wrap elementor-element-populated\">\n\t\t\t\t\t\t<div class=\"elementor-element elementor-element-458baec elementor-widget elementor-widget-image\" data-id=\"458baec\" data-element_type=\"widget\" data-e-type=\"widget\" data-widget_type=\"image.default\">\n\t\t\t\t<div class=\"elementor-widget-container\">\n\t\t\t\t\t\t\t\t\t\t\t\t\t\t\t\t<a href=\"https:\/\/localliving.dk\/en\/villa_perla\/\" target=\"_blank\">\n\t\t\t\t\t\t\t<img decoding=\"async\" src=\"https:\/\/villa-perla.it\/wp-content\/uploads\/elementor\/thumbs\/villa-perla-piemonte-localliving-logo-rjpty9vebn6jhkjmkdexigo8go888vs3z5z61axdw8.webp\" title=\"villa-perla-piemonte-localliving-logo\" alt=\"villa-perla-piemonte-localliving-logo\" loading=\"lazy\" \/>\t\t\t\t\t\t\t\t<\/a>\n\t\t\t\t\t\t\t\t\t\t\t\t\t\t\t<\/div>\n\t\t\t\t<\/div>\n\t\t\t\t<div class=\"elementor-element elementor-element-20592ee elementor-widget elementor-widget-spacer\" data-id=\"20592ee\" data-element_type=\"widget\" data-e-type=\"widget\" data-widget_type=\"spacer.default\">\n\t\t\t\t<div class=\"elementor-widget-container\">\n\t\t\t\t\t\t\t<div class=\"elementor-spacer\">\n\t\t\t<div class=\"elementor-spacer-inner\"><\/div>\n\t\t<\/div>\n\t\t\t\t\t\t<\/div>\n\t\t\t\t<\/div>\n\t\t\t\t<div class=\"elementor-element elementor-element-daef6f7 elementor-widget elementor-widget-heading\" data-id=\"daef6f7\" data-element_type=\"widget\" data-e-type=\"widget\" data-widget_type=\"heading.default\">\n\t\t\t\t<div class=\"elementor-widget-container\">\n\t\t\t\t\t<h2 class=\"elementor-heading-title elementor-size-default\"><a href=\"https:\/\/localliving.dk\/en\/villa_perla\/\" target=\"_blank\">Klicken Sie hier f\u00fcr  <br>Local Living<\/a><\/h2>\t\t\t\t<\/div>\n\t\t\t\t<\/div>\n\t\t\t\t\t<\/div>\n\t\t<\/div>\n\t\t\t\t<div class=\"elementor-column elementor-col-20 elementor-inner-column elementor-element elementor-element-84caa6f\" data-id=\"84caa6f\" data-element_type=\"column\" data-e-type=\"column\">\n\t\t\t<div class=\"elementor-widget-wrap elementor-element-populated\">\n\t\t\t\t\t\t<div class=\"elementor-element elementor-element-9a7fd98 elementor-widget elementor-widget-image\" data-id=\"9a7fd98\" data-element_type=\"widget\" data-e-type=\"widget\" data-widget_type=\"image.default\">\n\t\t\t\t<div class=\"elementor-widget-container\">\n\t\t\t\t\t\t\t\t\t\t\t\t\t\t\t\t<a href=\"https:\/\/www.vrbo.com\/it-it\/affitto-vacanze\/p11187673\" target=\"_blank\">\n\t\t\t\t\t\t\t<img decoding=\"async\" src=\"https:\/\/villa-perla.it\/wp-content\/uploads\/elementor\/thumbs\/villa-perla-vbro-rjjgq8zf0is5i32kle0vktzcexeol3tc3fp3y2ac14.png\" title=\"villa perla vbro\" alt=\"villa perla vbro\" loading=\"lazy\" \/>\t\t\t\t\t\t\t\t<\/a>\n\t\t\t\t\t\t\t\t\t\t\t\t\t\t\t<\/div>\n\t\t\t\t<\/div>\n\t\t\t\t<div class=\"elementor-element elementor-element-1456ac1 elementor-widget elementor-widget-spacer\" data-id=\"1456ac1\" data-element_type=\"widget\" data-e-type=\"widget\" data-widget_type=\"spacer.default\">\n\t\t\t\t<div class=\"elementor-widget-container\">\n\t\t\t\t\t\t\t<div class=\"elementor-spacer\">\n\t\t\t<div class=\"elementor-spacer-inner\"><\/div>\n\t\t<\/div>\n\t\t\t\t\t\t<\/div>\n\t\t\t\t<\/div>\n\t\t\t\t<div class=\"elementor-element elementor-element-04c2a71 elementor-widget elementor-widget-heading\" data-id=\"04c2a71\" data-element_type=\"widget\" data-e-type=\"widget\" data-widget_type=\"heading.default\">\n\t\t\t\t<div class=\"elementor-widget-container\">\n\t\t\t\t\t<h2 class=\"elementor-heading-title elementor-size-default\"><a href=\"https:\/\/www.vrbo.com\/it-it\/affitto-vacanze\/p11187673\" target=\"_blank\">Klicken Sie hier f\u00fcr  <br>vrbo<\/a><\/h2>\t\t\t\t<\/div>\n\t\t\t\t<\/div>\n\t\t\t\t\t<\/div>\n\t\t<\/div>\n\t\t\t\t\t<\/div>\n\t\t<\/section>\n\t\t\t\t\t<\/div>\n\t\t<\/div>\n\t\t\t\t\t<\/div>\n\t\t<\/section>\n\t\t\t\t<\/div>\n\t\t","protected":false},"excerpt":{"rendered":"<p>Pr\u00fcfen Sie unsere Preise und buchen Sie Ihren Aufenthalt in der Villa Perla Piemonte \u00fcber unser Buchungsformular. Pr\u00fcfen Sie die Verf\u00fcgbarkeit und fahren Sie direkt mit der Buchung fort<\/p>\n","protected":false},"author":1,"featured_media":10215,"parent":0,"menu_order":0,"comment_status":"closed","ping_status":"closed","template":"elementor_header_footer","meta":{"_angie_page":false,"footnotes":""},"class_list":["post-10214","page","type-page","status-publish","has-post-thumbnail","hentry"],"yoast_head":"<!-- This site is optimized with the Yoast SEO plugin v27.4 - https:\/\/yoast.com\/product\/yoast-seo-wordpress\/ -->\n<title>Verf\u00fcgbarkeit &amp; Buchungen | Villa Perla in Piemonte<\/title>\n<meta name=\"description\" content=\"\u00dcberpr\u00fcfen Sie die Preise und die Verf\u00fcgbarkeit der Villa Perla in Piemonte in unserem Online-Kalender oder nutzen Sie eine der externen Plattformen.\" \/>\n<meta name=\"robots\" content=\"index, follow, max-snippet:-1, max-image-preview:large, max-video-preview:-1\" \/>\n<link rel=\"canonical\" href=\"https:\/\/villa-perla.it\/de\/verfuegbarkeit-buchungen\/\" \/>\n<meta property=\"og:locale\" content=\"de_DE\" \/>\n<meta property=\"og:type\" content=\"article\" \/>\n<meta property=\"og:title\" content=\"Villa Perla Piemonte | Preise pr\u00fcfen und direkt buchen\" \/>\n<meta property=\"og:description\" content=\"\u00dcberpr\u00fcfen Sie die Preise und Verf\u00fcgbarkeit Villa Perla in Piemonte in unserem Online-Kalender oder verwenden Sie eine der externen Plattformen\" \/>\n<meta property=\"og:url\" content=\"https:\/\/villa-perla.it\/de\/verfuegbarkeit-buchungen\/\" \/>\n<meta property=\"og:site_name\" content=\"Villa Perla | Langhe - Monferrato\" \/>\n<meta property=\"article:publisher\" content=\"https:\/\/www.facebook.com\/villaperla.piemonte\" \/>\n<meta property=\"article:modified_time\" content=\"2024-07-10T13:25:42+00:00\" \/>\n<meta property=\"og:image\" content=\"https:\/\/villa-perla.it\/wp-content\/uploads\/2023\/02\/villa-perla-piemonte-transparant-400x200-1.png\" \/>\n<meta name=\"twitter:card\" content=\"summary_large_image\" \/>\n<meta name=\"twitter:title\" content=\"Villa Perla Piemonte | Preise pr\u00fcfen und direkt buchen\" \/>\n<meta name=\"twitter:description\" content=\"\u00dcberpr\u00fcfen Sie die Preise und Verf\u00fcgbarkeit Villa Perla in Piemonte in unserem Online-Kalender oder verwenden Sie eine der externen Plattformen\" \/>\n<meta name=\"twitter:image\" content=\"https:\/\/villa-perla.it\/wp-content\/uploads\/2023\/09\/VILLA-PERLA-800-x-800-px.png\" \/>\n<meta name=\"twitter:label1\" content=\"Gesch\u00e4tzte Lesezeit\" \/>\n\t<meta name=\"twitter:data1\" content=\"3\u00a0Minuten\" \/>\n<script type=\"application\/ld+json\" class=\"yoast-schema-graph\">{\"@context\":\"https:\\\/\\\/schema.org\",\"@graph\":[{\"@type\":\"WebPage\",\"@id\":\"https:\\\/\\\/villa-perla.it\\\/de\\\/verfuegbarkeit-buchungen\\\/\",\"url\":\"https:\\\/\\\/villa-perla.it\\\/de\\\/verfuegbarkeit-buchungen\\\/\",\"name\":\"Verf\u00fcgbarkeit & Buchungen | Villa Perla in Piemonte\",\"isPartOf\":{\"@id\":\"https:\\\/\\\/villa-perla.it\\\/de\\\/#website\"},\"primaryImageOfPage\":{\"@id\":\"https:\\\/\\\/villa-perla.it\\\/de\\\/verfuegbarkeit-buchungen\\\/#primaryimage\"},\"image\":{\"@id\":\"https:\\\/\\\/villa-perla.it\\\/de\\\/verfuegbarkeit-buchungen\\\/#primaryimage\"},\"thumbnailUrl\":\"https:\\\/\\\/villa-perla.it\\\/wp-content\\\/uploads\\\/2023\\\/02\\\/villa-perla-piemonte-transparant-400x200-1.webp\",\"datePublished\":\"2021-10-26T11:21:58+00:00\",\"dateModified\":\"2024-07-10T13:25:42+00:00\",\"description\":\"\u00dcberpr\u00fcfen Sie die Preise und die Verf\u00fcgbarkeit der Villa Perla in Piemonte in unserem Online-Kalender oder nutzen Sie eine der externen Plattformen.\",\"breadcrumb\":{\"@id\":\"https:\\\/\\\/villa-perla.it\\\/de\\\/verfuegbarkeit-buchungen\\\/#breadcrumb\"},\"inLanguage\":\"de\",\"potentialAction\":[{\"@type\":\"ReadAction\",\"target\":[\"https:\\\/\\\/villa-perla.it\\\/de\\\/verfuegbarkeit-buchungen\\\/\"]}]},{\"@type\":\"ImageObject\",\"inLanguage\":\"de\",\"@id\":\"https:\\\/\\\/villa-perla.it\\\/de\\\/verfuegbarkeit-buchungen\\\/#primaryimage\",\"url\":\"https:\\\/\\\/villa-perla.it\\\/wp-content\\\/uploads\\\/2023\\\/02\\\/villa-perla-piemonte-transparant-400x200-1.webp\",\"contentUrl\":\"https:\\\/\\\/villa-perla.it\\\/wp-content\\\/uploads\\\/2023\\\/02\\\/villa-perla-piemonte-transparant-400x200-1.webp\",\"width\":400,\"height\":200},{\"@type\":\"BreadcrumbList\",\"@id\":\"https:\\\/\\\/villa-perla.it\\\/de\\\/verfuegbarkeit-buchungen\\\/#breadcrumb\",\"itemListElement\":[{\"@type\":\"ListItem\",\"position\":1,\"name\":\"Home\",\"item\":\"https:\\\/\\\/villa-perla.it\\\/de\\\/\"},{\"@type\":\"ListItem\",\"position\":2,\"name\":\"Verf\u00fcgbarkeit und Buchungen\"}]},{\"@type\":\"WebSite\",\"@id\":\"https:\\\/\\\/villa-perla.it\\\/de\\\/#website\",\"url\":\"https:\\\/\\\/villa-perla.it\\\/de\\\/\",\"name\":\"Villa Perla | Langhe - Monferrato\",\"description\":\"Your private holiday house in Piemonte\",\"publisher\":{\"@id\":\"https:\\\/\\\/villa-perla.it\\\/de\\\/#organization\"},\"alternateName\":\"Villa Perla |\",\"potentialAction\":[{\"@type\":\"SearchAction\",\"target\":{\"@type\":\"EntryPoint\",\"urlTemplate\":\"https:\\\/\\\/villa-perla.it\\\/de\\\/?s={search_term_string}\"},\"query-input\":{\"@type\":\"PropertyValueSpecification\",\"valueRequired\":true,\"valueName\":\"search_term_string\"}}],\"inLanguage\":\"de\"},{\"@type\":\"Organization\",\"@id\":\"https:\\\/\\\/villa-perla.it\\\/de\\\/#organization\",\"name\":\"Villa Perla Piemonte\",\"alternateName\":\"Villa Perla Piemonte\",\"url\":\"https:\\\/\\\/villa-perla.it\\\/de\\\/\",\"logo\":{\"@type\":\"ImageObject\",\"inLanguage\":\"de\",\"@id\":\"https:\\\/\\\/villa-perla.it\\\/de\\\/#\\\/schema\\\/logo\\\/image\\\/\",\"url\":\"https:\\\/\\\/villa-perla.it\\\/wp-content\\\/uploads\\\/2021\\\/11\\\/villa-perla-piemone-logo-transparant-400-x-100-px.svg\",\"contentUrl\":\"https:\\\/\\\/villa-perla.it\\\/wp-content\\\/uploads\\\/2021\\\/11\\\/villa-perla-piemone-logo-transparant-400-x-100-px.svg\",\"caption\":\"Villa Perla Piemonte\"},\"image\":{\"@id\":\"https:\\\/\\\/villa-perla.it\\\/de\\\/#\\\/schema\\\/logo\\\/image\\\/\"},\"sameAs\":[\"https:\\\/\\\/www.facebook.com\\\/villaperla.piemonte\",\"https:\\\/\\\/www.instagram.com\\\/villaperla_piemonte\"]}]}<\/script>\n<!-- \/ Yoast SEO plugin. -->","yoast_head_json":{"title":"Verf\u00fcgbarkeit & Buchungen | Villa Perla in Piemonte","description":"\u00dcberpr\u00fcfen Sie die Preise und die Verf\u00fcgbarkeit der Villa Perla in Piemonte in unserem Online-Kalender oder nutzen Sie eine der externen Plattformen.","robots":{"index":"index","follow":"follow","max-snippet":"max-snippet:-1","max-image-preview":"max-image-preview:large","max-video-preview":"max-video-preview:-1"},"canonical":"https:\/\/villa-perla.it\/de\/verfuegbarkeit-buchungen\/","og_locale":"de_DE","og_type":"article","og_title":"Villa Perla Piemonte | Preise pr\u00fcfen und direkt buchen","og_description":"\u00dcberpr\u00fcfen Sie die Preise und Verf\u00fcgbarkeit Villa Perla in Piemonte in unserem Online-Kalender oder verwenden Sie eine der externen Plattformen","og_url":"https:\/\/villa-perla.it\/de\/verfuegbarkeit-buchungen\/","og_site_name":"Villa Perla | Langhe - Monferrato","article_publisher":"https:\/\/www.facebook.com\/villaperla.piemonte","article_modified_time":"2024-07-10T13:25:42+00:00","og_image":[{"url":"https:\/\/villa-perla.it\/wp-content\/uploads\/2023\/02\/villa-perla-piemonte-transparant-400x200-1.png","type":"","width":"","height":""}],"twitter_card":"summary_large_image","twitter_title":"Villa Perla Piemonte | Preise pr\u00fcfen und direkt buchen","twitter_description":"\u00dcberpr\u00fcfen Sie die Preise und Verf\u00fcgbarkeit Villa Perla in Piemonte in unserem Online-Kalender oder verwenden Sie eine der externen Plattformen","twitter_image":"https:\/\/villa-perla.it\/wp-content\/uploads\/2023\/09\/VILLA-PERLA-800-x-800-px.png","twitter_misc":{"Gesch\u00e4tzte Lesezeit":"3\u00a0Minuten"},"schema":{"@context":"https:\/\/schema.org","@graph":[{"@type":"WebPage","@id":"https:\/\/villa-perla.it\/de\/verfuegbarkeit-buchungen\/","url":"https:\/\/villa-perla.it\/de\/verfuegbarkeit-buchungen\/","name":"Verf\u00fcgbarkeit & Buchungen | Villa Perla in Piemonte","isPartOf":{"@id":"https:\/\/villa-perla.it\/de\/#website"},"primaryImageOfPage":{"@id":"https:\/\/villa-perla.it\/de\/verfuegbarkeit-buchungen\/#primaryimage"},"image":{"@id":"https:\/\/villa-perla.it\/de\/verfuegbarkeit-buchungen\/#primaryimage"},"thumbnailUrl":"https:\/\/villa-perla.it\/wp-content\/uploads\/2023\/02\/villa-perla-piemonte-transparant-400x200-1.webp","datePublished":"2021-10-26T11:21:58+00:00","dateModified":"2024-07-10T13:25:42+00:00","description":"\u00dcberpr\u00fcfen Sie die Preise und die Verf\u00fcgbarkeit der Villa Perla in Piemonte in unserem Online-Kalender oder nutzen Sie eine der externen Plattformen.","breadcrumb":{"@id":"https:\/\/villa-perla.it\/de\/verfuegbarkeit-buchungen\/#breadcrumb"},"inLanguage":"de","potentialAction":[{"@type":"ReadAction","target":["https:\/\/villa-perla.it\/de\/verfuegbarkeit-buchungen\/"]}]},{"@type":"ImageObject","inLanguage":"de","@id":"https:\/\/villa-perla.it\/de\/verfuegbarkeit-buchungen\/#primaryimage","url":"https:\/\/villa-perla.it\/wp-content\/uploads\/2023\/02\/villa-perla-piemonte-transparant-400x200-1.webp","contentUrl":"https:\/\/villa-perla.it\/wp-content\/uploads\/2023\/02\/villa-perla-piemonte-transparant-400x200-1.webp","width":400,"height":200},{"@type":"BreadcrumbList","@id":"https:\/\/villa-perla.it\/de\/verfuegbarkeit-buchungen\/#breadcrumb","itemListElement":[{"@type":"ListItem","position":1,"name":"Home","item":"https:\/\/villa-perla.it\/de\/"},{"@type":"ListItem","position":2,"name":"Verf\u00fcgbarkeit und Buchungen"}]},{"@type":"WebSite","@id":"https:\/\/villa-perla.it\/de\/#website","url":"https:\/\/villa-perla.it\/de\/","name":"Villa Perla | Langhe - Monferrato","description":"Your private holiday house in Piemonte","publisher":{"@id":"https:\/\/villa-perla.it\/de\/#organization"},"alternateName":"Villa Perla |","potentialAction":[{"@type":"SearchAction","target":{"@type":"EntryPoint","urlTemplate":"https:\/\/villa-perla.it\/de\/?s={search_term_string}"},"query-input":{"@type":"PropertyValueSpecification","valueRequired":true,"valueName":"search_term_string"}}],"inLanguage":"de"},{"@type":"Organization","@id":"https:\/\/villa-perla.it\/de\/#organization","name":"Villa Perla Piemonte","alternateName":"Villa Perla Piemonte","url":"https:\/\/villa-perla.it\/de\/","logo":{"@type":"ImageObject","inLanguage":"de","@id":"https:\/\/villa-perla.it\/de\/#\/schema\/logo\/image\/","url":"https:\/\/villa-perla.it\/wp-content\/uploads\/2021\/11\/villa-perla-piemone-logo-transparant-400-x-100-px.svg","contentUrl":"https:\/\/villa-perla.it\/wp-content\/uploads\/2021\/11\/villa-perla-piemone-logo-transparant-400-x-100-px.svg","caption":"Villa Perla Piemonte"},"image":{"@id":"https:\/\/villa-perla.it\/de\/#\/schema\/logo\/image\/"},"sameAs":["https:\/\/www.facebook.com\/villaperla.piemonte","https:\/\/www.instagram.com\/villaperla_piemonte"]}]}},"_links":{"self":[{"href":"https:\/\/villa-perla.it\/de\/wp-json\/wp\/v2\/pages\/10214","targetHints":{"allow":["GET"]}}],"collection":[{"href":"https:\/\/villa-perla.it\/de\/wp-json\/wp\/v2\/pages"}],"about":[{"href":"https:\/\/villa-perla.it\/de\/wp-json\/wp\/v2\/types\/page"}],"author":[{"embeddable":true,"href":"https:\/\/villa-perla.it\/de\/wp-json\/wp\/v2\/users\/1"}],"replies":[{"embeddable":true,"href":"https:\/\/villa-perla.it\/de\/wp-json\/wp\/v2\/comments?post=10214"}],"version-history":[{"count":0,"href":"https:\/\/villa-perla.it\/de\/wp-json\/wp\/v2\/pages\/10214\/revisions"}],"wp:featuredmedia":[{"embeddable":true,"href":"https:\/\/villa-perla.it\/de\/wp-json\/wp\/v2\/media\/10215"}],"wp:attachment":[{"href":"https:\/\/villa-perla.it\/de\/wp-json\/wp\/v2\/media?parent=10214"}],"curies":[{"name":"wp","href":"https:\/\/api.w.org\/{rel}","templated":true}]}}