{"id":16458,"date":"2021-10-26T13:37:22","date_gmt":"2021-10-26T11:37:22","guid":{"rendered":"https:\/\/villa-perla.it\/omraadet\/"},"modified":"2024-12-12T19:56:38","modified_gmt":"2024-12-12T18:56:38","slug":"omraadet","status":"publish","type":"page","link":"https:\/\/villa-perla.it\/da\/omraadet\/","title":{"rendered":"Omr\u00e5det"},"content":{"rendered":"\t\t<div data-elementor-type=\"wp-page\" data-elementor-id=\"16458\" class=\"elementor elementor-16458 elementor-2724\" data-elementor-post-type=\"page\">\n\t\t\t\t\t\t<section class=\"elementor-section elementor-top-section elementor-element elementor-element-3160a32 elementor-section-boxed elementor-section-height-default elementor-section-height-default\" data-id=\"3160a32\" data-element_type=\"section\" data-e-type=\"section\" data-settings=\"{&quot;jet_parallax_layout_list&quot;:[{&quot;jet_parallax_layout_image&quot;:{&quot;url&quot;:&quot;&quot;,&quot;id&quot;:&quot;&quot;,&quot;size&quot;:&quot;&quot;},&quot;_id&quot;:&quot;ead8ecb&quot;,&quot;jet_parallax_layout_image_tablet&quot;:{&quot;url&quot;:&quot;&quot;,&quot;id&quot;:&quot;&quot;,&quot;size&quot;:&quot;&quot;},&quot;jet_parallax_layout_image_mobile&quot;:{&quot;url&quot;:&quot;&quot;,&quot;id&quot;:&quot;&quot;,&quot;size&quot;:&quot;&quot;},&quot;jet_parallax_layout_speed&quot;:{&quot;unit&quot;:&quot;%&quot;,&quot;size&quot;:50,&quot;sizes&quot;:[]},&quot;jet_parallax_layout_type&quot;:&quot;scroll&quot;,&quot;jet_parallax_layout_direction&quot;:&quot;1&quot;,&quot;jet_parallax_layout_fx_direction&quot;:null,&quot;jet_parallax_layout_z_index&quot;:&quot;&quot;,&quot;jet_parallax_layout_bg_x&quot;:50,&quot;jet_parallax_layout_bg_x_tablet&quot;:&quot;&quot;,&quot;jet_parallax_layout_bg_x_mobile&quot;:&quot;&quot;,&quot;jet_parallax_layout_bg_y&quot;:50,&quot;jet_parallax_layout_bg_y_tablet&quot;:&quot;&quot;,&quot;jet_parallax_layout_bg_y_mobile&quot;:&quot;&quot;,&quot;jet_parallax_layout_bg_size&quot;:&quot;auto&quot;,&quot;jet_parallax_layout_bg_size_tablet&quot;:&quot;&quot;,&quot;jet_parallax_layout_bg_size_mobile&quot;:&quot;&quot;,&quot;jet_parallax_layout_animation_prop&quot;:&quot;transform&quot;,&quot;jet_parallax_layout_on&quot;:[&quot;desktop&quot;,&quot;tablet&quot;]}],&quot;background_background&quot;:&quot;classic&quot;}\">\n\t\t\t\t\t\t\t<div class=\"elementor-background-overlay\"><\/div>\n\t\t\t\t\t\t\t<div class=\"elementor-container elementor-column-gap-default\">\n\t\t\t\t\t<div class=\"elementor-column elementor-col-100 elementor-top-column elementor-element elementor-element-69c98b6\" data-id=\"69c98b6\" data-element_type=\"column\" data-e-type=\"column\">\n\t\t\t<div class=\"elementor-widget-wrap elementor-element-populated\">\n\t\t\t\t\t\t<div class=\"elementor-element elementor-element-655748d elementor-widget elementor-widget-heading\" data-id=\"655748d\" data-element_type=\"widget\" data-e-type=\"widget\" data-widget_type=\"heading.default\">\n\t\t\t\t<div class=\"elementor-widget-container\">\n\t\t\t\t\t<h1 class=\"elementor-heading-title elementor-size-default\">Omr\u00e5det<\/h1>\t\t\t\t<\/div>\n\t\t\t\t<\/div>\n\t\t\t\t<div class=\"elementor-element elementor-element-bd05b1d elementor-widget elementor-widget-heading\" data-id=\"bd05b1d\" data-element_type=\"widget\" data-e-type=\"widget\" data-widget_type=\"heading.default\">\n\t\t\t\t<div class=\"elementor-widget-container\">\n\t\t\t\t\t<h1 class=\"elementor-heading-title elementor-size-default\">Langhe - monferrato<\/h1>\t\t\t\t<\/div>\n\t\t\t\t<\/div>\n\t\t\t\t<div class=\"elementor-element elementor-element-e6db8ac elementor-widget elementor-widget-spacer\" data-id=\"e6db8ac\" data-element_type=\"widget\" data-e-type=\"widget\" data-widget_type=\"spacer.default\">\n\t\t\t\t<div class=\"elementor-widget-container\">\n\t\t\t\t\t\t\t<div class=\"elementor-spacer\">\n\t\t\t<div class=\"elementor-spacer-inner\"><\/div>\n\t\t<\/div>\n\t\t\t\t\t\t<\/div>\n\t\t\t\t<\/div>\n\t\t\t\t<div class=\"elementor-element elementor-element-d9ecb4c elementor-align-center elementor-widget elementor-widget-button\" data-id=\"d9ecb4c\" data-element_type=\"widget\" data-e-type=\"widget\" data-widget_type=\"button.default\">\n\t\t\t\t<div class=\"elementor-widget-container\">\n\t\t\t\t\t\t\t\t\t<div class=\"elementor-button-wrapper\">\n\t\t\t\t\t<a class=\"elementor-button elementor-button-link elementor-size-sm\" href=\"https:\/\/villa-perla.it\/da\/tilgaengelighed-og-bookinger\/\">\n\t\t\t\t\t\t<span class=\"elementor-button-content-wrapper\">\n\t\t\t\t\t\t\t\t\t<span class=\"elementor-button-text\">Tilg\u00e6ngelighed og booking<\/span>\n\t\t\t\t\t<\/span>\n\t\t\t\t\t<\/a>\n\t\t\t\t<\/div>\n\t\t\t\t\t\t\t\t<\/div>\n\t\t\t\t<\/div>\n\t\t\t\t\t<\/div>\n\t\t<\/div>\n\t\t\t\t\t<\/div>\n\t\t<\/section>\n\t\t\t\t<section class=\"elementor-section elementor-top-section elementor-element elementor-element-295034d elementor-section-boxed elementor-section-height-default elementor-section-height-default\" data-id=\"295034d\" data-element_type=\"section\" data-e-type=\"section\" data-settings=\"{&quot;jet_parallax_layout_list&quot;:[{&quot;jet_parallax_layout_image&quot;:{&quot;url&quot;:&quot;&quot;,&quot;id&quot;:&quot;&quot;,&quot;size&quot;:&quot;&quot;},&quot;_id&quot;:&quot;71c53b9&quot;,&quot;jet_parallax_layout_image_tablet&quot;:{&quot;url&quot;:&quot;&quot;,&quot;id&quot;:&quot;&quot;,&quot;size&quot;:&quot;&quot;},&quot;jet_parallax_layout_image_mobile&quot;:{&quot;url&quot;:&quot;&quot;,&quot;id&quot;:&quot;&quot;,&quot;size&quot;:&quot;&quot;},&quot;jet_parallax_layout_speed&quot;:{&quot;unit&quot;:&quot;%&quot;,&quot;size&quot;:50,&quot;sizes&quot;:[]},&quot;jet_parallax_layout_type&quot;:&quot;scroll&quot;,&quot;jet_parallax_layout_direction&quot;:&quot;1&quot;,&quot;jet_parallax_layout_fx_direction&quot;:null,&quot;jet_parallax_layout_z_index&quot;:&quot;&quot;,&quot;jet_parallax_layout_bg_x&quot;:50,&quot;jet_parallax_layout_bg_x_tablet&quot;:&quot;&quot;,&quot;jet_parallax_layout_bg_x_mobile&quot;:&quot;&quot;,&quot;jet_parallax_layout_bg_y&quot;:50,&quot;jet_parallax_layout_bg_y_tablet&quot;:&quot;&quot;,&quot;jet_parallax_layout_bg_y_mobile&quot;:&quot;&quot;,&quot;jet_parallax_layout_bg_size&quot;:&quot;auto&quot;,&quot;jet_parallax_layout_bg_size_tablet&quot;:&quot;&quot;,&quot;jet_parallax_layout_bg_size_mobile&quot;:&quot;&quot;,&quot;jet_parallax_layout_animation_prop&quot;:&quot;transform&quot;,&quot;jet_parallax_layout_on&quot;:[&quot;desktop&quot;,&quot;tablet&quot;]}]}\">\n\t\t\t\t\t\t<div class=\"elementor-container elementor-column-gap-default\">\n\t\t\t\t\t<header class=\"elementor-column elementor-col-100 elementor-top-column elementor-element elementor-element-a4a6a0d\" data-id=\"a4a6a0d\" data-element_type=\"column\" data-e-type=\"column\">\n\t\t\t<div class=\"elementor-widget-wrap elementor-element-populated\">\n\t\t\t\t\t\t<div class=\"elementor-element elementor-element-ada46dd elementor-widget elementor-widget-text-editor\" data-id=\"ada46dd\" data-element_type=\"widget\" data-e-type=\"widget\" data-widget_type=\"text-editor.default\">\n\t\t\t\t<div class=\"elementor-widget-container\">\n\t\t\t\t\t\t\t\t\t<p id=\"tw-target-text\" class=\"tw-data-text tw-text-large XcVN5d tw-ta\" dir=\"ltr\" data-placeholder=\"Translation\">Feriehuset ligger p\u00e5 toppen af en bakke mellem <a href=\"https:\/\/villa-perla.it\/winetasting\/\">ving\u00e5rdene<\/a> og byder p\u00e5 ro og en fantastisk udsigt over det omkringliggende landskab. Beliggende mellem vinmarker med Barbera, Nebiolo, Moscato, &#8230; Villa Perla Piemonte er bygget midt i Langhe-Monferrato UNESCO-verdensarvsomr\u00e5det.  <\/p>\n<p class=\"tw-data-text tw-text-large XcVN5d tw-ta\" dir=\"ltr\" data-placeholder=\"Translation\">Ber\u00f8mte landsbyer som Calosso, Neive, Canelli, Nizza Monferrato og mange andre venter p\u00e5, at du bliver opdaget og f\u00e5r nogle vidunderlige minder.<\/p>\n<p dir=\"ltr\" data-placeholder=\"Translation\">P\u00e5 klare dage kan man se Alpernes sned\u00e6kkede tinder.  <\/p>\n<p dir=\"ltr\" data-placeholder=\"Translation\">Denne del af Piemonte er verdensber\u00f8mt for sine (Barolo)-vine, hvide tr\u00f8fler og god italiensk mad!<\/p>\n\t\t\t\t\t\t\t\t<\/div>\n\t\t\t\t<\/div>\n\t\t\t\t\t<\/div>\n\t\t<\/header>\n\t\t\t\t\t<\/div>\n\t\t<\/section>\n\t\t\t\t<section class=\"elementor-section elementor-top-section elementor-element elementor-element-383d3be elementor-section-boxed elementor-section-height-default elementor-section-height-default\" data-id=\"383d3be\" data-element_type=\"section\" data-e-type=\"section\" data-settings=\"{&quot;jet_parallax_layout_list&quot;:[]}\">\n\t\t\t\t\t\t<div class=\"elementor-container elementor-column-gap-default\">\n\t\t\t\t\t<div class=\"elementor-column elementor-col-100 elementor-top-column elementor-element elementor-element-604b297\" data-id=\"604b297\" data-element_type=\"column\" data-e-type=\"column\">\n\t\t\t<div class=\"elementor-widget-wrap elementor-element-populated\">\n\t\t\t\t\t\t<section class=\"elementor-section elementor-inner-section elementor-element elementor-element-075a392 elementor-section-full_width elementor-section-height-default elementor-section-height-default\" data-id=\"075a392\" data-element_type=\"section\" data-e-type=\"section\" data-settings=\"{&quot;jet_parallax_layout_list&quot;:[]}\">\n\t\t\t\t\t\t<div class=\"elementor-container elementor-column-gap-default\">\n\t\t\t\t\t<div class=\"elementor-column elementor-col-50 elementor-inner-column elementor-element elementor-element-86a550d\" data-id=\"86a550d\" data-element_type=\"column\" data-e-type=\"column\">\n\t\t\t<div class=\"elementor-widget-wrap elementor-element-populated\">\n\t\t\t\t\t\t<div class=\"elementor-element elementor-element-a5101cc elementor-widget elementor-widget-heading\" data-id=\"a5101cc\" data-element_type=\"widget\" data-e-type=\"widget\" data-widget_type=\"heading.default\">\n\t\t\t\t<div class=\"elementor-widget-container\">\n\t\t\t\t\t<h2 class=\"elementor-heading-title elementor-size-default\">SENESTE INDL\u00c6G OM OMR\u00c5DET<\/h2>\t\t\t\t<\/div>\n\t\t\t\t<\/div>\n\t\t\t\t<div class=\"elementor-element elementor-element-1e25f1c elementor-grid-2 elementor-grid-tablet-2 elementor-grid-mobile-1 elementor-posts--thumbnail-top elementor-widget elementor-widget-posts\" data-id=\"1e25f1c\" data-element_type=\"widget\" data-e-type=\"widget\" data-settings=\"{&quot;classic_columns&quot;:&quot;2&quot;,&quot;classic_columns_tablet&quot;:&quot;2&quot;,&quot;classic_columns_mobile&quot;:&quot;1&quot;,&quot;classic_row_gap&quot;:{&quot;unit&quot;:&quot;px&quot;,&quot;size&quot;:35,&quot;sizes&quot;:[]},&quot;classic_row_gap_tablet&quot;:{&quot;unit&quot;:&quot;px&quot;,&quot;size&quot;:&quot;&quot;,&quot;sizes&quot;:[]},&quot;classic_row_gap_mobile&quot;:{&quot;unit&quot;:&quot;px&quot;,&quot;size&quot;:&quot;&quot;,&quot;sizes&quot;:[]}}\" data-widget_type=\"posts.classic\">\n\t\t\t\t<div class=\"elementor-widget-container\">\n\t\t\t\t\t\t\t<div class=\"elementor-posts-container elementor-posts elementor-posts--skin-classic elementor-grid\" role=\"list\">\n\t\t\t\t<article class=\"elementor-post elementor-grid-item post-19751 post type-post status-publish format-standard has-post-thumbnail hentry category-villa-perla tag-at-gore\" role=\"listitem\">\n\t\t\t\t<a class=\"elementor-post__thumbnail__link\" href=\"https:\/\/villa-perla.it\/da\/ophold-med-hund-paa-villa-perla-i-piemonte\/\" tabindex=\"-1\" >\n\t\t\t<div class=\"elementor-post__thumbnail\"><img fetchpriority=\"high\" decoding=\"async\" width=\"1920\" height=\"1080\" src=\"https:\/\/villa-perla.it\/wp-content\/uploads\/2024\/05\/villa-perla-piemonte-holiday-house-poolside-scaled.webp\" class=\"attachment-full size-full wp-image-19752\" alt=\"\" srcset=\"https:\/\/villa-perla.it\/wp-content\/uploads\/2024\/05\/villa-perla-piemonte-holiday-house-poolside-scaled.webp 1920w, https:\/\/villa-perla.it\/wp-content\/uploads\/2024\/05\/villa-perla-piemonte-holiday-house-poolside-300x169.webp 300w, https:\/\/villa-perla.it\/wp-content\/uploads\/2024\/05\/villa-perla-piemonte-holiday-house-poolside-1024x576.webp 1024w, https:\/\/villa-perla.it\/wp-content\/uploads\/2024\/05\/villa-perla-piemonte-holiday-house-poolside-768x432.webp 768w, https:\/\/villa-perla.it\/wp-content\/uploads\/2024\/05\/villa-perla-piemonte-holiday-house-poolside-1536x864.webp 1536w\" sizes=\"(max-width: 1920px) 100vw, 1920px\" \/><\/div>\n\t\t<\/a>\n\t\t\t\t<div class=\"elementor-post__text\">\n\t\t\t\t<h3 class=\"elementor-post__title\">\n\t\t\t<a href=\"https:\/\/villa-perla.it\/da\/ophold-med-hund-paa-villa-perla-i-piemonte\/\" >\n\t\t\t\tOphold med hund p\u00e5 Villa Perla i Piemonte\t\t\t<\/a>\n\t\t<\/h3>\n\t\t\t\t<div class=\"elementor-post__meta-data\">\n\t\t\t\t\t<span class=\"elementor-post-date\">\n\t\t\t14. april 2026\t\t<\/span>\n\t\t\t\t<\/div>\n\t\t\t\t<div class=\"elementor-post__excerpt\">\n\t\t\t<p>Rejser du med din hund i Piemonte? Din firbenede ven er velkommen i Villa Perla. L\u00e6s vores husregler, s\u00e5 vi kan blive ved med at acceptere hunde i dette smukke hj\u00f8rne af Piemonte.  <\/p>\n\t\t<\/div>\n\t\t\n\t\t<a class=\"elementor-post__read-more\" href=\"https:\/\/villa-perla.it\/da\/ophold-med-hund-paa-villa-perla-i-piemonte\/\" aria-label=\"Read more about Ophold med hund p\u00e5 Villa Perla i Piemonte\" tabindex=\"-1\" >\n\t\t\tL\u00e6s mere \"\t\t<\/a>\n\n\t\t\t\t<\/div>\n\t\t\t\t<\/article>\n\t\t\t\t<article class=\"elementor-post elementor-grid-item post-19684 post type-post status-publish format-standard has-post-thumbnail hentry category-at-gore tag-at-gore\" role=\"listitem\">\n\t\t\t\t<a class=\"elementor-post__thumbnail__link\" href=\"https:\/\/villa-perla.it\/da\/koereafstande-mellem-villa-perla-og-de-smukkeste-middelalderlandsbyer-eller-borgoer-i-piemonte\/\" tabindex=\"-1\" >\n\t\t\t<div class=\"elementor-post__thumbnail\"><img decoding=\"async\" width=\"2298\" height=\"1968\" src=\"https:\/\/villa-perla.it\/wp-content\/uploads\/2024\/08\/villa-perla-piemonte-daytrip-neive-art-featured.webp\" class=\"attachment-full size-full wp-image-16395\" alt=\"\" \/><\/div>\n\t\t<\/a>\n\t\t\t\t<div class=\"elementor-post__text\">\n\t\t\t\t<h3 class=\"elementor-post__title\">\n\t\t\t<a href=\"https:\/\/villa-perla.it\/da\/koereafstande-mellem-villa-perla-og-de-smukkeste-middelalderlandsbyer-eller-borgoer-i-piemonte\/\" >\n\t\t\t\tK\u00f8reafstande mellem Villa perla og de smukkeste middelalderlandsbyer eller borgo&#8217;er i Piemonte\t\t\t<\/a>\n\t\t<\/h3>\n\t\t\t\t<div class=\"elementor-post__meta-data\">\n\t\t\t\t\t<span class=\"elementor-post-date\">\n\t\t\t11. marts 2026\t\t<\/span>\n\t\t\t\t<\/div>\n\t\t\t\t<div class=\"elementor-post__excerpt\">\n\t\t\t<p>Regionen omkring Villa Perla i Piemonte er fyldt med unikke steder p\u00e5 UNESCO&#8217;s verdensarvsliste, charmerende landsbyer og fantastiske landskaber&#8230;<\/p>\n\t\t<\/div>\n\t\t\n\t\t<a class=\"elementor-post__read-more\" href=\"https:\/\/villa-perla.it\/da\/koereafstande-mellem-villa-perla-og-de-smukkeste-middelalderlandsbyer-eller-borgoer-i-piemonte\/\" aria-label=\"Read more about K\u00f8reafstande mellem Villa perla og de smukkeste middelalderlandsbyer eller borgo&#8217;er i Piemonte\" tabindex=\"-1\" >\n\t\t\tL\u00e6s mere \"\t\t<\/a>\n\n\t\t\t\t<\/div>\n\t\t\t\t<\/article>\n\t\t\t\t<\/div>\n\t\t\n\t\t\t\t\t\t<\/div>\n\t\t\t\t<\/div>\n\t\t\t\t\t<\/div>\n\t\t<\/div>\n\t\t\t\t<div class=\"elementor-column elementor-col-50 elementor-inner-column elementor-element elementor-element-4d25048\" data-id=\"4d25048\" data-element_type=\"column\" data-e-type=\"column\" data-settings=\"{&quot;background_background&quot;:&quot;classic&quot;}\">\n\t\t\t<div class=\"elementor-widget-wrap elementor-element-populated\">\n\t\t\t\t\t\t<div class=\"elementor-element elementor-element-d59a383 elementor-widget elementor-widget-heading\" data-id=\"d59a383\" data-element_type=\"widget\" data-e-type=\"widget\" data-widget_type=\"heading.default\">\n\t\t\t\t<div class=\"elementor-widget-container\">\n\t\t\t\t\t<h2 class=\"elementor-heading-title elementor-size-default\">Afstande fra VILLA PERLA<\/h2>\t\t\t\t<\/div>\n\t\t\t\t<\/div>\n\t\t\t\t<div class=\"elementor-element elementor-element-80b83fb elementor-widget elementor-widget-text-editor\" data-id=\"80b83fb\" data-element_type=\"widget\" data-e-type=\"widget\" data-widget_type=\"text-editor.default\">\n\t\t\t\t<div class=\"elementor-widget-container\">\n\t\t\t\t\t\t\t\t\t<ul>\n<li dir=\"ltr\" data-placeholder=\"Translation\">Calosso (4 km)<\/li>\n<li dir=\"ltr\" data-placeholder=\"Translation\">Costigliole d&#8217;Asti (3 km)<\/li>\n<li dir=\"ltr\" data-placeholder=\"Translation\">Canelli (7 km)<\/li>\n<li dir=\"ltr\" data-placeholder=\"Translation\">Asti (20 minutter)<\/li>\n<li dir=\"ltr\" data-placeholder=\"Translation\">Alba (30 min)<\/li>\n<li dir=\"ltr\" data-placeholder=\"Translation\">Barolo-omr\u00e5det (30-40 min)<\/li>\n<li dir=\"ltr\" data-placeholder=\"Translation\">Torino (1 time)<\/li>\n<li dir=\"ltr\" data-placeholder=\"Translation\">Milano (1:30)<\/li>\n<li dir=\"ltr\" data-placeholder=\"Translation\">Middelhavet (1 time)<\/li>\n<li dir=\"ltr\" data-placeholder=\"Translation\">Skiomr\u00e5der (1t &#8211; 1h30)<\/li>\n<\/ul>\t\t\t\t\t\t\t\t<\/div>\n\t\t\t\t<\/div>\n\t\t\t\t\t<\/div>\n\t\t<\/div>\n\t\t\t\t\t<\/div>\n\t\t<\/section>\n\t\t\t\t\t<\/div>\n\t\t<\/div>\n\t\t\t\t\t<\/div>\n\t\t<\/section>\n\t\t\t\t<section class=\"elementor-section elementor-top-section elementor-element elementor-element-11d7b3d elementor-section-full_width elementor-section-height-min-height elementor-section-content-middle elementor-section-height-default elementor-section-items-middle\" data-id=\"11d7b3d\" data-element_type=\"section\" data-e-type=\"section\" data-settings=\"{&quot;background_background&quot;:&quot;classic&quot;,&quot;jet_parallax_layout_list&quot;:[]}\">\n\t\t\t\t\t\t<div class=\"elementor-container elementor-column-gap-default\">\n\t\t\t\t\t<div class=\"elementor-column elementor-col-100 elementor-top-column elementor-element elementor-element-c2d47ec\" data-id=\"c2d47ec\" data-element_type=\"column\" data-e-type=\"column\">\n\t\t\t<div class=\"elementor-widget-wrap\">\n\t\t\t\t\t\t\t<\/div>\n\t\t<\/div>\n\t\t\t\t\t<\/div>\n\t\t<\/section>\n\t\t\t\t<section class=\"elementor-section elementor-top-section elementor-element elementor-element-63a99b6 elementor-section-boxed elementor-section-height-default elementor-section-height-default\" data-id=\"63a99b6\" data-element_type=\"section\" data-e-type=\"section\" data-settings=\"{&quot;jet_parallax_layout_list&quot;:[]}\">\n\t\t\t\t\t\t<div class=\"elementor-container elementor-column-gap-default\">\n\t\t\t\t\t<div class=\"elementor-column elementor-col-100 elementor-top-column elementor-element elementor-element-0598383\" data-id=\"0598383\" data-element_type=\"column\" data-e-type=\"column\">\n\t\t\t<div class=\"elementor-widget-wrap elementor-element-populated\">\n\t\t\t\t\t\t<section class=\"elementor-section elementor-inner-section elementor-element elementor-element-6da8d26 elementor-section-boxed elementor-section-height-default elementor-section-height-default\" data-id=\"6da8d26\" data-element_type=\"section\" data-e-type=\"section\" data-settings=\"{&quot;jet_parallax_layout_list&quot;:[]}\">\n\t\t\t\t\t\t<div class=\"elementor-container elementor-column-gap-default\">\n\t\t\t\t\t<div class=\"elementor-column elementor-col-50 elementor-inner-column elementor-element elementor-element-8558885\" data-id=\"8558885\" data-element_type=\"column\" data-e-type=\"column\">\n\t\t\t<div class=\"elementor-widget-wrap elementor-element-populated\">\n\t\t\t\t\t\t<div class=\"elementor-element elementor-element-bdc331b elementor-widget elementor-widget-google_maps\" data-id=\"bdc331b\" data-element_type=\"widget\" data-e-type=\"widget\" data-widget_type=\"google_maps.default\">\n\t\t\t\t<div class=\"elementor-widget-container\">\n\t\t\t\t\t\t\t<div class=\"elementor-custom-embed\">\n\t\t\t<iframe loading=\"lazy\"\n\t\t\t\t\tsrc=\"https:\/\/maps.google.com\/maps?q=Villa%20Perla%2C%20strada%20bricco&#038;t=m&#038;z=10&#038;output=embed&#038;iwloc=near\"\n\t\t\t\t\ttitle=\"Villa Perla, strada bricco\"\n\t\t\t\t\taria-label=\"Villa Perla, strada bricco\"\n\t\t\t><\/iframe>\n\t\t<\/div>\n\t\t\t\t\t\t<\/div>\n\t\t\t\t<\/div>\n\t\t\t\t\t<\/div>\n\t\t<\/div>\n\t\t\t\t<div class=\"elementor-column elementor-col-50 elementor-inner-column elementor-element elementor-element-4b5c075\" data-id=\"4b5c075\" data-element_type=\"column\" data-e-type=\"column\">\n\t\t\t<div class=\"elementor-widget-wrap elementor-element-populated\">\n\t\t\t\t\t\t<div class=\"elementor-element elementor-element-014fad4 elementor-widget elementor-widget-wp-widget-wettervorhersage_widget\" data-id=\"014fad4\" data-element_type=\"widget\" data-e-type=\"widget\" data-widget_type=\"wp-widget-wettervorhersage_widget.default\">\n\t\t\t\t<div class=\"elementor-widget-container\">\n\t\t\t\t\t\n        <div id=\"\"\n             class=\"weather_widget_wrap wettervorhersage-widget weather_widget_style2\"\n             data-text-color='#ffffff'\n             data-background=\"#000000\"\n             data-width=\"tight\"\n             data-days=\"6\"\n             data-sunrise=\"on\"\n             data-wind=\"on\"\n             data-language=\"english\"\n             data-city=\"Costigliole d'Asti\"\n             data-country=\"Italy\">\n\n            <div class=\"weather_widget_placeholder\"><\/div>\n<!--            <div style=\"font-size: 14px;text-align: center;padding-top: 6px;padding-bottom: 4px;background: rgba(0,0,0,0.03);\">-->\n<!--                Powered by <a target=\"_blank\" href=\"https:\/\/www.wetter2.com\">Wetter2.com<\/a>-->\n<!--            <\/div>-->\n        <\/div>\n        \t\t\t\t<\/div>\n\t\t\t\t<\/div>\n\t\t\t\t\t<\/div>\n\t\t<\/div>\n\t\t\t\t\t<\/div>\n\t\t<\/section>\n\t\t\t\t\t<\/div>\n\t\t<\/div>\n\t\t\t\t\t<\/div>\n\t\t<\/section>\n\t\t\t\t<\/div>\n\t\t","protected":false},"excerpt":{"rendered":"<p>Omr\u00e5det omkring Villa Perla i Piemonte. Asti, Alba, Torino, Milian, &#8230; Sm\u00e5 borgo&#8217;er som Neive, Calosso, Costigliole d&#8217;Asti, &#8230;    <\/p>\n","protected":false},"author":1,"featured_media":16459,"parent":0,"menu_order":0,"comment_status":"closed","ping_status":"closed","template":"","meta":{"_angie_page":false,"footnotes":""},"class_list":["post-16458","page","type-page","status-publish","has-post-thumbnail","hentry"],"yoast_head":"<!-- This site is optimized with the Yoast SEO plugin v27.4 - https:\/\/yoast.com\/product\/yoast-seo-wordpress\/ -->\n<title>Omr\u00e5det - Villa Perla | Langhe - Monferrato<\/title>\n<meta name=\"description\" content=\"Som en del af en bondeg\u00e5rd p\u00e5 en bakketop i Piemontese fra \u00e5r 1900 er det den perfekte beliggenhed for et feriehus.\" \/>\n<meta name=\"robots\" content=\"index, follow, max-snippet:-1, max-image-preview:large, max-video-preview:-1\" \/>\n<link rel=\"canonical\" href=\"https:\/\/villa-perla.it\/da\/omraadet\/\" \/>\n<meta property=\"og:locale\" content=\"da_DK\" \/>\n<meta property=\"og:type\" content=\"article\" \/>\n<meta property=\"og:title\" content=\"Villa Perla Piemonte | Oversigt og layout\" \/>\n<meta property=\"og:description\" content=\"Huset er perfekt til din ferie sammen med venner eller familie i Langhe-Monferrato-omr\u00e5det.\" \/>\n<meta property=\"og:url\" content=\"https:\/\/villa-perla.it\/da\/omraadet\/\" \/>\n<meta property=\"og:site_name\" content=\"Villa Perla | Langhe - Monferrato\" \/>\n<meta property=\"article:publisher\" content=\"https:\/\/www.facebook.com\/villaperla.piemonte\" \/>\n<meta property=\"article:modified_time\" content=\"2024-12-12T18:56:38+00:00\" \/>\n<meta property=\"og:image\" content=\"https:\/\/villa-perla.it\/wp-content\/uploads\/2022\/12\/villaperla-drone-2023-1024x683.jpg\" \/>\n<meta name=\"twitter:card\" content=\"summary_large_image\" \/>\n<meta name=\"twitter:image\" content=\"https:\/\/villa-perla.it\/wp-content\/uploads\/2022\/12\/villaperla-drone-2023-1024x683.jpg\" \/>\n<meta name=\"twitter:label1\" content=\"Estimeret l\u00e6setid\" \/>\n\t<meta name=\"twitter:data1\" content=\"1 minut\" \/>\n<script type=\"application\/ld+json\" class=\"yoast-schema-graph\">{\"@context\":\"https:\\\/\\\/schema.org\",\"@graph\":[{\"@type\":\"WebPage\",\"@id\":\"https:\\\/\\\/villa-perla.it\\\/da\\\/omraadet\\\/\",\"url\":\"https:\\\/\\\/villa-perla.it\\\/da\\\/omraadet\\\/\",\"name\":\"Omr\u00e5det - Villa Perla | Langhe - Monferrato\",\"isPartOf\":{\"@id\":\"https:\\\/\\\/villa-perla.it\\\/da\\\/#website\"},\"primaryImageOfPage\":{\"@id\":\"https:\\\/\\\/villa-perla.it\\\/da\\\/omraadet\\\/#primaryimage\"},\"image\":{\"@id\":\"https:\\\/\\\/villa-perla.it\\\/da\\\/omraadet\\\/#primaryimage\"},\"thumbnailUrl\":\"https:\\\/\\\/villa-perla.it\\\/wp-content\\\/uploads\\\/2021\\\/11\\\/villa-perla-piemone-logo-transparant-400-x-100-px.svg\",\"datePublished\":\"2021-10-26T11:37:22+00:00\",\"dateModified\":\"2024-12-12T18:56:38+00:00\",\"description\":\"Som en del af en bondeg\u00e5rd p\u00e5 en bakketop i Piemontese fra \u00e5r 1900 er det den perfekte beliggenhed for et feriehus.\",\"breadcrumb\":{\"@id\":\"https:\\\/\\\/villa-perla.it\\\/da\\\/omraadet\\\/#breadcrumb\"},\"inLanguage\":\"da-DK\",\"potentialAction\":[{\"@type\":\"ReadAction\",\"target\":[\"https:\\\/\\\/villa-perla.it\\\/da\\\/omraadet\\\/\"]}]},{\"@type\":\"ImageObject\",\"inLanguage\":\"da-DK\",\"@id\":\"https:\\\/\\\/villa-perla.it\\\/da\\\/omraadet\\\/#primaryimage\",\"url\":\"https:\\\/\\\/villa-perla.it\\\/wp-content\\\/uploads\\\/2021\\\/11\\\/villa-perla-piemone-logo-transparant-400-x-100-px.svg\",\"contentUrl\":\"https:\\\/\\\/villa-perla.it\\\/wp-content\\\/uploads\\\/2021\\\/11\\\/villa-perla-piemone-logo-transparant-400-x-100-px.svg\"},{\"@type\":\"BreadcrumbList\",\"@id\":\"https:\\\/\\\/villa-perla.it\\\/da\\\/omraadet\\\/#breadcrumb\",\"itemListElement\":[{\"@type\":\"ListItem\",\"position\":1,\"name\":\"Home\",\"item\":\"https:\\\/\\\/villa-perla.it\\\/da\\\/\"},{\"@type\":\"ListItem\",\"position\":2,\"name\":\"Omr\u00e5det\"}]},{\"@type\":\"WebSite\",\"@id\":\"https:\\\/\\\/villa-perla.it\\\/da\\\/#website\",\"url\":\"https:\\\/\\\/villa-perla.it\\\/da\\\/\",\"name\":\"Villa Perla | Langhe - Monferrato\",\"description\":\"Your private holiday house in Piemonte\",\"publisher\":{\"@id\":\"https:\\\/\\\/villa-perla.it\\\/da\\\/#organization\"},\"alternateName\":\"Villa Perla |\",\"potentialAction\":[{\"@type\":\"SearchAction\",\"target\":{\"@type\":\"EntryPoint\",\"urlTemplate\":\"https:\\\/\\\/villa-perla.it\\\/da\\\/?s={search_term_string}\"},\"query-input\":{\"@type\":\"PropertyValueSpecification\",\"valueRequired\":true,\"valueName\":\"search_term_string\"}}],\"inLanguage\":\"da-DK\"},{\"@type\":\"Organization\",\"@id\":\"https:\\\/\\\/villa-perla.it\\\/da\\\/#organization\",\"name\":\"Villa Perla Piemonte\",\"alternateName\":\"Villa Perla Piemonte\",\"url\":\"https:\\\/\\\/villa-perla.it\\\/da\\\/\",\"logo\":{\"@type\":\"ImageObject\",\"inLanguage\":\"da-DK\",\"@id\":\"https:\\\/\\\/villa-perla.it\\\/da\\\/#\\\/schema\\\/logo\\\/image\\\/\",\"url\":\"https:\\\/\\\/villa-perla.it\\\/wp-content\\\/uploads\\\/2021\\\/11\\\/villa-perla-piemone-logo-transparant-400-x-100-px.svg\",\"contentUrl\":\"https:\\\/\\\/villa-perla.it\\\/wp-content\\\/uploads\\\/2021\\\/11\\\/villa-perla-piemone-logo-transparant-400-x-100-px.svg\",\"caption\":\"Villa Perla Piemonte\"},\"image\":{\"@id\":\"https:\\\/\\\/villa-perla.it\\\/da\\\/#\\\/schema\\\/logo\\\/image\\\/\"},\"sameAs\":[\"https:\\\/\\\/www.facebook.com\\\/villaperla.piemonte\",\"https:\\\/\\\/www.instagram.com\\\/villaperla_piemonte\"]}]}<\/script>\n<!-- \/ Yoast SEO plugin. -->","yoast_head_json":{"title":"Omr\u00e5det - Villa Perla | Langhe - Monferrato","description":"Som en del af en bondeg\u00e5rd p\u00e5 en bakketop i Piemontese fra \u00e5r 1900 er det den perfekte beliggenhed for et feriehus.","robots":{"index":"index","follow":"follow","max-snippet":"max-snippet:-1","max-image-preview":"max-image-preview:large","max-video-preview":"max-video-preview:-1"},"canonical":"https:\/\/villa-perla.it\/da\/omraadet\/","og_locale":"da_DK","og_type":"article","og_title":"Villa Perla Piemonte | Oversigt og layout","og_description":"Huset er perfekt til din ferie sammen med venner eller familie i Langhe-Monferrato-omr\u00e5det.","og_url":"https:\/\/villa-perla.it\/da\/omraadet\/","og_site_name":"Villa Perla | Langhe - Monferrato","article_publisher":"https:\/\/www.facebook.com\/villaperla.piemonte","article_modified_time":"2024-12-12T18:56:38+00:00","og_image":[{"url":"https:\/\/villa-perla.it\/wp-content\/uploads\/2022\/12\/villaperla-drone-2023-1024x683.jpg","type":"","width":"","height":""}],"twitter_card":"summary_large_image","twitter_image":"https:\/\/villa-perla.it\/wp-content\/uploads\/2022\/12\/villaperla-drone-2023-1024x683.jpg","twitter_misc":{"Estimeret l\u00e6setid":"1 minut"},"schema":{"@context":"https:\/\/schema.org","@graph":[{"@type":"WebPage","@id":"https:\/\/villa-perla.it\/da\/omraadet\/","url":"https:\/\/villa-perla.it\/da\/omraadet\/","name":"Omr\u00e5det - Villa Perla | Langhe - Monferrato","isPartOf":{"@id":"https:\/\/villa-perla.it\/da\/#website"},"primaryImageOfPage":{"@id":"https:\/\/villa-perla.it\/da\/omraadet\/#primaryimage"},"image":{"@id":"https:\/\/villa-perla.it\/da\/omraadet\/#primaryimage"},"thumbnailUrl":"https:\/\/villa-perla.it\/wp-content\/uploads\/2021\/11\/villa-perla-piemone-logo-transparant-400-x-100-px.svg","datePublished":"2021-10-26T11:37:22+00:00","dateModified":"2024-12-12T18:56:38+00:00","description":"Som en del af en bondeg\u00e5rd p\u00e5 en bakketop i Piemontese fra \u00e5r 1900 er det den perfekte beliggenhed for et feriehus.","breadcrumb":{"@id":"https:\/\/villa-perla.it\/da\/omraadet\/#breadcrumb"},"inLanguage":"da-DK","potentialAction":[{"@type":"ReadAction","target":["https:\/\/villa-perla.it\/da\/omraadet\/"]}]},{"@type":"ImageObject","inLanguage":"da-DK","@id":"https:\/\/villa-perla.it\/da\/omraadet\/#primaryimage","url":"https:\/\/villa-perla.it\/wp-content\/uploads\/2021\/11\/villa-perla-piemone-logo-transparant-400-x-100-px.svg","contentUrl":"https:\/\/villa-perla.it\/wp-content\/uploads\/2021\/11\/villa-perla-piemone-logo-transparant-400-x-100-px.svg"},{"@type":"BreadcrumbList","@id":"https:\/\/villa-perla.it\/da\/omraadet\/#breadcrumb","itemListElement":[{"@type":"ListItem","position":1,"name":"Home","item":"https:\/\/villa-perla.it\/da\/"},{"@type":"ListItem","position":2,"name":"Omr\u00e5det"}]},{"@type":"WebSite","@id":"https:\/\/villa-perla.it\/da\/#website","url":"https:\/\/villa-perla.it\/da\/","name":"Villa Perla | Langhe - Monferrato","description":"Your private holiday house in Piemonte","publisher":{"@id":"https:\/\/villa-perla.it\/da\/#organization"},"alternateName":"Villa Perla |","potentialAction":[{"@type":"SearchAction","target":{"@type":"EntryPoint","urlTemplate":"https:\/\/villa-perla.it\/da\/?s={search_term_string}"},"query-input":{"@type":"PropertyValueSpecification","valueRequired":true,"valueName":"search_term_string"}}],"inLanguage":"da-DK"},{"@type":"Organization","@id":"https:\/\/villa-perla.it\/da\/#organization","name":"Villa Perla Piemonte","alternateName":"Villa Perla Piemonte","url":"https:\/\/villa-perla.it\/da\/","logo":{"@type":"ImageObject","inLanguage":"da-DK","@id":"https:\/\/villa-perla.it\/da\/#\/schema\/logo\/image\/","url":"https:\/\/villa-perla.it\/wp-content\/uploads\/2021\/11\/villa-perla-piemone-logo-transparant-400-x-100-px.svg","contentUrl":"https:\/\/villa-perla.it\/wp-content\/uploads\/2021\/11\/villa-perla-piemone-logo-transparant-400-x-100-px.svg","caption":"Villa Perla Piemonte"},"image":{"@id":"https:\/\/villa-perla.it\/da\/#\/schema\/logo\/image\/"},"sameAs":["https:\/\/www.facebook.com\/villaperla.piemonte","https:\/\/www.instagram.com\/villaperla_piemonte"]}]}},"_links":{"self":[{"href":"https:\/\/villa-perla.it\/da\/wp-json\/wp\/v2\/pages\/16458","targetHints":{"allow":["GET"]}}],"collection":[{"href":"https:\/\/villa-perla.it\/da\/wp-json\/wp\/v2\/pages"}],"about":[{"href":"https:\/\/villa-perla.it\/da\/wp-json\/wp\/v2\/types\/page"}],"author":[{"embeddable":true,"href":"https:\/\/villa-perla.it\/da\/wp-json\/wp\/v2\/users\/1"}],"replies":[{"embeddable":true,"href":"https:\/\/villa-perla.it\/da\/wp-json\/wp\/v2\/comments?post=16458"}],"version-history":[{"count":0,"href":"https:\/\/villa-perla.it\/da\/wp-json\/wp\/v2\/pages\/16458\/revisions"}],"wp:featuredmedia":[{"embeddable":true,"href":"https:\/\/villa-perla.it\/da\/wp-json\/wp\/v2\/media\/16459"}],"wp:attachment":[{"href":"https:\/\/villa-perla.it\/da\/wp-json\/wp\/v2\/media?parent=16458"}],"curies":[{"name":"wp","href":"https:\/\/api.w.org\/{rel}","templated":true}]}}