{"id":16452,"date":"2021-11-22T08:36:08","date_gmt":"2021-11-22T07:36:08","guid":{"rendered":"https:\/\/villa-perla.it\/cookie-og-privatlivspolitik\/"},"modified":"2024-12-12T19:54:42","modified_gmt":"2024-12-12T18:54:42","slug":"cookie-og-privatlivspolitik","status":"publish","type":"page","link":"https:\/\/villa-perla.it\/da\/cookie-og-privatlivspolitik\/","title":{"rendered":"Cookie- og privatlivspolitik"},"content":{"rendered":"\t\t<div data-elementor-type=\"wp-page\" data-elementor-id=\"16452\" class=\"elementor elementor-16452 elementor-5471\" data-elementor-post-type=\"page\">\n\t\t\t\t\t\t<section class=\"elementor-section elementor-top-section elementor-element elementor-element-aa60a7a elementor-section-boxed elementor-section-height-default elementor-section-height-default\" data-id=\"aa60a7a\" data-element_type=\"section\" data-e-type=\"section\" data-settings=\"{&quot;jet_parallax_layout_list&quot;:[]}\">\n\t\t\t\t\t\t<div class=\"elementor-container elementor-column-gap-default\">\n\t\t\t\t\t<div class=\"elementor-column elementor-col-100 elementor-top-column elementor-element elementor-element-3fd214f\" data-id=\"3fd214f\" data-element_type=\"column\" data-e-type=\"column\">\n\t\t\t<div class=\"elementor-widget-wrap elementor-element-populated\">\n\t\t\t\t\t\t<div class=\"elementor-element elementor-element-016fb2c elementor-widget elementor-widget-text-editor\" data-id=\"016fb2c\" data-element_type=\"widget\" data-e-type=\"widget\" data-widget_type=\"text-editor.default\">\n\t\t\t\t<div class=\"elementor-widget-container\">\n\t\t\t\t\t\t\t\t\t<h1>Fortrolighedspolitik for Villa Perla<\/h1>\n<h4><span style=\"font-weight: 400;\">Hvem vi er:<\/span><\/h4>\n<p><span style=\"font-weight: 400;\">Villa Perla er en del af:<\/span><\/p>\n<p><b>LYSKAMM SRL<\/b><\/p>\n<p><span style=\"font-weight: 400;\">Str. Bricco Quaglia, 14-16 <\/span><\/p>\n<p><span style=\"font-weight: 400;\">14055 Costigliole D&#8217; Asti AT<\/span><\/p>\n<p><span style=\"font-weight: 400;\">Italien  <\/span><\/p>\n<p><b>Skattekode:<\/b><span style=\"font-weight: 400;\"> 01710590058<\/span><\/p>\n<p><b>Telefonnummer:<\/b> <span style=\"font-weight: 400;\">+39 331 730 9038<\/span><\/p>\n<\/p>\n<p><span style=\"font-weight: 400;\">Vila Perla er en feriebolig, som kan lejes af privatpersoner og virksomheder.<\/span><\/p>\n<p><span style=\"font-weight: 400;\">Vores webadresse er: <\/span><a href=\"https:\/\/villa-perla.it\/da\/\"><span style=\"font-weight: 400;\">https:\/\/villa-perla.it\/<\/span><\/a><span style=\"font-weight: 400;\">. At www.villa-perla.it, accessible from www.villa-perla.it or www.villa-perla.eu, one of our main priorities is the security and privacy of our visitors during and after your visit. This Privacy Policy document contains types of information that is collected and recorded by www.villa-perla.it and how we use it.  <\/span><\/p>\n<p><span style=\"font-weight: 400;\">I denne databeskyttelseserkl\u00e6ring understreger vi, at vi tager beskyttelsen af dine personoplysninger meget alvorligt, at vi beskytter dem s\u00e5 godt som muligt, og at vi ogs\u00e5 tr\u00e6ffer passende foranstaltninger for at forhindre misbrug, tab, uautoriseret adgang og u\u00f8nsket videregivelse eller \u00e6ndring. Vi fors\u00f8ger altid at give s\u00e5 gennemsigtige oplysninger som muligt om driften af vores websted og de forskellige underliggende funktioner og systemer. <\/span><\/p>\n<p><b>Hvis denne tekst ikke er klar, eller hvis du har sp\u00f8rgsm\u00e5l, s\u00e5 t\u00f8v ikke med at sende os en e-mail p\u00e5 <\/b><b>info@villa-perla.it.<\/b><\/p>\n<\/p>\n<h4><span style=\"font-weight: 400;\">AFSNIT 1 &#8211; HVILKE TYPER PERSONOPLYSNINGER BEHANDLER VI, OG HVAD G\u00d8R VI MED DINE OPLYSNINGER?<\/span><\/h4>\n<p><span style=\"font-weight: 400;\">N\u00e5r du stiller et sp\u00f8rgsm\u00e5l via kontaktformularen, indsamler vi de personlige oplysninger, du giver os, f.eks. dit fulde navn og din e-mailadresse.<\/span><\/p>\n<p><span style=\"font-weight: 400;\">Vi g\u00f8r det ogs\u00e5 for at lette brugen, s\u00e5 du ikke beh\u00f8ver at indtaste disse oplysninger igen og igen for at f\u00e5 et nyt svar. N\u00e5r du surfer p\u00e5 vores hjemmeside, modtager vi ogs\u00e5 automatisk din computers IP-adresse (Internet Protocol) for at give os oplysninger, der hj\u00e6lper os med at l\u00e6re mere om din browser og dit operativsystem, dine aktiviteter p\u00e5 vores hjemmeside, dine browservaner og eventuelle data, som du aktivt efterlader os ved at ringe, sende en e-mail, kontaktformular eller ved at efterlade et svar p\u00e5 en besked, &#8230; N\u00e5r bes\u00f8gende efterlader kommentarer p\u00e5 webstedet, indsamler vi de oplysninger, der vises i kommentarformularen, den bes\u00f8gendes IP-adresse og browserens brugeragent for at hj\u00e6lpe med at opdage spam. N\u00e5r din kommentar er blevet godkendt, vil dit profilbillede v\u00e6re offentligt synligt i forbindelse med din kommentar.   <\/span><\/p>\n<h4><span style=\"font-weight: 400;\">AFSNIT 2 &#8211; SAMTYKKE<\/span><\/h4>\n<p><span style=\"font-weight: 400;\">Hvordan f\u00e5r du min tilladelse som bes\u00f8gende?<\/span><\/p>\n<p><span style=\"font-weight: 400;\">N\u00e5r du giver os personlige oplysninger for at besvare et sp\u00f8rgsm\u00e5l eller bekr\u00e6fte dine oplysninger, indeb\u00e6rer det, at du giver dit samtykke til, at vi indsamler dem og kun bruger dem til det specifikke form\u00e5l.<\/span><\/p>\n<p><span style=\"font-weight: 400;\">Hvis vi beder om dine personlige oplysninger af en anden grund, f.eks. til markedsf\u00f8ringsform\u00e5l, vil vi enten bede dig direkte om dit udtrykkelige samtykke via en ekstra bekr\u00e6ftelsesmail eller give dig mulighed for at afvise (Double Opt-in).<\/span><\/p>\n<p><span style=\"font-weight: 400;\">F\u00f8lsomme persondata eller s\u00e6rlige persondata som religion, politisk overbevisning eller helbred osv. gemmes ikke og behandles som alle andre persondata i henhold til den generelle databeskyttelsesforordning (GDPR).<\/span><\/p>\n<p><b>Se \/ \u00e6ndre \/ slette personlige data eller tr\u00e6kke tilladelse tilbage:<\/b><\/p>\n<p><span style=\"font-weight: 400;\">Du har altid ret til at se, justere eller f\u00e5 fjernet dine personlige data. Du har ogs\u00e5 ret til at tr\u00e6kke dit samtykke til behandling af dine persondata tilbage eller g\u00f8re indsigelse mod behandlingen af dine persondata. Du har ogs\u00e5 ret til dataportabilitet. Det betyder, at du har mulighed for at indsende en anmodning til os om at sende de personoplysninger, som vi har i en computerfil, til dig selv eller en organisation, som du har angivet. Du kan g\u00f8re dette ved at sende en anmodning om adgang, justering, sletning, dataoverf\u00f8rsel, tilbagetr\u00e6kning af dit samtykke eller indsigelse mod behandlingen af dine personlige data til: info@villa-perla.it    <\/span><\/p>\n<p><span style=\"font-weight: 400;\">For at sikre, at denne anmodning er indsendt af dig personligt, kan vi bede dig om at vedl\u00e6gge en kopi af dit identitetskort. (Vigtigt: For at garantere dit privatliv skal f\u00f8lgende oplysninger v\u00e6re sorte: pasfoto, MRZ, identitetskortnummer, nationalt registernummer). <\/span><\/p>\n<p><span style=\"font-weight: 400;\">Vi besvarer denne anmodning s\u00e5 hurtigt som muligt. (med en maksimal frist p\u00e5 3 uger). <\/span><\/p>\n<p><span style=\"font-weight: 400;\">Du har ogs\u00e5 altid ret til at indgive en klage til tilsynsmyndigheden (<\/span><a href=\"https:\/\/www.dataprotectionauthority.be\/citizen\"><span style=\"font-weight: 400;\">Gegevensbeschermingsautoriteit)<\/span><\/a><span style=\"font-weight: 400;\">: <\/span><b>https:\/\/www.dataprotectionauthority.be\/citizen\/actions\/lodge-a-complaint<\/b><\/p>\n<p><span style=\"font-weight: 400;\">Form\u00e5let med behandlingen af dine personoplysninger:<\/span><\/p>\n<p><span style=\"font-weight: 400;\">At l\u00e6re vores publikum og m\u00e5lgruppe bedre at kende, at informere dem om vores aktiviteter og produktioner, at kunne besvare sp\u00f8rgsm\u00e5l p\u00e5 en m\u00e5lrettet m\u00e5de, &#8230;<\/span><\/p>\n<p><b>S\u00e6rlige, f\u00f8lsomme personoplysninger, som vi behandler:<\/b><\/p>\n<p><span style=\"font-weight: 400;\">Mindre\u00e5rige bes\u00f8gende p\u00e5 hjemmesiden: M\u00e5lgruppen for vores hjemmeside er voksne og ikke mindre\u00e5rige bes\u00f8gende. Vi har derfor ikke til hensigt at indsamle data fra mindre\u00e5rige (medmindre de har f\u00e5et tilladelse fra deres for\u00e6ldre eller v\u00e6rge), men da vi ikke kan kontrollere en bes\u00f8gendes alder, r\u00e5der vi for\u00e6ldre til at overv\u00e5ge deres b\u00f8rns surfingadf\u00e6rd. Personlige data kan altid slettes, s\u00e5 hvis du har mistanke om, at vi har behandlet eller indsamlet data fra en mindre\u00e5rig uden tilladelse, kan du sende os en e-mail p\u00e5:    <\/span><b> <\/b><b>info@villa-perla.it.<\/b><\/p>\n<h4><span style=\"font-weight: 400;\">AFSNIT 3 &#8211; OFFENTLIGG\u00d8RELSE<\/span><\/h4>\n<h4><span style=\"font-weight: 400;\">Vi kan videregive dine personlige oplysninger, hvis vi er forpligtet til at g\u00f8re det ved lov eller i tilf\u00e6lde af misbrug.<\/span><\/h4>\n<h4><span style=\"font-weight: 400;\">AFSNIT 4 &#8211; TREDJEPARTS TJENESTER<\/span><\/h4>\n<p><span style=\"font-weight: 400;\">Normalt vil de tredjepartsudbydere, vi bruger, kun behandle, bruge og videregive dine oplysninger i det omfang, det er n\u00f8dvendigt. For at give dem mulighed for ogs\u00e5 at udf\u00f8re de tjenester, der er indg\u00e5et efter gensidig aftale. <\/span><\/p>\n<p><span style=\"font-weight: 400;\">Visse tredjepartstjenesteudbydere, s\u00e5som Google Analytics eller Google Fonts, har dog deres egne privatlivspolitikker vedr\u00f8rende de oplysninger, vi er forpligtet til at give dem, n\u00e5r du bes\u00f8ger vores websted.<\/span><\/p>\n<p><span style=\"font-weight: 400;\">For disse tredjepartsudbydere anbefaler vi, at du l\u00e6ser deres fortrolighedserkl\u00e6ring, som du kan finde via vores cookiepolitik, s\u00e5 du forst\u00e5r, hvordan dine personlige data behandles af denne udbyder.<\/span><\/p>\n<p><span style=\"font-weight: 400;\">Bem\u00e6rk is\u00e6r, at visse udbydere kan v\u00e6re placeret eller have faciliteter i en anden jurisdiktion end dig eller os. Hvis du v\u00e6lger at forts\u00e6tte med en transaktion, der involverer tjenester fra en tredjepartstjenesteudbyder, kan dine oplysninger s\u00e5ledes v\u00e6re underlagt lovgivningen i den eller de jurisdiktioner, hvor tjenesteudbyderen eller dennes faciliteter er placeret. <\/span><\/p>\n<p><span style=\"font-weight: 400;\">N\u00e5r du forlader vores hjemmeside eller bliver omdirigeret til en tredjeparts hjemmeside eller applikation, er du ikke l\u00e6ngere underlagt denne privatlivspolitik eller vores hjemmesides servicevilk\u00e5r.<\/span><\/p>\n<p><span style=\"font-weight: 400;\">N\u00e5r du klikker p\u00e5 links p\u00e5 hjemmesiden, kan de lede dig v\u00e6k fra vores hjemmeside. Vi er ikke ansvarlige for andre websteders privatlivspolitik og opfordrer dig til at l\u00e6se deres privatlivserkl\u00e6ringer. <\/span><\/p>\n<p><span style=\"font-weight: 400;\">Vores websted bruger Google Analytics til at hj\u00e6lpe os med at l\u00e6re mere om, hvem der bes\u00f8ger vores websted, og hvilke sider der vises. Det hj\u00e6lper os med at skabe en bedre oplevelse p\u00e5 Villa Perla for alle vores bes\u00f8gende. <\/span><\/p>\n<p><span style=\"font-weight: 400;\">Dine personlige data vil blive delt med f\u00f8lgende organisationer og myndigheder:<\/span><\/p>\n<p><span style=\"font-weight: 400;\">&#8211; <\/span><b>WordPress \/ Elementor:<\/b><span style=\"font-weight: 400;\">  De oplysninger, du indtaster, n\u00e5r du sender kontaktformularen, gemmes via hjemmesiden. Der bruges som standard en sikker SSL-forbindelse. <\/span><\/p>\n<p><span style=\"font-weight: 400;\">&#8211; <\/span><b>Wordfence:<\/b><span style=\"font-weight: 400;\"> Antispam- og sikkerhedswebsted for eksterne trusler fra hackere<\/span><\/p>\n<p><span style=\"font-weight: 400;\">&#8211; <\/span><b>Google Analytics:<\/b><span style=\"font-weight: 400;\"> p\u00e5 grund af adgangen til vores webstedsstatistik og ogs\u00e5 p\u00e5 grund af brugen af eventuelle m\u00e5lrettede reklamekampagner.<\/span><\/p>\n<p><span style=\"font-weight: 400;\">\u2013 <\/span><b>Instagram<\/b><span style=\"font-weight: 400;\">: Hvis du bruger Instagram til at sende beskeder, g\u00e6lder Instagrams vilk\u00e5r for brug og privatlivspolitik.<\/span><\/p>\n<p><span style=\"font-weight: 400;\">&#8211; <\/span><b>Facebook<\/b><span style=\"font-weight: 400;\">: Hvis du bruger Facebook til at sende beskeder, g\u00e6lder Facebooks brugsbetingelser og privatlivspolitik ogs\u00e5 her.<\/span><\/p>\n<p><span style=\"font-weight: 400;\">&#8211; <\/span><b>LYSKAMM SRL:<\/b><span style=\"font-weight: 400;\"> For korrekt funktion, vedligeholdelse og opdateringer af dette websted<\/span><\/p>\n<p><span style=\"font-weight: 400;\">&#8211; <\/span><b>Casa!<\/b><span style=\"font-weight: 400;\"> Vores ejendomsadministrationskontor &#8211; https:\/\/www.casahospitalitypiedmont.it\/<\/span><\/p>\n<p><span style=\"font-weight: 400;\"> <\/span><\/p>\n<h4><span style=\"font-weight: 400;\">AFSNIT 5 &#8211; SIKKERHED<\/span><\/h4>\n<p><span style=\"font-weight: 400;\">For at beskytte dine personlige oplysninger tager vi rimelige forholdsregler og f\u00f8lger branchens bedste praksis for at sikre, at de ikke uretm\u00e6ssigt g\u00e5r tabt, misbruges, tilg\u00e5s, videregives, \u00e6ndres eller \u00f8del\u00e6gges.<\/span><\/p>\n<p><span style=\"font-weight: 400;\">Hvis du giver os personlige oplysninger, vil oplysningerne blive sikret ved hj\u00e6lp af Secure Socket Layer-teknologi (SSL) og beskyttet. Selv om ingen metode til transmission via internettet eller elektronisk lagring er 100 % sikker, f\u00f8lger vi alle krav og implementerer yderligere generelt accepterede industristandarder og vedligeholder regelm\u00e6ssigt alle funktioner, der er aktive p\u00e5 dette websted, s\u00e5som temaet og forskellige plugins. <\/span><\/p>\n<p><span style=\"font-weight: 400;\"> <\/span><\/p>\n<h4><span style=\"font-weight: 400;\">AFSNIT 6 &#8211; \u00c6NDRINGER AF DENNE PRIVATLIVSPOLITIK<\/span><\/h4>\n<p><span style=\"font-weight: 400;\"> <\/span><\/p>\n<p><span style=\"font-weight: 400;\">Vi forbeholder os ret til at \u00e6ndre denne privatlivspolitik til enhver tid, s\u00e5 l\u00e6s den regelm\u00e6ssigt. \u00c6ndringer og pr\u00e6ciseringer tr\u00e6der i kraft umiddelbart efter, at de er lagt ud p\u00e5 hjemmesiden. Hvis dette websted bliver opk\u00f8bt eller fusioneret med en anden virksomhed, kan dine oplysninger blive overf\u00f8rt til de nye ejere, s\u00e5 vi kan forts\u00e6tte med at levere tjenester til dig.  <\/span><\/p>\n<\/p>\n<h4><span style=\"font-weight: 400;\">AFSNIT 7 &#8211; COOKIES<\/span><\/h4>\n<p><span style=\"font-weight: 400;\">En cookie er en lille (tekst)fil, der gemmes i browseren p\u00e5 din computer, laptop, tablet eller smartphone, n\u00e5r du bes\u00f8ger vores hjemmeside f\u00f8rste gang. Disse filer bruges ogs\u00e5 til at f\u00e5 hjemmesiden til at fungere korrekt og til at optimere den til vores m\u00e5lgruppe. Vi kan bruge persondata til at analysere surfingadf\u00e6rd p\u00e5 vores hjemmeside.  <\/span><\/p>\n<p><span style=\"font-weight: 400;\">Vi bruger<\/span><b> essentielle, funktionelle, statistiske og markedsf\u00f8ringsm\u00e6ssige cookies<\/b><span style=\"font-weight: 400;\">  som kan ses i detaljer via vores cookie-plugin, n\u00e5r du bes\u00f8ger vores hjemmeside f\u00f8rste gang. Du kan altid \u00e6ndre dine indstillinger eller tilbagekalde dine samtykker via knapperne nederst p\u00e5 denne side.   <\/span><\/p>\n<p><b>Vigtige cookies:<\/b><span style=\"font-weight: 400;\"> De er n\u00f8dvendige for at sikre, at vores hjemmeside fungerer korrekt, og de kan ikke afvises.<\/span><\/p>\n<p><b>Funktionelle cookies<\/b><span style=\"font-weight: 400;\">: Disse cookies er ogs\u00e5 n\u00f8dvendige for at f\u00e5 dette websted til at fungere korrekt, men kr\u00e6ver dit samtykke: <\/span> <\/p>\n<p><b>Analytiske cookies:<\/b> <span style=\"font-weight: 400;\">Disse (ogs\u00e5 kaldet performance-cookies) bruges til at evaluere bes\u00f8gende og deres adf\u00e6rd. Disse resultater kan bruges til at forbedre hjemmesidens funktioner. <\/span><\/p>\n<p><b>Cookies til markedsf\u00f8ring:<\/b><span style=\"font-weight: 400;\">  De bruges til at m\u00e5lrette reklamer til en bruger (adf\u00e6rdsm\u00e6ssig m\u00e5lretning). De leveres ofte af tredjepartsvirksomheder og sporer en bruger p\u00e5 tv\u00e6rs af hjemmesider. <\/span><\/p>\n<p><span style=\"font-weight: 400;\"> <\/span><\/p>\n<p><b>Real Cookie Banner:<\/b><\/p>\n<p>For at administrere de anvendte cookies og lignende teknologier (sporingspixels, web beacons osv.) og relaterede samtykker bruger vi samtykkev\u00e6rkt\u00f8jet &#8220;Real Cookie Banner&#8221;. Detaljer om, hvordan &#8220;Real Cookie Banner&#8221; fungerer, kan findes p\u00e5 <a href=\"https:\/\/devowl.io\/rcb\/data-processing\/\" target=\"_blank\" rel=\"noopener noreferrer\">https:\/\/devowl.io\/rcb\/data-processing\/.<\/a> <\/p>\n<p>Retsgrundlaget for behandlingen af personoplysninger i denne sammenh\u00e6ng er art. 6 (1) lit. c GDPR og Art. 6 (1) lit. f GDPR. Vores legitime interesse er administrationen af de anvendte cookies og lignende teknologier og de relaterede samtykker.   <\/p>\n<p>Levering af personoplysninger er hverken kontraktligt p\u00e5kr\u00e6vet eller n\u00f8dvendig for indg\u00e5else af en kontrakt. Du er ikke forpligtet til at give personoplysningerne. Hvis du ikke oplyser personoplysningerne, kan vi ikke administrere dine samtykker.  <\/p>\n<p><span style=\"font-weight: 400;\"> <\/span><\/p>\n<p><b>INDLEJRET INDHOLD FRA ANDRE WEBSTEDER ELLER SOCIALE COOKIES<\/b><\/p>\n<p><span style=\"font-weight: 400;\">Indl\u00e6g p\u00e5 dette websted kan indeholde indlejret (embedded) indhold (f.eks. youtube-videoer, billeder, indl\u00e6g osv.). Indlejret indhold fra andre sider opf\u00f8rer sig n\u00f8jagtigt p\u00e5 samme m\u00e5de, som hvis den bes\u00f8gende havde bes\u00f8gt denne anden side eller sociale platform som Facebook, Instagram, Youtube, LinkedIN, &#8230;   <\/span><\/p>\n<p><span style=\"font-weight: 400;\">Disse sider kan indsamle oplysninger om bes\u00f8gende, bruge cookies, indlejre tredjepartssporing og overv\u00e5ge din interaktion med dette indlejrede indhold, herunder interaktion med det indlejrede indhold, hvis du har en konto og er logget ind p\u00e5 den p\u00e5g\u00e6ldende side.<\/span><\/p>\n<p><span style=\"font-weight: 400;\">Ved dit f\u00f8rste bes\u00f8g p\u00e5 vores websted informerede vi dig om brugen af disse cookies aktivt p\u00e5 vores websted, og vi bad dig ogs\u00e5 om tilladelse til at placere dem. Disse indstillinger kan altid konsulteres og revideres via de interne links nederst p\u00e5 denne side. <\/span><\/p>\n<p><span style=\"font-weight: 400;\">Du kan ogs\u00e5 afmelde cookies ved at indstille din internetbrowser, s\u00e5 den ikke l\u00e6ngere gemmer cookies. Du kan ogs\u00e5 slette alle oplysninger, der tidligere er blevet gemt, via indstillingerne i din browser. <\/span><\/p>\n<p><span style=\"font-weight: 400;\">Cookies placeres ogs\u00e5 p\u00e5 vores hjemmeside af tredjeparter som Youtube og de sociale medier Facebook og Instagram.<\/span><\/p>\n<p><span style=\"font-weight: 400;\">Opbevaringsperioden for cookies er i gennemsnit 2 \u00e5r, og detaljerne for hver cookie kan findes i vores cookiebanner og de interne links nedenfor.<\/span><\/p>\n\t\t\t\t\t\t\t\t<\/div>\n\t\t\t\t<\/div>\n\t\t\t\t\t<\/div>\n\t\t<\/div>\n\t\t\t\t\t<\/div>\n\t\t<\/section>\n\t\t\t\t<section class=\"elementor-section elementor-top-section elementor-element elementor-element-7a6f79d elementor-section-content-middle elementor-section-boxed elementor-section-height-default elementor-section-height-default\" data-id=\"7a6f79d\" data-element_type=\"section\" data-e-type=\"section\" data-settings=\"{&quot;jet_parallax_layout_list&quot;:[]}\">\n\t\t\t\t\t\t<div class=\"elementor-container elementor-column-gap-no\">\n\t\t\t\t\t<div class=\"elementor-column elementor-col-33 elementor-top-column elementor-element elementor-element-e5a7c20\" data-id=\"e5a7c20\" data-element_type=\"column\" data-e-type=\"column\">\n\t\t\t<div class=\"elementor-widget-wrap elementor-element-populated\">\n\t\t\t\t\t\t<div class=\"elementor-element elementor-element-55bf398 elementor-widget elementor-widget-shortcode\" data-id=\"55bf398\" data-element_type=\"widget\" data-e-type=\"widget\" data-widget_type=\"shortcode.default\">\n\t\t\t\t<div class=\"elementor-widget-container\">\n\t\t\t\t\t\t\t<div class=\"elementor-shortcode\"><button  href=\"#consent-change\" role=\"button\" id=\"rcb-sc-link-change\" data-success-message=\"\" class=\"rcb-sc-link rcb-sc-link-change \">Skift indstillinger for privatliv<\/button><\/div>\n\t\t\t\t\t\t<\/div>\n\t\t\t\t<\/div>\n\t\t\t\t\t<\/div>\n\t\t<\/div>\n\t\t\t\t<div class=\"elementor-column elementor-col-33 elementor-top-column elementor-element elementor-element-0993722\" data-id=\"0993722\" data-element_type=\"column\" data-e-type=\"column\">\n\t\t\t<div class=\"elementor-widget-wrap elementor-element-populated\">\n\t\t\t\t\t\t<div class=\"elementor-element elementor-element-8034cd3 elementor-widget elementor-widget-shortcode\" data-id=\"8034cd3\" data-element_type=\"widget\" data-e-type=\"widget\" data-widget_type=\"shortcode.default\">\n\t\t\t\t<div class=\"elementor-widget-container\">\n\t\t\t\t\t\t\t<div class=\"elementor-shortcode\"><button  href=\"#consent-history\" role=\"button\" id=\"rcb-sc-link-history\" data-success-message=\"\" class=\"rcb-sc-link rcb-sc-link-history \">Historik for privatlivsindstillinger<\/button><\/div>\n\t\t\t\t\t\t<\/div>\n\t\t\t\t<\/div>\n\t\t\t\t\t<\/div>\n\t\t<\/div>\n\t\t\t\t<div class=\"elementor-column elementor-col-33 elementor-top-column elementor-element elementor-element-98984fa\" data-id=\"98984fa\" data-element_type=\"column\" data-e-type=\"column\">\n\t\t\t<div class=\"elementor-widget-wrap elementor-element-populated\">\n\t\t\t\t\t\t<div class=\"elementor-element elementor-element-af3ac42 elementor-widget elementor-widget-shortcode\" data-id=\"af3ac42\" data-element_type=\"widget\" data-e-type=\"widget\" data-widget_type=\"shortcode.default\">\n\t\t\t\t<div class=\"elementor-widget-container\">\n\t\t\t\t\t\t\t<div class=\"elementor-shortcode\"><button  href=\"#consent-revoke\" role=\"button\" id=\"rcb-sc-link-revoke\" data-success-message=\"You have successfully revoked the consent. The page will be reloaded now.\" class=\"rcb-sc-link rcb-sc-link-revoke \">Tilbagekaldelse af samtykke<\/button><\/div>\n\t\t\t\t\t\t<\/div>\n\t\t\t\t<\/div>\n\t\t\t\t\t<\/div>\n\t\t<\/div>\n\t\t\t\t\t<\/div>\n\t\t<\/section>\n\t\t\t\t<\/div>\n\t\t","protected":false},"excerpt":{"rendered":"<p>Fortrolighedspolitik for Villa Perla Hvem vi er: Villa Perla er en del af: LYSKAMM SRL Str. Bricco Quaglia, 14-16 14055 Costigliole D&#8217; Asti AT Italien Skattekode: 01710590058 Telefonnummer: +39 331 730 9038 Vila Perla er en feriebolig, som kan lejes af privatpersoner og virksomheder. Vores webadresse er: https:\/\/villa-perla.it\/. At www.villa-perla.it, accessible from www.villa-perla.it or www.villa-perla.eu, [&hellip;]<\/p>\n","protected":false},"author":1,"featured_media":0,"parent":0,"menu_order":0,"comment_status":"closed","ping_status":"closed","template":"elementor_header_footer","meta":{"_angie_page":false,"footnotes":""},"class_list":["post-16452","page","type-page","status-publish","hentry"],"yoast_head":"<!-- This site is optimized with the Yoast SEO plugin v27.4 - https:\/\/yoast.com\/product\/yoast-seo-wordpress\/ -->\n<title>Cookie- og privatlivspolitik - Villa Perla | Langhe - Monferrato<\/title>\n<meta name=\"description\" content=\"Fortrolighedspolitik villa perla piemonte\" \/>\n<meta name=\"robots\" content=\"index, follow, max-snippet:-1, max-image-preview:large, max-video-preview:-1\" \/>\n<link rel=\"canonical\" href=\"https:\/\/villa-perla.it\/da\/cookie-og-privatlivspolitik\/\" \/>\n<meta property=\"og:locale\" content=\"da_DK\" \/>\n<meta property=\"og:type\" content=\"article\" \/>\n<meta property=\"og:title\" content=\"Fortrolighedspolitik villa perla piemonte\" \/>\n<meta property=\"og:description\" content=\"Fortrolighedspolitik villa perla piemonte\" \/>\n<meta property=\"og:url\" content=\"https:\/\/villa-perla.it\/da\/cookie-og-privatlivspolitik\/\" \/>\n<meta property=\"og:site_name\" content=\"Villa Perla | Langhe - Monferrato\" \/>\n<meta property=\"article:publisher\" content=\"https:\/\/www.facebook.com\/villaperla.piemonte\" \/>\n<meta property=\"article:modified_time\" content=\"2024-12-12T18:54:42+00:00\" \/>\n<meta property=\"og:image\" content=\"https:\/\/villa-perla.it\/wp-content\/uploads\/2023\/03\/Villa-perla-piemonte-favicon-300x300.png\" \/>\n<meta name=\"twitter:card\" content=\"summary_large_image\" \/>\n<meta name=\"twitter:title\" content=\"Fortrolighedspolitik villa perla piemonte\" \/>\n<meta name=\"twitter:image\" content=\"https:\/\/villa-perla.it\/wp-content\/uploads\/2023\/03\/Villa-perla-piemonte-favicon.png\" \/>\n<meta name=\"twitter:label1\" content=\"Estimeret l\u00e6setid\" \/>\n\t<meta name=\"twitter:data1\" content=\"10 minutter\" \/>\n<script type=\"application\/ld+json\" class=\"yoast-schema-graph\">{\"@context\":\"https:\\\/\\\/schema.org\",\"@graph\":[{\"@type\":\"WebPage\",\"@id\":\"https:\\\/\\\/villa-perla.it\\\/da\\\/cookie-og-privatlivspolitik\\\/\",\"url\":\"https:\\\/\\\/villa-perla.it\\\/da\\\/cookie-og-privatlivspolitik\\\/\",\"name\":\"Cookie- og privatlivspolitik - Villa Perla | Langhe - Monferrato\",\"isPartOf\":{\"@id\":\"https:\\\/\\\/villa-perla.it\\\/da\\\/#website\"},\"datePublished\":\"2021-11-22T07:36:08+00:00\",\"dateModified\":\"2024-12-12T18:54:42+00:00\",\"description\":\"Fortrolighedspolitik villa perla piemonte\",\"breadcrumb\":{\"@id\":\"https:\\\/\\\/villa-perla.it\\\/da\\\/cookie-og-privatlivspolitik\\\/#breadcrumb\"},\"inLanguage\":\"da-DK\",\"potentialAction\":[{\"@type\":\"ReadAction\",\"target\":[\"https:\\\/\\\/villa-perla.it\\\/da\\\/cookie-og-privatlivspolitik\\\/\"]}]},{\"@type\":\"BreadcrumbList\",\"@id\":\"https:\\\/\\\/villa-perla.it\\\/da\\\/cookie-og-privatlivspolitik\\\/#breadcrumb\",\"itemListElement\":[{\"@type\":\"ListItem\",\"position\":1,\"name\":\"Home\",\"item\":\"https:\\\/\\\/villa-perla.it\\\/da\\\/\"},{\"@type\":\"ListItem\",\"position\":2,\"name\":\"Cookie- og privatlivspolitik\"}]},{\"@type\":\"WebSite\",\"@id\":\"https:\\\/\\\/villa-perla.it\\\/da\\\/#website\",\"url\":\"https:\\\/\\\/villa-perla.it\\\/da\\\/\",\"name\":\"Villa Perla | Langhe - Monferrato\",\"description\":\"Your private holiday house in Piemonte\",\"publisher\":{\"@id\":\"https:\\\/\\\/villa-perla.it\\\/da\\\/#organization\"},\"alternateName\":\"Villa Perla |\",\"potentialAction\":[{\"@type\":\"SearchAction\",\"target\":{\"@type\":\"EntryPoint\",\"urlTemplate\":\"https:\\\/\\\/villa-perla.it\\\/da\\\/?s={search_term_string}\"},\"query-input\":{\"@type\":\"PropertyValueSpecification\",\"valueRequired\":true,\"valueName\":\"search_term_string\"}}],\"inLanguage\":\"da-DK\"},{\"@type\":\"Organization\",\"@id\":\"https:\\\/\\\/villa-perla.it\\\/da\\\/#organization\",\"name\":\"Villa Perla Piemonte\",\"alternateName\":\"Villa Perla Piemonte\",\"url\":\"https:\\\/\\\/villa-perla.it\\\/da\\\/\",\"logo\":{\"@type\":\"ImageObject\",\"inLanguage\":\"da-DK\",\"@id\":\"https:\\\/\\\/villa-perla.it\\\/da\\\/#\\\/schema\\\/logo\\\/image\\\/\",\"url\":\"https:\\\/\\\/villa-perla.it\\\/wp-content\\\/uploads\\\/2021\\\/11\\\/villa-perla-piemone-logo-transparant-400-x-100-px.svg\",\"contentUrl\":\"https:\\\/\\\/villa-perla.it\\\/wp-content\\\/uploads\\\/2021\\\/11\\\/villa-perla-piemone-logo-transparant-400-x-100-px.svg\",\"caption\":\"Villa Perla Piemonte\"},\"image\":{\"@id\":\"https:\\\/\\\/villa-perla.it\\\/da\\\/#\\\/schema\\\/logo\\\/image\\\/\"},\"sameAs\":[\"https:\\\/\\\/www.facebook.com\\\/villaperla.piemonte\",\"https:\\\/\\\/www.instagram.com\\\/villaperla_piemonte\"]}]}<\/script>\n<!-- \/ Yoast SEO plugin. -->","yoast_head_json":{"title":"Cookie- og privatlivspolitik - Villa Perla | Langhe - Monferrato","description":"Fortrolighedspolitik villa perla piemonte","robots":{"index":"index","follow":"follow","max-snippet":"max-snippet:-1","max-image-preview":"max-image-preview:large","max-video-preview":"max-video-preview:-1"},"canonical":"https:\/\/villa-perla.it\/da\/cookie-og-privatlivspolitik\/","og_locale":"da_DK","og_type":"article","og_title":"Fortrolighedspolitik villa perla piemonte","og_description":"Fortrolighedspolitik villa perla piemonte","og_url":"https:\/\/villa-perla.it\/da\/cookie-og-privatlivspolitik\/","og_site_name":"Villa Perla | Langhe - Monferrato","article_publisher":"https:\/\/www.facebook.com\/villaperla.piemonte","article_modified_time":"2024-12-12T18:54:42+00:00","og_image":[{"url":"https:\/\/villa-perla.it\/wp-content\/uploads\/2023\/03\/Villa-perla-piemonte-favicon-300x300.png","type":"","width":"","height":""}],"twitter_card":"summary_large_image","twitter_title":"Fortrolighedspolitik villa perla piemonte","twitter_image":"https:\/\/villa-perla.it\/wp-content\/uploads\/2023\/03\/Villa-perla-piemonte-favicon.png","twitter_misc":{"Estimeret l\u00e6setid":"10 minutter"},"schema":{"@context":"https:\/\/schema.org","@graph":[{"@type":"WebPage","@id":"https:\/\/villa-perla.it\/da\/cookie-og-privatlivspolitik\/","url":"https:\/\/villa-perla.it\/da\/cookie-og-privatlivspolitik\/","name":"Cookie- og privatlivspolitik - Villa Perla | Langhe - Monferrato","isPartOf":{"@id":"https:\/\/villa-perla.it\/da\/#website"},"datePublished":"2021-11-22T07:36:08+00:00","dateModified":"2024-12-12T18:54:42+00:00","description":"Fortrolighedspolitik villa perla piemonte","breadcrumb":{"@id":"https:\/\/villa-perla.it\/da\/cookie-og-privatlivspolitik\/#breadcrumb"},"inLanguage":"da-DK","potentialAction":[{"@type":"ReadAction","target":["https:\/\/villa-perla.it\/da\/cookie-og-privatlivspolitik\/"]}]},{"@type":"BreadcrumbList","@id":"https:\/\/villa-perla.it\/da\/cookie-og-privatlivspolitik\/#breadcrumb","itemListElement":[{"@type":"ListItem","position":1,"name":"Home","item":"https:\/\/villa-perla.it\/da\/"},{"@type":"ListItem","position":2,"name":"Cookie- og privatlivspolitik"}]},{"@type":"WebSite","@id":"https:\/\/villa-perla.it\/da\/#website","url":"https:\/\/villa-perla.it\/da\/","name":"Villa Perla | Langhe - Monferrato","description":"Your private holiday house in Piemonte","publisher":{"@id":"https:\/\/villa-perla.it\/da\/#organization"},"alternateName":"Villa Perla |","potentialAction":[{"@type":"SearchAction","target":{"@type":"EntryPoint","urlTemplate":"https:\/\/villa-perla.it\/da\/?s={search_term_string}"},"query-input":{"@type":"PropertyValueSpecification","valueRequired":true,"valueName":"search_term_string"}}],"inLanguage":"da-DK"},{"@type":"Organization","@id":"https:\/\/villa-perla.it\/da\/#organization","name":"Villa Perla Piemonte","alternateName":"Villa Perla Piemonte","url":"https:\/\/villa-perla.it\/da\/","logo":{"@type":"ImageObject","inLanguage":"da-DK","@id":"https:\/\/villa-perla.it\/da\/#\/schema\/logo\/image\/","url":"https:\/\/villa-perla.it\/wp-content\/uploads\/2021\/11\/villa-perla-piemone-logo-transparant-400-x-100-px.svg","contentUrl":"https:\/\/villa-perla.it\/wp-content\/uploads\/2021\/11\/villa-perla-piemone-logo-transparant-400-x-100-px.svg","caption":"Villa Perla Piemonte"},"image":{"@id":"https:\/\/villa-perla.it\/da\/#\/schema\/logo\/image\/"},"sameAs":["https:\/\/www.facebook.com\/villaperla.piemonte","https:\/\/www.instagram.com\/villaperla_piemonte"]}]}},"_links":{"self":[{"href":"https:\/\/villa-perla.it\/da\/wp-json\/wp\/v2\/pages\/16452","targetHints":{"allow":["GET"]}}],"collection":[{"href":"https:\/\/villa-perla.it\/da\/wp-json\/wp\/v2\/pages"}],"about":[{"href":"https:\/\/villa-perla.it\/da\/wp-json\/wp\/v2\/types\/page"}],"author":[{"embeddable":true,"href":"https:\/\/villa-perla.it\/da\/wp-json\/wp\/v2\/users\/1"}],"replies":[{"embeddable":true,"href":"https:\/\/villa-perla.it\/da\/wp-json\/wp\/v2\/comments?post=16452"}],"version-history":[{"count":0,"href":"https:\/\/villa-perla.it\/da\/wp-json\/wp\/v2\/pages\/16452\/revisions"}],"wp:attachment":[{"href":"https:\/\/villa-perla.it\/da\/wp-json\/wp\/v2\/media?parent=16452"}],"curies":[{"name":"wp","href":"https:\/\/api.w.org\/{rel}","templated":true}]}}