{"id":16035,"date":"2020-01-28T18:44:33","date_gmt":"2020-01-28T17:44:33","guid":{"rendered":"https:\/\/villa-perla.it\/hjem\/"},"modified":"2026-02-27T12:28:54","modified_gmt":"2026-02-27T11:28:54","slug":"hjem","status":"publish","type":"page","link":"https:\/\/villa-perla.it\/da\/","title":{"rendered":"Hjem"},"content":{"rendered":"\t\t<div data-elementor-type=\"wp-page\" data-elementor-id=\"16035\" class=\"elementor elementor-16035 elementor-33\" data-elementor-post-type=\"page\">\n\t\t\t\t\t\t<section class=\"elementor-section elementor-top-section elementor-element elementor-element-3160a32 elementor-section-height-min-height elementor-section-boxed elementor-section-height-default elementor-section-items-middle\" data-id=\"3160a32\" data-element_type=\"section\" data-e-type=\"section\" data-settings=\"{&quot;jet_parallax_layout_list&quot;:[{&quot;jet_parallax_layout_image&quot;:{&quot;url&quot;:&quot;&quot;,&quot;id&quot;:&quot;&quot;,&quot;size&quot;:&quot;&quot;},&quot;_id&quot;:&quot;ead8ecb&quot;,&quot;jet_parallax_layout_image_tablet&quot;:{&quot;url&quot;:&quot;&quot;,&quot;id&quot;:&quot;&quot;,&quot;size&quot;:&quot;&quot;},&quot;jet_parallax_layout_image_mobile&quot;:{&quot;url&quot;:&quot;&quot;,&quot;id&quot;:&quot;&quot;,&quot;size&quot;:&quot;&quot;},&quot;jet_parallax_layout_speed&quot;:{&quot;unit&quot;:&quot;%&quot;,&quot;size&quot;:50,&quot;sizes&quot;:[]},&quot;jet_parallax_layout_type&quot;:&quot;scroll&quot;,&quot;jet_parallax_layout_direction&quot;:&quot;1&quot;,&quot;jet_parallax_layout_fx_direction&quot;:null,&quot;jet_parallax_layout_z_index&quot;:&quot;&quot;,&quot;jet_parallax_layout_bg_x&quot;:50,&quot;jet_parallax_layout_bg_x_tablet&quot;:&quot;&quot;,&quot;jet_parallax_layout_bg_x_mobile&quot;:&quot;&quot;,&quot;jet_parallax_layout_bg_y&quot;:50,&quot;jet_parallax_layout_bg_y_tablet&quot;:&quot;&quot;,&quot;jet_parallax_layout_bg_y_mobile&quot;:&quot;&quot;,&quot;jet_parallax_layout_bg_size&quot;:&quot;auto&quot;,&quot;jet_parallax_layout_bg_size_tablet&quot;:&quot;&quot;,&quot;jet_parallax_layout_bg_size_mobile&quot;:&quot;&quot;,&quot;jet_parallax_layout_animation_prop&quot;:&quot;transform&quot;,&quot;jet_parallax_layout_on&quot;:[&quot;desktop&quot;,&quot;tablet&quot;]}],&quot;background_background&quot;:&quot;classic&quot;}\">\n\t\t\t\t\t\t\t<div class=\"elementor-background-overlay\"><\/div>\n\t\t\t\t\t\t\t<div class=\"elementor-container elementor-column-gap-default\">\n\t\t\t\t\t<div class=\"elementor-column elementor-col-100 elementor-top-column elementor-element elementor-element-69c98b6\" data-id=\"69c98b6\" data-element_type=\"column\" data-e-type=\"column\">\n\t\t\t<div class=\"elementor-widget-wrap elementor-element-populated\">\n\t\t\t\t\t\t<div class=\"elementor-element elementor-element-a48b82e elementor-hidden-mobile elementor-widget elementor-widget-theme-site-logo elementor-widget-image\" data-id=\"a48b82e\" data-element_type=\"widget\" data-e-type=\"widget\" data-widget_type=\"theme-site-logo.default\">\n\t\t\t\t<div class=\"elementor-widget-container\">\n\t\t\t\t\t\t\t\t\t\t\t<a href=\"https:\/\/villa-perla.it\/da\/\">\n\t\t\t<img decoding=\"async\" src=\"https:\/\/villa-perla.it\/wp-content\/uploads\/2021\/11\/villa-perla-piemone-logo-transparant-400-x-100-px.svg\" class=\"attachment-full size-full wp-image-16459\" alt=\"\" \/>\t\t\t\t<\/a>\n\t\t\t\t\t\t\t\t\t\t\t<\/div>\n\t\t\t\t<\/div>\n\t\t\t\t<div class=\"elementor-element elementor-element-bd05b1d elementor-widget elementor-widget-heading\" data-id=\"bd05b1d\" data-element_type=\"widget\" data-e-type=\"widget\" data-widget_type=\"heading.default\">\n\t\t\t\t<div class=\"elementor-widget-container\">\n\t\t\t\t\t<h1 class=\"elementor-heading-title elementor-size-default\">Dit private sommerhus i <br> Langhe - Monferrato- Piemonte<\/h1>\t\t\t\t<\/div>\n\t\t\t\t<\/div>\n\t\t\t\t<section class=\"elementor-section elementor-inner-section elementor-element elementor-element-577d8f6 elementor-section-boxed elementor-section-height-default elementor-section-height-default\" data-id=\"577d8f6\" data-element_type=\"section\" data-e-type=\"section\" data-settings=\"{&quot;jet_parallax_layout_list&quot;:[]}\">\n\t\t\t\t\t\t<div class=\"elementor-container elementor-column-gap-default\">\n\t\t\t\t\t<div class=\"elementor-column elementor-col-100 elementor-inner-column elementor-element elementor-element-e780d53\" data-id=\"e780d53\" data-element_type=\"column\" data-e-type=\"column\">\n\t\t\t<div class=\"elementor-widget-wrap elementor-element-populated\">\n\t\t\t\t\t\t<div class=\"elementor-element elementor-element-37d8018 elementor-align-center elementor-widget elementor-widget-global elementor-global-18852 elementor-global-15779 elementor-widget-button\" data-id=\"37d8018\" data-element_type=\"widget\" data-e-type=\"widget\" data-widget_type=\"button.default\">\n\t\t\t\t<div class=\"elementor-widget-container\">\n\t\t\t\t\t\t\t\t\t<div class=\"elementor-button-wrapper\">\n\t\t\t\t\t<a class=\"elementor-button elementor-button-link elementor-size-sm\" href=\"https:\/\/villa-perla.it\/da\/tilgaengelighed-og-bookinger\/\" target=\"_blank\">\n\t\t\t\t\t\t<span class=\"elementor-button-content-wrapper\">\n\t\t\t\t\t\t\t\t\t<span class=\"elementor-button-text\">TJEK TILG\u00c6NGELIGHED OG PRISER<\/span>\n\t\t\t\t\t<\/span>\n\t\t\t\t\t<\/a>\n\t\t\t\t<\/div>\n\t\t\t\t\t\t\t\t<\/div>\n\t\t\t\t<\/div>\n\t\t\t\t\t<\/div>\n\t\t<\/div>\n\t\t\t\t\t<\/div>\n\t\t<\/section>\n\t\t\t\t\t<\/div>\n\t\t<\/div>\n\t\t\t\t\t<\/div>\n\t\t<\/section>\n\t\t\t\t<section class=\"elementor-section elementor-top-section elementor-element elementor-element-295034d elementor-section-boxed elementor-section-height-default elementor-section-height-default\" data-id=\"295034d\" data-element_type=\"section\" data-e-type=\"section\" data-settings=\"{&quot;jet_parallax_layout_list&quot;:[{&quot;jet_parallax_layout_image&quot;:{&quot;url&quot;:&quot;&quot;,&quot;id&quot;:&quot;&quot;,&quot;size&quot;:&quot;&quot;},&quot;_id&quot;:&quot;71c53b9&quot;,&quot;jet_parallax_layout_image_tablet&quot;:{&quot;url&quot;:&quot;&quot;,&quot;id&quot;:&quot;&quot;,&quot;size&quot;:&quot;&quot;},&quot;jet_parallax_layout_image_mobile&quot;:{&quot;url&quot;:&quot;&quot;,&quot;id&quot;:&quot;&quot;,&quot;size&quot;:&quot;&quot;},&quot;jet_parallax_layout_speed&quot;:{&quot;unit&quot;:&quot;%&quot;,&quot;size&quot;:50,&quot;sizes&quot;:[]},&quot;jet_parallax_layout_type&quot;:&quot;scroll&quot;,&quot;jet_parallax_layout_direction&quot;:&quot;1&quot;,&quot;jet_parallax_layout_fx_direction&quot;:null,&quot;jet_parallax_layout_z_index&quot;:&quot;&quot;,&quot;jet_parallax_layout_bg_x&quot;:50,&quot;jet_parallax_layout_bg_x_tablet&quot;:&quot;&quot;,&quot;jet_parallax_layout_bg_x_mobile&quot;:&quot;&quot;,&quot;jet_parallax_layout_bg_y&quot;:50,&quot;jet_parallax_layout_bg_y_tablet&quot;:&quot;&quot;,&quot;jet_parallax_layout_bg_y_mobile&quot;:&quot;&quot;,&quot;jet_parallax_layout_bg_size&quot;:&quot;auto&quot;,&quot;jet_parallax_layout_bg_size_tablet&quot;:&quot;&quot;,&quot;jet_parallax_layout_bg_size_mobile&quot;:&quot;&quot;,&quot;jet_parallax_layout_animation_prop&quot;:&quot;transform&quot;,&quot;jet_parallax_layout_on&quot;:[&quot;desktop&quot;,&quot;tablet&quot;]}]}\">\n\t\t\t\t\t\t<div class=\"elementor-container elementor-column-gap-default\">\n\t\t\t\t\t<header class=\"elementor-column elementor-col-100 elementor-top-column elementor-element elementor-element-a4a6a0d\" data-id=\"a4a6a0d\" data-element_type=\"column\" data-e-type=\"column\">\n\t\t\t<div class=\"elementor-widget-wrap elementor-element-populated\">\n\t\t\t\t\t\t<div class=\"elementor-element elementor-element-51e3df8 elementor-widget elementor-widget-heading\" data-id=\"51e3df8\" data-element_type=\"widget\" data-e-type=\"widget\" data-widget_type=\"heading.default\">\n\t\t\t\t<div class=\"elementor-widget-container\">\n\t\t\t\t\t<h2 class=\"elementor-heading-title elementor-size-default\"><a href=\"https:\/\/villa-perla.it\/da\/villaen\/\" target=\"_blank\">Villa Perla, dit feriehus i Piemonte...<\/a><\/h2>\t\t\t\t<\/div>\n\t\t\t\t<\/div>\n\t\t\t\t<div class=\"elementor-element elementor-element-ada46dd elementor-widget elementor-widget-text-editor\" data-id=\"ada46dd\" data-element_type=\"widget\" data-e-type=\"widget\" data-widget_type=\"text-editor.default\">\n\t\t\t\t<div class=\"elementor-widget-container\">\n\t\t\t\t\t\t\t\t\t<p id=\"tw-target-text\" class=\"tw-data-text tw-text-large XcVN5d tw-ta\" dir=\"ltr\" data-placeholder=\"Translation\"><span class=\"Y2IQFc\" lang=\"en\">En imponerende udsigt over de omkringliggende vinmarker, en pool, et rummeligt og komfortabelt feriehus, et sp\u00e6ndende og alligevel roligt omr\u00e5de, som foodies og vinelskere er imponerede over. L\u00e6g dertil vores beliggenhed t\u00e6t p\u00e5 byer som Asti, Alba, Torino og Milano, og du har den perfekte feriepakke til hele gruppen af venner eller familie. <\/span><\/p><p class=\"tw-data-text tw-text-large XcVN5d tw-ta\" dir=\"ltr\" data-placeholder=\"Translation\"><span class=\"Y2IQFc\" lang=\"en\">Vores feriehus Villa Perla har meget at byde p\u00e5 med sine 4 moderne sovev\u00e6relser, fuldt udstyrede k\u00f8kken og poolomr\u00e5de med en utrolig panoramaudsigt over <\/span><span class=\"Y2IQFc\" lang=\"en\">UNESCO&#8217;s verdensarvsomr\u00e5de. T <\/span><span style=\"color: var( --e-global-color-primary ); font-size: 1rem;\">et er et feriehus, hvor du kan nyde din tid i fuldkommen ro og ogs\u00e5 dyrke dine yndlingshobbyer som cykling, golf, vandring, &#8230; og selvf\u00f8lgelig &#8230; <\/span><a style=\"background-color: #ffffff; font-size: 1rem;\" href=\"https:\/\/villa-perla.it\/da\/vinsmagning\/\">vinsmagning<\/a><span style=\"color: var( --e-global-color-primary ); font-size: 1rem;\"> ;-). Huset er indrettet til en gruppe p\u00e5 8 voksne, 4 b\u00f8rn og 2 babyer. <\/span><\/p><p class=\"tw-data-text tw-text-large XcVN5d tw-ta\" dir=\"ltr\" data-placeholder=\"Translation\"><span style=\"color: var( --e-global-color-primary ); font-size: 1rem;\">Villa Perla er et gammelt bondehus, der blev k\u00f8bt i 2021 af belgiere under COVID og renoveret i 2022-2023.  <\/span><\/p><p class=\"tw-data-text tw-text-large XcVN5d tw-ta\" dir=\"ltr\" data-placeholder=\"Translation\"><span style=\"color: var( --e-global-color-primary ); font-size: 1rem;\">Mere info i vores <strong><a href=\"https:\/\/villa-perla.it\/da\/blog\/\" target=\"_blank\" rel=\"noopener\">BLOG!<\/a><\/strong><\/span><\/p>\t\t\t\t\t\t\t\t<\/div>\n\t\t\t\t<\/div>\n\t\t\t\t<div class=\"elementor-element elementor-element-c440024 elementor-mobile-align-left elementor-widget elementor-widget-button\" data-id=\"c440024\" data-element_type=\"widget\" data-e-type=\"widget\" data-widget_type=\"button.default\">\n\t\t\t\t<div class=\"elementor-widget-container\">\n\t\t\t\t\t\t\t\t\t<div class=\"elementor-button-wrapper\">\n\t\t\t\t\t<a class=\"elementor-button elementor-button-link elementor-size-sm\" href=\"#WHATTODO\">\n\t\t\t\t\t\t<span class=\"elementor-button-content-wrapper\">\n\t\t\t\t\t\t\t\t\t<span class=\"elementor-button-text\">OMR\u00c5DE &amp; AKTIVITETER<\/span>\n\t\t\t\t\t<\/span>\n\t\t\t\t\t<\/a>\n\t\t\t\t<\/div>\n\t\t\t\t\t\t\t\t<\/div>\n\t\t\t\t<\/div>\n\t\t\t\t\t<\/div>\n\t\t<\/header>\n\t\t\t\t\t<\/div>\n\t\t<\/section>\n\t\t\t\t<section class=\"elementor-section elementor-top-section elementor-element elementor-element-119802d5 elementor-section-content-middle elementor-section-boxed elementor-section-height-default elementor-section-height-default\" data-id=\"119802d5\" data-element_type=\"section\" data-e-type=\"section\" data-settings=\"{&quot;jet_parallax_layout_list&quot;:[{&quot;_id&quot;:&quot;a683000&quot;,&quot;jet_parallax_layout_image&quot;:{&quot;url&quot;:&quot;&quot;,&quot;id&quot;:&quot;&quot;,&quot;size&quot;:&quot;&quot;},&quot;jet_parallax_layout_image_tablet&quot;:{&quot;url&quot;:&quot;&quot;,&quot;id&quot;:&quot;&quot;,&quot;size&quot;:&quot;&quot;},&quot;jet_parallax_layout_image_mobile&quot;:{&quot;url&quot;:&quot;&quot;,&quot;id&quot;:&quot;&quot;,&quot;size&quot;:&quot;&quot;},&quot;jet_parallax_layout_speed&quot;:{&quot;unit&quot;:&quot;%&quot;,&quot;size&quot;:50,&quot;sizes&quot;:[]},&quot;jet_parallax_layout_type&quot;:&quot;scroll&quot;,&quot;jet_parallax_layout_direction&quot;:&quot;1&quot;,&quot;jet_parallax_layout_fx_direction&quot;:null,&quot;jet_parallax_layout_z_index&quot;:&quot;&quot;,&quot;jet_parallax_layout_bg_x&quot;:50,&quot;jet_parallax_layout_bg_x_tablet&quot;:&quot;&quot;,&quot;jet_parallax_layout_bg_x_mobile&quot;:&quot;&quot;,&quot;jet_parallax_layout_bg_y&quot;:50,&quot;jet_parallax_layout_bg_y_tablet&quot;:&quot;&quot;,&quot;jet_parallax_layout_bg_y_mobile&quot;:&quot;&quot;,&quot;jet_parallax_layout_bg_size&quot;:&quot;auto&quot;,&quot;jet_parallax_layout_bg_size_tablet&quot;:&quot;&quot;,&quot;jet_parallax_layout_bg_size_mobile&quot;:&quot;&quot;,&quot;jet_parallax_layout_animation_prop&quot;:&quot;transform&quot;,&quot;jet_parallax_layout_on&quot;:[&quot;desktop&quot;,&quot;tablet&quot;]}],&quot;background_background&quot;:&quot;classic&quot;}\">\n\t\t\t\t\t\t\t<div class=\"elementor-background-overlay\"><\/div>\n\t\t\t\t\t\t\t<div class=\"elementor-container elementor-column-gap-no\">\n\t\t\t\t\t<div class=\"elementor-column elementor-col-100 elementor-top-column elementor-element elementor-element-6c9276e9\" data-id=\"6c9276e9\" data-element_type=\"column\" data-e-type=\"column\">\n\t\t\t<div class=\"elementor-widget-wrap elementor-element-populated\">\n\t\t\t\t\t\t<div class=\"elementor-element elementor-element-7ae133d elementor-widget elementor-widget-heading\" data-id=\"7ae133d\" data-element_type=\"widget\" data-e-type=\"widget\" data-widget_type=\"heading.default\">\n\t\t\t\t<div class=\"elementor-widget-container\">\n\t\t\t\t\t<h1 class=\"elementor-heading-title elementor-size-default\">G\u00e5 p\u00e5 opdagelse i THE ESSENTIALS<\/h1>\t\t\t\t<\/div>\n\t\t\t\t<\/div>\n\t\t\t\t<section class=\"elementor-section elementor-inner-section elementor-element elementor-element-678196fe elementor-section-content-middle elementor-section-boxed elementor-section-height-default elementor-section-height-default\" data-id=\"678196fe\" data-element_type=\"section\" data-e-type=\"section\" data-settings=\"{&quot;jet_parallax_layout_list&quot;:[{&quot;_id&quot;:&quot;9ff23bf&quot;,&quot;jet_parallax_layout_image&quot;:{&quot;url&quot;:&quot;&quot;,&quot;id&quot;:&quot;&quot;,&quot;size&quot;:&quot;&quot;},&quot;jet_parallax_layout_image_tablet&quot;:{&quot;url&quot;:&quot;&quot;,&quot;id&quot;:&quot;&quot;,&quot;size&quot;:&quot;&quot;},&quot;jet_parallax_layout_image_mobile&quot;:{&quot;url&quot;:&quot;&quot;,&quot;id&quot;:&quot;&quot;,&quot;size&quot;:&quot;&quot;},&quot;jet_parallax_layout_speed&quot;:{&quot;unit&quot;:&quot;%&quot;,&quot;size&quot;:50,&quot;sizes&quot;:[]},&quot;jet_parallax_layout_type&quot;:&quot;scroll&quot;,&quot;jet_parallax_layout_direction&quot;:&quot;1&quot;,&quot;jet_parallax_layout_fx_direction&quot;:null,&quot;jet_parallax_layout_z_index&quot;:&quot;&quot;,&quot;jet_parallax_layout_bg_x&quot;:50,&quot;jet_parallax_layout_bg_x_tablet&quot;:&quot;&quot;,&quot;jet_parallax_layout_bg_x_mobile&quot;:&quot;&quot;,&quot;jet_parallax_layout_bg_y&quot;:50,&quot;jet_parallax_layout_bg_y_tablet&quot;:&quot;&quot;,&quot;jet_parallax_layout_bg_y_mobile&quot;:&quot;&quot;,&quot;jet_parallax_layout_bg_size&quot;:&quot;auto&quot;,&quot;jet_parallax_layout_bg_size_tablet&quot;:&quot;&quot;,&quot;jet_parallax_layout_bg_size_mobile&quot;:&quot;&quot;,&quot;jet_parallax_layout_animation_prop&quot;:&quot;transform&quot;,&quot;jet_parallax_layout_on&quot;:[&quot;desktop&quot;,&quot;tablet&quot;]}]}\">\n\t\t\t\t\t\t<div class=\"elementor-container elementor-column-gap-extended\">\n\t\t\t\t\t<div class=\"elementor-column elementor-col-33 elementor-inner-column elementor-element elementor-element-1908875d\" data-id=\"1908875d\" data-element_type=\"column\" data-e-type=\"column\" data-settings=\"{&quot;background_background&quot;:&quot;classic&quot;}\">\n\t\t\t<div class=\"elementor-widget-wrap elementor-element-populated\">\n\t\t\t\t\t\t<div class=\"elementor-element elementor-element-21eef7e elementor-widget elementor-widget-image\" data-id=\"21eef7e\" data-element_type=\"widget\" data-e-type=\"widget\" data-widget_type=\"image.default\">\n\t\t\t\t<div class=\"elementor-widget-container\">\n\t\t\t\t\t\t\t\t\t\t\t\t\t\t\t\t<a href=\"https:\/\/villa-perla.it\/da\/tilgaengelighed-og-bookinger\/\" target=\"_blank\">\n\t\t\t\t\t\t\t<img fetchpriority=\"high\" decoding=\"async\" width=\"1920\" height=\"1080\" src=\"https:\/\/villa-perla.it\/wp-content\/uploads\/2023\/06\/villa-perla-piemonte-2023-22-1.webp\" class=\"attachment-full size-full wp-image-9620\" alt=\"\" srcset=\"https:\/\/villa-perla.it\/wp-content\/uploads\/2023\/06\/villa-perla-piemonte-2023-22-1.webp 1920w, https:\/\/villa-perla.it\/wp-content\/uploads\/2023\/06\/villa-perla-piemonte-2023-22-1-300x169.webp 300w, https:\/\/villa-perla.it\/wp-content\/uploads\/2023\/06\/villa-perla-piemonte-2023-22-1-1024x576.webp 1024w, https:\/\/villa-perla.it\/wp-content\/uploads\/2023\/06\/villa-perla-piemonte-2023-22-1-768x432.webp 768w, https:\/\/villa-perla.it\/wp-content\/uploads\/2023\/06\/villa-perla-piemonte-2023-22-1-1536x864.webp 1536w\" sizes=\"(max-width: 1920px) 100vw, 1920px\" \/>\t\t\t\t\t\t\t\t<\/a>\n\t\t\t\t\t\t\t\t\t\t\t\t\t\t\t<\/div>\n\t\t\t\t<\/div>\n\t\t\t\t<div class=\"elementor-element elementor-element-52e5def5 elementor-widget elementor-widget-heading\" data-id=\"52e5def5\" data-element_type=\"widget\" data-e-type=\"widget\" data-widget_type=\"heading.default\">\n\t\t\t\t<div class=\"elementor-widget-container\">\n\t\t\t\t\t<h2 class=\"elementor-heading-title elementor-size-default\"><a href=\"https:\/\/villa-perla.it\/da\/villaen\/\" target=\"_blank\">VILLAEN<\/a><\/h2>\t\t\t\t<\/div>\n\t\t\t\t<\/div>\n\t\t\t\t\t<\/div>\n\t\t<\/div>\n\t\t\t\t<div class=\"elementor-column elementor-col-33 elementor-inner-column elementor-element elementor-element-bff79c1\" data-id=\"bff79c1\" data-element_type=\"column\" data-e-type=\"column\" data-settings=\"{&quot;background_background&quot;:&quot;classic&quot;}\">\n\t\t\t<div class=\"elementor-widget-wrap elementor-element-populated\">\n\t\t\t\t\t\t<div class=\"elementor-element elementor-element-d12e063 elementor-widget elementor-widget-image\" data-id=\"d12e063\" data-element_type=\"widget\" data-e-type=\"widget\" data-widget_type=\"image.default\">\n\t\t\t\t<div class=\"elementor-widget-container\">\n\t\t\t\t\t\t\t\t\t\t\t\t\t\t\t\t<a href=\"https:\/\/villa-perla.it\/da\/tilgaengelighed-og-bookinger\/\" target=\"_blank\">\n\t\t\t\t\t\t\t<img decoding=\"async\" width=\"2048\" height=\"1843\" src=\"https:\/\/villa-perla.it\/wp-content\/uploads\/2023\/08\/villa-perla-piemonte-holiday-house-with-pool-002-2023.webp\" class=\"attachment-full size-full wp-image-19362\" alt=\"Villa Perla Piemonte - dining room view\" \/>\t\t\t\t\t\t\t\t<\/a>\n\t\t\t\t\t\t\t\t\t\t\t\t\t\t\t<\/div>\n\t\t\t\t<\/div>\n\t\t\t\t<div class=\"elementor-element elementor-element-12ea90f elementor-widget elementor-widget-heading\" data-id=\"12ea90f\" data-element_type=\"widget\" data-e-type=\"widget\" data-widget_type=\"heading.default\">\n\t\t\t\t<div class=\"elementor-widget-container\">\n\t\t\t\t\t<h2 class=\"elementor-heading-title elementor-size-default\"><a href=\"https:\/\/villa-perla.it\/da\/tilgaengelighed-og-bookinger\/\" target=\"_blank\">TILG\u00c6NGELIGHED<\/a><\/h2>\t\t\t\t<\/div>\n\t\t\t\t<\/div>\n\t\t\t\t\t<\/div>\n\t\t<\/div>\n\t\t\t\t<div class=\"elementor-column elementor-col-33 elementor-inner-column elementor-element elementor-element-0e91e11\" data-id=\"0e91e11\" data-element_type=\"column\" data-e-type=\"column\" data-settings=\"{&quot;background_background&quot;:&quot;classic&quot;}\">\n\t\t\t<div class=\"elementor-widget-wrap elementor-element-populated\">\n\t\t\t\t\t\t<div class=\"elementor-element elementor-element-f67288e elementor-widget elementor-widget-image\" data-id=\"f67288e\" data-element_type=\"widget\" data-e-type=\"widget\" data-widget_type=\"image.default\">\n\t\t\t\t<div class=\"elementor-widget-container\">\n\t\t\t\t\t\t\t\t\t\t\t\t\t\t\t\t<a href=\"https:\/\/villa-perla.it\/da\/omraadet\/\" target=\"_blank\">\n\t\t\t\t\t\t\t<img decoding=\"async\" width=\"1920\" height=\"1080\" src=\"https:\/\/villa-perla.it\/wp-content\/uploads\/2021\/11\/villaperla-thealps-scaled.webp\" class=\"attachment-full size-full wp-image-5014\" alt=\"\" srcset=\"https:\/\/villa-perla.it\/wp-content\/uploads\/2021\/11\/villaperla-thealps-scaled.webp 1920w, https:\/\/villa-perla.it\/wp-content\/uploads\/2021\/11\/villaperla-thealps-300x169.webp 300w, https:\/\/villa-perla.it\/wp-content\/uploads\/2021\/11\/villaperla-thealps-1024x576.webp 1024w, https:\/\/villa-perla.it\/wp-content\/uploads\/2021\/11\/villaperla-thealps-768x432.webp 768w, https:\/\/villa-perla.it\/wp-content\/uploads\/2021\/11\/villaperla-thealps-1536x864.webp 1536w, https:\/\/villa-perla.it\/wp-content\/uploads\/2021\/11\/villaperla-thealps-600x338.webp 600w\" sizes=\"(max-width: 1920px) 100vw, 1920px\" \/>\t\t\t\t\t\t\t\t<\/a>\n\t\t\t\t\t\t\t\t\t\t\t\t\t\t\t<\/div>\n\t\t\t\t<\/div>\n\t\t\t\t<div class=\"elementor-element elementor-element-81a388f elementor-widget elementor-widget-heading\" data-id=\"81a388f\" data-element_type=\"widget\" data-e-type=\"widget\" data-widget_type=\"heading.default\">\n\t\t\t\t<div class=\"elementor-widget-container\">\n\t\t\t\t\t<h2 class=\"elementor-heading-title elementor-size-default\"><a href=\"https:\/\/villa-perla.it\/da\/omraadet\/\" target=\"_blank\">OMR\u00c5DET<\/a><\/h2>\t\t\t\t<\/div>\n\t\t\t\t<\/div>\n\t\t\t\t\t<\/div>\n\t\t<\/div>\n\t\t\t\t\t<\/div>\n\t\t<\/section>\n\t\t\t\t\t<\/div>\n\t\t<\/div>\n\t\t\t\t\t<\/div>\n\t\t<\/section>\n\t\t\t\t<section class=\"elementor-section elementor-top-section elementor-element elementor-element-36f5f23 elementor-section-boxed elementor-section-height-default elementor-section-height-default\" data-id=\"36f5f23\" data-element_type=\"section\" data-e-type=\"section\" data-settings=\"{&quot;jet_parallax_layout_list&quot;:[{&quot;jet_parallax_layout_image&quot;:{&quot;url&quot;:&quot;&quot;,&quot;id&quot;:&quot;&quot;,&quot;size&quot;:&quot;&quot;},&quot;_id&quot;:&quot;71c53b9&quot;,&quot;jet_parallax_layout_image_tablet&quot;:{&quot;url&quot;:&quot;&quot;,&quot;id&quot;:&quot;&quot;,&quot;size&quot;:&quot;&quot;},&quot;jet_parallax_layout_image_mobile&quot;:{&quot;url&quot;:&quot;&quot;,&quot;id&quot;:&quot;&quot;,&quot;size&quot;:&quot;&quot;},&quot;jet_parallax_layout_speed&quot;:{&quot;unit&quot;:&quot;%&quot;,&quot;size&quot;:50,&quot;sizes&quot;:[]},&quot;jet_parallax_layout_type&quot;:&quot;scroll&quot;,&quot;jet_parallax_layout_direction&quot;:&quot;1&quot;,&quot;jet_parallax_layout_fx_direction&quot;:null,&quot;jet_parallax_layout_z_index&quot;:&quot;&quot;,&quot;jet_parallax_layout_bg_x&quot;:50,&quot;jet_parallax_layout_bg_x_tablet&quot;:&quot;&quot;,&quot;jet_parallax_layout_bg_x_mobile&quot;:&quot;&quot;,&quot;jet_parallax_layout_bg_y&quot;:50,&quot;jet_parallax_layout_bg_y_tablet&quot;:&quot;&quot;,&quot;jet_parallax_layout_bg_y_mobile&quot;:&quot;&quot;,&quot;jet_parallax_layout_bg_size&quot;:&quot;auto&quot;,&quot;jet_parallax_layout_bg_size_tablet&quot;:&quot;&quot;,&quot;jet_parallax_layout_bg_size_mobile&quot;:&quot;&quot;,&quot;jet_parallax_layout_animation_prop&quot;:&quot;transform&quot;,&quot;jet_parallax_layout_on&quot;:[&quot;desktop&quot;,&quot;tablet&quot;]}]}\">\n\t\t\t\t\t\t<div class=\"elementor-container elementor-column-gap-default\">\n\t\t\t\t\t<header class=\"elementor-column elementor-col-100 elementor-top-column elementor-element elementor-element-1dda4a3\" data-id=\"1dda4a3\" data-element_type=\"column\" data-e-type=\"column\">\n\t\t\t<div class=\"elementor-widget-wrap elementor-element-populated\">\n\t\t\t\t\t\t<div class=\"elementor-element elementor-element-5c478eb elementor-widget elementor-widget-menu-anchor\" data-id=\"5c478eb\" data-element_type=\"widget\" data-e-type=\"widget\" data-widget_type=\"menu-anchor.default\">\n\t\t\t\t<div class=\"elementor-widget-container\">\n\t\t\t\t\t\t\t<div class=\"elementor-menu-anchor\" id=\"HVADGRVI\"><\/div>\n\t\t\t\t\t\t<\/div>\n\t\t\t\t<\/div>\n\t\t\t\t<div class=\"elementor-element elementor-element-a16e0f0 elementor-widget elementor-widget-heading\" data-id=\"a16e0f0\" data-element_type=\"widget\" data-e-type=\"widget\" data-widget_type=\"heading.default\">\n\t\t\t\t<div class=\"elementor-widget-container\">\n\t\t\t\t\t<h2 class=\"elementor-heading-title elementor-size-default\"><a href=\"https:\/\/villa-perla.it\/da\/villaen\/\" target=\"_blank\">Beliggenhed og aktiviteter<\/a><\/h2>\t\t\t\t<\/div>\n\t\t\t\t<\/div>\n\t\t\t\t<div class=\"elementor-element elementor-element-e40d1a4 elementor-widget elementor-widget-text-editor\" data-id=\"e40d1a4\" data-element_type=\"widget\" data-e-type=\"widget\" data-widget_type=\"text-editor.default\">\n\t\t\t\t<div class=\"elementor-widget-container\">\n\t\t\t\t\t\t\t\t\t<p>Piemonte eller Piemonte er en af de smukkeste regioner i Norditalien med mange skjulte skatte at opdage. Fantastiske landskaber uden for alfarvej, en rig historie, venlige mennesker, et l\u00e6kkert k\u00f8kken med lokale friske produkter, herunder oste, tr\u00f8fler, fremragende og rent k\u00f8d&#8230; <\/p><p>Beliggenheden har ogs\u00e5 store fordele: Den ligger t\u00e6t p\u00e5 <strong>Alperne, de italienske s\u00f8er og Middelhavet<\/strong>. Hvis du bor omkring Villa Perla i Costigliole d&#8217;Asti, kan du ogs\u00e5 nemt bes\u00f8ge byer som Asti, Canelli, Calosso, Neive, &#8230; alt sammen inden for 5 til 20 minutter. Ud over disse UNESCO-landsbyer er der masser af aktiviteter og andre interessante steder at udforske.  <\/p><p>Her er nogle ideer, og du kan ogs\u00e5 finde mere<span style=\"color: var( --e-global-color-primary ); font-size: 1rem;\"> information i vores <strong><a href=\"https:\/\/villa-perla.it\/da\/blog\/\" target=\"_blank\" rel=\"noopener\">BLOG<\/a><\/strong>:<\/span><\/p><ul><li>Bricco Lu <strong><a href=\"https:\/\/www.google.com\/maps\/place\/Panchina+Gigante+%2318+Costigliole+d'Asti+(Bricco+L%C3%B9)\/@44.7800761,8.213828,17z\/data=!3m1!4b1!4m6!3m5!1s0x47878c763deab257:0x799b4186ab6c5138!8m2!3d44.7800761!4d8.213828!16s%2Fg%2F11c6_gpwrr?hl=it&amp;entry=ttu\" target=\"_blank\" rel=\"noopener\">&#8220;STOR B\u00c6NK&#8221;<\/a><\/strong> med udsigt over Alperne,<\/li><li><a href=\"https:\/\/villa-perla.it\/da\/vinsmagning\/\" target=\"_blank\" rel=\"noopener\"><strong>Vinsmagning<\/strong><\/a>,<\/li><li><a href=\"https:\/\/www.instagram.com\/p\/CzeCfZBNGb_\/?utm_source=ig_web_copy_link&amp;igsh=MzRlODBiNWFlZA==\" target=\"_blank\" rel=\"noopener\"><strong>Tr\u00f8ffeljagt,<\/strong><\/a><\/li><li><a href=\"https:\/\/villa-perla.it\/da\/omraadet\/\" target=\"_blank\" rel=\"noopener\"><strong>Udforsk charmerende byer som Neive, Asti, Alba og Torino,<\/strong><\/a><\/li><li>Bes\u00f8g slotte og paladser; vi har endda vores eget i centrum af vores by, Costigliole d&#8217;Asti,<\/li><li>Kulinariske ture,<\/li><li>Kunst og kultur,<\/li><li>Termiske bade,<\/li><li>E-bikes,<\/li><li><a href=\"https:\/\/villa-perla.it\/da\/ostesmagning-hos-caseificio-pepe-1924-i-costigliole-dasti\/\" target=\"_blank\" rel=\"noopener\"><strong>Smagning af ost,<\/strong><\/a><\/li><li>Bes\u00f8g lokale festivaler og begivenheder, som afholdes hele \u00e5ret,<\/li><li>Golf, vandring, cykling, ridning<\/li><\/ul>\t\t\t\t\t\t\t\t<\/div>\n\t\t\t\t<\/div>\n\t\t\t\t<div class=\"elementor-element elementor-element-f06bb75 elementor-widget elementor-widget-text-editor\" data-id=\"f06bb75\" data-element_type=\"widget\" data-e-type=\"widget\" data-widget_type=\"text-editor.default\">\n\t\t\t\t<div class=\"elementor-widget-container\">\n\t\t\t\t\t\t\t\t\t<p><strong>F\u00e5 mest muligt ud af din tid i denne smukke del af Italien, og sp\u00f8rg os p\u00e5 <a href=\"mailto:info@villa-perla.it\" target=\"_blank\" rel=\"noopener\">info@villa-perla.it<\/a> eller via kontaktformularen, hvis vi kan hj\u00e6lpe dig med at forberede eller arrangere bookinger under dit ophold!  <\/strong><\/p><p><strong>Vi ser frem til at modtage din besked!<\/strong><\/p>\t\t\t\t\t\t\t\t<\/div>\n\t\t\t\t<\/div>\n\t\t\t\t<section class=\"elementor-section elementor-inner-section elementor-element elementor-element-119f4f8 elementor-section-boxed elementor-section-height-default elementor-section-height-default\" data-id=\"119f4f8\" data-element_type=\"section\" data-e-type=\"section\" data-settings=\"{&quot;jet_parallax_layout_list&quot;:[]}\">\n\t\t\t\t\t\t<div class=\"elementor-container elementor-column-gap-default\">\n\t\t\t\t\t<div class=\"elementor-column elementor-col-50 elementor-inner-column elementor-element elementor-element-30dbe8e\" data-id=\"30dbe8e\" data-element_type=\"column\" data-e-type=\"column\">\n\t\t\t<div class=\"elementor-widget-wrap elementor-element-populated\">\n\t\t\t\t\t\t<div class=\"elementor-element elementor-element-201465b elementor-mobile-align-left elementor-widget elementor-widget-button\" data-id=\"201465b\" data-element_type=\"widget\" data-e-type=\"widget\" data-widget_type=\"button.default\">\n\t\t\t\t<div class=\"elementor-widget-container\">\n\t\t\t\t\t\t\t\t\t<div class=\"elementor-button-wrapper\">\n\t\t\t\t\t<a class=\"elementor-button elementor-button-link elementor-size-sm\" href=\"https:\/\/villa-perla.it\/da\/kontakt\/\" target=\"_blank\">\n\t\t\t\t\t\t<span class=\"elementor-button-content-wrapper\">\n\t\t\t\t\t\t\t\t\t<span class=\"elementor-button-text\">KONTAKT<\/span>\n\t\t\t\t\t<\/span>\n\t\t\t\t\t<\/a>\n\t\t\t\t<\/div>\n\t\t\t\t\t\t\t\t<\/div>\n\t\t\t\t<\/div>\n\t\t\t\t\t<\/div>\n\t\t<\/div>\n\t\t\t\t<div class=\"elementor-column elementor-col-50 elementor-inner-column elementor-element elementor-element-8fa92cb\" data-id=\"8fa92cb\" data-element_type=\"column\" data-e-type=\"column\">\n\t\t\t<div class=\"elementor-widget-wrap elementor-element-populated\">\n\t\t\t\t\t\t<div class=\"elementor-element elementor-element-ab83c3a elementor-mobile-align-left elementor-align-left elementor-widget elementor-widget-button\" data-id=\"ab83c3a\" data-element_type=\"widget\" data-e-type=\"widget\" data-widget_type=\"button.default\">\n\t\t\t\t<div class=\"elementor-widget-container\">\n\t\t\t\t\t\t\t\t\t<div class=\"elementor-button-wrapper\">\n\t\t\t\t\t<a class=\"elementor-button elementor-button-link elementor-size-sm\" href=\"https:\/\/villa-perla.it\/da\/blog\/\" target=\"_blank\">\n\t\t\t\t\t\t<span class=\"elementor-button-content-wrapper\">\n\t\t\t\t\t\t\t\t\t<span class=\"elementor-button-text\">BLOG<\/span>\n\t\t\t\t\t<\/span>\n\t\t\t\t\t<\/a>\n\t\t\t\t<\/div>\n\t\t\t\t\t\t\t\t<\/div>\n\t\t\t\t<\/div>\n\t\t\t\t\t<\/div>\n\t\t<\/div>\n\t\t\t\t\t<\/div>\n\t\t<\/section>\n\t\t\t\t\t<\/div>\n\t\t<\/header>\n\t\t\t\t\t<\/div>\n\t\t<\/section>\n\t\t\t\t<section class=\"elementor-section elementor-top-section elementor-element elementor-element-c41b57c elementor-section-content-middle elementor-section-boxed elementor-section-height-default elementor-section-height-default\" data-id=\"c41b57c\" data-element_type=\"section\" data-e-type=\"section\" data-settings=\"{&quot;jet_parallax_layout_list&quot;:[{&quot;_id&quot;:&quot;a683000&quot;,&quot;jet_parallax_layout_image&quot;:{&quot;url&quot;:&quot;&quot;,&quot;id&quot;:&quot;&quot;,&quot;size&quot;:&quot;&quot;},&quot;jet_parallax_layout_image_tablet&quot;:{&quot;url&quot;:&quot;&quot;,&quot;id&quot;:&quot;&quot;,&quot;size&quot;:&quot;&quot;},&quot;jet_parallax_layout_image_mobile&quot;:{&quot;url&quot;:&quot;&quot;,&quot;id&quot;:&quot;&quot;,&quot;size&quot;:&quot;&quot;},&quot;jet_parallax_layout_speed&quot;:{&quot;unit&quot;:&quot;%&quot;,&quot;size&quot;:50,&quot;sizes&quot;:[]},&quot;jet_parallax_layout_type&quot;:&quot;scroll&quot;,&quot;jet_parallax_layout_direction&quot;:&quot;1&quot;,&quot;jet_parallax_layout_fx_direction&quot;:null,&quot;jet_parallax_layout_z_index&quot;:&quot;&quot;,&quot;jet_parallax_layout_bg_x&quot;:50,&quot;jet_parallax_layout_bg_x_tablet&quot;:&quot;&quot;,&quot;jet_parallax_layout_bg_x_mobile&quot;:&quot;&quot;,&quot;jet_parallax_layout_bg_y&quot;:50,&quot;jet_parallax_layout_bg_y_tablet&quot;:&quot;&quot;,&quot;jet_parallax_layout_bg_y_mobile&quot;:&quot;&quot;,&quot;jet_parallax_layout_bg_size&quot;:&quot;auto&quot;,&quot;jet_parallax_layout_bg_size_tablet&quot;:&quot;&quot;,&quot;jet_parallax_layout_bg_size_mobile&quot;:&quot;&quot;,&quot;jet_parallax_layout_animation_prop&quot;:&quot;transform&quot;,&quot;jet_parallax_layout_on&quot;:[&quot;desktop&quot;,&quot;tablet&quot;]}],&quot;background_background&quot;:&quot;classic&quot;}\">\n\t\t\t\t\t\t\t<div class=\"elementor-background-overlay\"><\/div>\n\t\t\t\t\t\t\t<div class=\"elementor-container elementor-column-gap-no\">\n\t\t\t\t\t<div class=\"elementor-column elementor-col-100 elementor-top-column elementor-element elementor-element-89ba9a7\" data-id=\"89ba9a7\" data-element_type=\"column\" data-e-type=\"column\">\n\t\t\t<div class=\"elementor-widget-wrap elementor-element-populated\">\n\t\t\t\t\t\t<div class=\"elementor-element elementor-element-d625c53 elementor-widget elementor-widget-heading\" data-id=\"d625c53\" data-element_type=\"widget\" data-e-type=\"widget\" data-widget_type=\"heading.default\">\n\t\t\t\t<div class=\"elementor-widget-container\">\n\t\t\t\t\t<h1 class=\"elementor-heading-title elementor-size-default\">ANMELDELSER<\/h1>\t\t\t\t<\/div>\n\t\t\t\t<\/div>\n\t\t\t\t<section class=\"elementor-section elementor-inner-section elementor-element elementor-element-31d668f elementor-section-boxed elementor-section-height-default elementor-section-height-default\" data-id=\"31d668f\" data-element_type=\"section\" data-e-type=\"section\" data-settings=\"{&quot;jet_parallax_layout_list&quot;:[]}\">\n\t\t\t\t\t\t<div class=\"elementor-container elementor-column-gap-default\">\n\t\t\t\t\t<div class=\"elementor-column elementor-col-100 elementor-inner-column elementor-element elementor-element-b15615e\" data-id=\"b15615e\" data-element_type=\"column\" data-e-type=\"column\" data-settings=\"{&quot;background_background&quot;:&quot;classic&quot;}\">\n\t\t\t<div class=\"elementor-widget-wrap elementor-element-populated\">\n\t\t\t\t\t\t<div class=\"elementor-element elementor-element-f322722 elementor-widget elementor-widget-shortcode\" data-id=\"f322722\" data-element_type=\"widget\" data-e-type=\"widget\" data-widget_type=\"shortcode.default\">\n\t\t\t\t<div class=\"elementor-widget-container\">\n\t\t\t\t\t\t\t<div class=\"elementor-shortcode\"><div class=\"wp-gr rpi wpac\" data-id=\"7749\" data-layout=\"slider\" data-exec=\"false\" data-options='{&quot;text_size&quot;:&quot;&quot;,&quot;trans&quot;:{&quot;read more&quot;:&quot;l\\u00e6s mere&quot;}}'><svg xmlns=\"http:\/\/www.w3.org\/2000\/svg\" style=\"display:none!important\"><symbol id=\"grw-tripadvisor\" viewBox=\"0 0 713.496 713.496\"><g><circle fill=\"#34E0A1\" cx=\"356.749\" cy=\"356.748\" r=\"356.748\"\/><path d=\"M577.095,287.152l43.049-46.836h-95.465c-47.792-32.646-105.51-51.659-167.931-51.659   c-62.342,0-119.899,19.054-167.612,51.659H93.432l43.049,46.836c-26.387,24.075-42.929,58.754-42.929,97.259   c0,72.665,58.914,131.578,131.579,131.578c34.519,0,65.968-13.313,89.446-35.077l42.172,45.919l42.172-45.879   c23.478,21.764,54.887,35.037,89.406,35.037c72.665,0,131.658-58.913,131.658-131.578   C620.024,345.866,603.483,311.188,577.095,287.152z M225.17,473.458c-49.188,0-89.047-39.859-89.047-89.047   s39.86-89.048,89.047-89.048c49.187,0,89.047,39.86,89.047,89.048S274.357,473.458,225.17,473.458z M356.788,381.82   c0-58.595-42.61-108.898-98.853-130.383c30.413-12.716,63.776-19.771,98.813-19.771s68.439,7.055,98.853,19.771   C399.399,272.962,356.788,323.226,356.788,381.82z M488.367,473.458c-49.188,0-89.048-39.859-89.048-89.047   s39.86-89.048,89.048-89.048s89.047,39.86,89.047,89.048S537.554,473.458,488.367,473.458z M488.367,337.694   c-25.79,0-46.677,20.887-46.677,46.677c0,25.789,20.887,46.676,46.677,46.676c25.789,0,46.676-20.887,46.676-46.676   C535.042,358.621,514.156,337.694,488.367,337.694z M271.846,384.411c0,25.789-20.887,46.676-46.676,46.676   s-46.676-20.887-46.676-46.676c0-25.79,20.887-46.677,46.676-46.677C250.959,337.694,271.846,358.621,271.846,384.411z\"\/><\/g><\/symbol><symbol id=\"grw-google\" viewBox=\"0 0 512 512\"><g fill=\"none\" fill-rule=\"evenodd\"><path d=\"M482.56 261.36c0-16.73-1.5-32.83-4.29-48.27H256v91.29h127.01c-5.47 29.5-22.1 54.49-47.09 71.23v59.21h76.27c44.63-41.09 70.37-101.59 70.37-173.46z\" fill=\"#4285f4\"\/><path d=\"M256 492c63.72 0 117.14-21.13 156.19-57.18l-76.27-59.21c-21.13 14.16-48.17 22.53-79.92 22.53-61.47 0-113.49-41.51-132.05-97.3H45.1v61.15c38.83 77.13 118.64 130.01 210.9 130.01z\" fill=\"#34a853\"\/><path d=\"M123.95 300.84c-4.72-14.16-7.4-29.29-7.4-44.84s2.68-30.68 7.4-44.84V150.01H45.1C29.12 181.87 20 217.92 20 256c0 38.08 9.12 74.13 25.1 105.99l78.85-61.15z\" fill=\"#fbbc05\"\/><path d=\"M256 113.86c34.65 0 65.76 11.91 90.22 35.29l67.69-67.69C373.03 43.39 319.61 20 256 20c-92.25 0-172.07 52.89-210.9 130.01l78.85 61.15c18.56-55.78 70.59-97.3 132.05-97.3z\" fill=\"#ea4335\"\/><path d=\"M20 20h472v472H20V20z\"\/><\/g><\/symbol><\/svg><div class=\"grw-row grw-row-m\" data-options='{\"speed\":3,\"autoplay\":true,\"mousestop\":true,\"breakpoints\":\"\"}'><div class=\"grw-header\"><div class=\"grw-header-inner rpi-flx rpi-row12\"><div class=\"grw-img-wrap\"><img loading=\"lazy\" decoding=\"async\" class=\"grw-img\" src=\"https:\/\/villa-perla.it\/wp-content\/uploads\/2023\/03\/Villa-perla-piemonte-favicon.png\" loading=\"lazy\" alt=\"Villa Perla place picture\" width=\"50\" height=\"50\" onerror=\"if(this.src!='data:image\/gif;base64,R0lGODlhAQABAIAAAAAAAP\/\/\/yH5BAEAAAAALAAAAAABAAEAAAIBRAA7')this.src='data:image\/gif;base64,R0lGODlhAQABAIAAAAAAAP\/\/\/yH5BAEAAAAALAAAAAABAAEAAAIBRAA7';\" ><\/div><div class=\"rpi-flx rpi-col8\"><div class=\"wp-google-name\"><a href=\"https:\/\/maps.google.com\/?cid=17335236488123125363\" target=\"_blank\" rel=\"nofollow noopener\">Villa Perla<\/a><\/div><span class=\"rpi-stars\" style=\"--rating:4.8\">4.8<\/span><div class=\"wp-google-based\">Based on 17 reviews<\/div><div class=\"wp-google-powered\">powered by <span><span style=\"color:#3c6df0!important\">G<\/span><span style=\"color:#d93025!important\">o<\/span><span style=\"color:#fb8e28!important\">o<\/span><span style=\"color:#3c6df0!important\">g<\/span><span style=\"color:#188038!important\">l<\/span><span style=\"color:#d93025!important\">e<\/span><\/span><\/div><div class=\"wp-google-wr\"><a href=\"https:\/\/search.google.com\/local\/writereview?placeid=ChIJ_YTDY76Lh0cRcw74a70hk_A\" target=\"_blank\" rel=\"nofollow noopener\" onclick=\"return rplg_leave_review_window.call(this)\">review us on<svg height=\"16\" width=\"16\" role=\"none\"><use href=\"#grw-google\"><\/use><\/svg><\/a><\/div><\/div><\/div><\/div><div class=\"rpi-slides-root grw-content\"><div class=\"grw-content-inner\"><button class=\"rpi-ltgt rpi-lt grw-prev\" tabindex=\"0\"><\/button><div class=\"rpi-slides grw-reviews rpi-slides-bite\" data-count=\"12\" data-offset=\"12\"><div class=\"rpi-slide grw-review\"><div class=\"rpi-flx rpi-col12 grw-review-inner grw-backgnd\"><div class=\"rpi-flx rpi-row12-center\"><div class=\"grw-img-wrap\"><img loading=\"lazy\" decoding=\"async\" class=\"grw-img\" src=\"https:\/\/villa-perla.it\/wp-content\/uploads\/2025\/04\/ChIJ_YTDY76Lh0cRcw74a70hk_A_7aa63cac1c6ef3cb627a02cda8fffcac.jpg\" loading=\"lazy\" alt=\"Melpo Gkofa profile picture\" width=\"50\" height=\"50\" onerror=\"if(this.src!='https:\/\/villa-perla.it\/wp-content\/plugins\/widget-google-reviews\/assets\/img\/guest.png')this.src='https:\/\/villa-perla.it\/wp-content\/plugins\/widget-google-reviews\/assets\/img\/guest.png';\" ><\/div><div class=\"rpi-flx rpi-col6\"><a href=\"https:\/\/www.google.com\/maps\/contrib\/105370859039447863272\/reviews\" class=\"wp-google-name\" target=\"_blank\" rel=\"nofollow noopener\">Melpo Gkofa<\/a><div class=\"wp-google-time\" data-time=\"1745063125\">11:45 19 Apr 25<\/div><\/div><\/div><span class=\"rpi-stars\" style=\"--rating:5\"><\/span><div class=\"rpi-flx rpi-col4\"><div class=\"wp-google-feedback grw-scroll\" ><span class=\"wp-google-text\">Amazing view<br \/>Very clean<br \/>Great amenities<br \/>Excellent hospitality!<\/span><\/div><\/div><svg height=\"16\" width=\"16\" role=\"none\"><use href=\"#grw-google\"\/><\/svg><\/div><\/div><div class=\"rpi-slide grw-review\"><div class=\"rpi-flx rpi-col12 grw-review-inner grw-backgnd\"><div class=\"rpi-flx rpi-row12-center\"><div class=\"grw-img-wrap\"><img loading=\"lazy\" decoding=\"async\" class=\"grw-img\" src=\"https:\/\/villa-perla.it\/wp-content\/uploads\/2025\/04\/ChIJ_YTDY76Lh0cRcw74a70hk_A_4f95927a70d5ff5eb21f7f3f3449252e.jpg\" loading=\"lazy\" alt=\"Ibrahim Sangare profile picture\" width=\"50\" height=\"50\" onerror=\"if(this.src!='https:\/\/villa-perla.it\/wp-content\/plugins\/widget-google-reviews\/assets\/img\/guest.png')this.src='https:\/\/villa-perla.it\/wp-content\/plugins\/widget-google-reviews\/assets\/img\/guest.png';\" ><\/div><div class=\"rpi-flx rpi-col6\"><a href=\"https:\/\/www.google.com\/maps\/contrib\/107871755209887965876\/reviews\" class=\"wp-google-name\" target=\"_blank\" rel=\"nofollow noopener\">Ibrahim Sangare<\/a><div class=\"wp-google-time\" data-time=\"1734124011\">21:06 13 Dec 24<\/div><\/div><\/div><span class=\"rpi-stars\" style=\"--rating:4\"><\/span><div class=\"rpi-flx rpi-col4\"><div class=\"wp-google-feedback grw-scroll\" ><span class=\"wp-google-text\">Very good<\/span><\/div><\/div><svg height=\"16\" width=\"16\" role=\"none\"><use href=\"#grw-google\"\/><\/svg><\/div><\/div><div class=\"rpi-slide grw-review\"><div class=\"rpi-flx rpi-col12 grw-review-inner grw-backgnd\"><div class=\"rpi-flx rpi-row12-center\"><div class=\"grw-img-wrap\"><img loading=\"lazy\" decoding=\"async\" class=\"grw-img\" src=\"https:\/\/villa-perla.it\/wp-content\/uploads\/2025\/04\/ChIJ_YTDY76Lh0cRcw74a70hk_A_c82cac99d1bc2e7f84092b21f3681772.jpg\" loading=\"lazy\" alt=\"Sven De Beenhouwer profile picture\" width=\"50\" height=\"50\" onerror=\"if(this.src!='https:\/\/villa-perla.it\/wp-content\/plugins\/widget-google-reviews\/assets\/img\/guest.png')this.src='https:\/\/villa-perla.it\/wp-content\/plugins\/widget-google-reviews\/assets\/img\/guest.png';\" ><\/div><div class=\"rpi-flx rpi-col6\"><a href=\"https:\/\/www.google.com\/maps\/contrib\/112296578215752862294\/reviews\" class=\"wp-google-name\" target=\"_blank\" rel=\"nofollow noopener\">Sven De Beenhouwer<\/a><div class=\"wp-google-time\" data-time=\"1721399320\">14:28 19 Jul 24<\/div><\/div><\/div><span class=\"rpi-stars\" style=\"--rating:5\"><\/span><div class=\"rpi-flx rpi-col4\"><div class=\"wp-google-feedback grw-scroll\" ><span class=\"wp-google-text\">We enjoyed an amazing week at Villa Perla, situated in the heart of Piemonte's most beautiful winery region. With its breathtaking views of the vineyards, Villa Perla is a well-equipped and spacious home offering all modern amenities. The owners have thoughtfully provided every comfort to ensure a perfect stay.<br \/><br \/>This villa served as our ideal hideaway for a relaxing holiday. We loved spending time around the villa, enjoying the pool, garden, and stunning views, while also embarking on several day trips. Our kids especially adored the pool area. During our excursions, we explored picturesque winery villages, walking trails, and visited Torino and the Ligurian coast. There's so much more to see, and we definitely plan to return.<br \/><br \/>We highly recommend booking a private cooking session with a typical Piemonte menu. Our cook was incredibly friendly and highly skilled, providing a fine dining experience right at Villa Perla.<\/span><\/div><\/div><svg height=\"16\" width=\"16\" role=\"none\"><use href=\"#grw-google\"\/><\/svg><\/div><\/div><div class=\"rpi-slide grw-review\"><div class=\"rpi-flx rpi-col12 grw-review-inner grw-backgnd\"><div class=\"rpi-flx rpi-row12-center\"><div class=\"grw-img-wrap\"><img loading=\"lazy\" decoding=\"async\" class=\"grw-img\" src=\"https:\/\/lh3.googleusercontent.com\/a-\/ALV-UjU1s_i_bg_SapDp6-nKWLRVBSvTpCbEGj66lfU-v1OLd34uDqLF=s128-c0x00000000-cc-rp-mo-ba6\" loading=\"lazy\" alt=\"Henrik Nygaard profile picture\" width=\"50\" height=\"50\" onerror=\"if(this.src!='https:\/\/villa-perla.it\/wp-content\/plugins\/widget-google-reviews\/assets\/img\/guest.png')this.src='https:\/\/villa-perla.it\/wp-content\/plugins\/widget-google-reviews\/assets\/img\/guest.png';\" ><\/div><div class=\"rpi-flx rpi-col6\"><a href=\"https:\/\/www.google.com\/maps\/contrib\/106631329507976981124\/reviews\" class=\"wp-google-name\" target=\"_blank\" rel=\"nofollow noopener\">Henrik Nygaard<\/a><div class=\"wp-google-time\" data-time=\"1717005370\">17:56 29 May 24<\/div><\/div><\/div><span class=\"rpi-stars\" style=\"--rating:5\"><\/span><div class=\"rpi-flx rpi-col4\"><div class=\"wp-google-feedback grw-scroll\" ><span class=\"wp-google-text\">Dejlig ferie ejendom med sk\u00f8n udsigt, pool, fire sovev\u00e6relser og BBQ omr\u00e5de.<\/span><\/div><\/div><svg height=\"16\" width=\"16\" role=\"none\"><use href=\"#grw-google\"\/><\/svg><\/div><\/div><div class=\"rpi-slide grw-review\"><div class=\"rpi-flx rpi-col12 grw-review-inner grw-backgnd\"><div class=\"rpi-flx rpi-row12-center\"><div class=\"grw-img-wrap\"><img loading=\"lazy\" decoding=\"async\" class=\"grw-img\" src=\"https:\/\/villa-perla.it\/wp-content\/uploads\/2025\/04\/ChIJ_YTDY76Lh0cRcw74a70hk_A_40adacbd98ce2743124b210ecd596961.jpg\" loading=\"lazy\" alt=\"Annick Boehme profile picture\" width=\"50\" height=\"50\" onerror=\"if(this.src!='https:\/\/villa-perla.it\/wp-content\/plugins\/widget-google-reviews\/assets\/img\/guest.png')this.src='https:\/\/villa-perla.it\/wp-content\/plugins\/widget-google-reviews\/assets\/img\/guest.png';\" ><\/div><div class=\"rpi-flx rpi-col6\"><a href=\"https:\/\/www.google.com\/maps\/contrib\/113744725679344357564\/reviews\" class=\"wp-google-name\" target=\"_blank\" rel=\"nofollow noopener\">Annick Boehme<\/a><div class=\"wp-google-time\" data-time=\"1704284503\">12:21 03 Jan 24<\/div><\/div><\/div><span class=\"rpi-stars\" style=\"--rating:4\"><\/span><div class=\"rpi-flx rpi-col4\"><div class=\"wp-google-feedback grw-scroll\" ><span class=\"wp-google-text\">We spent New Year's Eve with friends at Villa Perla, how fantastic it was! The holiday home was very spacious and well equipped and who wouldn't want to wake up with this view! Close to many charming villages to visit. Worth it, we will definitely come back!<\/span><\/div><\/div><svg height=\"16\" width=\"16\" role=\"none\"><use href=\"#grw-google\"\/><\/svg><\/div><\/div><div class=\"rpi-slide grw-review\"><div class=\"rpi-flx rpi-col12 grw-review-inner grw-backgnd\"><div class=\"rpi-flx rpi-row12-center\"><div class=\"grw-img-wrap\"><img loading=\"lazy\" decoding=\"async\" class=\"grw-img\" src=\"https:\/\/lh3.googleusercontent.com\/a\/ACg8ocL7wElAR0iTmJc1gd-AIMalVc-xh7xT5rEMTm8vPSc8Z6Ymlg=s128-c0x00000000-cc-rp-mo\" loading=\"lazy\" alt=\"Geert De Bie profile picture\" width=\"50\" height=\"50\" onerror=\"if(this.src!='https:\/\/villa-perla.it\/wp-content\/plugins\/widget-google-reviews\/assets\/img\/guest.png')this.src='https:\/\/villa-perla.it\/wp-content\/plugins\/widget-google-reviews\/assets\/img\/guest.png';\" ><\/div><div class=\"rpi-flx rpi-col6\"><a href=\"https:\/\/www.google.com\/maps\/contrib\/113967842774261718978\/reviews\" class=\"wp-google-name\" target=\"_blank\" rel=\"nofollow noopener\">Geert De Bie<\/a><div class=\"wp-google-time\" data-time=\"1704187072\">09:17 02 Jan 24<\/div><\/div><\/div><span class=\"rpi-stars\" style=\"--rating:5\"><\/span><div class=\"rpi-flx rpi-col4\"><div class=\"wp-google-feedback grw-scroll\" ><span class=\"wp-google-text\">Beautiful house, clean , comfortable rooms\/beds. Perfect quiet neighbourhood in the middle of the wine region. Ideal to spend your holidays with the family. Cosy restaurants and picturesque villages nearby.<\/span><\/div><\/div><svg height=\"16\" width=\"16\" role=\"none\"><use href=\"#grw-google\"\/><\/svg><\/div><\/div><div class=\"rpi-slide grw-review\"><div class=\"rpi-flx rpi-col12 grw-review-inner grw-backgnd\"><div class=\"rpi-flx rpi-row12-center\"><div class=\"grw-img-wrap\"><img loading=\"lazy\" decoding=\"async\" class=\"grw-img\" src=\"https:\/\/lh3.googleusercontent.com\/a-\/ALV-UjX97mIRcgj2VORL6wbwRYf8QQZlKwF5jfDazWuoKSCmXYPi8oM=s128-c0x00000000-cc-rp-mo\" loading=\"lazy\" alt=\"Frank De Bruin profile picture\" width=\"50\" height=\"50\" onerror=\"if(this.src!='https:\/\/villa-perla.it\/wp-content\/plugins\/widget-google-reviews\/assets\/img\/guest.png')this.src='https:\/\/villa-perla.it\/wp-content\/plugins\/widget-google-reviews\/assets\/img\/guest.png';\" ><\/div><div class=\"rpi-flx rpi-col6\"><a href=\"https:\/\/www.google.com\/maps\/contrib\/114220216130931929832\/reviews\" class=\"wp-google-name\" target=\"_blank\" rel=\"nofollow noopener\">Frank De Bruin<\/a><div class=\"wp-google-time\" data-time=\"1701095448\">14:30 27 Nov 23<\/div><\/div><\/div><span class=\"rpi-stars\" style=\"--rating:5\"><\/span><div class=\"rpi-flx rpi-col4\"><div class=\"wp-google-feedback grw-scroll\" ><span class=\"wp-google-text\">Neatly renovated house with a beautiful view in the middle of a very tasty wine region.<br \/>Close to all amenities needed for a wonderful and, above all, peaceful holiday.<\/span><\/div><\/div><svg height=\"16\" width=\"16\" role=\"none\"><use href=\"#grw-google\"\/><\/svg><\/div><\/div><div class=\"rpi-slide grw-review\"><div class=\"rpi-flx rpi-col12 grw-review-inner grw-backgnd\"><div class=\"rpi-flx rpi-row12-center\"><div class=\"grw-img-wrap\"><img loading=\"lazy\" decoding=\"async\" class=\"grw-img\" src=\"https:\/\/lh3.googleusercontent.com\/a\/ACg8ocI51Th5tExbdRiFtEuEn53tEjdJw_Fwjb1WHr8rWiuo8kpJKA=s128-c0x00000000-cc-rp-mo\" loading=\"lazy\" alt=\"Sebastian Martin profile picture\" width=\"50\" height=\"50\" onerror=\"if(this.src!='https:\/\/villa-perla.it\/wp-content\/plugins\/widget-google-reviews\/assets\/img\/guest.png')this.src='https:\/\/villa-perla.it\/wp-content\/plugins\/widget-google-reviews\/assets\/img\/guest.png';\" ><\/div><div class=\"rpi-flx rpi-col6\"><a href=\"https:\/\/www.google.com\/maps\/contrib\/101019901306128704334\/reviews\" class=\"wp-google-name\" target=\"_blank\" rel=\"nofollow noopener\">Sebastian Martin<\/a><div class=\"wp-google-time\" data-time=\"1697541496\">11:18 17 Oct 23<\/div><\/div><\/div><span class=\"rpi-stars\" style=\"--rating:5\"><\/span><div class=\"rpi-flx rpi-col4\"><div class=\"wp-google-feedback grw-scroll\" ><span class=\"wp-google-text\">Nestled amidst the picturesque rolling hills of Piedmonte, this vacation home is a slice of paradise. The first thing that struck me was the impeccable attention to detail in every corner of the house. It exudes an inviting warmth and charm that made us feel right at home. The decor is a perfect blend of modern comfort and rustic Italian elegance, creating a cozy and luxurious atmosphere that we adored.<br \/><br \/>The panoramic views from the property are nothing short of breathtaking.<br \/><br \/>The accommodations were comfortable and well-appointed. The bedrooms were spacious, and the beds were incredibly cozy, ensuring a restful night's sleep. The kitchen was a joy to cook in, fully equipped with all the tools we needed to prepare our meals with fresh, local ingredients. And special mention must go to the WiFi network which thanks to a Starlink connection allows for speeds unparalleled in the region.<br \/><br \/>One of the highlights of our stay was the outdoor space. The garden and pool area are beautifully landscaped, and we spent countless hours lounging by the pool, savoring the tranquility and the sounds of nature. Dining al fresco under the covered terrace was a regular occurrence, and it provided the perfect setting for romantic dinners and family gatherings.<\/span><\/div><\/div><svg height=\"16\" width=\"16\" role=\"none\"><use href=\"#grw-google\"\/><\/svg><\/div><\/div><div class=\"rpi-slide grw-review\"><div class=\"rpi-flx rpi-col12 grw-review-inner grw-backgnd\"><div class=\"rpi-flx rpi-row12-center\"><div class=\"grw-img-wrap\"><img loading=\"lazy\" decoding=\"async\" class=\"grw-img\" src=\"https:\/\/lh3.googleusercontent.com\/a-\/ALV-UjW_EkdTXZJZVdOpXYTpmm3n27fRhbDG1PObT1BNZPu-MLY=s128-c0x00000000-cc-rp-mo\" loading=\"lazy\" alt=\"J H profile picture\" width=\"50\" height=\"50\" onerror=\"if(this.src!='https:\/\/villa-perla.it\/wp-content\/plugins\/widget-google-reviews\/assets\/img\/guest.png')this.src='https:\/\/villa-perla.it\/wp-content\/plugins\/widget-google-reviews\/assets\/img\/guest.png';\" ><\/div><div class=\"rpi-flx rpi-col6\"><a href=\"https:\/\/www.google.com\/maps\/contrib\/103408859555080375034\/reviews\" class=\"wp-google-name\" target=\"_blank\" rel=\"nofollow noopener\">J H<\/a><div class=\"wp-google-time\" data-time=\"1690983256\">13:34 02 Aug 23<\/div><\/div><\/div><span class=\"rpi-stars\" style=\"--rating:5\"><\/span><div class=\"rpi-flx rpi-col4\"><div class=\"wp-google-feedback grw-scroll\" ><span class=\"wp-google-text\">Beautiful farmhouse renovated in every part which enjoys a privileged view of the hills, quiet location and equipped with every comfort from bedding, cleaning and outdoor swimming pool<br \/>To return for sure<\/span><\/div><\/div><svg height=\"16\" width=\"16\" role=\"none\"><use href=\"#grw-google\"\/><\/svg><\/div><\/div><div class=\"rpi-slide grw-review\"><div class=\"rpi-flx rpi-col12 grw-review-inner grw-backgnd\"><div class=\"rpi-flx rpi-row12-center\"><div class=\"grw-img-wrap\"><img loading=\"lazy\" decoding=\"async\" class=\"grw-img\" src=\"https:\/\/lh3.googleusercontent.com\/a-\/ALV-UjU0M_3L7zoAKpi71AzSgCtGnuOjpJPRb9GmUNVvInW1Cw=s128-c0x00000000-cc-rp-mo\" loading=\"lazy\" alt=\"Fleur Bakx profile picture\" width=\"50\" height=\"50\" onerror=\"if(this.src!='https:\/\/villa-perla.it\/wp-content\/plugins\/widget-google-reviews\/assets\/img\/guest.png')this.src='https:\/\/villa-perla.it\/wp-content\/plugins\/widget-google-reviews\/assets\/img\/guest.png';\" ><\/div><div class=\"rpi-flx rpi-col6\"><a href=\"https:\/\/www.google.com\/maps\/contrib\/104867041997996824738\/reviews\" class=\"wp-google-name\" target=\"_blank\" rel=\"nofollow noopener\">Fleur Bakx<\/a><div class=\"wp-google-time\" data-time=\"1690876174\">07:49 01 Aug 23<\/div><\/div><\/div><span class=\"rpi-stars\" style=\"--rating:5\"><\/span><div class=\"rpi-flx rpi-col4\"><div class=\"wp-google-feedback grw-scroll\" ><span class=\"wp-google-text\">We had a wonderful time in Villa Perla and would highly recommend it. Super nice location with a lot if comfort, both for young and old. We will definitely go back again!<\/span><\/div><\/div><svg height=\"16\" width=\"16\" role=\"none\"><use href=\"#grw-google\"\/><\/svg><\/div><\/div><div class=\"rpi-slide grw-review\"><div class=\"rpi-flx rpi-col12 grw-review-inner grw-backgnd\"><div class=\"rpi-flx rpi-row12-center\"><div class=\"grw-img-wrap\"><img loading=\"lazy\" decoding=\"async\" class=\"grw-img\" src=\"https:\/\/villa-perla.it\/wp-content\/uploads\/2023\/11\/ChIJ_YTDY76Lh0cRcw74a70hk_A_1179ce70e5422b6f1921f22906b7f7a6.jpg\" loading=\"lazy\" alt=\"Jolaine Hancock profile picture\" width=\"50\" height=\"50\" onerror=\"if(this.src!='https:\/\/villa-perla.it\/wp-content\/plugins\/widget-google-reviews\/assets\/img\/guest.png')this.src='https:\/\/villa-perla.it\/wp-content\/plugins\/widget-google-reviews\/assets\/img\/guest.png';\" ><\/div><div class=\"rpi-flx rpi-col6\"><a href=\"https:\/\/www.google.com\/maps\/contrib\/103081462275290409515\/reviews\" class=\"wp-google-name\" target=\"_blank\" rel=\"nofollow noopener\">Jolaine Hancock<\/a><div class=\"wp-google-time\" data-time=\"1687870837\">13:00 27 Jun 23<\/div><\/div><\/div><span class=\"rpi-stars\" style=\"--rating:5\"><\/span><div class=\"rpi-flx rpi-col4\"><div class=\"wp-google-feedback grw-scroll\" ><span class=\"wp-google-text\">The view is fantastic! A very good location to relax and spend some time with your family. The garden is very nice, I highly recommend it &#x1f44d;<\/span><\/div><\/div><svg height=\"16\" width=\"16\" role=\"none\"><use href=\"#grw-google\"\/><\/svg><\/div><\/div><div class=\"rpi-slide grw-review\"><div class=\"rpi-flx rpi-col12 grw-review-inner grw-backgnd\"><div class=\"rpi-flx rpi-row12-center\"><div class=\"grw-img-wrap\"><img loading=\"lazy\" decoding=\"async\" class=\"grw-img\" src=\"https:\/\/lh3.googleusercontent.com\/a-\/ALV-UjWf-v9MDgdlNKMckH6TkPUxQU5dHxV67E5eOSYjkd2Ckro=s128-c0x00000000-cc-rp-mo\" loading=\"lazy\" alt=\"Eleonora Panella profile picture\" width=\"50\" height=\"50\" onerror=\"if(this.src!='https:\/\/villa-perla.it\/wp-content\/plugins\/widget-google-reviews\/assets\/img\/guest.png')this.src='https:\/\/villa-perla.it\/wp-content\/plugins\/widget-google-reviews\/assets\/img\/guest.png';\" ><\/div><div class=\"rpi-flx rpi-col6\"><a href=\"https:\/\/www.google.com\/maps\/contrib\/116097407738035074875\/reviews\" class=\"wp-google-name\" target=\"_blank\" rel=\"nofollow noopener\">Eleonora Panella<\/a><div class=\"wp-google-time\" data-time=\"1687856940\">09:09 27 Jun 23<\/div><\/div><\/div><span class=\"rpi-stars\" style=\"--rating:5\"><\/span><div class=\"rpi-flx rpi-col4\"><div class=\"wp-google-feedback grw-scroll\" ><span class=\"wp-google-text\">Perfect location, clean and well furnished. Highly recommended.<\/span><\/div><\/div><svg height=\"16\" width=\"16\" role=\"none\"><use href=\"#grw-google\"\/><\/svg><\/div><\/div><\/div><button class=\"rpi-ltgt rpi-gt grw-next\" tabindex=\"0\"><\/button><div class=\"rpi-dots-wrap\"><div class=\"rpi-dots\"><\/div><\/div><\/div><\/div><\/div><script>(function(p){if(!p)return;let w=p.offsetWidth,m=function(a,b){return Math.min(a,b)===a};p.querySelector('.grw-row').classList.replace('grw-row-m','grw-row-'+(m(w,510)?'xs':m(w,750)?'x':m(w,1100)?'s':m(w,1450)?'m':m(w,1800)?'l':'xl'))})(document.currentScript?.parentElement)<\/script><\/div><\/div>\n\t\t\t\t\t\t<\/div>\n\t\t\t\t<\/div>\n\t\t\t\t\t<\/div>\n\t\t<\/div>\n\t\t\t\t\t<\/div>\n\t\t<\/section>\n\t\t\t\t\t<\/div>\n\t\t<\/div>\n\t\t\t\t\t<\/div>\n\t\t<\/section>\n\t\t\t\t<section class=\"elementor-section elementor-top-section elementor-element elementor-element-fefacfa elementor-section-boxed elementor-section-height-default elementor-section-height-default\" data-id=\"fefacfa\" data-element_type=\"section\" data-e-type=\"section\" data-settings=\"{&quot;jet_parallax_layout_list&quot;:[]}\">\n\t\t\t\t\t\t<div class=\"elementor-container elementor-column-gap-default\">\n\t\t\t\t\t<div class=\"elementor-column elementor-col-100 elementor-top-column elementor-element elementor-element-76f52ed\" data-id=\"76f52ed\" data-element_type=\"column\" data-e-type=\"column\">\n\t\t\t<div class=\"elementor-widget-wrap elementor-element-populated\">\n\t\t\t\t\t\t<div class=\"elementor-element elementor-element-01d8693 elementor-widget elementor-widget-gallery\" data-id=\"01d8693\" data-element_type=\"widget\" data-e-type=\"widget\" data-settings=\"{&quot;columns&quot;:2,&quot;gallery_layout&quot;:&quot;masonry&quot;,&quot;lazyload&quot;:&quot;yes&quot;,&quot;columns_tablet&quot;:2,&quot;columns_mobile&quot;:1,&quot;gap&quot;:{&quot;unit&quot;:&quot;px&quot;,&quot;size&quot;:10,&quot;sizes&quot;:[]},&quot;gap_tablet&quot;:{&quot;unit&quot;:&quot;px&quot;,&quot;size&quot;:10,&quot;sizes&quot;:[]},&quot;gap_mobile&quot;:{&quot;unit&quot;:&quot;px&quot;,&quot;size&quot;:10,&quot;sizes&quot;:[]},&quot;link_to&quot;:&quot;file&quot;,&quot;content_hover_animation&quot;:&quot;fade-in&quot;}\" data-widget_type=\"gallery.default\">\n\t\t\t\t<div class=\"elementor-widget-container\">\n\t\t\t\t\t\t\t<div class=\"elementor-gallery__container\">\n\t\t\t\t\t\t\t<a class=\"e-gallery-item elementor-gallery-item elementor-animated-content\" href=\"https:\/\/villa-perla.it\/wp-content\/uploads\/2026\/01\/Villa-perla-bedroom-15012026-001.webp\" data-elementor-open-lightbox=\"yes\" data-elementor-lightbox-slideshow=\"01d8693\" data-elementor-lightbox-title=\"Villa-perla-bedroom-15012026-001\" data-e-action-hash=\"#elementor-action%3Aaction%3Dlightbox%26settings%3DeyJpZCI6MTkxMjMsInVybCI6Imh0dHBzOlwvXC92aWxsYS1wZXJsYS5pdFwvd3AtY29udGVudFwvdXBsb2Fkc1wvMjAyNlwvMDFcL1ZpbGxhLXBlcmxhLWJlZHJvb20tMTUwMTIwMjYtMDAxLndlYnAiLCJzbGlkZXNob3ciOiIwMWQ4NjkzIn0%3D\">\n\t\t\t\t\t<div class=\"e-gallery-image elementor-gallery-item__image\" data-thumbnail=\"https:\/\/villa-perla.it\/wp-content\/uploads\/2026\/01\/Villa-perla-bedroom-15012026-001.webp\" data-width=\"2016\" data-height=\"1512\" aria-label=\"\" role=\"img\" ><\/div>\n\t\t\t\t\t\t\t\t\t\t\t\t\t\t<\/a>\n\t\t\t\t\t\t\t<a class=\"e-gallery-item elementor-gallery-item elementor-animated-content\" href=\"https:\/\/villa-perla.it\/wp-content\/uploads\/2023\/06\/villa-perla-piemonte-2023-11-1.webp\" data-elementor-open-lightbox=\"yes\" data-elementor-lightbox-slideshow=\"01d8693\" data-elementor-lightbox-title=\"villa-perla-piemonte-2023-11\" data-e-action-hash=\"#elementor-action%3Aaction%3Dlightbox%26settings%3DeyJpZCI6OTYwOSwidXJsIjoiaHR0cHM6XC9cL3ZpbGxhLXBlcmxhLml0XC93cC1jb250ZW50XC91cGxvYWRzXC8yMDIzXC8wNlwvdmlsbGEtcGVybGEtcGllbW9udGUtMjAyMy0xMS0xLndlYnAiLCJzbGlkZXNob3ciOiIwMWQ4NjkzIn0%3D\">\n\t\t\t\t\t<div class=\"e-gallery-image elementor-gallery-item__image\" data-thumbnail=\"https:\/\/villa-perla.it\/wp-content\/uploads\/2023\/06\/villa-perla-piemonte-2023-11-1.webp\" data-width=\"1920\" data-height=\"1080\" aria-label=\"\" role=\"img\" ><\/div>\n\t\t\t\t\t\t\t\t\t\t\t\t\t\t<\/a>\n\t\t\t\t\t\t\t<a class=\"e-gallery-item elementor-gallery-item elementor-animated-content\" href=\"https:\/\/villa-perla.it\/wp-content\/uploads\/2026\/01\/Villa-Perla-Pienonte-BBQ-area-scaled.jpg\" data-elementor-open-lightbox=\"yes\" data-elementor-lightbox-slideshow=\"01d8693\" data-elementor-lightbox-title=\"Villa Perla Pienonte - BBQ area\" data-e-action-hash=\"#elementor-action%3Aaction%3Dlightbox%26settings%3DeyJpZCI6MTg5NDAsInVybCI6Imh0dHBzOlwvXC92aWxsYS1wZXJsYS5pdFwvd3AtY29udGVudFwvdXBsb2Fkc1wvMjAyNlwvMDFcL1ZpbGxhLVBlcmxhLVBpZW5vbnRlLUJCUS1hcmVhLXNjYWxlZC5qcGciLCJzbGlkZXNob3ciOiIwMWQ4NjkzIn0%3D\">\n\t\t\t\t\t<div class=\"e-gallery-image elementor-gallery-item__image\" data-thumbnail=\"https:\/\/villa-perla.it\/wp-content\/uploads\/2026\/01\/Villa-Perla-Pienonte-BBQ-area-scaled.jpg\" data-width=\"1440\" data-height=\"2560\" aria-label=\"\" role=\"img\" ><\/div>\n\t\t\t\t\t\t\t\t\t\t\t\t\t\t<\/a>\n\t\t\t\t\t\t\t<a class=\"e-gallery-item elementor-gallery-item elementor-animated-content\" href=\"https:\/\/villa-perla.it\/wp-content\/uploads\/2024\/08\/villa-perla-piemonte-grapes-vendemia-001-scaled.webp\" data-elementor-open-lightbox=\"yes\" data-elementor-lightbox-slideshow=\"01d8693\" data-elementor-lightbox-title=\"villa-perla-piemonte-grapes-vendemia-001\" data-e-action-hash=\"#elementor-action%3Aaction%3Dlightbox%26settings%3DeyJpZCI6MTU3NjcsInVybCI6Imh0dHBzOlwvXC92aWxsYS1wZXJsYS5pdFwvd3AtY29udGVudFwvdXBsb2Fkc1wvMjAyNFwvMDhcL3ZpbGxhLXBlcmxhLXBpZW1vbnRlLWdyYXBlcy12ZW5kZW1pYS0wMDEtc2NhbGVkLndlYnAiLCJzbGlkZXNob3ciOiIwMWQ4NjkzIn0%3D\">\n\t\t\t\t\t<div class=\"e-gallery-image elementor-gallery-item__image\" data-thumbnail=\"https:\/\/villa-perla.it\/wp-content\/uploads\/2024\/08\/villa-perla-piemonte-grapes-vendemia-001-scaled.webp\" data-width=\"1920\" data-height=\"1440\" aria-label=\"\" role=\"img\" ><\/div>\n\t\t\t\t\t\t\t\t\t\t\t\t\t\t<\/a>\n\t\t\t\t\t\t\t<a class=\"e-gallery-item elementor-gallery-item elementor-animated-content\" href=\"https:\/\/villa-perla.it\/wp-content\/uploads\/2026\/01\/Villa-Perla-Piemonte-Bedroom-ensuite-bathroom-groundfloor-2-scaled.jpg\" data-elementor-open-lightbox=\"yes\" data-elementor-lightbox-slideshow=\"01d8693\" data-elementor-lightbox-title=\"Villa Perla Piemonte - Bedroom ensuite bathroom groundfloor\" data-e-action-hash=\"#elementor-action%3Aaction%3Dlightbox%26settings%3DeyJpZCI6MTkwNDgsInVybCI6Imh0dHBzOlwvXC92aWxsYS1wZXJsYS5pdFwvd3AtY29udGVudFwvdXBsb2Fkc1wvMjAyNlwvMDFcL1ZpbGxhLVBlcmxhLVBpZW1vbnRlLUJlZHJvb20tZW5zdWl0ZS1iYXRocm9vbS1ncm91bmRmbG9vci0yLXNjYWxlZC5qcGciLCJzbGlkZXNob3ciOiIwMWQ4NjkzIn0%3D\">\n\t\t\t\t\t<div class=\"e-gallery-image elementor-gallery-item__image\" data-thumbnail=\"https:\/\/villa-perla.it\/wp-content\/uploads\/2026\/01\/Villa-Perla-Piemonte-Bedroom-ensuite-bathroom-groundfloor-2-scaled.jpg\" data-width=\"2560\" data-height=\"1440\" aria-label=\"\" role=\"img\" ><\/div>\n\t\t\t\t\t\t\t\t\t\t\t\t\t\t<\/a>\n\t\t\t\t\t\t\t<a class=\"e-gallery-item elementor-gallery-item elementor-animated-content\" href=\"https:\/\/villa-perla.it\/wp-content\/uploads\/2026\/01\/Villa-Perla-piemonte-BBQ-area-002.webp\" data-elementor-open-lightbox=\"yes\" data-elementor-lightbox-slideshow=\"01d8693\" data-elementor-lightbox-title=\"Villa Perla piemonte BBQ area 002\" data-e-action-hash=\"#elementor-action%3Aaction%3Dlightbox%26settings%3DeyJpZCI6MTg5NDYsInVybCI6Imh0dHBzOlwvXC92aWxsYS1wZXJsYS5pdFwvd3AtY29udGVudFwvdXBsb2Fkc1wvMjAyNlwvMDFcL1ZpbGxhLVBlcmxhLXBpZW1vbnRlLUJCUS1hcmVhLTAwMi53ZWJwIiwic2xpZGVzaG93IjoiMDFkODY5MyJ9\">\n\t\t\t\t\t<div class=\"e-gallery-image elementor-gallery-item__image\" data-thumbnail=\"https:\/\/villa-perla.it\/wp-content\/uploads\/2026\/01\/Villa-Perla-piemonte-BBQ-area-002.webp\" data-width=\"531\" data-height=\"945\" aria-label=\"\" role=\"img\" ><\/div>\n\t\t\t\t\t\t\t\t\t\t\t\t\t\t<\/a>\n\t\t\t\t\t\t\t<a class=\"e-gallery-item elementor-gallery-item elementor-animated-content\" href=\"https:\/\/villa-perla.it\/wp-content\/uploads\/2023\/06\/villa-perla-piemonte-2023-22-1.webp\" data-elementor-open-lightbox=\"yes\" data-elementor-lightbox-slideshow=\"01d8693\" data-elementor-lightbox-title=\"villa-perla-piemonte-2023-22\" data-e-action-hash=\"#elementor-action%3Aaction%3Dlightbox%26settings%3DeyJpZCI6OTYyMCwidXJsIjoiaHR0cHM6XC9cL3ZpbGxhLXBlcmxhLml0XC93cC1jb250ZW50XC91cGxvYWRzXC8yMDIzXC8wNlwvdmlsbGEtcGVybGEtcGllbW9udGUtMjAyMy0yMi0xLndlYnAiLCJzbGlkZXNob3ciOiIwMWQ4NjkzIn0%3D\">\n\t\t\t\t\t<div class=\"e-gallery-image elementor-gallery-item__image\" data-thumbnail=\"https:\/\/villa-perla.it\/wp-content\/uploads\/2023\/06\/villa-perla-piemonte-2023-22-1.webp\" data-width=\"1920\" data-height=\"1080\" aria-label=\"\" role=\"img\" ><\/div>\n\t\t\t\t\t\t\t\t\t\t\t\t\t\t<\/a>\n\t\t\t\t\t\t\t<a class=\"e-gallery-item elementor-gallery-item elementor-animated-content\" href=\"https:\/\/villa-perla.it\/wp-content\/uploads\/2023\/08\/villa-perla-piemonte-holiday-house-with-pool-002-2023.webp\" data-elementor-open-lightbox=\"yes\" data-elementor-lightbox-slideshow=\"01d8693\" data-elementor-lightbox-title=\"villa-perla-piemonte-holiday-house-with-pool-002-2023\" data-elementor-lightbox-description=\"Villa Perla Piemonte - dining room view\" data-e-action-hash=\"#elementor-action%3Aaction%3Dlightbox%26settings%3DeyJpZCI6MTkzNjIsInVybCI6Imh0dHBzOlwvXC92aWxsYS1wZXJsYS5pdFwvd3AtY29udGVudFwvdXBsb2Fkc1wvMjAyM1wvMDhcL3ZpbGxhLXBlcmxhLXBpZW1vbnRlLWhvbGlkYXktaG91c2Utd2l0aC1wb29sLTAwMi0yMDIzLndlYnAiLCJzbGlkZXNob3ciOiIwMWQ4NjkzIn0%3D\">\n\t\t\t\t\t<div class=\"e-gallery-image elementor-gallery-item__image\" data-thumbnail=\"https:\/\/villa-perla.it\/wp-content\/uploads\/2023\/08\/villa-perla-piemonte-holiday-house-with-pool-002-2023.webp\" data-width=\"2048\" data-height=\"1843\" aria-label=\"Villa Perla Piemonte - dining room view\" role=\"img\" ><\/div>\n\t\t\t\t\t\t\t\t\t\t\t\t\t\t<\/a>\n\t\t\t\t\t\t\t<a class=\"e-gallery-item elementor-gallery-item elementor-animated-content\" href=\"https:\/\/villa-perla.it\/wp-content\/uploads\/2023\/06\/villa-perla-piemonte-2023-18-1.webp\" data-elementor-open-lightbox=\"yes\" data-elementor-lightbox-slideshow=\"01d8693\" data-elementor-lightbox-title=\"villa-perla-piemonte-2023-18\" data-e-action-hash=\"#elementor-action%3Aaction%3Dlightbox%26settings%3DeyJpZCI6OTYxNiwidXJsIjoiaHR0cHM6XC9cL3ZpbGxhLXBlcmxhLml0XC93cC1jb250ZW50XC91cGxvYWRzXC8yMDIzXC8wNlwvdmlsbGEtcGVybGEtcGllbW9udGUtMjAyMy0xOC0xLndlYnAiLCJzbGlkZXNob3ciOiIwMWQ4NjkzIn0%3D\">\n\t\t\t\t\t<div class=\"e-gallery-image elementor-gallery-item__image\" data-thumbnail=\"https:\/\/villa-perla.it\/wp-content\/uploads\/2023\/06\/villa-perla-piemonte-2023-18-1.webp\" data-width=\"1920\" data-height=\"1080\" aria-label=\"\" role=\"img\" ><\/div>\n\t\t\t\t\t\t\t\t\t\t\t\t\t\t<\/a>\n\t\t\t\t\t\t\t<a class=\"e-gallery-item elementor-gallery-item elementor-animated-content\" href=\"https:\/\/villa-perla.it\/wp-content\/uploads\/2026\/01\/Villa-Perla-Piemonte-small-bedroom-upstairs-scaled.jpg\" data-elementor-open-lightbox=\"yes\" data-elementor-lightbox-slideshow=\"01d8693\" data-elementor-lightbox-title=\"Villa Perla Piemonte - small bedroom upstairs\" data-e-action-hash=\"#elementor-action%3Aaction%3Dlightbox%26settings%3DeyJpZCI6MTkwMDYsInVybCI6Imh0dHBzOlwvXC92aWxsYS1wZXJsYS5pdFwvd3AtY29udGVudFwvdXBsb2Fkc1wvMjAyNlwvMDFcL1ZpbGxhLVBlcmxhLVBpZW1vbnRlLXNtYWxsLWJlZHJvb20tdXBzdGFpcnMtc2NhbGVkLmpwZyIsInNsaWRlc2hvdyI6IjAxZDg2OTMifQ%3D%3D\">\n\t\t\t\t\t<div class=\"e-gallery-image elementor-gallery-item__image\" data-thumbnail=\"https:\/\/villa-perla.it\/wp-content\/uploads\/2026\/01\/Villa-Perla-Piemonte-small-bedroom-upstairs-scaled.jpg\" data-width=\"2560\" data-height=\"1928\" aria-label=\"\" role=\"img\" ><\/div>\n\t\t\t\t\t\t\t\t\t\t\t\t\t\t<\/a>\n\t\t\t\t\t\t\t<a class=\"e-gallery-item elementor-gallery-item elementor-animated-content\" href=\"https:\/\/villa-perla.it\/wp-content\/uploads\/2023\/06\/villa-perla-piemonte-2023-04.webp\" data-elementor-open-lightbox=\"yes\" data-elementor-lightbox-slideshow=\"01d8693\" data-elementor-lightbox-title=\"villa-perla-piemonte-2023-04\" data-e-action-hash=\"#elementor-action%3Aaction%3Dlightbox%26settings%3DeyJpZCI6OTYyNywidXJsIjoiaHR0cHM6XC9cL3ZpbGxhLXBlcmxhLml0XC93cC1jb250ZW50XC91cGxvYWRzXC8yMDIzXC8wNlwvdmlsbGEtcGVybGEtcGllbW9udGUtMjAyMy0wNC53ZWJwIiwic2xpZGVzaG93IjoiMDFkODY5MyJ9\">\n\t\t\t\t\t<div class=\"e-gallery-image elementor-gallery-item__image\" data-thumbnail=\"https:\/\/villa-perla.it\/wp-content\/uploads\/2023\/06\/villa-perla-piemonte-2023-04.webp\" data-width=\"1920\" data-height=\"1080\" aria-label=\"\" role=\"img\" ><\/div>\n\t\t\t\t\t\t\t\t\t\t\t\t\t\t<\/a>\n\t\t\t\t\t\t\t<a class=\"e-gallery-item elementor-gallery-item elementor-animated-content\" href=\"https:\/\/villa-perla.it\/wp-content\/uploads\/2026\/01\/Villa-perla-bedroom-scaled.jpg\" data-elementor-open-lightbox=\"yes\" data-elementor-lightbox-slideshow=\"01d8693\" data-elementor-lightbox-title=\"Villa perla bedroom\" data-e-action-hash=\"#elementor-action%3Aaction%3Dlightbox%26settings%3DeyJpZCI6MTkwMzksInVybCI6Imh0dHBzOlwvXC92aWxsYS1wZXJsYS5pdFwvd3AtY29udGVudFwvdXBsb2Fkc1wvMjAyNlwvMDFcL1ZpbGxhLXBlcmxhLWJlZHJvb20tc2NhbGVkLmpwZyIsInNsaWRlc2hvdyI6IjAxZDg2OTMifQ%3D%3D\">\n\t\t\t\t\t<div class=\"e-gallery-image elementor-gallery-item__image\" data-thumbnail=\"https:\/\/villa-perla.it\/wp-content\/uploads\/2026\/01\/Villa-perla-bedroom-scaled.jpg\" data-width=\"2560\" data-height=\"1440\" aria-label=\"\" role=\"img\" ><\/div>\n\t\t\t\t\t\t\t\t\t\t\t\t\t\t<\/a>\n\t\t\t\t\t\t\t<a class=\"e-gallery-item elementor-gallery-item elementor-animated-content\" href=\"https:\/\/villa-perla.it\/wp-content\/uploads\/2023\/06\/villa-perla-piemonte-2023-19-1.webp\" data-elementor-open-lightbox=\"yes\" data-elementor-lightbox-slideshow=\"01d8693\" data-elementor-lightbox-title=\"villa-perla-piemonte-2023-19\" data-e-action-hash=\"#elementor-action%3Aaction%3Dlightbox%26settings%3DeyJpZCI6OTYxNywidXJsIjoiaHR0cHM6XC9cL3ZpbGxhLXBlcmxhLml0XC93cC1jb250ZW50XC91cGxvYWRzXC8yMDIzXC8wNlwvdmlsbGEtcGVybGEtcGllbW9udGUtMjAyMy0xOS0xLndlYnAiLCJzbGlkZXNob3ciOiIwMWQ4NjkzIn0%3D\">\n\t\t\t\t\t<div class=\"e-gallery-image elementor-gallery-item__image\" data-thumbnail=\"https:\/\/villa-perla.it\/wp-content\/uploads\/2023\/06\/villa-perla-piemonte-2023-19-1.webp\" data-width=\"1920\" data-height=\"1080\" aria-label=\"\" role=\"img\" ><\/div>\n\t\t\t\t\t\t\t\t\t\t\t\t\t\t<\/a>\n\t\t\t\t\t\t\t<a class=\"e-gallery-item elementor-gallery-item elementor-animated-content\" href=\"https:\/\/villa-perla.it\/wp-content\/uploads\/2023\/06\/villa-perla-piemonte-2023-15-1.jpg\" data-elementor-open-lightbox=\"yes\" data-elementor-lightbox-slideshow=\"01d8693\" data-elementor-lightbox-title=\"villa-perla-piemonte-2023-15\" data-e-action-hash=\"#elementor-action%3Aaction%3Dlightbox%26settings%3DeyJpZCI6OTYxMywidXJsIjoiaHR0cHM6XC9cL3ZpbGxhLXBlcmxhLml0XC93cC1jb250ZW50XC91cGxvYWRzXC8yMDIzXC8wNlwvdmlsbGEtcGVybGEtcGllbW9udGUtMjAyMy0xNS0xLmpwZyIsInNsaWRlc2hvdyI6IjAxZDg2OTMifQ%3D%3D\">\n\t\t\t\t\t<div class=\"e-gallery-image elementor-gallery-item__image\" data-thumbnail=\"https:\/\/villa-perla.it\/wp-content\/uploads\/2023\/06\/villa-perla-piemonte-2023-15-1.jpg\" data-width=\"1920\" data-height=\"1080\" aria-label=\"\" role=\"img\" ><\/div>\n\t\t\t\t\t\t\t\t\t\t\t\t\t\t<\/a>\n\t\t\t\t\t\t\t<a class=\"e-gallery-item elementor-gallery-item elementor-animated-content\" href=\"https:\/\/villa-perla.it\/wp-content\/uploads\/2023\/06\/villa-perla-piemonte-2023-14-1.webp\" data-elementor-open-lightbox=\"yes\" data-elementor-lightbox-slideshow=\"01d8693\" data-elementor-lightbox-title=\"villa-perla-piemonte-2023-14\" data-elementor-lightbox-description=\"Villa Perla Piemonte\" data-e-action-hash=\"#elementor-action%3Aaction%3Dlightbox%26settings%3DeyJpZCI6MTY0NjIsInVybCI6Imh0dHBzOlwvXC92aWxsYS1wZXJsYS5pdFwvd3AtY29udGVudFwvdXBsb2Fkc1wvMjAyM1wvMDZcL3ZpbGxhLXBlcmxhLXBpZW1vbnRlLTIwMjMtMTQtMS53ZWJwIiwic2xpZGVzaG93IjoiMDFkODY5MyJ9\">\n\t\t\t\t\t<div class=\"e-gallery-image elementor-gallery-item__image\" data-thumbnail=\"https:\/\/villa-perla.it\/wp-content\/uploads\/2023\/06\/villa-perla-piemonte-2023-14-1.webp\" data-width=\"1920\" data-height=\"1080\" aria-label=\"\" role=\"img\" ><\/div>\n\t\t\t\t\t\t\t\t\t\t\t\t\t\t<\/a>\n\t\t\t\t\t\t\t<a class=\"e-gallery-item elementor-gallery-item elementor-animated-content\" href=\"https:\/\/villa-perla.it\/wp-content\/uploads\/2023\/06\/villa-perla-piemonte-2023-13-1.webp\" data-elementor-open-lightbox=\"yes\" data-elementor-lightbox-slideshow=\"01d8693\" data-elementor-lightbox-title=\"villa-perla-piemonte-2023-13\" data-e-action-hash=\"#elementor-action%3Aaction%3Dlightbox%26settings%3DeyJpZCI6OTYxMSwidXJsIjoiaHR0cHM6XC9cL3ZpbGxhLXBlcmxhLml0XC93cC1jb250ZW50XC91cGxvYWRzXC8yMDIzXC8wNlwvdmlsbGEtcGVybGEtcGllbW9udGUtMjAyMy0xMy0xLndlYnAiLCJzbGlkZXNob3ciOiIwMWQ4NjkzIn0%3D\">\n\t\t\t\t\t<div class=\"e-gallery-image elementor-gallery-item__image\" data-thumbnail=\"https:\/\/villa-perla.it\/wp-content\/uploads\/2023\/06\/villa-perla-piemonte-2023-13-1.webp\" data-width=\"1920\" data-height=\"1080\" aria-label=\"\" role=\"img\" ><\/div>\n\t\t\t\t\t\t\t\t\t\t\t\t\t\t<\/a>\n\t\t\t\t\t\t\t<a class=\"e-gallery-item elementor-gallery-item elementor-animated-content\" href=\"https:\/\/villa-perla.it\/wp-content\/uploads\/2024\/05\/villa-perla-piemonte-holiday-house-garden-pool-terrace-bbq-area-001-scaled.webp\" data-elementor-open-lightbox=\"yes\" data-elementor-lightbox-slideshow=\"01d8693\" data-elementor-lightbox-title=\"villa-perla-piemonte-holiday-house-garden-pool-terrace-bbq-area-001\" data-elementor-lightbox-description=\"Villa Perla in Piemonte - Your holiday house in the hills\" data-e-action-hash=\"#elementor-action%3Aaction%3Dlightbox%26settings%3DeyJpZCI6MTYzOTgsInVybCI6Imh0dHBzOlwvXC92aWxsYS1wZXJsYS5pdFwvd3AtY29udGVudFwvdXBsb2Fkc1wvMjAyNFwvMDVcL3ZpbGxhLXBlcmxhLXBpZW1vbnRlLWhvbGlkYXktaG91c2UtZ2FyZGVuLXBvb2wtdGVycmFjZS1iYnEtYXJlYS0wMDEtc2NhbGVkLndlYnAiLCJzbGlkZXNob3ciOiIwMWQ4NjkzIn0%3D\">\n\t\t\t\t\t<div class=\"e-gallery-image elementor-gallery-item__image\" data-thumbnail=\"https:\/\/villa-perla.it\/wp-content\/uploads\/2024\/05\/villa-perla-piemonte-holiday-house-garden-pool-terrace-bbq-area-001-scaled.webp\" data-width=\"2560\" data-height=\"1440\" aria-label=\"\" role=\"img\" ><\/div>\n\t\t\t\t\t\t\t\t\t\t\t\t\t\t<\/a>\n\t\t\t\t\t\t\t<a class=\"e-gallery-item elementor-gallery-item elementor-animated-content\" href=\"https:\/\/villa-perla.it\/wp-content\/uploads\/2023\/06\/villa-perla-piemonte-2023-08.webp\" data-elementor-open-lightbox=\"yes\" data-elementor-lightbox-slideshow=\"01d8693\" data-elementor-lightbox-title=\"villa-perla-piemonte-2023-08\" data-e-action-hash=\"#elementor-action%3Aaction%3Dlightbox%26settings%3DeyJpZCI6OTYwNiwidXJsIjoiaHR0cHM6XC9cL3ZpbGxhLXBlcmxhLml0XC93cC1jb250ZW50XC91cGxvYWRzXC8yMDIzXC8wNlwvdmlsbGEtcGVybGEtcGllbW9udGUtMjAyMy0wOC53ZWJwIiwic2xpZGVzaG93IjoiMDFkODY5MyJ9\">\n\t\t\t\t\t<div class=\"e-gallery-image elementor-gallery-item__image\" data-thumbnail=\"https:\/\/villa-perla.it\/wp-content\/uploads\/2023\/06\/villa-perla-piemonte-2023-08.webp\" data-width=\"1920\" data-height=\"1080\" aria-label=\"\" role=\"img\" ><\/div>\n\t\t\t\t\t\t\t\t\t\t\t\t\t\t<\/a>\n\t\t\t\t\t\t\t<a class=\"e-gallery-item elementor-gallery-item elementor-animated-content\" href=\"https:\/\/villa-perla.it\/wp-content\/uploads\/2023\/06\/villa-perla-piemonte-2023-07.webp\" data-elementor-open-lightbox=\"yes\" data-elementor-lightbox-slideshow=\"01d8693\" data-elementor-lightbox-title=\"villa-perla-piemonte-2023-07\" data-e-action-hash=\"#elementor-action%3Aaction%3Dlightbox%26settings%3DeyJpZCI6OTYwNSwidXJsIjoiaHR0cHM6XC9cL3ZpbGxhLXBlcmxhLml0XC93cC1jb250ZW50XC91cGxvYWRzXC8yMDIzXC8wNlwvdmlsbGEtcGVybGEtcGllbW9udGUtMjAyMy0wNy53ZWJwIiwic2xpZGVzaG93IjoiMDFkODY5MyJ9\">\n\t\t\t\t\t<div class=\"e-gallery-image elementor-gallery-item__image\" data-thumbnail=\"https:\/\/villa-perla.it\/wp-content\/uploads\/2023\/06\/villa-perla-piemonte-2023-07.webp\" data-width=\"1920\" data-height=\"1080\" aria-label=\"\" role=\"img\" ><\/div>\n\t\t\t\t\t\t\t\t\t\t\t\t\t\t<\/a>\n\t\t\t\t\t\t\t<a class=\"e-gallery-item elementor-gallery-item elementor-animated-content\" href=\"https:\/\/villa-perla.it\/wp-content\/uploads\/2026\/01\/Villa-Perla-Views-december-2025-scaled.jpg\" data-elementor-open-lightbox=\"yes\" data-elementor-lightbox-slideshow=\"01d8693\" data-elementor-lightbox-title=\"Villa Perla Views december 2025\" data-e-action-hash=\"#elementor-action%3Aaction%3Dlightbox%26settings%3DeyJpZCI6MTg5MTYsInVybCI6Imh0dHBzOlwvXC92aWxsYS1wZXJsYS5pdFwvd3AtY29udGVudFwvdXBsb2Fkc1wvMjAyNlwvMDFcL1ZpbGxhLVBlcmxhLVZpZXdzLWRlY2VtYmVyLTIwMjUtc2NhbGVkLmpwZyIsInNsaWRlc2hvdyI6IjAxZDg2OTMifQ%3D%3D\">\n\t\t\t\t\t<div class=\"e-gallery-image elementor-gallery-item__image\" data-thumbnail=\"https:\/\/villa-perla.it\/wp-content\/uploads\/2026\/01\/Villa-Perla-Views-december-2025-scaled.jpg\" data-width=\"1928\" data-height=\"2560\" aria-label=\"\" role=\"img\" ><\/div>\n\t\t\t\t\t\t\t\t\t\t\t\t\t\t<\/a>\n\t\t\t\t\t\t\t<a class=\"e-gallery-item elementor-gallery-item elementor-animated-content\" href=\"https:\/\/villa-perla.it\/wp-content\/uploads\/2026\/01\/Villa-Perla-views-december-2025-monviso-scaled.jpg\" data-elementor-open-lightbox=\"yes\" data-elementor-lightbox-slideshow=\"01d8693\" data-elementor-lightbox-title=\"Villa Perla views december 2025 monviso\" data-e-action-hash=\"#elementor-action%3Aaction%3Dlightbox%26settings%3DeyJpZCI6MTg5MjgsInVybCI6Imh0dHBzOlwvXC92aWxsYS1wZXJsYS5pdFwvd3AtY29udGVudFwvdXBsb2Fkc1wvMjAyNlwvMDFcL1ZpbGxhLVBlcmxhLXZpZXdzLWRlY2VtYmVyLTIwMjUtbW9udmlzby1zY2FsZWQuanBnIiwic2xpZGVzaG93IjoiMDFkODY5MyJ9\">\n\t\t\t\t\t<div class=\"e-gallery-image elementor-gallery-item__image\" data-thumbnail=\"https:\/\/villa-perla.it\/wp-content\/uploads\/2026\/01\/Villa-Perla-views-december-2025-monviso-scaled.jpg\" data-width=\"1928\" data-height=\"2560\" aria-label=\"\" role=\"img\" ><\/div>\n\t\t\t\t\t\t\t\t\t\t\t\t\t\t<\/a>\n\t\t\t\t\t\t\t<a class=\"e-gallery-item elementor-gallery-item elementor-animated-content\" href=\"https:\/\/villa-perla.it\/wp-content\/uploads\/2026\/01\/villa-perla-bedroom-15012026-002.webp\" data-elementor-open-lightbox=\"yes\" data-elementor-lightbox-slideshow=\"01d8693\" data-elementor-lightbox-title=\"villa-perla-bedroom-15012026-002\" data-e-action-hash=\"#elementor-action%3Aaction%3Dlightbox%26settings%3DeyJpZCI6MTkxMTcsInVybCI6Imh0dHBzOlwvXC92aWxsYS1wZXJsYS5pdFwvd3AtY29udGVudFwvdXBsb2Fkc1wvMjAyNlwvMDFcL3ZpbGxhLXBlcmxhLWJlZHJvb20tMTUwMTIwMjYtMDAyLndlYnAiLCJzbGlkZXNob3ciOiIwMWQ4NjkzIn0%3D\">\n\t\t\t\t\t<div class=\"e-gallery-image elementor-gallery-item__image\" data-thumbnail=\"https:\/\/villa-perla.it\/wp-content\/uploads\/2026\/01\/villa-perla-bedroom-15012026-002.webp\" data-width=\"2016\" data-height=\"1512\" aria-label=\"\" role=\"img\" ><\/div>\n\t\t\t\t\t\t\t\t\t\t\t\t\t\t<\/a>\n\t\t\t\t\t<\/div>\n\t\t\t\t\t<\/div>\n\t\t\t\t<\/div>\n\t\t\t\t\t<\/div>\n\t\t<\/div>\n\t\t\t\t\t<\/div>\n\t\t<\/section>\n\t\t\t\t<\/div>\n\t\t","protected":false},"excerpt":{"rendered":"<p>Villa Perla er dit feriehus i vinmarkerne i Piemonte med en pool og en betagende udsigt<\/p>\n","protected":false},"author":1,"featured_media":16036,"parent":0,"menu_order":0,"comment_status":"closed","ping_status":"closed","template":"elementor_header_footer","meta":{"_angie_page":false,"footnotes":""},"class_list":["post-16035","page","type-page","status-publish","has-post-thumbnail","hentry"],"yoast_head":"<!-- This site is optimized with the Yoast SEO plugin v27.4 - https:\/\/yoast.com\/product\/yoast-seo-wordpress\/ -->\n<title>Villa Perla | Feriehus i Piemonte<\/title>\n<meta name=\"description\" content=\"Vi er dit feriehus i vinmarkerne i Piemonte med rummelige v\u00e6relser inkl. aircondition, privat pool og en fantastisk udsigt. Omr\u00e5det er ogs\u00e5 kendt for golf, cykling, ridning og vandreture.\" \/>\n<meta name=\"robots\" content=\"index, follow, max-snippet:-1, max-image-preview:large, max-video-preview:-1\" \/>\n<link rel=\"canonical\" href=\"https:\/\/villa-perla.it\/da\/\" \/>\n<meta property=\"og:locale\" content=\"da_DK\" \/>\n<meta property=\"og:type\" content=\"article\" \/>\n<meta property=\"og:title\" content=\"Villa Perla | Feriehus i Piemonte\" \/>\n<meta property=\"og:description\" content=\"Vi er dit feriehus midt i de smukke vinmarker i Piemonte. Du kan leje vores feriehus med din familie og venner og nyde alle fordelene ved omr\u00e5det. Gode vine, god mad, t\u00e6t p\u00e5 mange sev\u00e6rdigheder og interessante byer som Asti, Alba, Nizza, ... Vi tilbyder rummelige v\u00e6relser med aircondition, en privat have med pool og en fantastisk udsigt p\u00e5 alle \u00e5rstider. Omr\u00e5det er ogs\u00e5 kendt for golf, cykling, ridning og vandreture.\" \/>\n<meta property=\"og:url\" content=\"https:\/\/villa-perla.it\/da\/\" \/>\n<meta property=\"og:site_name\" content=\"Villa Perla | Langhe - Monferrato\" \/>\n<meta property=\"article:publisher\" content=\"https:\/\/www.facebook.com\/villaperla.piemonte\" \/>\n<meta property=\"article:modified_time\" content=\"2026-02-27T11:28:54+00:00\" \/>\n<meta property=\"og:image\" content=\"https:\/\/villa-perla.it\/wp-content\/uploads\/2023\/09\/VILLA-PERLA-800-x-800-px-300x300.png\" \/>\n<meta name=\"twitter:card\" content=\"summary_large_image\" \/>\n<meta name=\"twitter:title\" content=\"Villa Perla | Feriehus i Piemonte\" \/>\n<meta name=\"twitter:description\" content=\"Vi er dit feriehus midt i de smukke vinmarker i Piemonte. Du kan leje vores feriehus med din familie og venner og nyde alle fordelene ved omr\u00e5det. Gode vine, god mad, t\u00e6t p\u00e5 mange sev\u00e6rdigheder og interessante byer som Asti, Alba, Nizza, ... Vi tilbyder rummelige v\u00e6relser med aircondition, en privat have med pool og en fantastisk udsigt p\u00e5 alle \u00e5rstider. Omr\u00e5det er ogs\u00e5 kendt for golf, cykling, ridning og vandreture.\" \/>\n<meta name=\"twitter:image\" content=\"https:\/\/villa-perla.it\/wp-content\/uploads\/2023\/09\/Villa-perla-piemonte-400x400-px.png\" \/>\n<meta name=\"twitter:label1\" content=\"Estimeret l\u00e6setid\" \/>\n\t<meta name=\"twitter:data1\" content=\"2 minutter\" \/>\n<script type=\"application\/ld+json\" class=\"yoast-schema-graph\">{\"@context\":\"https:\\\/\\\/schema.org\",\"@graph\":[{\"@type\":\"WebPage\",\"@id\":\"https:\\\/\\\/villa-perla.it\\\/da\\\/\",\"url\":\"https:\\\/\\\/villa-perla.it\\\/da\\\/\",\"name\":\"Villa Perla | Feriehus i Piemonte\",\"isPartOf\":{\"@id\":\"https:\\\/\\\/villa-perla.it\\\/da\\\/#website\"},\"primaryImageOfPage\":{\"@id\":\"https:\\\/\\\/villa-perla.it\\\/da\\\/#primaryimage\"},\"image\":{\"@id\":\"https:\\\/\\\/villa-perla.it\\\/da\\\/#primaryimage\"},\"thumbnailUrl\":\"https:\\\/\\\/villa-perla.it\\\/wp-content\\\/uploads\\\/2023\\\/09\\\/VILLA-PERLA-800-x-800-px.webp\",\"datePublished\":\"2020-01-28T17:44:33+00:00\",\"dateModified\":\"2026-02-27T11:28:54+00:00\",\"description\":\"Vi er dit feriehus i vinmarkerne i Piemonte med rummelige v\u00e6relser inkl. aircondition, privat pool og en fantastisk udsigt. Omr\u00e5det er ogs\u00e5 kendt for golf, cykling, ridning og vandreture.\",\"breadcrumb\":{\"@id\":\"https:\\\/\\\/villa-perla.it\\\/da\\\/#breadcrumb\"},\"inLanguage\":\"da-DK\",\"potentialAction\":[{\"@type\":\"ReadAction\",\"target\":[\"https:\\\/\\\/villa-perla.it\\\/da\\\/\"]}]},{\"@type\":\"ImageObject\",\"inLanguage\":\"da-DK\",\"@id\":\"https:\\\/\\\/villa-perla.it\\\/da\\\/#primaryimage\",\"url\":\"https:\\\/\\\/villa-perla.it\\\/wp-content\\\/uploads\\\/2023\\\/09\\\/VILLA-PERLA-800-x-800-px.webp\",\"contentUrl\":\"https:\\\/\\\/villa-perla.it\\\/wp-content\\\/uploads\\\/2023\\\/09\\\/VILLA-PERLA-800-x-800-px.webp\",\"width\":800,\"height\":800,\"caption\":\"Villa Perla Piemonte\"},{\"@type\":\"BreadcrumbList\",\"@id\":\"https:\\\/\\\/villa-perla.it\\\/da\\\/#breadcrumb\",\"itemListElement\":[{\"@type\":\"ListItem\",\"position\":1,\"name\":\"Home\",\"item\":\"https:\\\/\\\/villa-perla.it\\\/da\\\/\"},{\"@type\":\"ListItem\",\"position\":2,\"name\":\"Hjem\"}]},{\"@type\":\"WebSite\",\"@id\":\"https:\\\/\\\/villa-perla.it\\\/da\\\/#website\",\"url\":\"https:\\\/\\\/villa-perla.it\\\/da\\\/\",\"name\":\"Villa Perla | Langhe - Monferrato\",\"description\":\"Your private holiday house in Piemonte\",\"publisher\":{\"@id\":\"https:\\\/\\\/villa-perla.it\\\/da\\\/#organization\"},\"alternateName\":\"Villa Perla |\",\"potentialAction\":[{\"@type\":\"SearchAction\",\"target\":{\"@type\":\"EntryPoint\",\"urlTemplate\":\"https:\\\/\\\/villa-perla.it\\\/da\\\/?s={search_term_string}\"},\"query-input\":{\"@type\":\"PropertyValueSpecification\",\"valueRequired\":true,\"valueName\":\"search_term_string\"}}],\"inLanguage\":\"da-DK\"},{\"@type\":\"Organization\",\"@id\":\"https:\\\/\\\/villa-perla.it\\\/da\\\/#organization\",\"name\":\"Villa Perla Piemonte\",\"alternateName\":\"Villa Perla Piemonte\",\"url\":\"https:\\\/\\\/villa-perla.it\\\/da\\\/\",\"logo\":{\"@type\":\"ImageObject\",\"inLanguage\":\"da-DK\",\"@id\":\"https:\\\/\\\/villa-perla.it\\\/da\\\/#\\\/schema\\\/logo\\\/image\\\/\",\"url\":\"https:\\\/\\\/villa-perla.it\\\/wp-content\\\/uploads\\\/2021\\\/11\\\/villa-perla-piemone-logo-transparant-400-x-100-px.svg\",\"contentUrl\":\"https:\\\/\\\/villa-perla.it\\\/wp-content\\\/uploads\\\/2021\\\/11\\\/villa-perla-piemone-logo-transparant-400-x-100-px.svg\",\"caption\":\"Villa Perla Piemonte\"},\"image\":{\"@id\":\"https:\\\/\\\/villa-perla.it\\\/da\\\/#\\\/schema\\\/logo\\\/image\\\/\"},\"sameAs\":[\"https:\\\/\\\/www.facebook.com\\\/villaperla.piemonte\",\"https:\\\/\\\/www.instagram.com\\\/villaperla_piemonte\"]}]}<\/script>\n<!-- \/ Yoast SEO plugin. -->","yoast_head_json":{"title":"Villa Perla | Feriehus i Piemonte","description":"Vi er dit feriehus i vinmarkerne i Piemonte med rummelige v\u00e6relser inkl. aircondition, privat pool og en fantastisk udsigt. Omr\u00e5det er ogs\u00e5 kendt for golf, cykling, ridning og vandreture.","robots":{"index":"index","follow":"follow","max-snippet":"max-snippet:-1","max-image-preview":"max-image-preview:large","max-video-preview":"max-video-preview:-1"},"canonical":"https:\/\/villa-perla.it\/da\/","og_locale":"da_DK","og_type":"article","og_title":"Villa Perla | Feriehus i Piemonte","og_description":"Vi er dit feriehus midt i de smukke vinmarker i Piemonte. Du kan leje vores feriehus med din familie og venner og nyde alle fordelene ved omr\u00e5det. Gode vine, god mad, t\u00e6t p\u00e5 mange sev\u00e6rdigheder og interessante byer som Asti, Alba, Nizza, ... Vi tilbyder rummelige v\u00e6relser med aircondition, en privat have med pool og en fantastisk udsigt p\u00e5 alle \u00e5rstider. Omr\u00e5det er ogs\u00e5 kendt for golf, cykling, ridning og vandreture.","og_url":"https:\/\/villa-perla.it\/da\/","og_site_name":"Villa Perla | Langhe - Monferrato","article_publisher":"https:\/\/www.facebook.com\/villaperla.piemonte","article_modified_time":"2026-02-27T11:28:54+00:00","og_image":[{"url":"https:\/\/villa-perla.it\/wp-content\/uploads\/2023\/09\/VILLA-PERLA-800-x-800-px-300x300.png","type":"","width":"","height":""}],"twitter_card":"summary_large_image","twitter_title":"Villa Perla | Feriehus i Piemonte","twitter_description":"Vi er dit feriehus midt i de smukke vinmarker i Piemonte. Du kan leje vores feriehus med din familie og venner og nyde alle fordelene ved omr\u00e5det. Gode vine, god mad, t\u00e6t p\u00e5 mange sev\u00e6rdigheder og interessante byer som Asti, Alba, Nizza, ... Vi tilbyder rummelige v\u00e6relser med aircondition, en privat have med pool og en fantastisk udsigt p\u00e5 alle \u00e5rstider. Omr\u00e5det er ogs\u00e5 kendt for golf, cykling, ridning og vandreture.","twitter_image":"https:\/\/villa-perla.it\/wp-content\/uploads\/2023\/09\/Villa-perla-piemonte-400x400-px.png","twitter_misc":{"Estimeret l\u00e6setid":"2 minutter"},"schema":{"@context":"https:\/\/schema.org","@graph":[{"@type":"WebPage","@id":"https:\/\/villa-perla.it\/da\/","url":"https:\/\/villa-perla.it\/da\/","name":"Villa Perla | Feriehus i Piemonte","isPartOf":{"@id":"https:\/\/villa-perla.it\/da\/#website"},"primaryImageOfPage":{"@id":"https:\/\/villa-perla.it\/da\/#primaryimage"},"image":{"@id":"https:\/\/villa-perla.it\/da\/#primaryimage"},"thumbnailUrl":"https:\/\/villa-perla.it\/wp-content\/uploads\/2023\/09\/VILLA-PERLA-800-x-800-px.webp","datePublished":"2020-01-28T17:44:33+00:00","dateModified":"2026-02-27T11:28:54+00:00","description":"Vi er dit feriehus i vinmarkerne i Piemonte med rummelige v\u00e6relser inkl. aircondition, privat pool og en fantastisk udsigt. Omr\u00e5det er ogs\u00e5 kendt for golf, cykling, ridning og vandreture.","breadcrumb":{"@id":"https:\/\/villa-perla.it\/da\/#breadcrumb"},"inLanguage":"da-DK","potentialAction":[{"@type":"ReadAction","target":["https:\/\/villa-perla.it\/da\/"]}]},{"@type":"ImageObject","inLanguage":"da-DK","@id":"https:\/\/villa-perla.it\/da\/#primaryimage","url":"https:\/\/villa-perla.it\/wp-content\/uploads\/2023\/09\/VILLA-PERLA-800-x-800-px.webp","contentUrl":"https:\/\/villa-perla.it\/wp-content\/uploads\/2023\/09\/VILLA-PERLA-800-x-800-px.webp","width":800,"height":800,"caption":"Villa Perla Piemonte"},{"@type":"BreadcrumbList","@id":"https:\/\/villa-perla.it\/da\/#breadcrumb","itemListElement":[{"@type":"ListItem","position":1,"name":"Home","item":"https:\/\/villa-perla.it\/da\/"},{"@type":"ListItem","position":2,"name":"Hjem"}]},{"@type":"WebSite","@id":"https:\/\/villa-perla.it\/da\/#website","url":"https:\/\/villa-perla.it\/da\/","name":"Villa Perla | Langhe - Monferrato","description":"Your private holiday house in Piemonte","publisher":{"@id":"https:\/\/villa-perla.it\/da\/#organization"},"alternateName":"Villa Perla |","potentialAction":[{"@type":"SearchAction","target":{"@type":"EntryPoint","urlTemplate":"https:\/\/villa-perla.it\/da\/?s={search_term_string}"},"query-input":{"@type":"PropertyValueSpecification","valueRequired":true,"valueName":"search_term_string"}}],"inLanguage":"da-DK"},{"@type":"Organization","@id":"https:\/\/villa-perla.it\/da\/#organization","name":"Villa Perla Piemonte","alternateName":"Villa Perla Piemonte","url":"https:\/\/villa-perla.it\/da\/","logo":{"@type":"ImageObject","inLanguage":"da-DK","@id":"https:\/\/villa-perla.it\/da\/#\/schema\/logo\/image\/","url":"https:\/\/villa-perla.it\/wp-content\/uploads\/2021\/11\/villa-perla-piemone-logo-transparant-400-x-100-px.svg","contentUrl":"https:\/\/villa-perla.it\/wp-content\/uploads\/2021\/11\/villa-perla-piemone-logo-transparant-400-x-100-px.svg","caption":"Villa Perla Piemonte"},"image":{"@id":"https:\/\/villa-perla.it\/da\/#\/schema\/logo\/image\/"},"sameAs":["https:\/\/www.facebook.com\/villaperla.piemonte","https:\/\/www.instagram.com\/villaperla_piemonte"]}]}},"_links":{"self":[{"href":"https:\/\/villa-perla.it\/da\/wp-json\/wp\/v2\/pages\/16035","targetHints":{"allow":["GET"]}}],"collection":[{"href":"https:\/\/villa-perla.it\/da\/wp-json\/wp\/v2\/pages"}],"about":[{"href":"https:\/\/villa-perla.it\/da\/wp-json\/wp\/v2\/types\/page"}],"author":[{"embeddable":true,"href":"https:\/\/villa-perla.it\/da\/wp-json\/wp\/v2\/users\/1"}],"replies":[{"embeddable":true,"href":"https:\/\/villa-perla.it\/da\/wp-json\/wp\/v2\/comments?post=16035"}],"version-history":[{"count":12,"href":"https:\/\/villa-perla.it\/da\/wp-json\/wp\/v2\/pages\/16035\/revisions"}],"predecessor-version":[{"id":19592,"href":"https:\/\/villa-perla.it\/da\/wp-json\/wp\/v2\/pages\/16035\/revisions\/19592"}],"wp:featuredmedia":[{"embeddable":true,"href":"https:\/\/villa-perla.it\/da\/wp-json\/wp\/v2\/media\/16036"}],"wp:attachment":[{"href":"https:\/\/villa-perla.it\/da\/wp-json\/wp\/v2\/media?parent=16035"}],"curies":[{"name":"wp","href":"https:\/\/api.w.org\/{rel}","templated":true}]}}